{"id":1735,"date":"2025-09-09T12:18:59","date_gmt":"2025-09-09T11:18:59","guid":{"rendered":"https:\/\/herbalkincsei.hu\/?post_type=product&#038;p=1735"},"modified":"2025-11-22T19:47:32","modified_gmt":"2025-11-22T18:47:32","slug":"bcaa-211-tabletta-120-db","status":"publish","type":"product","link":"https:\/\/herbalkincsei.hu\/index.php\/termek\/bcaa-211-tabletta-120-db\/","title":{"rendered":"BCAA 2:1:1 tabletta 120 db"},"content":{"rendered":"<h2><strong><span lang=\"hu\"><span class=\"bluetxt\">\u00a0BCAA formula 2:1:1 ar\u00e1nyban &#8211; el\u00e1gaz\u00f3 l\u00e1nc\u00fa aminosavak term\u00e9szetes ar\u00e1nyban!<\/span><\/span><\/strong><\/h2>\n<p class=\"MsoNormal\"><span lang=\"hu\">A BCAA-k olyan el\u00e1gaz\u00f3 l\u00e1nc\u00fa aminosavak, melyek egy\u00fcttes er\u0151vel befoly\u00e1solj\u00e1k szervezet\u00fcnkben az izomer\u0151, az izomteljes\u00edtm\u00e9ny \u00e9s az izomt\u00f6meg k\u00e9rd\u00e9seit, valamint a medencefen\u00e9k \u00e9s a kismedencei r\u00e9gi\u00f3 eg\u00e9szs\u00e9g\u00e9t. <\/span><\/p>\n<p class=\"MsoNormal\"><span lang=\"hu\">\u00a0<\/span>B\u00e1r a szervezet sz\u00e1m\u00e1ra n\u00e9lk\u00fcl\u00f6zhetetlenek, ezek az esszenci\u00e1lis aminosavak nem termel\u0151dnek automatikusan, kiz\u00e1r\u00f3lag k\u00fcls\u0151 forr\u00e1sb\u00f3l biztos\u00edthatjuk \u0151ket. \u00c9trendi bevitel\u00fck els\u0151dleges, p\u00f3tl\u00e1suk k\u00fcl\u00f6n\u00f6sen egyes betegs\u00e9gcsoportok \u00e9s akt\u00edv sport, illetve izom\u00e9p\u00edt\u00e9s eset\u00e9n l\u00e9nyeges, hiszen a BCAA-k n\u00f6velhetik az izomn\u00f6veked\u00e9st, cs\u00f6kkenthetik az izoml\u00e1z \u00e9s a f\u00e1radts\u00e1g \u00e9rz\u00e9s\u00e9t, megel\u0151zhetik az izomle\u00e9p\u00fcl\u00e9st \u00e9s t\u00e1mogathatj\u00e1k a m\u00e1j eg\u00e9szs\u00e9g\u00e9t.<\/p>\n<p class=\"MsoNormal\"><span lang=\"hu\">\u00a0<\/span>A BCAA-k egy\u00fcttes hat\u00e1smechanizmus\u00e1t sz\u00e1mos tanulm\u00e1ny vizsg\u00e1lta, melyek egy\u00e9rtelm\u0171 \u00f6sszef\u00fcgg\u00e9seket t\u00e1rtak fel a tests\u00falymenedzsment, az izmok \u00e1llapota \u00e9s az el\u00e1gaz\u00f3 l\u00e1nc\u00fa aminosavak jelenl\u00e9te k\u00f6z\u00f6tt.<\/p>\n<p class=\"MsoNormal\"><span lang=\"hu\">\u00a0<\/span>Egy <a href=\"https:\/\/pubmed.ncbi.nlm.nih.gov\/28638350\/\">tanulm\u00e1nyban<\/a> p\u00e9ld\u00e1ul azon alanyok, akik intenz\u00edv edz\u00e9st k\u00f6vet\u0151en alkalmak\u00e9nt 5,6 gramm BCAA-t tartalmaz\u00f3 italt fogyasztottak, 22%-kal nagyobb izomfeh\u00e9rje-szint\u00e9zis n\u00f6veked\u00e9st tapasztaltak, mint azok, akik a vizsg\u00e1lat ideje alatt placebo tartalm\u00fa italt fogyasztottak.<\/p>\n<p class=\"MsoNormal\">Egy\u00e9rtelm\u0171v\u00e9 v\u00e1lt az is, hogy a BCAA-k cs\u00f6kkentik az izomk\u00e1rosod\u00e1s m\u00e9rt\u00e9k\u00e9t, mely tulajdons\u00e1guk miatt hat\u00e9konyan hozz\u00e1j\u00e1rulhatnak az edz\u00e9sek \u00e9s a t\u00falterhel\u00e9s k\u00f6vetkezt\u00e9ben fell\u00e9p\u0151 <a href=\"https:\/\/pubmed.ncbi.nlm.nih.gov\/33539692\/\">k\u00e9sleltetett izomf\u00e1jdalom<\/a> (DOMS) t\u00fcneteinek cs\u00f6kkent\u00e9s\u00e9hez. Sz\u00e1mos tanulm\u00e1ny kimutatta azt is, hogy a BCAA-k cs\u00f6kkentik a feh\u00e9rje lebont\u00e1s\u00e1t \u00e9s a kreatin-kin\u00e1z szintj\u00e9t edz\u00e9s k\u00f6zben,<\/p>\n<p class=\"MsoNormal\">Kider\u00fclt tov\u00e1bb\u00e1, hogy amikor a v\u00e9rben az edz\u00e9s hat\u00e1s\u00e1ra a BCAA-k szintje cs\u00f6kken, az agyban megemelkedik egy m\u00e1sik esszenci\u00e1lis aminosav, a <a href=\"https:\/\/pmc.ncbi.nlm.nih.gov\/articles\/PMC5934885\/\">triptof\u00e1n<\/a> szintje. Csakhogy a triptof\u00e1n ezt k\u00f6vet\u0151en szerotoninn\u00e1 alakul, mely hozz\u00e1j\u00e1rul a testmozg\u00e1s sor\u00e1n fell\u00e9p\u0151 f\u00e1radts\u00e1g kialakul\u00e1s\u00e1hoz. K\u00e9t <a href=\"https:\/\/pubmed.ncbi.nlm.nih.gov\/29069229\/\">tanulm\u00e1ny<\/a> eredm\u00e9nyei is azt sugallj\u00e1k, hogy a BCAA-p\u00f3tl\u00e1st alkalmaz\u00f3 r\u00e9sztvev\u0151kn\u00e9l cs\u00f6kkent a kif\u00e1rad\u00e1s \u00e9s a f\u00e1radts\u00e1g m\u00e9rt\u00e9ke, ez pedig a sportteljes\u00edtm\u00e9ny javul\u00e1s\u00e1hoz vezetett.<\/p>\n<p class=\"MsoNormal\">A BCAA-k szerep\u00e9t azonban nemcsak az izmok, hanem a m\u00e1j eg\u00e9szs\u00e9g\u00e9nek kontextus\u00e1ban is vizsg\u00e1lj\u00e1k. Egy \u00e1ttekint\u0151 <a href=\"https:\/\/pubmed.ncbi.nlm.nih.gov\/28518283\/\">tanulm\u00e1nyban<\/a> p\u00e9ld\u00e1ul 827 m\u00e1jenkefalop\u00e1ti\u00e1ban szenved\u0151 alany eredm\u00e9nyeit vizsg\u00e1lt\u00e1k \u00e9s meg\u00e1llap\u00edtott\u00e1k, hogy a BCAA-k alkalmaz\u00e1sa j\u00f3t\u00e9kony hat\u00e1ssal volt a betegs\u00e9g t\u00fcneteire \u00e9s jeleire.<\/p>\n<p class=\"MsoNormal\"><span lang=\"hu\">\u00a0<\/span><\/p>\n<h3><strong>A titokzatos leucin<\/strong><\/h3>\n<p class=\"MsoNormal\"><span lang=\"hu\">\u00a0<\/span>A leucin egyike az el\u00e1gaz\u00f3 l\u00e1nc\u00fa esszenci\u00e1lis aminosavak mesterh\u00e1rmas\u00e1nak, \u00e9s ketog\u00e9nk\u00e9nt a ketonok el\u0151\u00e1ll\u00edt\u00e1s\u00e1ban t\u00f6lt be fontos szerepet. Emellett els\u0151sorban az izmok eg\u00e9szs\u00e9g\u00e9nek fenntart\u00e1s\u00e1ban \u00e9s az optim\u00e1lis v\u00e9rcukorszint fenntart\u00e1s\u00e1ban ny\u00fajt t\u00e1mogat\u00e1st a szervezetnek. Sz\u00e1mos \u00e9lelmiszer tartalmazza, t\u00f6bbek k\u00f6z\u00f6tt a toj\u00e1s, a magvak, a zab \u00e9s a h\u00fcvelyesek.<\/p>\n<p class=\"MsoNormal\"><span lang=\"hu\">\u00a0<\/span>A leucin jelent\u0151s\u00e9ge k\u00fcl\u00f6n\u00f6sen akt\u00edv sport\u00e9letet folytat\u00f3 fiatal- \u00e9s k\u00f6z\u00e9pkor\u00faak eset\u00e9ben, valamint az id\u0151skorral egy\u00fcttj\u00e1r\u00f3 term\u00e9szetes izomveszt\u00e9s eset\u00e9n n\u0151 meg, ugyanis az aminosav <a href=\"https:\/\/pubmed.ncbi.nlm.nih.gov\/31172828\/\">p\u00f3tl\u00e1sa<\/a> megakad\u00e1lyozza vagy lass\u00edtja az izmok le\u00e9p\u00fcl\u00e9s\u00e9t, illetve <a href=\"https:\/\/pubmed.ncbi.nlm.nih.gov\/22357161\/\">t\u00e1mogatja<\/a> az izmok ki\u00e9p\u00fcl\u00e9s\u00e9t, ez\u00e1ltal fokozza az izomer\u0151t \u00e9s <a href=\"https:\/\/pubmed.ncbi.nlm.nih.gov\/26081485\/\">n\u00f6veli<\/a> az izomteljes\u00edtm\u00e9nyt.<\/p>\n<p class=\"MsoNormal\"><span lang=\"hu\">\u00a0<\/span><\/p>\n<p class=\"MsoNormal\"><span lang=\"hu\">A leucin ereje megmutatkozik tov\u00e1bb\u00e1 a(z)<\/span><\/p>\n<ul>\n<li class=\"MsoNormal\"><span lang=\"hu\"><span lang=\"hu\"><strong><a href=\"https:\/\/pubmed.ncbi.nlm.nih.gov\/24806638\/\">v\u00e9rcukorszint<\/a> szab\u00e1lyoz\u00e1s\u00e1ban.<\/strong><\/span><\/span><\/li>\n<\/ul>\n<p>A leucin jav\u00edtja az inzulinv\u00e1laszt, hiszen hat\u00e1s\u00e1ra a gl\u00fck\u00f3z felsz\u00edv\u00f3d\u00e1sa hat\u00e9konyabb\u00e1, az <a href=\"https:\/\/pubmed.ncbi.nlm.nih.gov\/19013300\/\">inzulin<\/a> szintje pedig alacsonyabb\u00e1 v\u00e1lik.<br style=\"mso-special-character: line-break;\" \/><!--[endif]--><\/p>\n<ul>\n<li class=\"MsoNormal\"><span lang=\"hu\"><strong>izom\u00e9p\u00edt\u00e9sben.<\/strong><\/span><\/li>\n<\/ul>\n<p class=\"MsoNormal\"><span lang=\"hu\">\u00a0<\/span>Mivel a leucin stimul\u00e1lja az \u00faj <a href=\"https:\/\/pubmed.ncbi.nlm.nih.gov\/27422517\/\">izomfeh\u00e9rj\u00e9k<\/a> szint\u00e9zis\u00e9hez vezet\u0151 szinopszisokat, hat\u00e1s\u00e1ra a nitrog\u00e9negyens\u00faly optim\u00e1liss\u00e1 v\u00e1lik, az izomt\u00f6meg pedig n\u0151.<\/p>\n<p class=\"MsoNormal\"><span lang=\"hu\">Egy a leucin tartalm\u00fa teljes\u00edtm\u00e9nyfokoz\u00f3 hat\u00e1s\u00e1t vizsg\u00e1l\u00f3, csaknem ezer k\u00eds\u00e9rleti szem\u00e9ly bevon\u00e1s\u00e1val v\u00e9gzett <a href=\"https:\/\/pubmed.ncbi.nlm.nih.gov\/25809808\/\">kutat\u00e1s<\/a> p\u00e9ld\u00e1ul meg\u00e1llap\u00edtotta, hogy azok az id\u0151skor\u00fa k\u00eds\u00e9rleti szem\u00e9lyek, akik a k\u00eds\u00e9rlet id\u0151szak\u00e1ban leucin tartalm\u00fa \u00e9trend-kieg\u00e9sz\u00edt\u0151t kaptak, nagyobb izomt\u00f6meg-n\u00f6veked\u00e9st \u00e9s fokozott testt\u00f6meg-n\u00f6veked\u00e9st tapasztaltak, mint a kontrollcsoportba tartoz\u00f3 r\u00e9sztvev\u0151k.<br \/>\n<\/span><\/p>\n<p class=\"MsoNormal\"><span lang=\"hu\">Egy m\u00e1sik <a href=\"https:\/\/pubmed.ncbi.nlm.nih.gov\/28869573\/\">kutat\u00e1s<\/a> eredm\u00e9nyei egy\u00e9rtelm\u0171s\u00edtik, hogy azok a r\u00e9sztvev\u0151k, akik a tizenk\u00e9t hetes vizsg\u00e1lati peri\u00f3dusban naponta k\u00e9tszer 3 g leucin-tartalm\u00fa \u00e9trend-kieg\u00e9sz\u00edt\u0151t szedtek, s annak alkalmaz\u00e1s\u00e1t egy tizenk\u00e9t hetes edz\u00e9sprogrammal kombin\u00e1lt\u00e1k, \u00e1tlagosan 1,9 kg-os sov\u00e1ny izomt\u00f6meg-n\u00f6veked\u00e9st tapasztaltak a vizsg\u00e1lati peri\u00f3dus v\u00e9g\u00e9re.<\/span><\/p>\n<p class=\"MsoNormal\"><span lang=\"hu\">\u00a0<\/span>\u00c9rdekess\u00e9g tov\u00e1bb\u00e1, hogy a v\u00e1ltoz\u00e1s els\u0151sorban azok a <a href=\"https:\/\/pmc.ncbi.nlm.nih.gov\/articles\/PMC1155653\/\">II. t\u00edpus\u00fa<\/a>, gyorsan \u00f6sszeh\u00faz\u00f3d\u00f3 izomrostok profit\u00e1ltak a leucin el\u0151nyeib\u0151l, melyeket az er\u0151 \u00e9s a robban\u00e9kony er\u0151gyakorlatok, p\u00e9ld\u00e1ul a sprintel\u00e9s sor\u00e1n vesz\u00fcnk ig\u00e9nybe.<\/p>\n<ul>\n<li class=\"MsoNormal\"><span lang=\"hu\"><strong>az izomveszt\u00e9s meg\u00e1ll\u00edt\u00e1s\u00e1nak k\u00e9pess\u00e9g\u00e9ben.<\/strong><\/span><\/li>\n<\/ul>\n<p class=\"MsoNormal\"><span lang=\"hu\">\u00a0<\/span>Az <a href=\"https:\/\/pubmed.ncbi.nlm.nih.gov\/29615929\/\">izomt\u00f6meg<\/a> akkor cs\u00f6kken, ha a nitrog\u00e9negyens\u00faly szervezet\u00fcnkben tart\u00f3san negat\u00edv \u00e1llapotban van, azaz hosszantart\u00f3 izomtev\u00e9kenys\u00e9g-hi\u00e1ny vagy immobiliz\u00e1ci\u00f3, p\u00e9ld\u00e1ul \u00e1gynyugalom eset\u00e9n, illetve ha az izomlebont\u00e1s m\u00e9rt\u00e9ke nagyobb, mint az izom\u00e9p\u00edt\u00e9s\u00e9.<\/p>\n<p class=\"MsoNormal\"><span lang=\"hu\">Egy <a href=\"https:\/\/pubmed.ncbi.nlm.nih.gov\/26718415\/\">kutat\u00e1s<\/a>ban a k\u00f6z\u00e9pkor\u00fa, \u00e1gynyugalomra \u00edt\u00e9lt alanyoknak egy h\u00e9ten \u00e1t napi 13 g leucint adtak, majd meg\u00e1llap\u00edtott\u00e1k, hogy a leucin fogyaszt\u00e1sa cs\u00f6kkentette a sov\u00e1ny izomt\u00f6meg vesztes\u00e9g\u00e9t, illetve megakad\u00e1lyozta a testzs\u00edr n\u00f6veked\u00e9s\u00e9t.<\/span><\/p>\n<ul>\n<li class=\"MsoNormal\"><strong><span lang=\"hu\">\u00a0<\/span>az izomer\u0151 \u00e9s az izomteljes\u00edtm\u00e9ny fokoz\u00e1s\u00e1ban.<\/strong><\/li>\n<\/ul>\n<p class=\"MsoNormal\">Egy <a href=\"https:\/\/www.semanticscholar.org\/paper\/Daily-L-leucine-supplementation-in-novice-trainees-Ispoglou-King\/10b85e9adaccff1319fd5ae87e5842b875553c27\">kutat\u00e1sban<\/a> egy edzetlen f\u00e9rfi vizsg\u00e1lati alanyokb\u00f3l \u00e1ll\u00f3 csoport tizenk\u00e9t hetes edz\u00e9sprogramba kezdett. A csoport egyik fele naponta 4 g leucin-t alkalmazott, m\u00edg a csoport m\u00e1sik fel\u00e9nek placeb\u00f3t adtak. Mindk\u00e9t csoport teljes\u00edtm\u00e9ny\u00e9t nyolc, \u00f6t ism\u00e9tl\u00e9ses gyakorlat sor\u00e1n m\u00e9rt\u00e9k. A vizsg\u00e1lati peri\u00f3dus v\u00e9g\u00e9re mindk\u00e9t csoport eredm\u00e9nyei javul\u00e1st mutattak, de a leucin-kieg\u00e9sz\u00edt\u00e9st alkalmaz\u00f3 csoport eset\u00e9ben az izomer\u0151 \u00e9s az izomteljes\u00edtm\u00e9ny egyar\u00e1nt jelent\u0151sebb lett. A vizsg\u00e1lat kezdet\u00e9hez k\u00e9pest a leucin-kieg\u00e9sz\u00edt\u00e9st alkalmaz\u00f3k eset\u00e9ben az izomer\u0151 41%-os n\u00f6veked\u00e9st mutatott, m\u00edg a placebo-csoportban 31%-os er\u0151n\u00f6veked\u00e9s volt tapasztalhat\u00f3.<\/p>\n<ul>\n<li class=\"MsoNormal\"><strong><span lang=\"hu\">\u00a0<\/span>az \u00e1ll\u00f3k\u00e9pess\u00e9g fokoz\u00e1s\u00e1ban.<\/strong><\/li>\n<\/ul>\n<p class=\"MsoNormal\"><span lang=\"hu\">\u00a0<\/span>A hossz\u00fa id\u0151n \u00e1t tart\u00f3 intenz\u00edv sport \u00e9s az ezzel j\u00e1r\u00f3 extr\u00e9m terhel\u00e9s kedvez\u0151tlen hat\u00e1sokkal van a szervezetre \u00e9s az izmok m\u0171k\u00f6d\u00e9s\u00e9re, mivel a v\u00e9r leucinszintje jelent\u0151sen cs\u00f6kken. (Ez jelzi a v\u00e1zizmok megn\u00f6vekedett ig\u00e9ny\u00e9t.)<\/p>\n<p class=\"MsoNormal\"><span lang=\"hu\">\u00a0<\/span>Egy kenusokon v\u00e9gzett randomiz\u00e1lt, kett\u0151s vak <a href=\"https:\/\/pubmed.ncbi.nlm.nih.gov\/16265600\/\">vizsg\u00e1lat<\/a>ban a hathetes napi leucin-kieg\u00e9sz\u00edt\u00e9s n\u00f6velte a kimer\u00fcl\u00e9sig tart\u00f3 nagy intenzit\u00e1s\u00fa evez\u00e9s idej\u00e9t \u00e9s a fels\u0151test teljes\u00edtm\u00e9ny\u00e9t. A kenusok arr\u00f3l is besz\u00e1moltak, hogy a leucin szed\u00e9se mellett k\u00f6nnyebbnek \u00e9rezt\u00e9k a gyakorlatot.<\/p>\n<ul>\n<li class=\"MsoNormal\"><strong><span lang=\"hu\">\u00a0<\/span>Az izoleucin szerepe az elh\u00edz\u00e1s kezel\u00e9s\u00e9ben<\/strong><\/li>\n<\/ul>\n<p class=\"MsoNormal\"><span lang=\"hu\">\u00a0<\/span>Az izoleucin a leucinhez hasonl\u00f3an az el\u00e1gaz\u00f3 l\u00e1nc\u00fa esszenci\u00e1lis aminosavak egyike, mely a leucinnal \u00e9s a valinnal egy\u00fctt az emberi szervezetben tal\u00e1lhat\u00f3 <a href=\"https:\/\/pubmed.ncbi.nlm.nih.gov\/29755574\/\">feh\u00e9rj\u00e9k<\/a> mintegy 35%-\u00e1t alkotja. Ketog\u00e9n \u00e9s gl\u00fckog\u00e9n tulajdons\u00e1gokkal is rendelkezik, azaz mind a ketonok el\u0151\u00e1ll\u00edt\u00e1s\u00e1ban, mind a gl\u00fck\u00f3z el\u0151\u00e1ll\u00edt\u00e1s\u00e1ban l\u00e9nyegi szerepet t\u00f6lt be.<\/p>\n<p class=\"MsoNormal\"><span lang=\"hu\">\u00a0<\/span>Popul\u00e1ci\u00f3s <a href=\"https:\/\/pubmed.ncbi.nlm.nih.gov\/21169225\/\">tanulm\u00e1nyok<\/a> bizony\u00edtj\u00e1k, hogy a magas BCAA-bevitel \u00f6sszef\u00fcgg\u00e9sbe hozhat\u00f3 a feln\u0151ttek k\u00f6r\u00e9ben a t\u00fals\u00faly \u00e9s az elh\u00edz\u00e1s alacsonyabb el\u0151fordul\u00e1si gyakoris\u00e1g\u00e1val, valamint hogy a BCAA-kieg\u00e9sz\u00edt\u00e9s seg\u00edti az <a href=\"https:\/\/pubmed.ncbi.nlm.nih.gov\/1844991\/\">izomt\u00f6meg<\/a> meg\u0151rz\u00e9s\u00e9t a fogy\u00e1s sor\u00e1n.<\/p>\n<p class=\"MsoNormal\"><span lang=\"hu\">\u00a0<\/span>Az izoleucin hat\u00e9konys\u00e1g\u00e1t bizony\u00edtja tov\u00e1bb\u00e1 t\u00f6bb r\u00e1gcs\u00e1l\u00f3kon v\u00e9gzett k\u00eds\u00e9rlet, melyek <a href=\"https:\/\/pubmed.ncbi.nlm.nih.gov\/20089773\/\">egyike<\/a> sor\u00e1n r\u00e1gcs\u00e1l\u00f3knak kr\u00f3nikus izoleucin-kieg\u00e9sz\u00edt\u00e9st adtak \u00e9s azt tal\u00e1lt\u00e1k, hogy az izoleucin rendszeres alkalmaz\u00e1sa hat\u00e9konynak bizonyul a magas zs\u00edrtartalm\u00fa \u00e9trend (HFD) \u00e1ltal kiv\u00e1ltott elh\u00edz\u00e1s megel\u0151z\u00e9s\u00e9ben.<\/p>\n<p class=\"MsoNormal\"><span lang=\"hu\">\u00a0<\/span>Ismert tov\u00e1bb\u00e1, hogy az <a href=\"https:\/\/pubmed.ncbi.nlm.nih.gov\/14651987\/\">izoleucin<\/a> \u00e9s a leucin akut adagol\u00e1sa patk\u00e1nyokban jav\u00edtotta a gl\u00fck\u00f3z toleranci\u00e1t, illetve hogy az izoleucin nagyobb hat\u00e9konys\u00e1got mutatott, mint a leucin, mivel az izoleucin \u00e9s az endog\u00e9n inzulin szinergikus hat\u00e1sban \u00e1llnak, vagyis az izuleucin <a href=\"https:\/\/pubmed.ncbi.nlm.nih.gov\/15591158\/\">fokozza<\/a> a gl\u00fck\u00f3zfelv\u00e9telt. Egy <a href=\"https:\/\/www.sciencedirect.com\/science\/article\/pii\/S002231662210386X\">k\u00eds\u00e9rlet<\/a>ben p\u00e9ld\u00e1ul az izoleucinnel kezelt k\u00eds\u00e9rleti \u00e1llatok izmaiban a gl\u00fck\u00f3zfelv\u00e9tel 73%-kal nagyobb volt, mint a kontrollcsoportba tartoz\u00f3 k\u00eds\u00e9rleti \u00e1llatok\u00e9ban.<\/p>\n<p class=\"MsoNormal\"><span lang=\"hu\"> <!-- [if !supportLineBreakNewLine]--><br style=\"mso-special-character: line-break;\" \/><!--[endif]--><\/span><\/p>\n<h3><strong>A valin jelent\u0151s\u00e9ge a szervezet eg\u00e9szs\u00e9gnek fenntart\u00e1s\u00e1ban<\/strong><\/h3>\n<p class=\"MsoNormal\"><span lang=\"hu\">\u00a0<\/span>A valin a szervezetbe szint\u00e9n kiz\u00e1r\u00f3lag k\u00fcls\u0151 forr\u00e1sb\u00f3l vihet\u0151 be. Gl\u00fckog\u00e9n tulajdons\u00e1gokkal rendelkezik, azaz szervezet\u00fcnkben a gl\u00fck\u00f3zel\u0151\u00e1ll\u00edt\u00e1s folyamat\u00e1nak fontos r\u00e9sztvev\u0151je. L\u00e9nyeges tov\u00e1bb\u00e1, hogy mivel a valin az izoleucinnal \u00e9s leucinnal kar\u00f6ltve, egym\u00e1s hat\u00e1sait er\u0151s\u00edtve k\u00e9pes kifejteni kedvez\u0151 hat\u00e1sait az izom\u00e9p\u00edt\u00e9sben az izomer\u0151 fejleszt\u00e9s\u00e9ben, az USA medical BAAC komplexben is egy\u00fctt alkalmazzuk a h\u00e1rom aminosavat.<\/p>\n<ul>\n<li class=\"MsoNormal\">Egy ker\u00e9kp\u00e1rosok bevon\u00e1s\u00e1val v\u00e9gzett <a href=\"https:\/\/e-pan.org\/journal\/view.php?doi=10.5717\/jenb.2013.17.4.169\">vizsg\u00e1lat <\/a>eredm\u00e9nyei arra utalnak, hogy a BCAA-k cs\u00f6kkenthetik a szerotonin koncentr\u00e1ci\u00f3j\u00e1t az \u00e1ll\u00f3k\u00e9pess\u00e9gi edz\u00e9s sor\u00e1n, vagyis valint alkalmazva cs\u00f6kken a f\u00e1radts\u00e1g \u00e9s a kif\u00e1rad\u00e1s m\u00e9rt\u00e9ke edz\u00e9sek alatt \u00e9s ut\u00e1n.<\/li>\n<li class=\"MsoNormal\">Egy \u00e1ttekint\u0151 <a href=\"https:\/\/www.mdpi.com\/2072-6643\/14\/19\/4002\">tanulm\u00e1ny<\/a> alapj\u00e1n a BAAC-k seg\u00edthetnek az izomf\u00e1jdalom enyh\u00edt\u00e9s\u00e9ben \u00e9s az izomregener\u00e1ci\u00f3 el\u0151seg\u00edt\u00e9s\u00e9ben.<\/li>\n<li class=\"MsoNormal\">Egy <a href=\"https:\/\/tgh.amegroups.org\/article\/view\/4432\/5206\">tanulm\u00e1ny<\/a> r\u00e1mutatott, hogy mivel m\u00e1jbetegek eset\u00e9ben romlik a feh\u00e9rj\u00e9k metaboliz\u00e1ci\u00f3j\u00e1nak hat\u00e9konys\u00e1ga, a szervezetben a valin szintje ak\u00e1r jelent\u0151sen is cs\u00f6kkenhet. A BCAA-kieg\u00e9sz\u00edt\u00e9s azonban el\u0151seg\u00edtheti a m\u00e1j \u00e1llapot\u00e1nak helyre\u00e1ll\u00edt\u00e1s\u00e1t \u00e9s cs\u00f6kkenti a m\u00e1jel\u00e9gtelens\u00e9g, valamint a m\u00e1j encephalopathia kock\u00e1zat\u00e1t.<\/li>\n<\/ul>\n<p class=\"MsoNormal\"><span lang=\"hu\">\u00a0<\/span><\/p>\n<p class=\"MsoNormal\"><span lang=\"hu\">Az USA medical BCAA \u00e9trend-kieg\u00e9sz\u00edt\u0151ben alkalmazott 2:1:1 ar\u00e1ny\u00fa aminosav-eloszl\u00e1s a szervezet sz\u00e1m\u00e1ra optim\u00e1lis egyens\u00falyi helyzet fenntart\u00e1s\u00e1t hivatott szolg\u00e1lni. Vagyis ha \u00e9trend-kieg\u00e9sz\u00edt\u0151nket v\u00e1lasztod az esszenci\u00e1lis aminosavak p\u00f3tl\u00e1s\u00e1ra, kiv\u00e1l\u00f3 min\u0151s\u00e9g, ide\u00e1lis ar\u00e1ny\u00fa p\u00f3tl\u00e1sr\u00f3l gondoskodhatsz szervezeted sz\u00e1m\u00e1ra.<\/span><\/p>\n","protected":false},"excerpt":{"rendered":"<p>A k\u00e9sz\u00edtm\u00e9ny 3 esszenci\u00e1lis aminosavat tartalmaz, melyek speci\u00e1lis, el\u00e1gaz\u00f3 molekulaszerkezettel rendelkeznek. Ezek az L-leucin, az L-izoleucin \u00e9s az L-valin. A t\u00f6bbi aminosavhoz hasonl\u00f3an sz\u00e1mos biok\u00e9miai folyamatban r\u00e9szt vesznek, t\u00f6bbek k\u00f6z\u00f6tt a feh\u00e9rj\u00e9k fel\u00e9p\u00edt\u00e9s\u00e9ben is. Ezek az aminosavak az\u00e9rt k\u00fcl\u00f6nlegesek, mert az izomban nagy mennyis\u00e9gben tal\u00e1lhat\u00f3k meg, \u00e9s az izomsz\u00f6vet \u2013 a t\u00f6bbi aminosavt\u00f3l elt\u00e9r\u0151en \u2013 k\u00e9pes k\u00f6zvetlen\u00fcl hasznos\u00edtani. K\u00e9sz\u00edtm\u00e9ny\u00fcnk a legide\u00e1lisabb, 2:1:1-es ar\u00e1nyban tartalmazza ezeket az \u00f6sszetev\u0151ket, ugyanis ez felel meg legink\u00e1bb az izmok fiziol\u00f3gi\u00e1s aminosav ar\u00e1ny\u00e1nak. K\u00fcl\u00f6n formul\u00e1ban t\u00f6rt\u00e9n\u0151 bevitel\u00fck akkor lehet javasolt, ha \u00e9trendi alapon nem visz\u00fcnk be eleget, \u00e9s megn\u00f6vekedett sz\u00fcks\u00e9glet \u00e1ll fenn \u2013 p\u00e9ld\u00e1ul izom\u00e9p\u00edt\u00e9s vagy megtart\u00e1s a c\u00e9l. A BCAA-k seg\u00edthetnek a kal\u00f3riadeficit mellett az izomt\u00f6meg megtart\u00e1s\u00e1ban, illetve az \u00faj izmok \u00e9p\u00fcl\u00e9s\u00e9ben is fontos szerep\u00fck lehet.<\/p>\n<p><strong>\u00c9trend-kieg\u00e9sz\u00edt\u0151 tabletta<\/strong><br \/>\n<strong>OGY\u00c9I Notifik\u00e1ci\u00f3s sz\u00e1m:<\/strong> 38518\/2025<br \/>\n<strong>Kiszerel\u00e9s:<\/strong> 120 db<br \/>\n<strong>Sz\u00e1rmaz\u00e1si orsz\u00e1g:<\/strong> EU<\/p>\n<ul>\n<li><strong>Magyar-amerikai fejleszt\u00e9s<\/strong><\/li>\n<li><strong>GMP \u00e9s HACCP szabv\u00e1ny szerint gy\u00e1rtva<\/strong><\/li>\n<li><strong>Val\u00f3s magyarorsz\u00e1gi rakt\u00e1rk\u00e9szletr\u0151l<\/strong><\/li>\n<\/ul>\n<p><img decoding=\"async\" class=\"alignnone size-full wp-image-826\" src=\"https:\/\/herbalkincsei.hu\/wp-content\/uploads\/2024\/03\/hand-holding-heart-solid.svg\" alt=\"\" \/>\u00a0 Term\u00e9keink gondosan v\u00e1logatott alapanyagokb\u00f3l k\u00e9sz\u00fclnek.<\/p>\n<p><img decoding=\"async\" class=\"alignnone size-full wp-image-825\" src=\"https:\/\/herbalkincsei.hu\/wp-content\/uploads\/2024\/03\/star-solid.svg\" alt=\"\" \/>\u00a0 \u00a0A term\u00e9kekre hazai garanci\u00e1t \u00e9s term\u00e9k szolg\u00e1ltat\u00e1st biztos\u00edtunk.<\/p>\n<p><img decoding=\"async\" class=\"alignnone size-full wp-image-823\" src=\"https:\/\/herbalkincsei.hu\/wp-content\/uploads\/2024\/03\/user-lock-solid.svg\" alt=\"\" \/>\u00a0Biztons\u00e1gos v\u00e9dett fizet\u00e9s.<\/p>\n<p><img decoding=\"async\" class=\"alignnone size-full wp-image-824\" src=\"https:\/\/herbalkincsei.hu\/wp-content\/uploads\/2024\/03\/truck-fast-solid.svg\" alt=\"\" \/> Gyors kiszolg\u00e1l\u00e1s.<\/p>\n","protected":false},"featured_media":1734,"comment_status":"closed","ping_status":"closed","template":"","meta":[],"product_brand":[223],"product_cat":[172,188,19,171],"product_tag":[],"class_list":{"0":"post-1735","1":"product","2":"type-product","3":"status-publish","4":"has-post-thumbnail","6":"product_brand-usamedical","7":"product_cat-etrend-kiegeszitok","8":"product_cat-izom-es-eronlet","9":"product_cat-minden-termek","10":"product_cat-usamedical","11":"product_shipping_class-hu","13":"first","14":"instock","15":"purchasable","16":"product-type-simple","17":"add-to-wishlist-before_image","18":"customify-col"},"yoast_head":"<!-- This site is optimized with the Yoast SEO plugin v27.5 - https:\/\/yoast.com\/product\/yoast-seo-wordpress\/ -->\n<title>BCAA 2:1:1 tabletta 120 db - Herb\u00e1lkincsei<\/title>\n<meta name=\"description\" content=\"A k\u00e9sz\u00edtm\u00e9ny 3 esszenci\u00e1lis aminosavat tartalmaz, melyek speci\u00e1lis, el\u00e1gaz\u00f3 molekulaszerkezettel rendelkeznek. A BCAA-k seg\u00edthetnek a kal\u00f3riadeficit mellett az izomt\u00f6meg megtart\u00e1s\u00e1ban, illetve az \u00faj izmok \u00e9p\u00fcl\u00e9s\u00e9ben is fontos szerep\u00fck lehet.\" \/>\n<meta name=\"robots\" content=\"index, follow, max-snippet:-1, max-image-preview:large, max-video-preview:-1\" \/>\n<link rel=\"canonical\" href=\"https:\/\/herbalkincsei.hu\/index.php\/termek\/bcaa-211-tabletta-120-db\/\" \/>\n<meta property=\"og:locale\" content=\"hu_HU\" \/>\n<meta property=\"og:type\" content=\"article\" \/>\n<meta property=\"og:title\" content=\"BCAA 2:1:1 tabletta 120 db - Herb\u00e1lkincsei\" \/>\n<meta property=\"og:description\" content=\"A k\u00e9sz\u00edtm\u00e9ny 3 esszenci\u00e1lis aminosavat tartalmaz, melyek speci\u00e1lis, el\u00e1gaz\u00f3 molekulaszerkezettel rendelkeznek. A BCAA-k seg\u00edthetnek a kal\u00f3riadeficit mellett az izomt\u00f6meg megtart\u00e1s\u00e1ban, illetve az \u00faj izmok \u00e9p\u00fcl\u00e9s\u00e9ben is fontos szerep\u00fck lehet.\" \/>\n<meta property=\"og:url\" content=\"https:\/\/herbalkincsei.hu\/index.php\/termek\/bcaa-211-tabletta-120-db\/\" \/>\n<meta property=\"og:site_name\" content=\"Herb\u00e1lkincsei\" \/>\n<meta property=\"article:modified_time\" content=\"2025-11-22T18:47:32+00:00\" \/>\n<meta property=\"og:image\" content=\"https:\/\/herbalkincsei.hu\/wp-content\/uploads\/2025\/09\/0909202568c00d2306532.jpeg?wsr\" \/>\n\t<meta property=\"og:image:width\" content=\"800\" \/>\n\t<meta property=\"og:image:height\" content=\"960\" \/>\n\t<meta property=\"og:image:type\" content=\"image\/jpeg\" \/>\n<meta name=\"twitter:card\" content=\"summary_large_image\" \/>\n<meta name=\"twitter:label1\" content=\"Becs\u00fclt olvas\u00e1si id\u0151\" \/>\n\t<meta name=\"twitter:data1\" content=\"7 perc\" \/>\n<script type=\"application\/ld+json\" class=\"yoast-schema-graph\">{\"@context\":\"https:\\\/\\\/schema.org\",\"@graph\":[{\"@type\":\"WebPage\",\"@id\":\"https:\\\/\\\/herbalkincsei.hu\\\/index.php\\\/termek\\\/bcaa-211-tabletta-120-db\\\/\",\"url\":\"https:\\\/\\\/herbalkincsei.hu\\\/index.php\\\/termek\\\/bcaa-211-tabletta-120-db\\\/\",\"name\":\"BCAA 2:1:1 tabletta 120 db - Herb\u00e1lkincsei\",\"isPartOf\":{\"@id\":\"https:\\\/\\\/herbalkincsei.hu\\\/#website\"},\"primaryImageOfPage\":{\"@id\":\"https:\\\/\\\/herbalkincsei.hu\\\/index.php\\\/termek\\\/bcaa-211-tabletta-120-db\\\/#primaryimage\"},\"image\":{\"@id\":\"https:\\\/\\\/herbalkincsei.hu\\\/index.php\\\/termek\\\/bcaa-211-tabletta-120-db\\\/#primaryimage\"},\"thumbnailUrl\":\"https:\\\/\\\/herbalkincsei.hu\\\/wp-content\\\/uploads\\\/2025\\\/09\\\/0909202568c00d2306532.jpeg?wsr\",\"datePublished\":\"2025-09-09T11:18:59+00:00\",\"dateModified\":\"2025-11-22T18:47:32+00:00\",\"description\":\"A k\u00e9sz\u00edtm\u00e9ny 3 esszenci\u00e1lis aminosavat tartalmaz, melyek speci\u00e1lis, el\u00e1gaz\u00f3 molekulaszerkezettel rendelkeznek. A BCAA-k seg\u00edthetnek a kal\u00f3riadeficit mellett az izomt\u00f6meg megtart\u00e1s\u00e1ban, illetve az \u00faj izmok \u00e9p\u00fcl\u00e9s\u00e9ben is fontos szerep\u00fck lehet.\",\"breadcrumb\":{\"@id\":\"https:\\\/\\\/herbalkincsei.hu\\\/index.php\\\/termek\\\/bcaa-211-tabletta-120-db\\\/#breadcrumb\"},\"inLanguage\":\"hu\",\"potentialAction\":[{\"@type\":\"ReadAction\",\"target\":[\"https:\\\/\\\/herbalkincsei.hu\\\/index.php\\\/termek\\\/bcaa-211-tabletta-120-db\\\/\"]}]},{\"@type\":\"ImageObject\",\"inLanguage\":\"hu\",\"@id\":\"https:\\\/\\\/herbalkincsei.hu\\\/index.php\\\/termek\\\/bcaa-211-tabletta-120-db\\\/#primaryimage\",\"url\":\"https:\\\/\\\/herbalkincsei.hu\\\/wp-content\\\/uploads\\\/2025\\\/09\\\/0909202568c00d2306532.jpeg?wsr\",\"contentUrl\":\"https:\\\/\\\/herbalkincsei.hu\\\/wp-content\\\/uploads\\\/2025\\\/09\\\/0909202568c00d2306532.jpeg?wsr\",\"width\":800,\"height\":960},{\"@type\":\"BreadcrumbList\",\"@id\":\"https:\\\/\\\/herbalkincsei.hu\\\/index.php\\\/termek\\\/bcaa-211-tabletta-120-db\\\/#breadcrumb\",\"itemListElement\":[{\"@type\":\"ListItem\",\"position\":1,\"name\":\"Kezd\u0151lap\",\"item\":\"https:\\\/\\\/herbalkincsei.hu\\\/\"},{\"@type\":\"ListItem\",\"position\":2,\"name\":\"\u00dczlet\",\"item\":\"https:\\\/\\\/herbalkincsei.hu\\\/index.php\\\/uzlet\\\/\"},{\"@type\":\"ListItem\",\"position\":3,\"name\":\"BCAA 2:1:1 tabletta 120 db\"}]},{\"@type\":\"WebSite\",\"@id\":\"https:\\\/\\\/herbalkincsei.hu\\\/#website\",\"url\":\"https:\\\/\\\/herbalkincsei.hu\\\/\",\"name\":\"herbalkincsei.hu\",\"description\":\"Ahol az eg\u00e9szs\u00e9g a c\u00e9l.\",\"publisher\":{\"@id\":\"https:\\\/\\\/herbalkincsei.hu\\\/#organization\"},\"potentialAction\":[{\"@type\":\"SearchAction\",\"target\":{\"@type\":\"EntryPoint\",\"urlTemplate\":\"https:\\\/\\\/herbalkincsei.hu\\\/?s={search_term_string}\"},\"query-input\":{\"@type\":\"PropertyValueSpecification\",\"valueRequired\":true,\"valueName\":\"search_term_string\"}}],\"inLanguage\":\"hu\"},{\"@type\":\"Organization\",\"@id\":\"https:\\\/\\\/herbalkincsei.hu\\\/#organization\",\"name\":\"Herb\u00e1lkincsei\",\"url\":\"https:\\\/\\\/herbalkincsei.hu\\\/\",\"logo\":{\"@type\":\"ImageObject\",\"inLanguage\":\"hu\",\"@id\":\"https:\\\/\\\/herbalkincsei.hu\\\/#\\\/schema\\\/logo\\\/image\\\/\",\"url\":\"https:\\\/\\\/herbalkincsei.hu\\\/wp-content\\\/uploads\\\/2024\\\/02\\\/cropped-Green-Leaf-Aromatherapy-Logo-400-\u00d7-135-keppont.png?wsr\",\"contentUrl\":\"https:\\\/\\\/herbalkincsei.hu\\\/wp-content\\\/uploads\\\/2024\\\/02\\\/cropped-Green-Leaf-Aromatherapy-Logo-400-\u00d7-135-keppont.png?wsr\",\"width\":400,\"height\":135,\"caption\":\"Herb\u00e1lkincsei\"},\"image\":{\"@id\":\"https:\\\/\\\/herbalkincsei.hu\\\/#\\\/schema\\\/logo\\\/image\\\/\"}}]}<\/script>\n<!-- \/ Yoast SEO plugin. -->","yoast_head_json":{"title":"BCAA 2:1:1 tabletta 120 db - Herb\u00e1lkincsei","description":"A k\u00e9sz\u00edtm\u00e9ny 3 esszenci\u00e1lis aminosavat tartalmaz, melyek speci\u00e1lis, el\u00e1gaz\u00f3 molekulaszerkezettel rendelkeznek. A BCAA-k seg\u00edthetnek a kal\u00f3riadeficit mellett az izomt\u00f6meg megtart\u00e1s\u00e1ban, illetve az \u00faj izmok \u00e9p\u00fcl\u00e9s\u00e9ben is fontos szerep\u00fck lehet.","robots":{"index":"index","follow":"follow","max-snippet":"max-snippet:-1","max-image-preview":"max-image-preview:large","max-video-preview":"max-video-preview:-1"},"canonical":"https:\/\/herbalkincsei.hu\/index.php\/termek\/bcaa-211-tabletta-120-db\/","og_locale":"hu_HU","og_type":"article","og_title":"BCAA 2:1:1 tabletta 120 db - Herb\u00e1lkincsei","og_description":"A k\u00e9sz\u00edtm\u00e9ny 3 esszenci\u00e1lis aminosavat tartalmaz, melyek speci\u00e1lis, el\u00e1gaz\u00f3 molekulaszerkezettel rendelkeznek. A BCAA-k seg\u00edthetnek a kal\u00f3riadeficit mellett az izomt\u00f6meg megtart\u00e1s\u00e1ban, illetve az \u00faj izmok \u00e9p\u00fcl\u00e9s\u00e9ben is fontos szerep\u00fck lehet.","og_url":"https:\/\/herbalkincsei.hu\/index.php\/termek\/bcaa-211-tabletta-120-db\/","og_site_name":"Herb\u00e1lkincsei","article_modified_time":"2025-11-22T18:47:32+00:00","og_image":[{"width":800,"height":960,"url":"https:\/\/herbalkincsei.hu\/wp-content\/uploads\/2025\/09\/0909202568c00d2306532.jpeg?wsr","type":"image\/jpeg"}],"twitter_card":"summary_large_image","twitter_misc":{"Becs\u00fclt olvas\u00e1si id\u0151":"7 perc"},"schema":{"@context":"https:\/\/schema.org","@graph":[{"@type":"WebPage","@id":"https:\/\/herbalkincsei.hu\/index.php\/termek\/bcaa-211-tabletta-120-db\/","url":"https:\/\/herbalkincsei.hu\/index.php\/termek\/bcaa-211-tabletta-120-db\/","name":"BCAA 2:1:1 tabletta 120 db - Herb\u00e1lkincsei","isPartOf":{"@id":"https:\/\/herbalkincsei.hu\/#website"},"primaryImageOfPage":{"@id":"https:\/\/herbalkincsei.hu\/index.php\/termek\/bcaa-211-tabletta-120-db\/#primaryimage"},"image":{"@id":"https:\/\/herbalkincsei.hu\/index.php\/termek\/bcaa-211-tabletta-120-db\/#primaryimage"},"thumbnailUrl":"https:\/\/herbalkincsei.hu\/wp-content\/uploads\/2025\/09\/0909202568c00d2306532.jpeg?wsr","datePublished":"2025-09-09T11:18:59+00:00","dateModified":"2025-11-22T18:47:32+00:00","description":"A k\u00e9sz\u00edtm\u00e9ny 3 esszenci\u00e1lis aminosavat tartalmaz, melyek speci\u00e1lis, el\u00e1gaz\u00f3 molekulaszerkezettel rendelkeznek. A BCAA-k seg\u00edthetnek a kal\u00f3riadeficit mellett az izomt\u00f6meg megtart\u00e1s\u00e1ban, illetve az \u00faj izmok \u00e9p\u00fcl\u00e9s\u00e9ben is fontos szerep\u00fck lehet.","breadcrumb":{"@id":"https:\/\/herbalkincsei.hu\/index.php\/termek\/bcaa-211-tabletta-120-db\/#breadcrumb"},"inLanguage":"hu","potentialAction":[{"@type":"ReadAction","target":["https:\/\/herbalkincsei.hu\/index.php\/termek\/bcaa-211-tabletta-120-db\/"]}]},{"@type":"ImageObject","inLanguage":"hu","@id":"https:\/\/herbalkincsei.hu\/index.php\/termek\/bcaa-211-tabletta-120-db\/#primaryimage","url":"https:\/\/herbalkincsei.hu\/wp-content\/uploads\/2025\/09\/0909202568c00d2306532.jpeg?wsr","contentUrl":"https:\/\/herbalkincsei.hu\/wp-content\/uploads\/2025\/09\/0909202568c00d2306532.jpeg?wsr","width":800,"height":960},{"@type":"BreadcrumbList","@id":"https:\/\/herbalkincsei.hu\/index.php\/termek\/bcaa-211-tabletta-120-db\/#breadcrumb","itemListElement":[{"@type":"ListItem","position":1,"name":"Kezd\u0151lap","item":"https:\/\/herbalkincsei.hu\/"},{"@type":"ListItem","position":2,"name":"\u00dczlet","item":"https:\/\/herbalkincsei.hu\/index.php\/uzlet\/"},{"@type":"ListItem","position":3,"name":"BCAA 2:1:1 tabletta 120 db"}]},{"@type":"WebSite","@id":"https:\/\/herbalkincsei.hu\/#website","url":"https:\/\/herbalkincsei.hu\/","name":"herbalkincsei.hu","description":"Ahol az eg\u00e9szs\u00e9g a c\u00e9l.","publisher":{"@id":"https:\/\/herbalkincsei.hu\/#organization"},"potentialAction":[{"@type":"SearchAction","target":{"@type":"EntryPoint","urlTemplate":"https:\/\/herbalkincsei.hu\/?s={search_term_string}"},"query-input":{"@type":"PropertyValueSpecification","valueRequired":true,"valueName":"search_term_string"}}],"inLanguage":"hu"},{"@type":"Organization","@id":"https:\/\/herbalkincsei.hu\/#organization","name":"Herb\u00e1lkincsei","url":"https:\/\/herbalkincsei.hu\/","logo":{"@type":"ImageObject","inLanguage":"hu","@id":"https:\/\/herbalkincsei.hu\/#\/schema\/logo\/image\/","url":"https:\/\/herbalkincsei.hu\/wp-content\/uploads\/2024\/02\/cropped-Green-Leaf-Aromatherapy-Logo-400-\u00d7-135-keppont.png?wsr","contentUrl":"https:\/\/herbalkincsei.hu\/wp-content\/uploads\/2024\/02\/cropped-Green-Leaf-Aromatherapy-Logo-400-\u00d7-135-keppont.png?wsr","width":400,"height":135,"caption":"Herb\u00e1lkincsei"},"image":{"@id":"https:\/\/herbalkincsei.hu\/#\/schema\/logo\/image\/"}}]}},"_links":{"self":[{"href":"https:\/\/herbalkincsei.hu\/index.php\/wp-json\/wp\/v2\/product\/1735","targetHints":{"allow":["GET"]}}],"collection":[{"href":"https:\/\/herbalkincsei.hu\/index.php\/wp-json\/wp\/v2\/product"}],"about":[{"href":"https:\/\/herbalkincsei.hu\/index.php\/wp-json\/wp\/v2\/types\/product"}],"replies":[{"embeddable":true,"href":"https:\/\/herbalkincsei.hu\/index.php\/wp-json\/wp\/v2\/comments?post=1735"}],"wp:featuredmedia":[{"embeddable":true,"href":"https:\/\/herbalkincsei.hu\/index.php\/wp-json\/wp\/v2\/media\/1734"}],"wp:attachment":[{"href":"https:\/\/herbalkincsei.hu\/index.php\/wp-json\/wp\/v2\/media?parent=1735"}],"wp:term":[{"taxonomy":"product_brand","embeddable":true,"href":"https:\/\/herbalkincsei.hu\/index.php\/wp-json\/wp\/v2\/product_brand?post=1735"},{"taxonomy":"product_cat","embeddable":true,"href":"https:\/\/herbalkincsei.hu\/index.php\/wp-json\/wp\/v2\/product_cat?post=1735"},{"taxonomy":"product_tag","embeddable":true,"href":"https:\/\/herbalkincsei.hu\/index.php\/wp-json\/wp\/v2\/product_tag?post=1735"}],"curies":[{"name":"wp","href":"https:\/\/api.w.org\/{rel}","templated":true}]}}