{"id":1645,"date":"2025-09-02T11:56:18","date_gmt":"2025-09-02T10:56:18","guid":{"rendered":"https:\/\/herbalkincsei.hu\/?post_type=product&#038;p=1645"},"modified":"2025-11-22T20:12:17","modified_gmt":"2025-11-22T19:12:17","slug":"haj-gumi-vitamin-biotinnal-60-db","status":"publish","type":"product","link":"https:\/\/herbalkincsei.hu\/index.php\/termek\/haj-gumi-vitamin-biotinnal-60-db\/","title":{"rendered":"Haj gumi-vitamin biotinnal 60 db"},"content":{"rendered":"<h2 style=\"text-align: left;\"><strong><span class=\"bluetxt\">Fedezd fel a haj\u00e1pol\u00e1s \u00faj dimenzi\u00f3j\u00e1t az \u00edzletes haj gumi-vitaminunkkal, mely extra d\u00f3zis\u00fa biotin tartalmaz!<\/span><\/strong><\/h2>\n<p><strong>Szuper finom gumi-vitaminok a gy\u00f6ny\u00f6r\u0171 haj\u00e9rt<\/strong><strong>!<\/strong><\/p>\n<p>\u2705 <strong>Feln\u0151tteknek<\/strong> napi 2 gumivitamin aj\u00e1nlott, \u00e9s nincsen fels\u0151 korhat\u00e1r \u2013 b\u00e1rki sz\u00e1m\u00e1ra el\u00e9rhet\u0151 \u00faj sz\u00e9ps\u00e9gvitamin k\u00e9sz\u00edtm\u00e9ny! Gyermekek eset\u00e9ben orvos tan\u00e1cs\u00e1t \u00e9rdemes kik\u00e9rni.<br \/>\n\u2705 <strong>Term\u00e9szetes gy\u00fcm\u00f6lcs \u00edzes\u00edt\u00e9s<\/strong> \u00e9s term\u00e9szetes sz\u00ednek \u2013 mert csak a legjobbat \u00e9rdemled!<br \/>\n\u2705 <strong>Veg\u00e1n csoda!<\/strong> Almapektin alap\u00fa, zselatinmentes formula, amely kellemesen zsel\u00e9s \u00e1llag\u00fa.<br \/>\n\u2705 <strong>Cukor n\u00e9lk\u00fcl.<\/strong>\u00a0Term\u00e9szetes k\u00e9sz\u00edtm\u00e9ny hozz\u00e1adott cukor n\u00e9lk\u00fcl.<br \/>\n\u2705 <strong>Esszenci\u00e1lis vitaminok \u00e9s \u00e1sv\u00e1nyi anyagok<\/strong> tal\u00e1lhat\u00f3ak minden egyes gumivitaminban, hogy t\u00e1mogass\u00e1k hajad eg\u00e9szs\u00e9g\u00e9t \u00e9s ragyog\u00e1s\u00e1t.<br \/>\n\u2705 <strong>Extra biotin tartalom &#8211;\u00a0<\/strong> 2500 mcg a napi adagban.<\/p>\n<p><strong>Unod m\u00e1r, hogy a kipr\u00f3b\u00e1lt term\u00e9kek nem hozz\u00e1k a v\u00e1rt eredm\u00e9nyt? \u00c1lmodsz egy hat\u00e9kony \u00e9s kellemes megold\u00e1sr\u00f3l a hajad ragyog\u00e1s\u00e1\u00e9rt?<br \/>\n<\/strong>Akkor itt az id\u0151, hogy megismerd a veg\u00e1n, alma pektinb\u0151l k\u00e9sz\u00fclt haj gumi-vitaminunkat!<\/p>\n<p><strong>Multivitamin a haj sz\u00e9ps\u00e9g\u00e9\u00e9rt<\/strong><br \/>\nA hajunk folyamatosan k\u00fcls\u0151 hat\u00e1soknak van kit\u00e9ve \u2013 h\u0151hat\u00e1s, k\u00e9miai kezel\u00e9sek \u00e9s mindennapi k\u00f6rnyezeti k\u00e1rosod\u00e1sok ok\u00e1n. Ez\u00e9rt elengedhetetlen a megfelel\u0151 vitaminok \u00e9s \u00e1sv\u00e1nyi anyagok p\u00f3tl\u00e1sa, hogy hajad eg\u00e9szs\u00e9ges \u00e9s gy\u00f6ny\u00f6r\u0171 maradjon.<\/p>\n<h3><strong><span class=\"bluetxt\">7 eset, amikor sz\u00fcks\u00e9ged lehet a haj eg\u00e9szs\u00e9g\u00e9t t\u00e1mogat\u00f3 vitaminokra<\/span><\/strong><\/h3>\n<ol>\n<li><strong>Er\u0151sebb hajsz\u00e1lak<\/strong>: A biotin \u00e9s cink kombin\u00e1ci\u00f3ja seg\u00edt meger\u0151s\u00edteni a hajsz\u00e1lakat, cs\u00f6kkentve a haj t\u00f6redez\u00e9s\u00e9t \u00e9s hull\u00e1s\u00e1t.<\/li>\n<li><strong>Eg\u00e9szs\u00e9gesebb fejb\u0151r<\/strong>: Az esszenci\u00e1lis vitaminok \u00e9s \u00e1sv\u00e1nyi anyagok t\u00e1mogatj\u00e1k a fejb\u0151r eg\u00e9szs\u00e9g\u00e9t, megel\u0151zve a korp\u00e1sod\u00e1st \u00e9s egy\u00e9b fejb\u0151rprobl\u00e9m\u00e1kat.<\/li>\n<li><strong>Gyorsabb hajn\u00f6veked\u00e9s<\/strong>: A megfelel\u0151 t\u00e1panyagok bevitel\u00e9vel a haj n\u00f6veked\u00e9si ciklusa felgyorsulhat, \u00edgy hajad gyorsabban \u00e9s eg\u00e9szs\u00e9gesebben n\u0151het.<\/li>\n<li><strong>F\u00e9nyesebb haj<\/strong>: Az E-vitamin \u00e9s a term\u00e9szetes antioxid\u00e1nsok v\u00e9dik a hajsz\u00e1lakat az oxidat\u00edv stresszt\u0151l, amely f\u00e9nyesebb, ragyog\u00f3bb hajat eredm\u00e9nyez.<\/li>\n<li><strong>Kiegyens\u00falyozott t\u00e1panyagell\u00e1t\u00e1s<\/strong>: A gumivitaminok biztos\u00edtj\u00e1k a haj sz\u00e1m\u00e1ra sz\u00fcks\u00e9ges alapvet\u0151 vitaminokat \u00e9s \u00e1sv\u00e1nyi anyagokat, \u00edgy hajad minden sz\u00fcks\u00e9ges t\u00e1panyagot megkap.<\/li>\n<li><strong>Hajhull\u00e1s cs\u00f6kkent\u00e9se<\/strong>: A hajhull\u00e1s elleni vitaminok, mint p\u00e9ld\u00e1ul a B-vitaminok, seg\u00edtenek megel\u0151zni a hajhull\u00e1st \u00e9s t\u00e1mogatj\u00e1k az \u00faj haj n\u00f6veked\u00e9s\u00e9t.<\/li>\n<li><strong>Hajtext\u00fara jav\u00edt\u00e1sa<\/strong>: A haj-vitaminok rendszeres fogyaszt\u00e1sa jav\u00edthatja a haj text\u00far\u00e1j\u00e1t, \u00edgy az er\u0151sebb \u00e9s rugalmasabb lesz.<br \/>\n<strong><br \/>\nJ\u00f3, ha tudod: <\/strong>az eg\u00e9szs\u00e9ges \u00e9trendet nem helyettes\u00edti kieg\u00e9sz\u00edt\u0151nk, de plusz t\u00e1mogat\u00e1st jelent a haj sz\u00e1m\u00e1ra, a modern t\u00e1pl\u00e1lkoz\u00e1si szok\u00e1saink mellett. A haj gumi-vitaminunk biztos\u00edtja a haj sz\u00e1m\u00e1ra n\u00e9lk\u00fcl\u00f6zhetetlen t\u00e1panyagokat term\u00e9szetes \u00e9s finom form\u00e1ban.<\/li>\n<\/ol>\n<h3><strong>Mit tartalmaz a HAIR GUMMIES vitamin pasztilla?<\/strong><\/h3>\n<p>A haj gumi-vitamin \u00e9trend-kieg\u00e9sz\u00edt\u0151 sz\u00e1mos esszenci\u00e1lis vitamint tartalmaz a WHO \u00e1ltal feln\u0151ttek sz\u00e1m\u00e1ra optim\u00e1lisnak tartott, napi beviteli \u00e9rt\u00e9kk\u00e9nt javasolt &#8211; vagy ahhoz nagyon k\u00f6zel \u00e1ll\u00f3 &#8211;\u00a0 mennyis\u00e9gben. L\u00e1ssuk, melyek ezek!<\/p>\n<ul>\n<li>A<strong> cink<\/strong> hozz\u00e1j\u00e1rul a haj, b\u0151r \u00e9s k\u00f6r\u00f6m norm\u00e1l \u00e1llapot\u00e1nak fenntart\u00e1s\u00e1hoz, \u00e9s a sejtek oxidat\u00edv stresszel szembeni v\u00e9delm\u00e9hez.<\/li>\n<li>A <strong>biotin<\/strong>, mely r\u00e9szt vesz a norm\u00e1l energiatermel\u0151 anyagcsere-folyamatokban, a makro-t\u00e1panyagok norm\u00e1l anyagcser\u00e9j\u00e9ben, hozz\u00e1j\u00e1rul a haj, az idegrendszer, a ny\u00e1lkah\u00e1rty\u00e1k \u00e9s a b\u0151r norm\u00e1l m\u0171k\u00f6d\u00e9s\u00e9hez.<\/li>\n<li>Az<strong> A-vitamin <\/strong>hozz\u00e1j\u00e1rul a ny\u00e1lkah\u00e1rty\u00e1k, a b\u0151r \u00e9s a l\u00e1t\u00e1s norm\u00e1l \u00e1llapot\u00e1nak fenntart\u00e1s\u00e1hoz, illetve az immunrendszer norm\u00e1l m\u0171k\u00f6d\u00e9s\u00e9hez. Emellett szerepet j\u00e1tszik a sejtek differenci\u00e1l\u00f3d\u00e1s\u00e1ban.<\/li>\n<li>A <strong>B5-vitamin<\/strong>, vagy m\u00e1s n\u00e9ven riboflavin, mely hozz\u00e1j\u00e1rul a sejtek oxidat\u00edv stresszel szembeni v\u00e9delm\u00e9hez, a szervezet norm\u00e1l vas-anyagcser\u00e9j\u00e9hez, az idegrendszer m\u0171k\u00f6d\u00e9s\u00e9hez, illetve a b\u0151r \u00e9s a l\u00e1t\u00e1s norm\u00e1l \u00e1llapot\u00e1nak fenntart\u00e1s\u00e1hoz.<\/li>\n<li>A<strong> B12-vitamin<\/strong>, azaz kobalamin, r\u00e9szt vesz a norm\u00e1l energiatermel\u0151 anyagcsere-folyamatokban, hozz\u00e1j\u00e1rul az immunrendszer norm\u00e1l m\u0171k\u00f6d\u00e9s\u00e9hez \u00e9s a f\u00e1radts\u00e1g \u00e9s kif\u00e1rad\u00e1s cs\u00f6kkent\u00e9s\u00e9hez. Emellett szerepet j\u00e1tszik a sejtoszt\u00f3d\u00e1sban is.<\/li>\n<li>A <strong>folsav<\/strong> szerepet j\u00e1tszik a sejtoszt\u00f3d\u00e1sban.<\/li>\n<li>A <strong>D-vitamin <\/strong>hozz\u00e1j\u00e1rul az immunrendszer norm\u00e1l m\u0171k\u00f6d\u00e9s\u00e9hez.<\/li>\n<li>Az<strong> E-vitamin<\/strong>, mely hozz\u00e1j\u00e1rul a sejtek oxidat\u00edv stresszel szembeni v\u00e9delm\u00e9hez.<\/li>\n<\/ul>\n<p style=\"text-align: left;\"><strong><br \/>\nPr\u00f3b\u00e1ld ki innovat\u00edv, term\u00e9szetes \u00edzvil\u00e1g\u00fa haj gumi-vitaminunkat, \u00e9s \u00e9lvezd az \u00e9des m\u00e1lna \u00edzvil\u00e1g\u00e1t \u00e9s az eg\u00e9szs\u00e9ges, f\u00e9nyes haj el\u0151nyeit!<\/strong><\/p>\n<p><strong>Fontos megjegyz\u00e9s:<\/strong> Az oldalon tal\u00e1lhat\u00f3 inform\u00e1ci\u00f3k \u00e9s \u00e1ll\u00edt\u00e1sok csup\u00e1n \u00e1ltal\u00e1nos t\u00e1j\u00e9koztat\u00e1sul szolg\u00e1lnak a term\u00e9keink \u00f6sszetev\u0151ivel kapcsolatban. Az USA Medical term\u00e9kei nem min\u0151s\u00fclnek gy\u00f3gyszernek, \u00e9s az inform\u00e1ci\u00f3k nem helyettes\u00edtik az orvosi tan\u00e1csad\u00e1st vagy kezel\u00e9st. A k\u00f6z\u00f6lt \u00e1ll\u00edt\u00e1sok nem a konkr\u00e9t term\u00e9kre vonatkoznak, hanem a tudom\u00e1nyos \u00e9s szakirodalmi forr\u00e1sokban tal\u00e1lhat\u00f3 ismereteket \u00f6sszegzik. Az inform\u00e1ci\u00f3k nem \u00e9rtelmezhet\u0151k szem\u00e9lyre szabott eg\u00e9szs\u00e9g\u00fcgyi javaslatk\u00e9nt, \u00e9s nem szolg\u00e1lnak konkr\u00e9t t\u00fcnetek kezel\u00e9s\u00e9re vonatkoz\u00f3 tan\u00e1csk\u00e9nt. B\u00e1rmilyen eg\u00e9szs\u00e9gi probl\u00e9m\u00e1val kapcsolatban k\u00e9rj\u00fck, forduljon szakorvoshoz vagy gy\u00f3gyszer\u00e9szhez!<\/p>\n","protected":false},"excerpt":{"rendered":"<div id=\"product_desc\" class=\"elementor-element elementor-element-dca84d2 elementor-widget elementor-widget-woocommerce-product-short-description\" data-id=\"dca84d2\" data-element_type=\"widget\" data-widget_type=\"woocommerce-product-short-description.default\">\n<div class=\"elementor-widget-container\">\n<div class=\"woocommerce-product-details__short-description\">\n<p>Az USA medical leg\u00fajabb innov\u00e1ci\u00f3ja, a Haj Gumi-vitamin \u00e9trend-kieg\u00e9sz\u00edt\u0151 pasztilla, amely t\u00f6k\u00e9letes v\u00e1laszt\u00e1s mindenki sz\u00e1m\u00e1ra. Ez a finom, k\u00f6nnyen r\u00e1ghat\u00f3 gumivitamin kiv\u00e1l\u00f3 min\u0151s\u00e9g\u0171 \u00f6sszetev\u0151ket tartalmaz, bele\u00e9rtve a biotint, cinket \u00e9s m\u00e1s esszenci\u00e1lis vitaminokat \u00e9s \u00e1sv\u00e1nyi anyagokat, amelyek t\u00e1mogatj\u00e1k a haj eg\u00e9szs\u00e9g\u00e9t \u00e9s \u00e9lettel teli kin\u00e9zet\u00e9t. A pasztill\u00e1k alapj\u00e1t alma pektin k\u00e9pezi, \u00edgy a term\u00e9k veg\u00e1n bar\u00e1t \u00e9s term\u00e9szetes m\u00e1lna gy\u00fcm\u00f6lcs \u00edzes\u00edt\u00e9ssel k\u00e9sz\u00fclt, hozz\u00e1adott cukor n\u00e9lk\u00fcl.<\/p>\n<p><strong>\u00c9trend-kieg\u00e9sz\u00edt\u0151 gumi pasztilla<br \/>\n<\/strong><strong>OGY\u00c9I Notifik\u00e1ci\u00f3s sz\u00e1m:\u00a0<\/strong>34082\/2024<br \/>\n<strong>Kiszerel\u00e9s:\u00a0<\/strong>60 db<br \/>\n<strong>\u00cdzhat\u00e1sa:\u00a0<\/strong>term\u00e9szetes m\u00e1lna \u00edz<br \/>\n<strong>Sz\u00e1rmaz\u00e1si orsz\u00e1g:\u00a0<\/strong>EU<br \/>\n<strong>VEG\u00c1N<\/strong><\/p>\n<\/div>\n<\/div>\n<\/div>\n<div class=\"elementor-element elementor-element-9362874 elementor-icon-list--layout-traditional elementor-list-item-link-full_width elementor-widget elementor-widget-icon-list\" data-id=\"9362874\" data-element_type=\"widget\" data-widget_type=\"icon-list.default\">\n<div class=\"elementor-widget-container\">\n<ul class=\"elementor-icon-list-items\">\n<li class=\"elementor-icon-list-item\"><span class=\"elementor-icon-list-text\">Magyar-amerikai fejleszt\u00e9s<\/span><\/li>\n<li class=\"elementor-icon-list-item\"><span class=\"elementor-icon-list-text\">GMP \u00e9s HACCP szabv\u00e1ny szerint gy\u00e1rtva<\/span><\/li>\n<li class=\"elementor-icon-list-item\"><span class=\"elementor-icon-list-text\">Val\u00f3s magyarorsz\u00e1gi rakt\u00e1rk\u00e9szletr\u0151l<\/span><\/li>\n<\/ul>\n<p><img decoding=\"async\" class=\"alignnone size-full wp-image-826\" src=\"https:\/\/herbalkincsei.hu\/wp-content\/uploads\/2024\/03\/hand-holding-heart-solid.svg\" alt=\"\" \/>\u00a0 Term\u00e9keink gondosan v\u00e1logatott alapanyagokb\u00f3l k\u00e9sz\u00fclnek.<\/p>\n<p><img decoding=\"async\" class=\"alignnone size-full wp-image-825\" src=\"https:\/\/herbalkincsei.hu\/wp-content\/uploads\/2024\/03\/star-solid.svg\" alt=\"\" \/>\u00a0 \u00a0A term\u00e9kekre hazai garanci\u00e1t \u00e9s term\u00e9k szolg\u00e1ltat\u00e1st biztos\u00edtunk.<\/p>\n<p><img decoding=\"async\" class=\"alignnone size-full wp-image-823\" src=\"https:\/\/herbalkincsei.hu\/wp-content\/uploads\/2024\/03\/user-lock-solid.svg\" alt=\"\" \/>\u00a0Biztons\u00e1gos v\u00e9dett fizet\u00e9s.<\/p>\n<p><img decoding=\"async\" class=\"alignnone size-full wp-image-824\" src=\"https:\/\/herbalkincsei.hu\/wp-content\/uploads\/2024\/03\/truck-fast-solid.svg\" alt=\"\" \/> Gyors kiszolg\u00e1l\u00e1s.<\/p>\n<\/div>\n<\/div>\n","protected":false},"featured_media":1644,"comment_status":"closed","ping_status":"closed","template":"","meta":[],"product_brand":[223],"product_cat":[172,180,19,171],"product_tag":[242,245],"class_list":{"0":"post-1645","1":"product","2":"type-product","3":"status-publish","4":"has-post-thumbnail","6":"product_brand-usamedical","7":"product_cat-etrend-kiegeszitok","8":"product_cat-haj-bor-korom","9":"product_cat-minden-termek","10":"product_cat-usamedical","11":"product_tag-etrend-kiegeszito","12":"product_tag-haj-bor-korom","13":"product_shipping_class-hu","15":"first","16":"instock","17":"purchasable","18":"product-type-simple","19":"add-to-wishlist-before_image","20":"customify-col","21":"product-has-gallery"},"yoast_head":"<!-- This site is optimized with the Yoast SEO plugin v27.4 - https:\/\/yoast.com\/product\/yoast-seo-wordpress\/ -->\n<title>Haj gumi-vitamin biotinnal 60 db - Herb\u00e1lkincsei<\/title>\n<meta name=\"description\" content=\"Haj Gumi-vitamin \u00e9trend-kieg\u00e9sz\u00edt\u0151 pasztilla, amely t\u00f6k\u00e9letes v\u00e1laszt\u00e1s mindenki sz\u00e1m\u00e1ra. Ez a finom, k\u00f6nnyen r\u00e1ghat\u00f3 gumivitamin kiv\u00e1l\u00f3 min\u0151s\u00e9g\u0171 \u00f6sszetev\u0151ket tartalmaz, bele\u00e9rtve a biotint, cinket \u00e9s m\u00e1s esszenci\u00e1lis vitaminokat \u00e9s \u00e1sv\u00e1nyi anyagokat, amelyek t\u00e1mogatj\u00e1k a haj eg\u00e9szs\u00e9g\u00e9t \u00e9s \u00e9lettel teli kin\u00e9zet\u00e9t. A pasztill\u00e1k alapj\u00e1t alma pektin k\u00e9pezi, \u00edgy a term\u00e9k veg\u00e1n bar\u00e1t \u00e9s term\u00e9szetes m\u00e1lna gy\u00fcm\u00f6lcs \u00edzes\u00edt\u00e9ssel k\u00e9sz\u00fclt, hozz\u00e1adott cukor n\u00e9lk\u00fcl.\" \/>\n<meta name=\"robots\" content=\"index, follow, max-snippet:-1, max-image-preview:large, max-video-preview:-1\" \/>\n<link rel=\"canonical\" href=\"https:\/\/herbalkincsei.hu\/index.php\/termek\/haj-gumi-vitamin-biotinnal-60-db\/\" \/>\n<meta property=\"og:locale\" content=\"hu_HU\" \/>\n<meta property=\"og:type\" content=\"article\" \/>\n<meta property=\"og:title\" content=\"Haj gumi-vitamin biotinnal 60 db - Herb\u00e1lkincsei\" \/>\n<meta property=\"og:description\" content=\"Haj Gumi-vitamin \u00e9trend-kieg\u00e9sz\u00edt\u0151 pasztilla, amely t\u00f6k\u00e9letes v\u00e1laszt\u00e1s mindenki sz\u00e1m\u00e1ra. Ez a finom, k\u00f6nnyen r\u00e1ghat\u00f3 gumivitamin kiv\u00e1l\u00f3 min\u0151s\u00e9g\u0171 \u00f6sszetev\u0151ket tartalmaz, bele\u00e9rtve a biotint, cinket \u00e9s m\u00e1s esszenci\u00e1lis vitaminokat \u00e9s \u00e1sv\u00e1nyi anyagokat, amelyek t\u00e1mogatj\u00e1k a haj eg\u00e9szs\u00e9g\u00e9t \u00e9s \u00e9lettel teli kin\u00e9zet\u00e9t. A pasztill\u00e1k alapj\u00e1t alma pektin k\u00e9pezi, \u00edgy a term\u00e9k veg\u00e1n bar\u00e1t \u00e9s term\u00e9szetes m\u00e1lna gy\u00fcm\u00f6lcs \u00edzes\u00edt\u00e9ssel k\u00e9sz\u00fclt, hozz\u00e1adott cukor n\u00e9lk\u00fcl.\" \/>\n<meta property=\"og:url\" content=\"https:\/\/herbalkincsei.hu\/index.php\/termek\/haj-gumi-vitamin-biotinnal-60-db\/\" \/>\n<meta property=\"og:site_name\" content=\"Herb\u00e1lkincsei\" \/>\n<meta property=\"article:modified_time\" content=\"2025-11-22T19:12:17+00:00\" \/>\n<meta property=\"og:image\" content=\"https:\/\/herbalkincsei.hu\/wp-content\/uploads\/2025\/09\/0209202568b6cd523efc1.jpeg?wsr\" \/>\n\t<meta property=\"og:image:width\" content=\"800\" \/>\n\t<meta property=\"og:image:height\" content=\"960\" \/>\n\t<meta property=\"og:image:type\" content=\"image\/jpeg\" \/>\n<meta name=\"twitter:card\" content=\"summary_large_image\" \/>\n<meta name=\"twitter:label1\" content=\"Becs\u00fclt olvas\u00e1si id\u0151\" \/>\n\t<meta name=\"twitter:data1\" content=\"4 perc\" \/>\n<script type=\"application\/ld+json\" class=\"yoast-schema-graph\">{\"@context\":\"https:\\\/\\\/schema.org\",\"@graph\":[{\"@type\":\"WebPage\",\"@id\":\"https:\\\/\\\/herbalkincsei.hu\\\/index.php\\\/termek\\\/haj-gumi-vitamin-biotinnal-60-db\\\/\",\"url\":\"https:\\\/\\\/herbalkincsei.hu\\\/index.php\\\/termek\\\/haj-gumi-vitamin-biotinnal-60-db\\\/\",\"name\":\"Haj gumi-vitamin biotinnal 60 db - Herb\u00e1lkincsei\",\"isPartOf\":{\"@id\":\"https:\\\/\\\/herbalkincsei.hu\\\/#website\"},\"primaryImageOfPage\":{\"@id\":\"https:\\\/\\\/herbalkincsei.hu\\\/index.php\\\/termek\\\/haj-gumi-vitamin-biotinnal-60-db\\\/#primaryimage\"},\"image\":{\"@id\":\"https:\\\/\\\/herbalkincsei.hu\\\/index.php\\\/termek\\\/haj-gumi-vitamin-biotinnal-60-db\\\/#primaryimage\"},\"thumbnailUrl\":\"https:\\\/\\\/herbalkincsei.hu\\\/wp-content\\\/uploads\\\/2025\\\/09\\\/0209202568b6cd523efc1.jpeg?wsr\",\"datePublished\":\"2025-09-02T10:56:18+00:00\",\"dateModified\":\"2025-11-22T19:12:17+00:00\",\"description\":\"Haj Gumi-vitamin \u00e9trend-kieg\u00e9sz\u00edt\u0151 pasztilla, amely t\u00f6k\u00e9letes v\u00e1laszt\u00e1s mindenki sz\u00e1m\u00e1ra. Ez a finom, k\u00f6nnyen r\u00e1ghat\u00f3 gumivitamin kiv\u00e1l\u00f3 min\u0151s\u00e9g\u0171 \u00f6sszetev\u0151ket tartalmaz, bele\u00e9rtve a biotint, cinket \u00e9s m\u00e1s esszenci\u00e1lis vitaminokat \u00e9s \u00e1sv\u00e1nyi anyagokat, amelyek t\u00e1mogatj\u00e1k a haj eg\u00e9szs\u00e9g\u00e9t \u00e9s \u00e9lettel teli kin\u00e9zet\u00e9t. A pasztill\u00e1k alapj\u00e1t alma pektin k\u00e9pezi, \u00edgy a term\u00e9k veg\u00e1n bar\u00e1t \u00e9s term\u00e9szetes m\u00e1lna gy\u00fcm\u00f6lcs \u00edzes\u00edt\u00e9ssel k\u00e9sz\u00fclt, hozz\u00e1adott cukor n\u00e9lk\u00fcl.\",\"breadcrumb\":{\"@id\":\"https:\\\/\\\/herbalkincsei.hu\\\/index.php\\\/termek\\\/haj-gumi-vitamin-biotinnal-60-db\\\/#breadcrumb\"},\"inLanguage\":\"hu\",\"potentialAction\":[{\"@type\":\"ReadAction\",\"target\":[\"https:\\\/\\\/herbalkincsei.hu\\\/index.php\\\/termek\\\/haj-gumi-vitamin-biotinnal-60-db\\\/\"]}]},{\"@type\":\"ImageObject\",\"inLanguage\":\"hu\",\"@id\":\"https:\\\/\\\/herbalkincsei.hu\\\/index.php\\\/termek\\\/haj-gumi-vitamin-biotinnal-60-db\\\/#primaryimage\",\"url\":\"https:\\\/\\\/herbalkincsei.hu\\\/wp-content\\\/uploads\\\/2025\\\/09\\\/0209202568b6cd523efc1.jpeg?wsr\",\"contentUrl\":\"https:\\\/\\\/herbalkincsei.hu\\\/wp-content\\\/uploads\\\/2025\\\/09\\\/0209202568b6cd523efc1.jpeg?wsr\",\"width\":800,\"height\":960},{\"@type\":\"BreadcrumbList\",\"@id\":\"https:\\\/\\\/herbalkincsei.hu\\\/index.php\\\/termek\\\/haj-gumi-vitamin-biotinnal-60-db\\\/#breadcrumb\",\"itemListElement\":[{\"@type\":\"ListItem\",\"position\":1,\"name\":\"Kezd\u0151lap\",\"item\":\"https:\\\/\\\/herbalkincsei.hu\\\/\"},{\"@type\":\"ListItem\",\"position\":2,\"name\":\"\u00dczlet\",\"item\":\"https:\\\/\\\/herbalkincsei.hu\\\/index.php\\\/uzlet\\\/\"},{\"@type\":\"ListItem\",\"position\":3,\"name\":\"Haj gumi-vitamin biotinnal 60 db\"}]},{\"@type\":\"WebSite\",\"@id\":\"https:\\\/\\\/herbalkincsei.hu\\\/#website\",\"url\":\"https:\\\/\\\/herbalkincsei.hu\\\/\",\"name\":\"herbalkincsei.hu\",\"description\":\"Ahol az eg\u00e9szs\u00e9g a c\u00e9l.\",\"publisher\":{\"@id\":\"https:\\\/\\\/herbalkincsei.hu\\\/#organization\"},\"potentialAction\":[{\"@type\":\"SearchAction\",\"target\":{\"@type\":\"EntryPoint\",\"urlTemplate\":\"https:\\\/\\\/herbalkincsei.hu\\\/?s={search_term_string}\"},\"query-input\":{\"@type\":\"PropertyValueSpecification\",\"valueRequired\":true,\"valueName\":\"search_term_string\"}}],\"inLanguage\":\"hu\"},{\"@type\":\"Organization\",\"@id\":\"https:\\\/\\\/herbalkincsei.hu\\\/#organization\",\"name\":\"Herb\u00e1lkincsei\",\"url\":\"https:\\\/\\\/herbalkincsei.hu\\\/\",\"logo\":{\"@type\":\"ImageObject\",\"inLanguage\":\"hu\",\"@id\":\"https:\\\/\\\/herbalkincsei.hu\\\/#\\\/schema\\\/logo\\\/image\\\/\",\"url\":\"https:\\\/\\\/herbalkincsei.hu\\\/wp-content\\\/uploads\\\/2024\\\/02\\\/cropped-Green-Leaf-Aromatherapy-Logo-400-\u00d7-135-keppont.png?wsr\",\"contentUrl\":\"https:\\\/\\\/herbalkincsei.hu\\\/wp-content\\\/uploads\\\/2024\\\/02\\\/cropped-Green-Leaf-Aromatherapy-Logo-400-\u00d7-135-keppont.png?wsr\",\"width\":400,\"height\":135,\"caption\":\"Herb\u00e1lkincsei\"},\"image\":{\"@id\":\"https:\\\/\\\/herbalkincsei.hu\\\/#\\\/schema\\\/logo\\\/image\\\/\"}}]}<\/script>\n<!-- \/ Yoast SEO plugin. -->","yoast_head_json":{"title":"Haj gumi-vitamin biotinnal 60 db - Herb\u00e1lkincsei","description":"Haj Gumi-vitamin \u00e9trend-kieg\u00e9sz\u00edt\u0151 pasztilla, amely t\u00f6k\u00e9letes v\u00e1laszt\u00e1s mindenki sz\u00e1m\u00e1ra. Ez a finom, k\u00f6nnyen r\u00e1ghat\u00f3 gumivitamin kiv\u00e1l\u00f3 min\u0151s\u00e9g\u0171 \u00f6sszetev\u0151ket tartalmaz, bele\u00e9rtve a biotint, cinket \u00e9s m\u00e1s esszenci\u00e1lis vitaminokat \u00e9s \u00e1sv\u00e1nyi anyagokat, amelyek t\u00e1mogatj\u00e1k a haj eg\u00e9szs\u00e9g\u00e9t \u00e9s \u00e9lettel teli kin\u00e9zet\u00e9t. A pasztill\u00e1k alapj\u00e1t alma pektin k\u00e9pezi, \u00edgy a term\u00e9k veg\u00e1n bar\u00e1t \u00e9s term\u00e9szetes m\u00e1lna gy\u00fcm\u00f6lcs \u00edzes\u00edt\u00e9ssel k\u00e9sz\u00fclt, hozz\u00e1adott cukor n\u00e9lk\u00fcl.","robots":{"index":"index","follow":"follow","max-snippet":"max-snippet:-1","max-image-preview":"max-image-preview:large","max-video-preview":"max-video-preview:-1"},"canonical":"https:\/\/herbalkincsei.hu\/index.php\/termek\/haj-gumi-vitamin-biotinnal-60-db\/","og_locale":"hu_HU","og_type":"article","og_title":"Haj gumi-vitamin biotinnal 60 db - Herb\u00e1lkincsei","og_description":"Haj Gumi-vitamin \u00e9trend-kieg\u00e9sz\u00edt\u0151 pasztilla, amely t\u00f6k\u00e9letes v\u00e1laszt\u00e1s mindenki sz\u00e1m\u00e1ra. Ez a finom, k\u00f6nnyen r\u00e1ghat\u00f3 gumivitamin kiv\u00e1l\u00f3 min\u0151s\u00e9g\u0171 \u00f6sszetev\u0151ket tartalmaz, bele\u00e9rtve a biotint, cinket \u00e9s m\u00e1s esszenci\u00e1lis vitaminokat \u00e9s \u00e1sv\u00e1nyi anyagokat, amelyek t\u00e1mogatj\u00e1k a haj eg\u00e9szs\u00e9g\u00e9t \u00e9s \u00e9lettel teli kin\u00e9zet\u00e9t. A pasztill\u00e1k alapj\u00e1t alma pektin k\u00e9pezi, \u00edgy a term\u00e9k veg\u00e1n bar\u00e1t \u00e9s term\u00e9szetes m\u00e1lna gy\u00fcm\u00f6lcs \u00edzes\u00edt\u00e9ssel k\u00e9sz\u00fclt, hozz\u00e1adott cukor n\u00e9lk\u00fcl.","og_url":"https:\/\/herbalkincsei.hu\/index.php\/termek\/haj-gumi-vitamin-biotinnal-60-db\/","og_site_name":"Herb\u00e1lkincsei","article_modified_time":"2025-11-22T19:12:17+00:00","og_image":[{"width":800,"height":960,"url":"https:\/\/herbalkincsei.hu\/wp-content\/uploads\/2025\/09\/0209202568b6cd523efc1.jpeg?wsr","type":"image\/jpeg"}],"twitter_card":"summary_large_image","twitter_misc":{"Becs\u00fclt olvas\u00e1si id\u0151":"4 perc"},"schema":{"@context":"https:\/\/schema.org","@graph":[{"@type":"WebPage","@id":"https:\/\/herbalkincsei.hu\/index.php\/termek\/haj-gumi-vitamin-biotinnal-60-db\/","url":"https:\/\/herbalkincsei.hu\/index.php\/termek\/haj-gumi-vitamin-biotinnal-60-db\/","name":"Haj gumi-vitamin biotinnal 60 db - Herb\u00e1lkincsei","isPartOf":{"@id":"https:\/\/herbalkincsei.hu\/#website"},"primaryImageOfPage":{"@id":"https:\/\/herbalkincsei.hu\/index.php\/termek\/haj-gumi-vitamin-biotinnal-60-db\/#primaryimage"},"image":{"@id":"https:\/\/herbalkincsei.hu\/index.php\/termek\/haj-gumi-vitamin-biotinnal-60-db\/#primaryimage"},"thumbnailUrl":"https:\/\/herbalkincsei.hu\/wp-content\/uploads\/2025\/09\/0209202568b6cd523efc1.jpeg?wsr","datePublished":"2025-09-02T10:56:18+00:00","dateModified":"2025-11-22T19:12:17+00:00","description":"Haj Gumi-vitamin \u00e9trend-kieg\u00e9sz\u00edt\u0151 pasztilla, amely t\u00f6k\u00e9letes v\u00e1laszt\u00e1s mindenki sz\u00e1m\u00e1ra. Ez a finom, k\u00f6nnyen r\u00e1ghat\u00f3 gumivitamin kiv\u00e1l\u00f3 min\u0151s\u00e9g\u0171 \u00f6sszetev\u0151ket tartalmaz, bele\u00e9rtve a biotint, cinket \u00e9s m\u00e1s esszenci\u00e1lis vitaminokat \u00e9s \u00e1sv\u00e1nyi anyagokat, amelyek t\u00e1mogatj\u00e1k a haj eg\u00e9szs\u00e9g\u00e9t \u00e9s \u00e9lettel teli kin\u00e9zet\u00e9t. A pasztill\u00e1k alapj\u00e1t alma pektin k\u00e9pezi, \u00edgy a term\u00e9k veg\u00e1n bar\u00e1t \u00e9s term\u00e9szetes m\u00e1lna gy\u00fcm\u00f6lcs \u00edzes\u00edt\u00e9ssel k\u00e9sz\u00fclt, hozz\u00e1adott cukor n\u00e9lk\u00fcl.","breadcrumb":{"@id":"https:\/\/herbalkincsei.hu\/index.php\/termek\/haj-gumi-vitamin-biotinnal-60-db\/#breadcrumb"},"inLanguage":"hu","potentialAction":[{"@type":"ReadAction","target":["https:\/\/herbalkincsei.hu\/index.php\/termek\/haj-gumi-vitamin-biotinnal-60-db\/"]}]},{"@type":"ImageObject","inLanguage":"hu","@id":"https:\/\/herbalkincsei.hu\/index.php\/termek\/haj-gumi-vitamin-biotinnal-60-db\/#primaryimage","url":"https:\/\/herbalkincsei.hu\/wp-content\/uploads\/2025\/09\/0209202568b6cd523efc1.jpeg?wsr","contentUrl":"https:\/\/herbalkincsei.hu\/wp-content\/uploads\/2025\/09\/0209202568b6cd523efc1.jpeg?wsr","width":800,"height":960},{"@type":"BreadcrumbList","@id":"https:\/\/herbalkincsei.hu\/index.php\/termek\/haj-gumi-vitamin-biotinnal-60-db\/#breadcrumb","itemListElement":[{"@type":"ListItem","position":1,"name":"Kezd\u0151lap","item":"https:\/\/herbalkincsei.hu\/"},{"@type":"ListItem","position":2,"name":"\u00dczlet","item":"https:\/\/herbalkincsei.hu\/index.php\/uzlet\/"},{"@type":"ListItem","position":3,"name":"Haj gumi-vitamin biotinnal 60 db"}]},{"@type":"WebSite","@id":"https:\/\/herbalkincsei.hu\/#website","url":"https:\/\/herbalkincsei.hu\/","name":"herbalkincsei.hu","description":"Ahol az eg\u00e9szs\u00e9g a c\u00e9l.","publisher":{"@id":"https:\/\/herbalkincsei.hu\/#organization"},"potentialAction":[{"@type":"SearchAction","target":{"@type":"EntryPoint","urlTemplate":"https:\/\/herbalkincsei.hu\/?s={search_term_string}"},"query-input":{"@type":"PropertyValueSpecification","valueRequired":true,"valueName":"search_term_string"}}],"inLanguage":"hu"},{"@type":"Organization","@id":"https:\/\/herbalkincsei.hu\/#organization","name":"Herb\u00e1lkincsei","url":"https:\/\/herbalkincsei.hu\/","logo":{"@type":"ImageObject","inLanguage":"hu","@id":"https:\/\/herbalkincsei.hu\/#\/schema\/logo\/image\/","url":"https:\/\/herbalkincsei.hu\/wp-content\/uploads\/2024\/02\/cropped-Green-Leaf-Aromatherapy-Logo-400-\u00d7-135-keppont.png?wsr","contentUrl":"https:\/\/herbalkincsei.hu\/wp-content\/uploads\/2024\/02\/cropped-Green-Leaf-Aromatherapy-Logo-400-\u00d7-135-keppont.png?wsr","width":400,"height":135,"caption":"Herb\u00e1lkincsei"},"image":{"@id":"https:\/\/herbalkincsei.hu\/#\/schema\/logo\/image\/"}}]}},"_links":{"self":[{"href":"https:\/\/herbalkincsei.hu\/index.php\/wp-json\/wp\/v2\/product\/1645","targetHints":{"allow":["GET"]}}],"collection":[{"href":"https:\/\/herbalkincsei.hu\/index.php\/wp-json\/wp\/v2\/product"}],"about":[{"href":"https:\/\/herbalkincsei.hu\/index.php\/wp-json\/wp\/v2\/types\/product"}],"replies":[{"embeddable":true,"href":"https:\/\/herbalkincsei.hu\/index.php\/wp-json\/wp\/v2\/comments?post=1645"}],"wp:featuredmedia":[{"embeddable":true,"href":"https:\/\/herbalkincsei.hu\/index.php\/wp-json\/wp\/v2\/media\/1644"}],"wp:attachment":[{"href":"https:\/\/herbalkincsei.hu\/index.php\/wp-json\/wp\/v2\/media?parent=1645"}],"wp:term":[{"taxonomy":"product_brand","embeddable":true,"href":"https:\/\/herbalkincsei.hu\/index.php\/wp-json\/wp\/v2\/product_brand?post=1645"},{"taxonomy":"product_cat","embeddable":true,"href":"https:\/\/herbalkincsei.hu\/index.php\/wp-json\/wp\/v2\/product_cat?post=1645"},{"taxonomy":"product_tag","embeddable":true,"href":"https:\/\/herbalkincsei.hu\/index.php\/wp-json\/wp\/v2\/product_tag?post=1645"}],"curies":[{"name":"wp","href":"https:\/\/api.w.org\/{rel}","templated":true}]}}