{"id":1643,"date":"2025-09-02T11:56:18","date_gmt":"2025-09-02T10:56:18","guid":{"rendered":"https:\/\/herbalkincsei.hu\/?post_type=product&#038;p=1643"},"modified":"2025-11-22T20:08:11","modified_gmt":"2025-11-22T19:08:11","slug":"relax-kapszula-alphawave-l-theanine-nel-es-glicinnel-60-db","status":"publish","type":"product","link":"https:\/\/herbalkincsei.hu\/index.php\/termek\/relax-kapszula-alphawave-l-theanine-nel-es-glicinnel-60-db\/","title":{"rendered":"RELAX kapszula AlphaWave\u00ae L-theanine-nel \u00e9s glicinnel 60 db"},"content":{"rendered":"<p>&nbsp;<\/p>\n<h2><span class=\"bluetxt\">USA medical RELAX kapszula AlphaWave\u00ae L-Theanine-nal, glicinnel \u00e9s a B6-vitamin erej\u00e9vel<\/span><\/h2>\n<p><strong><a href=\"https:\/\/ethicalnaturals.com\/products-manufacturing-services\/alphawave-l-theanine\/\">Klinikai tesztek<\/a> igazolj\u00e1k, hogy a kiv\u00e1l\u00f3 beltartalmi \u00e9rt\u00e9kekkel b\u00edr\u00f3, szabadalmaztatott AlphaWave\u00ae L-theanine<\/strong> jelent\u0151sen n\u00f6veli az agyi alfa frekvencias\u00e1v aktivit\u00e1s\u00e1t, mely hat\u00e1ssal van a ment\u00e1lis \u00e9bers\u00e9gre \u00e9s a kritikus figyelem \u00e1llapot\u00e1ra.<br \/>\nVagyis <strong>k\u00e9pes an\u00e9lk\u00fcl ellaz\u00edtani az elm\u00e9t \u00e9s fokozni a figyelmi k\u00e9pess\u00e9geket, hogy el\u00e1lmos\u00edtana,<\/strong> vagy m\u00e1s jelent\u0151s mell\u00e9khat\u00e1s l\u00e9pne fel. A folyamatot a glicin \u00e9s a B6-vitamin \u00e1ltal\u00e1nos boosterk\u00e9nt er\u0151s\u00edti meg.<\/p>\n<p><strong>Mi az az L-teanin?<\/strong><\/p>\n<p>Az L-teanin egy k\u00fcl\u00f6nleges, az emberi szervezet sz\u00e1m\u00e1ra nem esszenci\u00e1lis aminosav. Vagyis az L-teanin az emberi testben nem termel\u0151dik automatikusan, ennek ellen\u00e9re rendk\u00edv\u00fcl kedvez\u0151en befoly\u00e1solja annak m\u0171k\u00f6d\u00e9s\u00e9t. Nemcsak az \u00e9bers\u00e9gre \u00e9s az alfa hull\u00e1mokra, hanem egyes <a href=\"https:\/\/www.mdpi.com\/2306-5710\/2\/2\/13\">kutat\u00e1s<\/a>i eredm\u00e9nyek szerint a boldogs\u00e1g\u00e9rzet\u00e9rt, j\u00f3 k\u00f6z\u00e9rzet\u00e9rt, nyugodt alv\u00e1s\u00e9rt felel\u0151s szerotonin \u00e9s dopamin, valamint a stressz optim\u00e1lis kezel\u00e9s\u00e9\u00e9rt felel\u0151s kortizol hormon mennyis\u00e9g\u00e9re is hat\u00e1ssal van.<\/p>\n<p>Els\u0151sorban a z\u00f6ld te\u00e1ban, a fekete te\u00e1ban \u00e9s egyes gombafajokban tal\u00e1lhat\u00f3. M\u0171k\u00f6d\u00e9si mechanizmusa hasonl\u00edt a glutam\u00e1t\u00e9hoz, mely az agyban a f\u0151 serkent\u0151 neurotranszmitter szerep\u00e9t t\u00f6lti be.<\/p>\n<p>B6-vitaminnal kieg\u00e9sz\u00edtve &#8211; mely hozz\u00e1j\u00e1rul az idegrendszer norm\u00e1l m\u0171k\u00f6d\u00e9s\u00e9hez, a norm\u00e1l pszichol\u00f3giai funkci\u00f3 \u00e9s az immunrendszer fenntart\u00e1s\u00e1hoz, valamint a f\u00e1radts\u00e1g \u00e9s a kif\u00e1rad\u00e1s cs\u00f6kkent\u00e9s\u00e9hez &#8211; igazi adu\u00e1sz. Alkalmazd Te is naponta 1-2 alkalommal \u00e9s vedd kezedbe az ir\u00e1ny\u00edt\u00e1st az \u00e9leted felett!<\/p>\n<h3><b>Mi az AlphaWave\u00ae L-Theanine?<\/b><\/h3>\n<p>Az AlphaWave\u00ae L-Theanine egy szabadalmazott n\u00f6v\u00e9nyi hat\u00f3anyag, ami a z\u00f6ld te\u00e1ban tal\u00e1lhat\u00f3 aminosavnak a neve, melynek hat\u00e9konys\u00e1g\u00e1t t\u00f6bb kutat\u00e1s is kimutatta. Az L-theanin-t 1949-ben a vil\u00e1gon els\u0151k\u00e9nt Yajiro Sakato jap\u00e1n tud\u00f3s azonos\u00edtotta.<\/p>\n<p>Egy 2021-es tanulm\u00e1ny meg\u00e1llap\u00edtotta, hogy <strong>az AlphaWave\u00ae L-Theanine 200 mg-os d\u00f3zisa jav\u00edtja a stressz fiziol\u00f3giai mutat\u00f3it<\/strong> a MAT tesztre adott v\u00e1laszk\u00e9nt a placeb\u00f3hoz k\u00e9pest, bele\u00e9rtve az agy front\u00e1lis r\u00e9gi\u00f3j\u00e1nak alfa teljes\u00edtm\u00e9ny\u00e9t \u00e9s a ny\u00e1l kortizolszintj\u00e9t. Az AlphaWave\u00ae L-Theanin 200 mg-os d\u00f3zisa biztons\u00e1gosnak \u00e9s j\u00f3l toler\u00e1lhat\u00f3nak bizonyult, \u00e9s megfontoland\u00f3 t\u00e1pl\u00e1l\u00e9kkieg\u00e9sz\u00edt\u0151k\u00e9nt az akut stressz kezel\u00e9s\u00e9re.<\/p>\n<p>Egy \u00daj Z\u00e9landi kutat\u00e1s pedig kimutatta, hogy 200 mg AlphaWave\u00ae L-Theanin fogyaszt\u00e1sa a placeb\u00f3hoz k\u00e9pest szignifik\u00e1ns v\u00e1ltoz\u00e1sokat eredm\u00e9nyez a tanulm\u00e1nyban vizsg\u00e1lt \u00f6sszes v\u00e1ltoz\u00f3 eredm\u00e9ny tekintet\u00e9ben, mint p\u00e9ld\u00e1ul a szorong\u00e1s, az agyi front\u00e1lis r\u00e9gi\u00f3 m\u0171k\u00f6d\u00e9se, vagy a f\u00e1radts\u00e1g. Ezenk\u00edv\u00fcl az AlphaWave\u00ae L-Theanin a vizsg\u00e1lat id\u0151tartama alatt a placeb\u00f3hoz k\u00e9pest jelent\u0151sen cs\u00f6kkentette a pulzussz\u00e1mot.<\/p>\n<h3><span class=\"bluetxt\">Milyen pozit\u00edv hat\u00e1sait vizsg\u00e1lt\u00e1k az AlphaWave L-theanine-nek?<\/span><\/h3>\n<ul>\n<li><strong>Az AlphaWave\u00ae L-Theanine m\u00e9rs\u00e9kli a stresszt \u00e9s seg\u00edt ellazulni.<\/strong><\/li>\n<\/ul>\n<p>Az L-teanin r\u00f6vid t\u00e1v\u00fa hat\u00e1s\u00e1t alfa-agyhull\u00e1mok m\u00e9r\u00e9s\u00e9vel, kortizolszint-vizsg\u00e1lattal, valamint \u00e9lesl\u00e1t\u00e1s- \u00e9s stressztesztekkel v\u00e9gzett k\u00eds\u00e9rletekkel vizsg\u00e1lt\u00e1k meg. A <a href=\"https:\/\/ethicalnaturals.com\/products-manufacturing-services\/alphawave-l-theanine\/\">kutat\u00e1sok<\/a> eredm\u00e9nyei szerint az AlphaWave\u00ae 200 mg-os d\u00f3zisa jav\u00edtotta a nyugodt \u00e9brenl\u00e9tet biztos\u00edt\u00f3 t\u00f3nusos alfa teljes\u00edtm\u00e9nyt, valamint m\u00e9rs\u00e9kelte a stressz szintj\u00e9t eg\u00e9szs\u00e9ges, m\u00e9rs\u00e9kelt stressznek kitett k\u00eds\u00e9rleti szem\u00e9lyekn\u00e9l. A placeb\u00f3 ezzel szemben kedvez\u0151tlen, negat\u00edv hat\u00e1sokat mutatott.<\/p>\n<p>Egy m\u00e1sik randomiz\u00e1lt triplavak <a href=\"https:\/\/link.springer.com\/article\/10.1007\/s40120-021-00284-x\">kutat\u00e1s<\/a>ban az AlphaWave\u00ae 200 mg-os d\u00f3zis\u00e1nak h\u00e1rom \u00f3r\u00e1n bel\u00fcli hat\u00e1sait vizsg\u00e1lt\u00e1k. Az alanyok stressz szintj\u00e9nek megn\u00f6vel\u00e9s\u00e9re a kutat\u00f3k ment\u00e1lis aritmetikai tesztet v\u00e9geztettek a r\u00e9sztvev\u0151kkel, melynek hat\u00e1s\u00e1ra megemelkedett azok r\u00e9szpulzussz\u00e1ma, v\u00e9rnyom\u00e1sa, valamint a stressz \u00e9s a szorong\u00e1s szubjekt\u00edv m\u00e9rt\u00e9ke. A 200 mg-os AlphaWave\u00ae L-Theanine d\u00f3zis azonban nagyobb n\u00f6veked\u00e9st eredm\u00e9nyezett a front\u00e1lis r\u00e9gi\u00f3 \u00e9s az eg\u00e9sz sk\u00e1la alfa teljes\u00edtm\u00e9ny\u00e9ben 3 \u00f3r\u00e1val a d\u00f3zis ut\u00e1n, mint a kontrollcsoportnak beadott placeb\u00f3. Vagyis az L-teanin r\u00f6vid t\u00e1von is k\u00e9pes befoly\u00e1solni a stressz szubjekt\u00edv meg\u00e9l\u00e9s\u00e9t \u00e9s a t\u00e9nyleges fizikai stresszt egyar\u00e1nt.<\/p>\n<ul>\n<li><strong>Az AlphaWave\u00ae L-Theanine hossz\u00fa t\u00e1v\u00fa alkalmaz\u00e1sa jav\u00edtja az alv\u00e1smin\u0151s\u00e9get \u00e9s fokozza a kognit\u00edv k\u00e9pess\u00e9geket.<\/strong><\/li>\n<\/ul>\n<p>Az AlphaWave\u00ae L-Theanine hossz\u00fa t\u00e1v\u00fa hat\u00e1sainak vizsg\u00e1lata \u00e9rdek\u00e9ben kutat\u00f3k egy csoportja egy kett\u0151svak randomiz\u00e1lt <a href=\"https:\/\/ethicalnaturals.com\/products-manufacturing-services\/alphawave-l-theanine\/\">vizsg\u00e1lat<\/a>ot v\u00e9gzett, melyben m\u00e9rs\u00e9kelt stressznek kitett 18 \u00e9s 65 \u00e9v k\u00f6z\u00f6tti feln\u0151ttek vettek r\u00e9szt. Az <a href=\"https:\/\/www.wholefoodsmagazine.com\/articles\/17008-latest-alphawave-l-theanine-clinical-study-confirms-longer-term-safety-and-efficacy-for-stress-relief-and-mental-focus\">eredm\u00e9nyek<\/a> azt mutatj\u00e1k, hogy L-teanin 28 napon \u00e1t t\u00f6rt\u00e9n\u0151 p\u00f3tl\u00e1sa szignifik\u00e1nsan cs\u00f6kkentette az \u00e9rz\u00e9kelt stresszt \u00e9s el\u0151seg\u00edtette a k\u00f6nny\u0171 elalv\u00e1st, jav\u00edtotta az alv\u00e1s min\u0151s\u00e9g\u00e9t \u00e9s fokozta a kognit\u00edv figyelmet.<\/p>\n<ul>\n<li><strong>Az AlphaWave\u00ae L-Theanine biztons\u00e1gosan, mell\u00e9khat\u00e1sok n\u00e9lk\u00fcl alkalmazhat\u00f3.<\/strong><\/li>\n<\/ul>\n<p>Az L-teanin a <a href=\"https:\/\/ichgcp.net\/clinical-trials-registry\/NCT05808595\">kutat\u00e1sok<\/a> szerint nem emeli sem a v\u00e9rnyom\u00e1st, sem sz\u00edvfrekvenci\u00e1t, nem torz\u00edtja sem a m\u00e1jenzimeket, sem az egy\u00e9b biok\u00e9miai markereket. \u00c9pp ellenkez\u0151leg: a vizsg\u00e1latok sor\u00e1n mindezek mindv\u00e9gig a norm\u00e1l tartom\u00e1nyban maradtak. Mindez azt bizony\u00edtja, hogy az AlphaWave\u00ae L-Theanine biztons\u00e1gosan, kedvez\u0151tlen mell\u00e9khat\u00e1sok n\u00e9lk\u00fcl alkalmazhat\u00f3.<\/p>\n<p>Ez az oka annak is, hogy a szabadalmaztatott formula a vil\u00e1g sz\u00e1mos orsz\u00e1g\u00e1ban nem csup\u00e1n az \u00e9trend-kieg\u00e9sz\u00edt\u0151knek kij\u00e1r\u00f3 biztons\u00e1gos min\u0151s\u00edt\u00e9st, hanem a gy\u00f3gyszer-\u00f6sszetev\u0151knek kij\u00e1r\u00f3 hivatalos elismerv\u00e9nyt is megszerezte. Ausztr\u00e1li\u00e1ban p\u00e9ld\u00e1ul a Gy\u00f3gy\u00e1szati Term\u00e9kek Igazgat\u00f3s\u00e1g\u00e1nak (TGA) j\u00f3v\u00e1hagy\u00e1s\u00e1nak \u00e9rtelm\u00e9ben az AlphaWave\u00ae L-Theanine gy\u00f3gyszerek \u00f6sszetev\u0151jek\u00e9nt is felhaszn\u00e1lhat\u00f3.<\/p>\n<p>Az AlphaWave\u00ae L-Theanine glicinnel \u00e9s B6- vitaminnal teh\u00e1t k\u00e9nyelmesen \u00e9s pontosan adagolhat\u00f3 \u00e9trend-kieg\u00e9sz\u00edt\u0151, mely tudja mindazt, amire a modern embernek a rohan\u00f3 h\u00e9tk\u00f6znapok sor\u00e1n val\u00f3ban sz\u00fcks\u00e9ge van:<\/p>\n<ul>\n<li>seg\u00edti a koncentr\u00e1ci\u00f3t \u00e9s a figyelem fenntart\u00e1s\u00e1t;<\/li>\n<li>t\u00e1mogatja a ment\u00e1lis eg\u00e9szs\u00e9get \u00e9s a f\u00f3kusz\u00e1lt munkav\u00e9gz\u00e9st;<\/li>\n<li>hozz\u00e1j\u00e1rul a pszich\u00e9s-ment\u00e1lis egyens\u00faly fenntart\u00e1s\u00e1hoz;<\/li>\n<li>alkalmaz\u00e1s\u00e1val Te is k\u00e9pess\u00e9 v\u00e1lhatsz arra, hogy \u201ekikapcsold az agyad\u201d egy hossz\u00fa nap ut\u00e1n;<\/li>\n<li>hozz\u00e1j\u00e1rul az immunrendszer, az anyagcsere \u00e9s az idegrendszer norm\u00e1l m\u0171k\u00f6d\u00e9s\u00e9hez.<\/li>\n<\/ul>\n<p><strong><span class=\"bluetxt\"><br \/>\nPr\u00f3b\u00e1ld ki az AlphaWave\u00ae\u00a0 L-Theanine RELAX kapszul\u00e1t glicinnel \u00e9s B6 vitaminnal, ha<\/span><\/strong><\/p>\n<ul>\n<li>folyton elfelejted, mit hova tett\u00e9l le;<\/li>\n<li>egyre nehezebben megy a tanul\u00e1s;<\/li>\n<li>gondot okoz egyetlen dologra f\u00f3kusz\u00e1lni;<\/li>\n<li>hi\u00e1ba v\u00e9gzed el minden feladatod, nem tudsz elaludni vagy gyakran felriadsz;<\/li>\n<li>\u00e9rzelmi \u00e9leted neh\u00e9zs\u00e9gei \u00e9letmin\u0151s\u00e9gedre is kedvez\u0151tlen hat\u00e1st gyakorolnak;<\/li>\n<li>eleged van abb\u00f3l, hogy gyakran vagy ideges;<\/li>\n<li>a sz\u00e1m\u00edt\u00f3g\u00e9pet vagy t\u00e9v\u00e9t ki tudod ugyan kapcsolni, de az agyadat nem;<\/li>\n<li>folyton kattogsz valamin \u00e9s ezzel kik\u00e9sz\u00edted a k\u00f6rnyezetedet;<\/li>\n<li>laz\u00edt\u00e1s helyett t\u00f6bbnyire tov\u00e1bb dolgozol, csak m\u00e1r nem pap\u00edron vagy sz\u00e1m\u00edt\u00f3g\u00e9pen, hanem fejben;<\/li>\n<li style=\"text-align: left;\">nehezen tudsz kitart\u00f3an figyelni egy valamire, de a multitasking sem az er\u0151ss\u00e9ged.A j\u00f3 k\u00f6z\u00e9rzet \u00e9s a testi-lelki pihen\u00e9s egyar\u00e1nt elengedhetetlen ahhoz, hogy boldog \u00e9s sikeres \u00e9letet \u00e9lj. Pr\u00f3b\u00e1ld ki term\u00e9k\u00fcnket \u00e9s ismerd meg a stresszmentes \u00e9let \u00faj dimenzi\u00f3j\u00e1t TE is!<\/li>\n<\/ul>\n<h3><strong><span class=\"bluetxt\">Milyen hat\u00e1sai vannak az L-teanin fogyaszt\u00e1s\u00e1nak?<\/span><\/strong><\/h3>\n<p>Az L-teanin leny\u0171g\u00f6z\u0151 hat\u00e1st gyakorol a testre, mely megh\u00e1l\u00e1lja a gondoskod\u00e1st. Tudd meg, hogyan seg\u00edt Neked az AlphaWave\u00ae L-Theanine Relax a mindennapokkal val\u00f3 megk\u00fczd\u00e9sben!<\/p>\n<ul>\n<li><strong>Az L-Theanine Relax term\u00e9szetes, gy\u00f3gyszermentes nyugtat\u00f3.<\/strong>Az L-teanin fogyaszt\u00e1sa sz\u00e1mos lok\u00e1lis hat\u00e1ssal rendelkezik. Az \u00e9rrendszer relax\u00e1ci\u00f3ja miatt p\u00e9ld\u00e1ul n\u00f6veli a testfelsz\u00edni h\u0151m\u00e9rs\u00e9kletet, ez pedig az agyban \u00e9s a perif\u00e9ri\u00e1s idegrendszerben tal\u00e1lhat\u00f3 katekolaminerg \u00e9s szerotonerg neuronokra is kihat. Emellett az L-teanin a nitrog\u00e9n-oxid-termel\u00e9s n\u00f6veked\u00e9se r\u00e9v\u00e9n n\u00f6veli az art\u00e9ri\u00e1k \u00e9rt\u00e1g\u00edt\u00f3 k\u00e9pess\u00e9g\u00e9t, valamint k\u00e9pes ellens\u00falyozni a fizikai \u00e9s \u00e9rzelmi stressz, \u00e9s ak\u00e1r koffein hat\u00e1s\u00e1t is. <em>Vagyis az L-teanin fogyaszt\u00e1sa hozz\u00e1j\u00e1rul a k\u00f6z\u00e9rzethez \u00e9s a t\u00e9nyleges fizikai-ment\u00e1lis j\u00f3l\u00e9thez egyar\u00e1nt.<\/em><\/li>\n<\/ul>\n<p>&nbsp;<\/p>\n<ul>\n<li><strong>Az L-teanin seg\u00edti a ment\u00e1lis f\u00f3kusz megtart\u00e1s\u00e1t<\/strong>.<a href=\"https:\/\/pubmed.ncbi.nlm.nih.gov\/22326943\/\">Kutat\u00e1si eredm\u00e9nyek<\/a> bizony\u00edtj\u00e1k, hogy azok, akik legal\u00e1bb 100 mg L-teanint fogyasztottak egy nagy koncentr\u00e1ci\u00f3t ig\u00e9nyl\u0151 feladat sor\u00e1n, l\u00e9nyegesen hat\u00e9konyabbak voltak a feladatv\u00e9gz\u00e9sben, mint azok, akik csak placeb\u00f3t kaptak.Ez arra enged k\u00f6vetkeztetni, hogy a folyamatosan nagy felel\u0151ss\u00e9ggel j\u00e1r\u00f3,<em><em><em> er\u0151s ment\u00e1lis-kognit\u00edv terhel\u00e9ssel j\u00e1r\u00f3 munkav\u00e9gz\u00e9s sor\u00e1n az L-teanin kulcsfontoss\u00e1g\u00fa lehet.<br \/>\n<\/em><\/em><\/em><\/li>\n<\/ul>\n<p>&nbsp;<\/p>\n<ul>\n<li><strong>Az L-teanin jav\u00edtja a szubjekt\u00edv alv\u00e1smin\u0151s\u00e9get.<\/strong>A szorong\u00f3, depresszi\u00f3ra hajlamos emberek sz\u00e1m\u00e1ra neh\u00e9zs\u00e9get jelent az elalv\u00e1s, illetve a min\u0151s\u00e9gi alv\u00e1s. A pihentet\u0151 alv\u00e1s azonban elengedhetetlen a min\u0151s\u00e9gi \u00e9lethez \u00e9s a mindennapi tev\u00e9kenys\u00e9gek elv\u00e9gz\u00e9s\u00e9hez. \u00c9pp ez\u00e9rt <a href=\"https:\/\/pubmed.ncbi.nlm.nih.gov\/30580081\/\">kutat\u00f3k<\/a> egy csoportja generaliz\u00e1lt szorong\u00e1sos panaszokkal \u00e9l\u0151, depresszi\u00f3s alanyok egy gy\u00f3gyszeres kezel\u00e9s alatt \u00e1ll\u00f3 csoportj\u00e1n\u00e1l nyolchetes peri\u00f3dus sor\u00e1n bevezette az L-teanin alkalmaz\u00e1s\u00e1t. Az eredm\u00e9nyek \u00e9s visszajelz\u00e9sek alapj\u00e1n <em><em><em><em>a r\u00e9sztvev\u0151k nagyobb alv\u00e1si el\u00e9gedetts\u00e9gr\u0151l sz\u00e1moltak be.<br \/>\n<\/em><\/em><\/em><\/em><\/li>\n<\/ul>\n<p>&nbsp;<\/p>\n<ul>\n<li><strong><strong><strong>Az L-teanin v\u00e9lhet\u0151en hozz\u00e1j\u00e1rul a tests\u00falykontrollhoz.<\/strong><\/strong><\/strong>A kutat\u00f3k folyamatosan keresik az L-teanin \u00e9s a norm\u00e1l v\u00e9rcukorszint k\u00f6z\u00f6tti \u00f6sszef\u00fcgg\u00e9seket, melyek alapj\u00e1n felt\u00e9telezhet\u0151, hogy ez a speci\u00e1lis aminosav m\u00e9rs\u00e9kli a v\u00e9rcukor szintj\u00e9t. Egy <a href=\"https:\/\/pubs.rsc.org\/en\/content\/articlelanding\/2020\/fo\/c9fo02451d\">vizsg\u00e1lat<\/a>ban a kutat\u00f3k az L-teanin gl\u00fck\u00f3z-, lipid- \u00e9s feh\u00e9rje-anyagcser\u00e9re gyakorolt hat\u00e1s\u00e1t der\u00edtett\u00e9k fel h\u00edm Sprague-Dawley patk\u00e1nyokban.Azt tal\u00e1lt\u00e1k, hogy a kontrollcsoporthoz k\u00e9pest az L-teanin n\u00f6velte a m\u00e1j- \u00e9s izomglikog\u00e9n, a sz\u00e9rum \u00f6sszfeh\u00e9rje \u00e9s az albumin tartalm\u00e1t, cs\u00f6kkentette az alacsony s\u0171r\u0171s\u00e9g\u0171 lipoprotein koleszterin szintj\u00e9t, valamint az acetil-CoA-karboxil\u00e1z aktivit\u00e1s\u00e1t a m\u00e1jban. Ezenk\u00edv\u00fcl az L-teanin felszab\u00e1lyozta a foszfofruktokin\u00e1z, a CPT-1, az inzulinreceptor, az inzulinreceptor szubsztr\u00e1t mRNS-expresszi\u00f3j\u00e1t is. Figyelembe v\u00e9ve a tov\u00e1bbi tapasztalatokat, <em><em><em><em><em>az L-teanin az inzulin- \u00e9s az AMPK, valamint ezek jel\u00e1tviteli \u00fatvonalain kereszt\u00fcl szab\u00e1lyozhatja a gl\u00fck\u00f3z-, lipid- \u00e9s feh\u00e9rje-anyagcser\u00e9t.<\/em><\/em><\/em><\/em><\/em><\/li>\n<\/ul>\n<p>&nbsp;<\/p>\n<ul>\n<li><strong><strong><strong>Az L-teanin antioxid\u00e1ns hat\u00e1s\u00fa.<\/strong><\/strong><\/strong>Az L-teanin egy egyed\u00fcl\u00e1ll\u00f3an karamell \u00edz\u0171 \u00edzkomponens, amely enyh\u00edtheti a koffein keser\u0171s\u00e9g\u00e9t. Hozz\u00e1j\u00e1rul a tea ill\u00f3anyagainak keletkez\u00e9s\u00e9hez, ami annak jellegzetes \u00edz\u00e9t adja. Az L-teaninnak emellett sz\u00e1mos <a href=\"https:\/\/www.ncbi.nlm.nih.gov\/pmc\/articles\/PMC9014247\/\">eg\u00e9szs\u00e9g\u00fcgyi el\u0151ny<\/a>e van, p\u00e9ld\u00e1ul antioxid\u00e1ns, gyullad\u00e1scs\u00f6kkent\u0151, neuroprotekt\u00edv, r\u00e1kellenes, szorong\u00e1scs\u00f6kkent\u0151, anyagcsere-szab\u00e1lyoz\u00f3, sz\u00edv- \u00e9s \u00e9rrendszer-v\u00e9d\u0151, m\u00e1j- \u00e9s vesev\u00e9d\u0151, valamint immunszab\u00e1lyoz\u00f3 hat\u00e1sok. A <a href=\"https:\/\/www.ncbi.nlm.nih.gov\/pmc\/articles\/PMC9014247\/\">kutat\u00f3k<\/a> szerint sz\u00e9les k\u00f6rben alkalmazhat\u00f3 ital\u00f6sszetev\u0151k\u00e9nt vagy \u00e9trend-kieg\u00e9sz\u00edt\u0151k\u00e9nt.<\/li>\n<\/ul>\n<p>&nbsp;<\/p>\n<p>Az L-Theanine el\u0151\u00e1ll\u00edt\u00e1s\u00e1nak titka, hogy az L-teanin szerves old\u00f3szerekben, p\u00e9ld\u00e1ul kloroformban \u00e9s metanolban, nem old\u00f3dik. Ez megk\u00f6nny\u00edti az L-teanin elv\u00e1laszt\u00e1s\u00e1t a koffeint\u0151l, a katechinekt\u0151l \u00e9s m\u00e1s lipofil teakomponensekt\u0151l. Laborat\u00f3riumi k\u00f6r\u00fclm\u00e9nyek k\u00f6z\u00f6tt is biztons\u00e1gosan el\u0151\u00e1ll\u00edthat\u00f3, mely esetben a teanin jellemz\u0151en az L- \u00e9s D-enantiomerek rac\u00e9m kever\u00e9ke.<\/p>\n<p><strong>Az AlphaWave\u00ae L-Theanine is egy pr\u00e9mium min\u0151s\u00e9g\u0171, laborat\u00f3riumi tisztas\u00e1g\u00fa L-theanin, mely nem okoz jelent\u0151s mell\u00e9khat\u00e1sokat vagy eg\u00e9szs\u00e9g\u00fcgyi probl\u00e9m\u00e1kat.<\/strong> A vizsg\u00e1latok sor\u00e1n ugyanis a <a href=\"https:\/\/ichgcp.net\/clinical-trials-registry\/NCT05808595\">kutat\u00f3k<\/a> folyamatosan monitorozt\u00e1k a v\u00e9rnyom\u00e1st, sz\u00edvfrekvenci\u00e1t, m\u00e1jenzimeket \u00e9s egy\u00e9b biok\u00e9miai markereket, amelyek mind norm\u00e1l tartom\u00e1nyban maradtak\u200b.<\/p>\n<p><strong><span class=\"bluetxt\"><br \/>\nMi\u00e9rt \u00e9ppen glicin?<\/span><\/strong><\/p>\n<p>A glicin egyike annak a h\u00e1rom aminosavnak, melyet a szervezet a glutation nev\u0171 tripeptid el\u0151\u00e1ll\u00edt\u00e1s\u00e1hoz haszn\u00e1l. Ez az er\u0151s antioxid\u00e1ns pedig nem m\u00e1s, mint a szervezet legf\u0151bb t\u00e1mogat\u00f3ja a szabadgy\u00f6k\u00f6kkel \u00e9s az oxidat\u00edv stresszel szemben.<\/p>\n<p>A glicin emellett a kreatin alkot\u00f3elemeinek egyike is, vagyis k\u00f6zvetetten a glicin is hozz\u00e1j\u00e1rul az izmok gyors, r\u00f6vid aktivit\u00e1s\u00fa tev\u00e9kenys\u00e9geihez, p\u00e9ld\u00e1ul a s\u00falyemel\u00e9shez \u00e9s a sprintel\u00e9shez, valamint a j\u00f3t\u00e9kony hat\u00e1ssal van a csontok eg\u00e9szs\u00e9g\u00e9re, az agym\u0171k\u00f6d\u00e9sre \u00e9s az olyan neurol\u00f3giai \u00e1llapotokra, mint a Parkinson-k\u00f3r \u00e9s az Alzheimer-k\u00f3r.<\/p>\n<p>A glicin kedvez\u0151 hat\u00e1ssal van tov\u00e1bb\u00e1 az alv\u00e1smin\u0151s\u00e9gre is. Alv\u00e1si probl\u00e9m\u00e1kkal k\u00fczd\u0151 emberek k\u00f6r\u00e9ben v\u00e9gzett <a href=\"https:\/\/link.springer.com\/article\/10.1111\/j.1479-8425.2007.00262.x\">kutat\u00e1sok<\/a> kimutatt\u00e1k ugyanis, hogy 3 gramm glicin lefekv\u00e9s el\u0151tti szed\u00e9se cs\u00f6kkenti az elalv\u00e1sig eltelt id\u0151t, jav\u00edtja az alv\u00e1s min\u0151s\u00e9g\u00e9t, cs\u00f6kkenti a nappali \u00e1lmoss\u00e1got \u00e9s jav\u00edtja a megismer\u00e9si k\u00e9pess\u00e9geket<\/p>\n<h3><strong><span class=\"bluetxt\">A B6-vitamin kedvez\u0151 hat\u00e1sai<\/span><\/strong><\/h3>\n<p>A B6-vitamin, vagy m\u00e1s n\u00e9ven piridoxin, rendk\u00edv\u00fcl fontos szerepet t\u00f6lt be az idegrendszer \u00e9s az immunrendszer m\u0171k\u00f6d\u00e9s\u00e9ben. Emellett tov\u00e1bbi 150 enzim megfelel\u0151 m\u0171k\u00f6d\u00e9s\u00e9hez is hozz\u00e1j\u00e1rul.<\/p>\n<p>Hozz\u00e1j\u00e1rul t\u00f6bbek k\u00f6z\u00f6tt a(z)<\/p>\n<ul>\n<li>idegrendszer norm\u00e1l m\u0171k\u00f6d\u00e9s\u00e9hez;<\/li>\n<li>norm\u00e1l homocisztein-anyagcser\u00e9hez, azaz k\u00f6zvetetten a sz\u00edvinfarktus, agyv\u00e9rz\u00e9s elker\u00fcl\u00e9s\u00e9hez;<\/li>\n<li>norm\u00e1l pszichol\u00f3giai funkci\u00f3 fenntart\u00e1s\u00e1hoz;<\/li>\n<li>norm\u00e1l v\u00f6r\u00f6sv\u00e9rsejt-k\u00e9pz\u0151d\u00e9shez;<\/li>\n<li>immunrendszer norm\u00e1l m\u0171k\u00f6d\u00e9s\u00e9hez;<\/li>\n<li>a f\u00e1radts\u00e1g \u00e9s a kif\u00e1rad\u00e1s cs\u00f6kkent\u00e9s\u00e9hez;<\/li>\n<li>hormon\u00e1lis aktivit\u00e1s szab\u00e1lyoz\u00e1s\u00e1hoz;<\/li>\n<li>v\u00e9r norm\u00e1l koleszterinszintj\u00e9nek fenntart\u00e1s\u00e1hoz;<\/li>\n<\/ul>\n<p>valamint r\u00e9szt vesz a norm\u00e1l feh\u00e9rje- \u00e9s glikog\u00e9n-anyagcser\u00e9ben, a norm\u00e1l energiatermel\u0151 anyagcsere-folyamatokban, valamint a norm\u00e1l cisztein-anyagcser\u00e9ben.<\/p>\n<p><strong>Vagyis a AlphaWave\u00ae L-teanin kapszula glicinnel \u00e9s B6- vitaminnal komplex t\u00e1mogat\u00e1st ny\u00fajt a mindennapok viharaival \u00e9s kih\u00edv\u00e1saival szemben \u00e9letkort\u00f3l f\u00fcggetlen\u00fcl.<\/strong> Pr\u00f3b\u00e1ld ki Te is!<\/p>\n<p><strong>Fontos megjegyz\u00e9s:<\/strong> Az oldalon tal\u00e1lhat\u00f3 inform\u00e1ci\u00f3k \u00e9s \u00e1ll\u00edt\u00e1sok csup\u00e1n \u00e1ltal\u00e1nos t\u00e1j\u00e9koztat\u00e1sul szolg\u00e1lnak a term\u00e9keink \u00f6sszetev\u0151ivel kapcsolatban. Az USA Medical term\u00e9kei nem min\u0151s\u00fclnek gy\u00f3gyszernek, \u00e9s az inform\u00e1ci\u00f3k nem helyettes\u00edtik az orvosi tan\u00e1csad\u00e1st vagy kezel\u00e9st. A k\u00f6z\u00f6lt \u00e1ll\u00edt\u00e1sok nem a konkr\u00e9t term\u00e9kre vonatkoznak, hanem a tudom\u00e1nyos \u00e9s szakirodalmi forr\u00e1sokban tal\u00e1lhat\u00f3 ismereteket \u00f6sszegzik. Az inform\u00e1ci\u00f3k nem \u00e9rtelmezhet\u0151k szem\u00e9lyre szabott eg\u00e9szs\u00e9g\u00fcgyi javaslatk\u00e9nt, \u00e9s nem szolg\u00e1lnak konkr\u00e9t t\u00fcnetek kezel\u00e9s\u00e9re vonatkoz\u00f3 tan\u00e1csk\u00e9nt. B\u00e1rmilyen eg\u00e9szs\u00e9gi probl\u00e9m\u00e1val kapcsolatban k\u00e9rj\u00fck, forduljon szakorvoshoz vagy gy\u00f3gyszer\u00e9szhez!<\/p>\n","protected":false},"excerpt":{"rendered":"<div id=\"product_desc\" class=\"elementor-element elementor-element-dca84d2 elementor-widget elementor-widget-woocommerce-product-short-description\" data-id=\"dca84d2\" data-element_type=\"widget\" data-widget_type=\"woocommerce-product-short-description.default\">\n<div class=\"elementor-widget-container\">\n<div class=\"woocommerce-product-details__short-description\">\n<p>Klinikai tesztekkel igazolt, szabadalmaztatott AlphaWave\u00ae L-theanine formula glicinnel \u00e9s B6-vitaminnal: t\u00e1rs a mindennapokban, hogy mindenre jusson el\u00e9g figyelem! Az L-teanin olyan esszenci\u00e1lis aminosav, mely el\u0151seg\u00edti a koncentr\u00e1ci\u00f3 \u00e9s a figyelmi f\u00f3kusz fenntart\u00e1s\u00e1t, mell\u00e9khat\u00e1sok n\u00e9lk\u00fcl nyugtat meg \u00e9s t\u00e1mogatja a kognit\u00edv folyamatokat. A modern ember legf\u0151bb seg\u00edt\u0151je a rohan\u00f3 vil\u00e1g kih\u00edv\u00e1saival szemben.<\/p>\n<p><strong>\u00c9trend-kieg\u00e9sz\u00edt\u0151 kapszula<br \/>\nOGY\u00c9I notifik\u00e1ci\u00f3s sz\u00e1m:\u00a0<\/strong>34738\/2024<br \/>\n<strong>Kiszerel\u00e9s:<\/strong>\u00a060 db<br \/>\n<strong>Sz\u00e1rmaz\u00e1si orsz\u00e1g:<\/strong>\u00a0EU<br \/>\n<strong>VEG\u00c1N<\/strong><\/p>\n<\/div>\n<\/div>\n<\/div>\n<div class=\"elementor-element elementor-element-9362874 elementor-icon-list--layout-traditional elementor-list-item-link-full_width elementor-widget elementor-widget-icon-list\" data-id=\"9362874\" data-element_type=\"widget\" data-widget_type=\"icon-list.default\">\n<div class=\"elementor-widget-container\">\n<ul class=\"elementor-icon-list-items\">\n<li class=\"elementor-icon-list-item\"><span class=\"elementor-icon-list-text\">Magyar-amerikai fejleszt\u00e9s<\/span><\/li>\n<li class=\"elementor-icon-list-item\"><span class=\"elementor-icon-list-text\">GMP \u00e9s HACCP szabv\u00e1ny szerint gy\u00e1rtva<\/span><\/li>\n<\/ul>\n<p><img decoding=\"async\" class=\"alignnone size-full wp-image-826\" src=\"https:\/\/herbalkincsei.hu\/wp-content\/uploads\/2024\/03\/hand-holding-heart-solid.svg\" alt=\"\" \/>\u00a0 Term\u00e9keink gondosan v\u00e1logatott alapanyagokb\u00f3l k\u00e9sz\u00fclnek.<\/p>\n<p><img decoding=\"async\" class=\"alignnone size-full wp-image-825\" src=\"https:\/\/herbalkincsei.hu\/wp-content\/uploads\/2024\/03\/star-solid.svg\" alt=\"\" \/>\u00a0 \u00a0A term\u00e9kekre hazai garanci\u00e1t \u00e9s term\u00e9k szolg\u00e1ltat\u00e1st biztos\u00edtunk.<\/p>\n<p><img decoding=\"async\" class=\"alignnone size-full wp-image-823\" src=\"https:\/\/herbalkincsei.hu\/wp-content\/uploads\/2024\/03\/user-lock-solid.svg\" alt=\"\" \/>\u00a0Biztons\u00e1gos v\u00e9dett fizet\u00e9s.<\/p>\n<p><img decoding=\"async\" class=\"alignnone size-full wp-image-824\" src=\"https:\/\/herbalkincsei.hu\/wp-content\/uploads\/2024\/03\/truck-fast-solid.svg\" alt=\"\" \/> Gyors kiszolg\u00e1l\u00e1s.<\/p>\n<p>&nbsp;<\/p>\n<\/div>\n<\/div>\n","protected":false},"featured_media":1642,"comment_status":"closed","ping_status":"closed","template":"","meta":[],"product_brand":[223],"product_cat":[172,183,19,171],"product_tag":[],"class_list":{"0":"post-1643","1":"product","2":"type-product","3":"status-publish","4":"has-post-thumbnail","6":"product_brand-usamedical","7":"product_cat-etrend-kiegeszitok","8":"product_cat-idegrendszer","9":"product_cat-minden-termek","10":"product_cat-usamedical","11":"product_shipping_class-hu","13":"first","14":"instock","15":"purchasable","16":"product-type-simple","17":"add-to-wishlist-before_image","18":"customify-col","19":"product-has-gallery"},"yoast_head":"<!-- This site is optimized with the Yoast SEO plugin v27.4 - https:\/\/yoast.com\/product\/yoast-seo-wordpress\/ -->\n<title>RELAX kapszula AlphaWave\u00ae L-theanine-nel \u00e9s glicinnel 60 db - Herb\u00e1lkincsei<\/title>\n<meta name=\"description\" content=\"Klinikai tesztekkel igazolt, szabadalmaztatott AlphaWave\u00ae L-theanine formula glicinnel \u00e9s B6-vitaminnal: t\u00e1rs a mindennapokban, hogy mindenre jusson el\u00e9g figyelem! A modern ember legf\u0151bb seg\u00edt\u0151je a rohan\u00f3 vil\u00e1g kih\u00edv\u00e1saival szemben.\" \/>\n<meta name=\"robots\" content=\"index, follow, max-snippet:-1, max-image-preview:large, max-video-preview:-1\" \/>\n<link rel=\"canonical\" href=\"https:\/\/herbalkincsei.hu\/index.php\/termek\/relax-kapszula-alphawave-l-theanine-nel-es-glicinnel-60-db\/\" \/>\n<meta property=\"og:locale\" content=\"hu_HU\" \/>\n<meta property=\"og:type\" content=\"article\" \/>\n<meta property=\"og:title\" content=\"RELAX kapszula AlphaWave\u00ae L-theanine-nel \u00e9s glicinnel 60 db - Herb\u00e1lkincsei\" \/>\n<meta property=\"og:description\" content=\"Klinikai tesztekkel igazolt, szabadalmaztatott AlphaWave\u00ae L-theanine formula glicinnel \u00e9s B6-vitaminnal: t\u00e1rs a mindennapokban, hogy mindenre jusson el\u00e9g figyelem! A modern ember legf\u0151bb seg\u00edt\u0151je a rohan\u00f3 vil\u00e1g kih\u00edv\u00e1saival szemben.\" \/>\n<meta property=\"og:url\" content=\"https:\/\/herbalkincsei.hu\/index.php\/termek\/relax-kapszula-alphawave-l-theanine-nel-es-glicinnel-60-db\/\" \/>\n<meta property=\"og:site_name\" content=\"Herb\u00e1lkincsei\" \/>\n<meta property=\"article:modified_time\" content=\"2025-11-22T19:08:11+00:00\" \/>\n<meta property=\"og:image\" content=\"https:\/\/herbalkincsei.hu\/wp-content\/uploads\/2025\/09\/0209202568b6cd51b883b.jpeg?wsr\" \/>\n\t<meta property=\"og:image:width\" content=\"800\" \/>\n\t<meta property=\"og:image:height\" content=\"960\" \/>\n\t<meta property=\"og:image:type\" content=\"image\/jpeg\" \/>\n<meta name=\"twitter:card\" content=\"summary_large_image\" \/>\n<meta name=\"twitter:label1\" content=\"Becs\u00fclt olvas\u00e1si id\u0151\" \/>\n\t<meta name=\"twitter:data1\" content=\"10 perc\" \/>\n<script type=\"application\/ld+json\" class=\"yoast-schema-graph\">{\"@context\":\"https:\\\/\\\/schema.org\",\"@graph\":[{\"@type\":\"WebPage\",\"@id\":\"https:\\\/\\\/herbalkincsei.hu\\\/index.php\\\/termek\\\/relax-kapszula-alphawave-l-theanine-nel-es-glicinnel-60-db\\\/\",\"url\":\"https:\\\/\\\/herbalkincsei.hu\\\/index.php\\\/termek\\\/relax-kapszula-alphawave-l-theanine-nel-es-glicinnel-60-db\\\/\",\"name\":\"RELAX kapszula AlphaWave\u00ae L-theanine-nel \u00e9s glicinnel 60 db - Herb\u00e1lkincsei\",\"isPartOf\":{\"@id\":\"https:\\\/\\\/herbalkincsei.hu\\\/#website\"},\"primaryImageOfPage\":{\"@id\":\"https:\\\/\\\/herbalkincsei.hu\\\/index.php\\\/termek\\\/relax-kapszula-alphawave-l-theanine-nel-es-glicinnel-60-db\\\/#primaryimage\"},\"image\":{\"@id\":\"https:\\\/\\\/herbalkincsei.hu\\\/index.php\\\/termek\\\/relax-kapszula-alphawave-l-theanine-nel-es-glicinnel-60-db\\\/#primaryimage\"},\"thumbnailUrl\":\"https:\\\/\\\/herbalkincsei.hu\\\/wp-content\\\/uploads\\\/2025\\\/09\\\/0209202568b6cd51b883b.jpeg?wsr\",\"datePublished\":\"2025-09-02T10:56:18+00:00\",\"dateModified\":\"2025-11-22T19:08:11+00:00\",\"description\":\"Klinikai tesztekkel igazolt, szabadalmaztatott AlphaWave\u00ae L-theanine formula glicinnel \u00e9s B6-vitaminnal: t\u00e1rs a mindennapokban, hogy mindenre jusson el\u00e9g figyelem! A modern ember legf\u0151bb seg\u00edt\u0151je a rohan\u00f3 vil\u00e1g kih\u00edv\u00e1saival szemben.\",\"breadcrumb\":{\"@id\":\"https:\\\/\\\/herbalkincsei.hu\\\/index.php\\\/termek\\\/relax-kapszula-alphawave-l-theanine-nel-es-glicinnel-60-db\\\/#breadcrumb\"},\"inLanguage\":\"hu\",\"potentialAction\":[{\"@type\":\"ReadAction\",\"target\":[\"https:\\\/\\\/herbalkincsei.hu\\\/index.php\\\/termek\\\/relax-kapszula-alphawave-l-theanine-nel-es-glicinnel-60-db\\\/\"]}]},{\"@type\":\"ImageObject\",\"inLanguage\":\"hu\",\"@id\":\"https:\\\/\\\/herbalkincsei.hu\\\/index.php\\\/termek\\\/relax-kapszula-alphawave-l-theanine-nel-es-glicinnel-60-db\\\/#primaryimage\",\"url\":\"https:\\\/\\\/herbalkincsei.hu\\\/wp-content\\\/uploads\\\/2025\\\/09\\\/0209202568b6cd51b883b.jpeg?wsr\",\"contentUrl\":\"https:\\\/\\\/herbalkincsei.hu\\\/wp-content\\\/uploads\\\/2025\\\/09\\\/0209202568b6cd51b883b.jpeg?wsr\",\"width\":800,\"height\":960},{\"@type\":\"BreadcrumbList\",\"@id\":\"https:\\\/\\\/herbalkincsei.hu\\\/index.php\\\/termek\\\/relax-kapszula-alphawave-l-theanine-nel-es-glicinnel-60-db\\\/#breadcrumb\",\"itemListElement\":[{\"@type\":\"ListItem\",\"position\":1,\"name\":\"Kezd\u0151lap\",\"item\":\"https:\\\/\\\/herbalkincsei.hu\\\/\"},{\"@type\":\"ListItem\",\"position\":2,\"name\":\"\u00dczlet\",\"item\":\"https:\\\/\\\/herbalkincsei.hu\\\/index.php\\\/uzlet\\\/\"},{\"@type\":\"ListItem\",\"position\":3,\"name\":\"RELAX kapszula AlphaWave\u00ae L-theanine-nel \u00e9s glicinnel 60 db\"}]},{\"@type\":\"WebSite\",\"@id\":\"https:\\\/\\\/herbalkincsei.hu\\\/#website\",\"url\":\"https:\\\/\\\/herbalkincsei.hu\\\/\",\"name\":\"herbalkincsei.hu\",\"description\":\"Ahol az eg\u00e9szs\u00e9g a c\u00e9l.\",\"publisher\":{\"@id\":\"https:\\\/\\\/herbalkincsei.hu\\\/#organization\"},\"potentialAction\":[{\"@type\":\"SearchAction\",\"target\":{\"@type\":\"EntryPoint\",\"urlTemplate\":\"https:\\\/\\\/herbalkincsei.hu\\\/?s={search_term_string}\"},\"query-input\":{\"@type\":\"PropertyValueSpecification\",\"valueRequired\":true,\"valueName\":\"search_term_string\"}}],\"inLanguage\":\"hu\"},{\"@type\":\"Organization\",\"@id\":\"https:\\\/\\\/herbalkincsei.hu\\\/#organization\",\"name\":\"Herb\u00e1lkincsei\",\"url\":\"https:\\\/\\\/herbalkincsei.hu\\\/\",\"logo\":{\"@type\":\"ImageObject\",\"inLanguage\":\"hu\",\"@id\":\"https:\\\/\\\/herbalkincsei.hu\\\/#\\\/schema\\\/logo\\\/image\\\/\",\"url\":\"https:\\\/\\\/herbalkincsei.hu\\\/wp-content\\\/uploads\\\/2024\\\/02\\\/cropped-Green-Leaf-Aromatherapy-Logo-400-\u00d7-135-keppont.png?wsr\",\"contentUrl\":\"https:\\\/\\\/herbalkincsei.hu\\\/wp-content\\\/uploads\\\/2024\\\/02\\\/cropped-Green-Leaf-Aromatherapy-Logo-400-\u00d7-135-keppont.png?wsr\",\"width\":400,\"height\":135,\"caption\":\"Herb\u00e1lkincsei\"},\"image\":{\"@id\":\"https:\\\/\\\/herbalkincsei.hu\\\/#\\\/schema\\\/logo\\\/image\\\/\"}}]}<\/script>\n<!-- \/ Yoast SEO plugin. -->","yoast_head_json":{"title":"RELAX kapszula AlphaWave\u00ae L-theanine-nel \u00e9s glicinnel 60 db - Herb\u00e1lkincsei","description":"Klinikai tesztekkel igazolt, szabadalmaztatott AlphaWave\u00ae L-theanine formula glicinnel \u00e9s B6-vitaminnal: t\u00e1rs a mindennapokban, hogy mindenre jusson el\u00e9g figyelem! A modern ember legf\u0151bb seg\u00edt\u0151je a rohan\u00f3 vil\u00e1g kih\u00edv\u00e1saival szemben.","robots":{"index":"index","follow":"follow","max-snippet":"max-snippet:-1","max-image-preview":"max-image-preview:large","max-video-preview":"max-video-preview:-1"},"canonical":"https:\/\/herbalkincsei.hu\/index.php\/termek\/relax-kapszula-alphawave-l-theanine-nel-es-glicinnel-60-db\/","og_locale":"hu_HU","og_type":"article","og_title":"RELAX kapszula AlphaWave\u00ae L-theanine-nel \u00e9s glicinnel 60 db - Herb\u00e1lkincsei","og_description":"Klinikai tesztekkel igazolt, szabadalmaztatott AlphaWave\u00ae L-theanine formula glicinnel \u00e9s B6-vitaminnal: t\u00e1rs a mindennapokban, hogy mindenre jusson el\u00e9g figyelem! A modern ember legf\u0151bb seg\u00edt\u0151je a rohan\u00f3 vil\u00e1g kih\u00edv\u00e1saival szemben.","og_url":"https:\/\/herbalkincsei.hu\/index.php\/termek\/relax-kapszula-alphawave-l-theanine-nel-es-glicinnel-60-db\/","og_site_name":"Herb\u00e1lkincsei","article_modified_time":"2025-11-22T19:08:11+00:00","og_image":[{"width":800,"height":960,"url":"https:\/\/herbalkincsei.hu\/wp-content\/uploads\/2025\/09\/0209202568b6cd51b883b.jpeg?wsr","type":"image\/jpeg"}],"twitter_card":"summary_large_image","twitter_misc":{"Becs\u00fclt olvas\u00e1si id\u0151":"10 perc"},"schema":{"@context":"https:\/\/schema.org","@graph":[{"@type":"WebPage","@id":"https:\/\/herbalkincsei.hu\/index.php\/termek\/relax-kapszula-alphawave-l-theanine-nel-es-glicinnel-60-db\/","url":"https:\/\/herbalkincsei.hu\/index.php\/termek\/relax-kapszula-alphawave-l-theanine-nel-es-glicinnel-60-db\/","name":"RELAX kapszula AlphaWave\u00ae L-theanine-nel \u00e9s glicinnel 60 db - Herb\u00e1lkincsei","isPartOf":{"@id":"https:\/\/herbalkincsei.hu\/#website"},"primaryImageOfPage":{"@id":"https:\/\/herbalkincsei.hu\/index.php\/termek\/relax-kapszula-alphawave-l-theanine-nel-es-glicinnel-60-db\/#primaryimage"},"image":{"@id":"https:\/\/herbalkincsei.hu\/index.php\/termek\/relax-kapszula-alphawave-l-theanine-nel-es-glicinnel-60-db\/#primaryimage"},"thumbnailUrl":"https:\/\/herbalkincsei.hu\/wp-content\/uploads\/2025\/09\/0209202568b6cd51b883b.jpeg?wsr","datePublished":"2025-09-02T10:56:18+00:00","dateModified":"2025-11-22T19:08:11+00:00","description":"Klinikai tesztekkel igazolt, szabadalmaztatott AlphaWave\u00ae L-theanine formula glicinnel \u00e9s B6-vitaminnal: t\u00e1rs a mindennapokban, hogy mindenre jusson el\u00e9g figyelem! A modern ember legf\u0151bb seg\u00edt\u0151je a rohan\u00f3 vil\u00e1g kih\u00edv\u00e1saival szemben.","breadcrumb":{"@id":"https:\/\/herbalkincsei.hu\/index.php\/termek\/relax-kapszula-alphawave-l-theanine-nel-es-glicinnel-60-db\/#breadcrumb"},"inLanguage":"hu","potentialAction":[{"@type":"ReadAction","target":["https:\/\/herbalkincsei.hu\/index.php\/termek\/relax-kapszula-alphawave-l-theanine-nel-es-glicinnel-60-db\/"]}]},{"@type":"ImageObject","inLanguage":"hu","@id":"https:\/\/herbalkincsei.hu\/index.php\/termek\/relax-kapszula-alphawave-l-theanine-nel-es-glicinnel-60-db\/#primaryimage","url":"https:\/\/herbalkincsei.hu\/wp-content\/uploads\/2025\/09\/0209202568b6cd51b883b.jpeg?wsr","contentUrl":"https:\/\/herbalkincsei.hu\/wp-content\/uploads\/2025\/09\/0209202568b6cd51b883b.jpeg?wsr","width":800,"height":960},{"@type":"BreadcrumbList","@id":"https:\/\/herbalkincsei.hu\/index.php\/termek\/relax-kapszula-alphawave-l-theanine-nel-es-glicinnel-60-db\/#breadcrumb","itemListElement":[{"@type":"ListItem","position":1,"name":"Kezd\u0151lap","item":"https:\/\/herbalkincsei.hu\/"},{"@type":"ListItem","position":2,"name":"\u00dczlet","item":"https:\/\/herbalkincsei.hu\/index.php\/uzlet\/"},{"@type":"ListItem","position":3,"name":"RELAX kapszula AlphaWave\u00ae L-theanine-nel \u00e9s glicinnel 60 db"}]},{"@type":"WebSite","@id":"https:\/\/herbalkincsei.hu\/#website","url":"https:\/\/herbalkincsei.hu\/","name":"herbalkincsei.hu","description":"Ahol az eg\u00e9szs\u00e9g a c\u00e9l.","publisher":{"@id":"https:\/\/herbalkincsei.hu\/#organization"},"potentialAction":[{"@type":"SearchAction","target":{"@type":"EntryPoint","urlTemplate":"https:\/\/herbalkincsei.hu\/?s={search_term_string}"},"query-input":{"@type":"PropertyValueSpecification","valueRequired":true,"valueName":"search_term_string"}}],"inLanguage":"hu"},{"@type":"Organization","@id":"https:\/\/herbalkincsei.hu\/#organization","name":"Herb\u00e1lkincsei","url":"https:\/\/herbalkincsei.hu\/","logo":{"@type":"ImageObject","inLanguage":"hu","@id":"https:\/\/herbalkincsei.hu\/#\/schema\/logo\/image\/","url":"https:\/\/herbalkincsei.hu\/wp-content\/uploads\/2024\/02\/cropped-Green-Leaf-Aromatherapy-Logo-400-\u00d7-135-keppont.png?wsr","contentUrl":"https:\/\/herbalkincsei.hu\/wp-content\/uploads\/2024\/02\/cropped-Green-Leaf-Aromatherapy-Logo-400-\u00d7-135-keppont.png?wsr","width":400,"height":135,"caption":"Herb\u00e1lkincsei"},"image":{"@id":"https:\/\/herbalkincsei.hu\/#\/schema\/logo\/image\/"}}]}},"_links":{"self":[{"href":"https:\/\/herbalkincsei.hu\/index.php\/wp-json\/wp\/v2\/product\/1643","targetHints":{"allow":["GET"]}}],"collection":[{"href":"https:\/\/herbalkincsei.hu\/index.php\/wp-json\/wp\/v2\/product"}],"about":[{"href":"https:\/\/herbalkincsei.hu\/index.php\/wp-json\/wp\/v2\/types\/product"}],"replies":[{"embeddable":true,"href":"https:\/\/herbalkincsei.hu\/index.php\/wp-json\/wp\/v2\/comments?post=1643"}],"wp:featuredmedia":[{"embeddable":true,"href":"https:\/\/herbalkincsei.hu\/index.php\/wp-json\/wp\/v2\/media\/1642"}],"wp:attachment":[{"href":"https:\/\/herbalkincsei.hu\/index.php\/wp-json\/wp\/v2\/media?parent=1643"}],"wp:term":[{"taxonomy":"product_brand","embeddable":true,"href":"https:\/\/herbalkincsei.hu\/index.php\/wp-json\/wp\/v2\/product_brand?post=1643"},{"taxonomy":"product_cat","embeddable":true,"href":"https:\/\/herbalkincsei.hu\/index.php\/wp-json\/wp\/v2\/product_cat?post=1643"},{"taxonomy":"product_tag","embeddable":true,"href":"https:\/\/herbalkincsei.hu\/index.php\/wp-json\/wp\/v2\/product_tag?post=1643"}],"curies":[{"name":"wp","href":"https:\/\/api.w.org\/{rel}","templated":true}]}}