{"id":1637,"date":"2025-09-02T11:56:16","date_gmt":"2025-09-02T10:56:16","guid":{"rendered":"https:\/\/herbalkincsei.hu\/?post_type=product&#038;p=1637"},"modified":"2025-11-22T20:24:59","modified_gmt":"2025-11-22T19:24:59","slug":"beauty-marha-kollagen-por-solugel-240-g","status":"publish","type":"product","link":"https:\/\/herbalkincsei.hu\/index.php\/termek\/beauty-marha-kollagen-por-solugel-240-g\/","title":{"rendered":"BEAUTY marha kollag\u00e9n por Solugel\u00ae 240 g"},"content":{"rendered":"<h2><span class=\"bluetxt\">USA medical Solugel<\/span><span class=\"bluetxt\">\u00ae hidroliz\u00e1lt m<\/span><span class=\"bluetxt\">arha kollag\u00e9n por<\/span><\/h2>\n<p>A <strong>SOLUGEL\u00ae hidroliz\u00e1lt marha kollag\u00e9n por k\u00f6nnyen em\u00e9szthet\u0151, j\u00f3l felsz\u00edv\u00f3d\u00f3, term\u00e9szetes I. \u00e9s III. t\u00edpus\u00fa peptidekb\u0151l \u00e1ll\u00f3 marha kollag\u00e9n por<\/strong>, mely glut\u00e9n-, cukor-, zs\u00edr-, koleszterin-, sz\u00e9nhidr\u00e1t-, mesters\u00e9ges sz\u00ednez\u00e9k-, aroma- \u00e9s \u00e9des\u00edt\u0151szer-mentes. A mindennapi fogyaszt\u00e1sra is alkalmas marha kollag\u00e9n aj\u00e1nlott akt\u00edv sportol\u00f3knak, id\u0151s- \u00e9s sz\u00e9pkor\u00faaknak, valamint mindazoknak, akik fontosnak tartj\u00e1k, hogy naponta tegyenek a b\u0151r, a v\u00e1zizomrendszer, a fogak \u00e9s a mozg\u00e1s eg\u00e9szs\u00e9g\u00e9\u00e9rt. A SOLUGEL\u00ae BOVINE COLLAGEN hidroliz\u00e1lt marha kollag\u00e9n por emberi szervezetre gyakorolt kedvez\u0151 hat\u00e1s\u00e1t hossz\u00fa id\u0151n \u00e1t tart\u00f3 fejleszt\u00e9s \u00e9s klinikai tesztek eredm\u00e9nyei igazolj\u00e1k.<\/p>\n<h3><strong>Ezt kell tudnod a kollag\u00e9nr\u0151l \u00e9s a C-vitaminr\u00f3l<\/strong><\/h3>\n<p>A kollag\u00e9n az emberi szervezet ragaszt\u00f3- \u00e9s ken\u0151anyaga. Aminosavl\u00e1ncokb\u00f3l \u00e1ll\u00f3 feh\u00e9rje, mely kit\u00f6lti a sejtek k\u00f6z\u00f6tti \u00fan. extracellul\u00e1ris m\u00e1trixot. Egyszerre felel\u0151s a b\u0151r rugalmass\u00e1g\u00e1\u00e9rt, a csontok erej\u00e9\u00e9rt, az izmok, inak, szalagok \u00e9s k\u00f6t\u0151sz\u00f6vetek \u00e1llapot\u00e1\u00e9rt. A szervezet \u00f6n\u00e1ll\u00f3an is k\u00e9pes el\u0151\u00e1ll\u00edtani, <strong>az \u00e9letkor el\u0151rehaladt\u00e1val azonban a kollag\u00e9n mennyis\u00e9ge \u00e9vr\u0151l \u00e9vre cs\u00f6kken, ez\u00e9rt sz\u00fcks\u00e9g lehet p\u00f3tl\u00e1sra.<\/strong> K\u00fcl\u00f6n\u00f6sen igaz ez akkor, ha az egy\u00e9n sportol, vagy er\u0151s fizikai ig\u00e9nybev\u00e9tellel j\u00e1r\u00f3 munkak\u00f6rben teljes\u00edt.<\/p>\n<p><strong>A kollag\u00e9ntermel\u00e9s egyik felt\u00e9tele a C-vitamin rendelkez\u00e9sre \u00e1ll\u00e1sa<\/strong>, az ugyanis r\u00e9szt vesz a kollag\u00e9nk\u00e9pz\u00e9shez sz\u00fcks\u00e9ges pro kollag\u00e9n el\u0151\u00e1ll\u00edt\u00e1s\u00e1ban, ez\u00e1ltal jelent\u0151sen <a href=\"https:\/\/eur-lex.europa.eu\/legal-content\/HU\/TXT\/HTML\/?uri=CELEX:32012R0432&amp;from=HU\">hozz\u00e1j\u00e1rul<\/a> a norm\u00e1l kollag\u00e9nk\u00e9pz\u0151d\u00e9shez. Hat\u00e1ssal van tov\u00e1bb\u00e1 a lizin- \u00e9s prolin-hidroxil\u00e1z enzimek m\u0171k\u00f6d\u00e9s\u00e9re, melyek n\u00e9lk\u00fcl a szervezet kollag\u00e9nh\u00e1l\u00f3zata nem k\u00e9pes m\u0171k\u00f6dni.<\/p>\n<p>Egy <a href=\"https:\/\/pubmed.ncbi.nlm.nih.gov\/18505499\/\">kutat\u00e1s<\/a> arra is r\u00e1mutat, hogy a sejtek sz\u00e1m\u00e1ra felk\u00edn\u00e1lt extra C-vitamin-hozz\u00e1f\u00e9r\u00e9s a kollag\u00e9n termel\u00e9s\u00e9nek m\u00e9rt\u00e9k\u00e9t a kor\u00e1bbiak nyolcszoros\u00e1ra n\u00f6velte. Vagyis a kollag\u00e9n \u2013 \u00e9s k\u00f6zvetett m\u00f3don a C-vitamin \u2013 egyszerre felel\u0151s a v\u00e1zizomrendszer eg\u00e9szs\u00e9g\u00e9\u00e9rt, a b\u0151r sz\u00e9ps\u00e9g\u00e9\u00e9rt, illetve a fogak \u00e9s a haj \u00e1llapot\u00e1\u00e9rt.<\/p>\n<h2><span class=\"bluetxt\"><strong>Mi\u00e9rt v\u00e1laszd a SOLUGEL<\/strong><\/span><span class=\"bluetxt\">\u00ae<\/span><span class=\"bluetxt\"><strong>\u00a0BOVINE COLLAGEN hidroliz<\/strong><strong>\u00e1lt marha kollag<\/strong><strong>\u00e9n port?<\/strong><\/span><\/h2>\n<p>Az egyedi fejleszt\u00e9s\u0171, <a href=\"https:\/\/www.pbleiner.com\/en\/solugelr-health-benefits-and-clinical-studies\"><strong>klinikai tesztek<\/strong><\/a><strong>kel igazolt hat\u00e9konys\u00e1g\u00fa SOLUGEL\u00ae kollag\u00e9n<\/strong> peptidek olyan marhafeh\u00e9rj\u00e9b\u0151l kivont bioakt\u00edv peptidek, melyek alacsonyabb molekulat\u00f6meg\u0171 alkot\u00f3elemekb\u0151l \u00e1llnak.<\/p>\n<h2><b>A marha kollag\u00e9n peptid \u00f6sszet\u00e9tele<\/b><\/h2>\n<p><span style=\"font-weight: 400;\">A marha kollag\u00e9n <strong>I. \u00e9s III. t\u00edpus\u00fa kollag\u00e9nb\u0151l<\/strong> \u00e1ll, <\/span><span style=\"font-weight: 400;\">e<\/span><span style=\"font-weight: 400;\">z azt jelenti, hogy a marha kollag\u00e9n peptid \u00f6sszet\u00e9tel\u00e9ben az I.-es \u00e9s a III.-as t\u00edpus\u00fa kollag\u00e9n peptidjei tal\u00e1lhat\u00f3k meg. <\/span>Az alacsony viszkozit\u00e1s\u00fa, j\u00f3l em\u00e9szthet\u0151, hideg v\u00edzben v\u00edztiszt\u00e1n old\u00f3d\u00f3 marha kollag\u00e9n az em\u00e9szt\u0151rendszeren \u00e1thaladva gyorsan tov\u00e1bbi kisebb peptidekre esik sz\u00e9t.<\/p>\n<p>Vagyis ak\u00e1r m\u00e1r <strong>15 perccel fogyaszt\u00e1s ut\u00e1n megjelenhet a v\u00e9r\u00e1ramban<\/strong>, hogy a c\u00e9lter\u00fcleten fejtse ki \u00e1ld\u00e1sos hat\u00e1sait.<\/p>\n<h2><b>A marha kollag\u00e9n hat\u00e1sa kutat\u00e1sokkal is al\u00e1t\u00e1maszthat\u00f3<\/b><\/h2>\n<p><span style=\"font-weight: 400;\">A k\u00fcl\u00f6nf\u00e9le forr\u00e1sokb\u00f3l sz\u00e1rmaz\u00f3, p\u00e9ld\u00e1ul marha kollag\u00e9n hat\u00e1sa tudom\u00e1nyos kutat\u00e1sokkal is <\/span><span style=\"font-weight: 400;\">al\u00e1t\u00e1maszthat\u00f3<\/span><span style=\"font-weight: 400;\">. <\/span><span style=\"font-weight: 400;\">\u00c9s hogy mi\u00e9rt \u00e9rdemes hidroliz\u00e1lt marha kollag\u00e9n por mellett d\u00f6ntened?<\/span><\/p>\n<ul>\n<li><strong><strong><strong><span class=\"bluetxt\">Mert a marha kollag\u00e9n hat\u00e9kony \u00e9s sz\u00e9lesk\u00f6r\u0171en alkalmazhat\u00f3.<\/span><\/strong><\/strong><\/strong><\/li>\n<\/ul>\n<p><a href=\"https:\/\/www.pbleiner.com\/en\/solugelr-health-benefits-and-clinical-studies\">Klinikai teszt<\/a>ek bizony\u00edtj\u00e1k, hogy a hossz\u00fa id\u0151n \u00e1t tart\u00f3, k\u00f6vetkezetesen fogyasztott kollag\u00e9n tartalm\u00fa \u00e9trend-kieg\u00e9sz\u00edt\u0151k hat\u00e1ssal vannak a b\u0151r \u00e9s a term\u00e9szetes sz\u00e9ps\u00e9g, a csontok, a tests\u00faly menedzsment, a fizikai teljes\u00edt\u0151k\u00e9pess\u00e9g, valamint az \u00edz\u00fcletek \u00e1llapot\u00e1ra egyar\u00e1nt.<\/p>\n<ul>\n<li><strong><strong><span class=\"bluetxt\">Mert cs\u00f6kkentheti az \u00edz\u00fcleti f\u00e1jdalmat \u00e9s j\u00f3t\u00e9kony hat\u00e1ssal van a ment\u00e1lis eg\u00e9szs\u00e9gre.<\/span><\/strong><\/strong><\/li>\n<\/ul>\n<p>A 45 \u00e9s 59 \u00e9v k\u00f6z\u00f6tti koroszt\u00e1ly 93%-\u00e1t aggasztj\u00e1k az \u00edz\u00fcleti \u00e9s izomf\u00e1jdalmak, k\u00e9tharmaduk pedig azt \u00e1ll\u00edtja, hogy ez k\u00f6zepes vagy s\u00falyos hat\u00e1ssal van az eg\u00e9szs\u00e9gre. Ugyanakkor csak h\u00e1romb\u00f3l egy v\u00e9gez k\u00f6z\u00fcl\u00fck rendszeres testmozg\u00e1st \u2013 der\u00fcl ki egy <a href=\"https:\/\/www.pbleiner.com\/en\/clinical-study-fsu-solugelr-improves-physical-and-mental-well-being-active-middle-aged-adults\">kutat\u00e1s<\/a>b\u00f3l.<\/p>\n<p>Ezen adatok felhaszn\u00e1l\u00e1s\u00e1val a PB Leiner \u00e9s a Florida \u00c1llami Egyetem(FSU) <strong>egy randomiz\u00e1lt, kett\u0151s vak, placebo-kontroll\u00e1lt klinikai vizsg\u00e1lat keret\u00e9ben elemezte, hogy a SOLUGEL\u00ae kollag\u00e9n peptidek jav\u00edtj\u00e1k-e az \u00edz\u00fcleti f\u00e1jdalommal \u00e9l\u0151 betegek \u00e9letmin\u0151s\u00e9g\u00e9t.<\/strong> A vizsg\u00e1lati alanyok mindannyian k\u00f6z\u00e9pkor\u00fa (40-65 \u00e9ves), akt\u00edv, hetente legal\u00e1bb 3-4 \u00f3ra testmozg\u00e1st v\u00e9gz\u0151 feln\u0151ttek voltak, akik valamilyen \u00edz\u00fcleti \u00e9s\/vagy mozg\u00e1sszervi f\u00e1jdalomr\u00f3l sz\u00e1moltak be.<\/p>\n<p><strong>A vizsg\u00e1lat keret\u00e9ben a r\u00e9sztvev\u0151k kilenc h\u00f3napon \u00e1t naponta k\u00e9tszer placeb\u00f3t, vagy 5 g SOLUGEL\u00ae kollag\u00e9n peptidet fogyasztottak.<\/strong> Az alanyok szubjekt\u00edv besz\u00e1mol\u00f3i egy\u00e9rtelm\u0171en arra mutatnak, hogy a r\u00e9sztvev\u0151k nem tapasztaltak mell\u00e9khat\u00e1sokat, a f\u00e1jdalom m\u00e9rt\u00e9ke ugyanakkor cs\u00f6kkent, k\u00f6nnyebben \u00e9s lend\u00fcletesebben mozogtak, emellett ment\u00e1lis j\u00f3ll\u00e9t\u00fckben is kedvez\u0151 v\u00e1ltoz\u00e1sokat \u00e9ltek meg.<\/p>\n<p>Ezeket az eredm\u00e9nyeket m\u00e1s, m\u00e1rkaf\u00fcggetlen kutat\u00e1sok is meger\u0151s\u00edtik: egy m\u00e1sik, 2021-es <a href=\"https:\/\/www.ncbi.nlm.nih.gov\/pmc\/articles\/PMC8521576\/\">vizsg\u00e1lat<\/a> eredm\u00e9nyei szerint a kollag\u00e9n peptidek rendszeres bevitele testmozg\u00e1ssal p\u00e1ros\u00edtva jav\u00edtja az \u00edz\u00fcleti funkci\u00f3kat \u00e9s cs\u00f6kkenti a f\u00e1jdalmat.<\/p>\n<ul>\n<li><span class=\"bluetxt\"><span class=\"bluetxt\"><strong>Mert a SOLUGEL\u00ae kollag\u00e9n<\/strong> <strong><strong>seg\u00edt az \u00f6reged\u00e9ssel szemben folytatott k\u00fczdelemben.<\/strong><\/strong><\/span><\/span><\/li>\n<\/ul>\n<p><a href=\"https:\/\/www.ncbi.nlm.nih.gov\/pmc\/articles\/PMC6213755\/\">Tudom\u00e1nyos t\u00e9ny<\/a>, hogy az \u00e9letkor el\u0151rehaladt\u00e1val \u2013 k\u00fcl\u00f6n\u00f6sen, ha az egy\u00e9n rendszeresen volt kit\u00e9ve a napsugarak k\u00e1ros hat\u00e1sainak \u2013 a szervezetben mind a kollag\u00e9n termel\u00e9se, mind a k\u00fcls\u0151leg bevitt kollag\u00e9n felsz\u00edv\u00f3d\u00e1sa cs\u00f6kken. Mindezek mellett a m\u00e1trix metalloprotein\u00e1zok is rombolhatj\u00e1k a kollag\u00e9nl\u00e1ncokat, melynek nyom\u00e1n b\u0151rk\u00e1rosod\u00e1s \u00e9s nem k\u00edv\u00e1nt r\u00e1ncok alakulhatnak ki.<\/p>\n<p>A Cosderma Int\u00e9zetben lefolytatott<strong> 56 napos kett\u0151s vak <a href=\"https:\/\/www.pbleiner.com\/en\/insights-news\/news\/cell-based-evidence-supports-bioactivity-collagen-peptides-skin-firmness-and-elasticity\">vizsg\u00e1lat<\/a> keret\u00e9ben kider\u00fclt, hogy napi 5-10 g SOLUGEL\u00ae kollag\u00e9n peptid elfogyaszt\u00e1sa kedvez\u0151 hat\u00e1ssal van az \u00f6reged\u00e9s folyamat\u00e1nak g\u00e1tl\u00e1s\u00e1ra.<\/strong><\/p>\n<p>Ennek nyom\u00e1n a Bionos Biotech \u00e1ltal v\u00e9gzett hasonl\u00f3 kutat\u00e1s azt elemezte, hogy milyen folyamatok indulnak el a hum\u00e1n b\u0151rfibroblasztokban kollag\u00e9n peptideknek val\u00f3 kitetts\u00e9g ut\u00e1n. Az <a href=\"https:\/\/www.frontiersin.org\/journals\/medicine\/articles\/10.3389\/fmed.2024.1397517\/full?utm_source=Email_to_authors_&amp;utm_medium=Email&amp;utm_content=T1_11.5e1_author&amp;utm_campaign=Email_publication&amp;field&amp;journalName=Frontiers_in_Medicine&amp;id=1397517\">eredm\u00e9nyek<\/a> biztat\u00f3ak, hiszen a kutat\u00f3k egy\u00e9rtelm\u0171 bizony\u00edt\u00e9kot tal\u00e1ltak a kollag\u00e9n peptidek expoz\u00edci\u00f3j\u00e1nak <strong>b\u0151rfeszes\u00edt\u0151 \u00e9s \u00f6reged\u00e9sg\u00e1tl\u00f3 tulajdons\u00e1gokra gyakorolt potenci\u00e1lis kedvez\u0151 hat\u00e1saira<\/strong>. A k\u00fcls\u0151leg p\u00f3tolt SOLUGEL<strong>\u00ae<\/strong> kollag\u00e9n por seg\u00edts\u00e9g\u00e9vel teh\u00e1t a b\u0151rfeszess\u00e9g, a r\u00e1nctalan simas\u00e1g \u00e9s az \u00e9letteli, mosolyg\u00f3s arc nem \u00e1lom t\u00f6bb\u00e9!<\/p>\n<ul>\n<li><strong><strong><span class=\"bluetxt\">Mert a kollag\u00e9n az \u00e9hs\u00e9g\u00e9rzet cs\u00f6kkent\u00e9s\u00e9vel t\u00e1mogatja a s\u00falykontrollt.<\/span><\/strong><\/strong><\/li>\n<\/ul>\n<p>A t\u00fals\u00faly \u00e9s a mozg\u00e1sszeg\u00e9ny \u00e9letm\u00f3d a nyugati polg\u00e1ri kult\u00fara n\u00e9pbetegs\u00e9ge, a testt\u00f6megcs\u00f6kkent\u00e9s pedig id\u0151- \u00e9s energiaig\u00e9nyes folyamat, melyhez komoly elhat\u00e1roz\u00e1sra \u00e9s kitart\u00e1sra van sz\u00fcks\u00e9g. <strong><a href=\"https:\/\/www.pbleiner.com\/en\/solugelr-promotes-long-lasting-satiety\">Klinikai vizsg\u00e1lat<\/a> igazolja, hogy a SOLUGEL\u00ae marha kollag\u00e9n por seg\u00edts\u00e9g\u00e9vel az \u00e9hs\u00e9g\u00e9rzet kedvez\u0151en befoly\u00e1solhat\u00f3<\/strong>, ez\u00e1ltal a napi energiabevitel szenved\u00e9s \u00e9s lemond\u00e1sok n\u00e9lk\u00fcl cs\u00f6kkenthet\u0151.<\/p>\n<p>Ennek vizsg\u00e1lat\u00e1ra egy randomiz\u00e1lt, egyszeres vak elj\u00e1r\u00e1sban \u00e9rt\u00e9kelt\u00e9k a SOLUGEL\u00ae kollag\u00e9n peptidek j\u00f3llakotts\u00e1gra gyakorolt hat\u00e1s\u00e1t. A vizsg\u00e1lat r\u00e9szek\u00e9nt sor ker\u00fclt az \u00e9tv\u00e1gy objekt\u00edv sk\u00e1l\u00e1z\u00e1s\u00e1ra, valamint a t\u00e9nylegesen elfogyasztott \u00e9tel- \u00e9s kal\u00f3riamennyis\u00e9g elemz\u00e9s\u00e9re is.<\/p>\n<p>Az eredm\u00e9nyek szerint 15 g kollag\u00e9n por reggelihez t\u00f6rt\u00e9n\u0151 elfogyaszt\u00e1sa az eb\u00e9did\u0151ben tapasztalt \u00e9hs\u00e9g 40 sz\u00e1zal\u00e9kos cs\u00f6kken\u00e9s\u00e9t eredm\u00e9nyezte, mely \u00e1tlagosan 20 sz\u00e1zal\u00e9kkal cs\u00f6kkentette az alanyok \u00e1ltal eb\u00e9dre fogyasztott \u00e9tel mennyis\u00e9g\u00e9t.<\/p>\n<ul>\n<li><strong><span class=\"bluetxt\">Mert k\u00f6nnyen fogyaszthat\u00f3 \u00e9s semleges \u00edz\u0171.<\/span><\/strong><\/li>\n<\/ul>\n<p><strong>A SOLUGEL\u00ae kollag\u00e9n nem tartalmaz semmilyen mesters\u00e9ges adal\u00e9kanyagot, \u00edzfokoz\u00f3t vagy arom\u00e1t, \u00edgy az \u00edztelen, szagtalan, v\u00edztiszt\u00e1n old\u00f3d\u00f3 marha kollag\u00e9n port ak\u00e1r italokhoz, joghurtokhoz vagy \u00e9telekhez is \u00e9szrev\u00e9tlen\u00fcl adagolhatjuk.<\/strong><br \/>\nA kor\u00e1bbr\u00f3l ismert kollag\u00e9ntablett\u00e1k jellegzetes szaga ezent\u00fal csak rossz eml\u00e9k lesz, hiszen a SOLUGEL<strong>\u00ae<\/strong> marha kollag\u00e9n por \u00e1llaga miatt k\u00f6nnyebben adagolhat\u00f3, emellett kiv\u00e1l\u00f3 min\u0151s\u00e9g\u0171, \u00edztelen \u00e9s mindenmentes is!<\/p>\n<h3><b>Teh\u00e1t \u00f6sszefoglalva, a marha kollag\u00e9n mire j\u00f3?<\/b><\/h3>\n<h3><strong>A marha kollag\u00e9n ide\u00e1lis \u00e9trend-kieg\u00e9sz\u00edt\u0151 mindazoknak, akik<\/strong><\/h3>\n<ul>\n<li>m\u00e1r fiatalon szeretn\u00e9nek gondoskodni r\u00f3la, hogy test\u00fck fizikai \u00e1llapota mindig kiemelked\u0151en j\u00f3 legyen;<\/li>\n<li>rendszeresen \u00e9s intenz\u00edven sportolnak, test\u00e9p\u00edtenek vagy nagy fizikai terhel\u00e9ssel j\u00e1r\u00f3 munkak\u00f6rben dolgoznak;<\/li>\n<li>csontt\u00f6r\u00e9s vagy v\u00e1zizomrendszeri megbeteged\u00e9s, illetve beavatkoz\u00e1s ut\u00e1n l\u00e1badoznak \u00e9s szeretn\u00e9k felgyors\u00edtani a gy\u00f3gyul\u00e1s folyamat\u00e1t;<\/li>\n<li>gyermeket terveznek, v\u00e1rnak vagy nemr\u00e9giben adtak \u00e9letet gyermek\u00fcknek \u00e9s szeretn\u00e9k el\u0151seg\u00edteni a test miel\u0151bbi gy\u00f3gyul\u00e1s\u00e1t;<\/li>\n<li>t\u00fals\u00fallyal kezdenek rendszeres testmozg\u00e1sba \u00e9s \u00e9letm\u00f3dv\u00e1lt\u00e1sba;<\/li>\n<li>inzulinrezisztenci\u00e1val, prediab\u00e9tesszel vagy cukorbetegs\u00e9ggel \u00e9lnek;<\/li>\n<li>negyven \u00e9vesn\u00e9l id\u0151sebbek;<\/li>\n<li>perimenopauza, menopauza vagy post-menopauza t\u00fcneteit tapasztalj\u00e1k;<\/li>\n<li>szeretn\u00e9k felvenni a keszty\u0171t az \u00f6reged\u00e9s l\u00e1that\u00f3 jeleivel szemben;<\/li>\n<li>megel\u0151z\u00e9si c\u00e9llal keresik a megold\u00e1st az eszt\u00e9tikus id\u0151skor el\u00e9r\u00e9s\u00e9re;<\/li>\n<li>mozg\u00e1sszeg\u00e9ny \u00e9letm\u00f3d mellett is szeretn\u00e9nek tenni v\u00e1zizomrendszer\u00fck eg\u00e9szs\u00e9g\u00e9\u00e9rt.<\/li>\n<\/ul>\n<h3><b>Melyik a legjobb marha kollag\u00e9n?<\/b><\/h3>\n<p><span style=\"font-weight: 400;\">Term\u00e9szetes, hogy szeretn\u00e9nk tudni, melyik a legjobb marha kollag\u00e9n. Nincs egy\u00e9rtelm\u0171 v\u00e1lasz, pontosabban azt lehet mondani, hogy a magas min\u0151s\u00e9g\u0171, ellen\u0151rz\u00f6tt forr\u00e1sb\u00f3l sz\u00e1rmaz\u00f3 term\u00e9kek nagyj\u00e1b\u00f3l egyen\u00e9rt\u00e9k\u0171ek. Ami biztos, hogy a <\/span><span style=\"font-weight: 400;\">SOLUGEL\u00ae hidroliz\u00e1lt marha kollag\u00e9n por egy ilyen term\u00e9k, amely hat\u00e9konys\u00e1g\u00e1t kutat\u00e1sok is al\u00e1t\u00e1masztj\u00e1k!<\/span><\/p>\n<h3><strong><span class=\"bluetxt\">Mi\u00e9rt van sz\u00fcks\u00e9g kollag\u00e9n fogyaszt\u00e1sa mellett C-vitaminra is?<\/span><\/strong><\/h3>\n<p><strong>A C-vitamin hozz\u00e1j\u00e1rul a prokollag\u00e9n k\u00e9pz\u00e9s\u00e9hez,<\/strong> mely a test kollag\u00e9nszint\u00e9zis\u00e9nek alapvet\u0151 felt\u00e9tele. <a href=\"https:\/\/www.ncbi.nlm.nih.gov\/pmc\/articles\/PMC6204628\/\">Kutat\u00e1sok<\/a> bizony\u00edtj\u00e1k tov\u00e1bb\u00e1, hogy a C-vitamin k\u00e9pes felgyors\u00edtani a csontgy\u00f3gyul\u00e1st t\u00f6r\u00e9s ut\u00e1n, n\u00f6velni az I. t\u00edpus\u00fa kollag\u00e9n szint\u00e9zis\u00e9t \u00e9s cs\u00f6kkenteni az oxidat\u00edv stressz param\u00e9tereit.<\/p>\n<p>A C-vitamin emellett alapvet\u0151 <a href=\"https:\/\/pubmed.ncbi.nlm.nih.gov\/7518857\/\">szerepet j\u00e1tszi<\/a>k a k\u00f6t\u0151sz\u00f6vetek gy\u00f3gyul\u00e1sban, mivel a prolil-hidroxil\u00e1z \u00e9s a lizil-hidroxil\u00e1z kofaktora. Ezek az enzimek kataliz\u00e1lj\u00e1k a prokollag\u00e9n prolin- \u00e9s lizinmaradv\u00e1nyainak hidroxil\u00e1l\u00e1s\u00e1t. A kollag\u00e9n szint\u00e9zisben bet\u00f6lt\u00f6tt szerepe mellett a C-vitamin er\u0151s antioxid\u00e1nsk\u00e9nt is m\u0171k\u00f6dik, mivel <a href=\"https:\/\/www.ncbi.nlm.nih.gov\/pmc\/articles\/PMC296476\/\">semleges\u00edt<\/a>i a k\u00e1ros reakt\u00edv oxig\u00e9n fajok (ROS) m\u0171k\u00f6d\u00e9s\u00e9t, amelyek a gyullad\u00e1sos f\u00e1zisban a sejtek apopt\u00f3zis\u00e1\u00e9rt felel\u0151sek.<\/p>\n<p>Felismerve, hogy<strong> a C-vitamin a folyamat sz\u00e1mos pontj\u00e1n hat\u00e9konyan, mell\u00e9khat\u00e1sok n\u00e9lk\u00fcl t\u00e1mogatja az emberi test kollag\u00e9nszint\u00e9zis\u00e9t<\/strong>, gondoskodtunk r\u00f3la, hogy mindig kell\u0151 mennyis\u00e9gben \u00e1lljon rendelkez\u00e9sedre.<\/p>\n<p>Vagyis 8,08 g SOLUGEL<strong>\u00ae<\/strong> BOVINE COLLAGEN hidroliz\u00e1lt marha kollag\u00e9n por tartalmazza a feln\u0151ttek sz\u00e1m\u00e1ra javasolt napi C-vitamin-bevitel 100 sz\u00e1zal\u00e9k\u00e1t, hogy a mindennapok rohan\u00e1s\u00e1ban ne kelljen m\u00e9g erre is figyelned.<\/p>\n<h3>A kollag\u00e9n termel\u0151d\u00e9s fokozatosan cs\u00f6kkenni kezd a kor el\u0151rehaladt\u00e1val!<\/h3>\n<p>Szervezet\u00fcnkben term\u00e9szetes m\u00f3don huszonnyolc k\u00fcl\u00f6nf\u00e9le kollag\u00e9nt\u00edpus fordul el\u0151, melyek mindegyike felt\u00e9tlen\u00fcl sz\u00fcks\u00e9ges a szervezet teljes eg\u00e9szs\u00e9g\u00e9hez. A kollag\u00e9n biztos\u00edtja ugyanis a szervezetek szil\u00e1rds\u00e1g\u00e1t, rugalmass\u00e1g\u00e1t \u00e9s mechanikai stabilit\u00e1s\u00e1t egyar\u00e1nt.<\/p>\n<p><strong>Kevesen tudj\u00e1k azonban, hogy a kollag\u00e9n mennyis\u00e9ge negyven \u00e9ves kor felett \u00e9vr\u0151l \u00e9vre 1 sz\u00e1zal\u00e9kkal cs\u00f6kken<\/strong>, melynek k\u00f6vetkezt\u00e9ben nyolcvan \u00e9ves korunkra a szervezet\u00fcnkben kor\u00e1bban fellelhet\u0151 kollag\u00e9n ak\u00e1r 75 sz\u00e1zal\u00e9k\u00e1t is elvesz\u00edthetj\u00fck.<\/p>\n<p>Ez azonban nemcsak a test s\u00e9r\u00fcl\u00e9kenys\u00e9g\u00e9hez, hanem a mozg\u00e1st\u00e9r \u00e9s a mozg\u00e1startom\u00e1ny besz\u0171k\u00fcl\u00e9s\u00e9hez is vezethet, hiszen a mozg\u00e1sszervi megbeteged\u00e9sek nyom\u00e1n fell\u00e9p\u0151 f\u00e1jdalom k\u00f6vetkezt\u00e9ben a betegek rendszerint kevesebbet mozognak, ritk\u00e1bban hagyj\u00e1k el otthonukat \u00e9s a f\u00e1jdalommenedzsment a ment\u00e1lis eg\u00e9szs\u00e9g\u00fckre is hat\u00e1ssal lehet \u2013 der\u00fcl ki egy <a href=\"https:\/\/www.ncbi.nlm.nih.gov\/pmc\/articles\/PMC8742845\/\">jelent\u00e9s<\/a>b\u0151l.<\/p>\n<p>A csontritkul\u00e1s \u00e9s porckop\u00e1s, az \u00edz\u00fcletek \u00e9s inak s\u00e9r\u00fcl\u00e9sei mellett kev\u00e9sb\u00e9 ismert jellemz\u0151 t\u00fcnet tov\u00e1bb\u00e1 a <a href=\"https:\/\/www.researchgate.net\/publication\/330463597_Collagen_changes_in_pelvic_support_tissues_in_women_with_pelvic_organ_prolapse\">medencefen\u00e9k-gyenges\u00e9g<\/a>, mely els\u0151sorban a perimenopauz\u00e1ban, menopauz\u00e1ban l\u00e9v\u0151 vagy a menopauz\u00e1n m\u00e1r \u00e1tesett n\u0151ket \u00e9rinti. A kismedencei r\u00e9gi\u00f3 izomgyenges\u00e9g\u00e9nek k\u00f6vetkezt\u00e9ben fell\u00e9p\u0151 s\u00fcllyed\u00e9ses \u00e9s\/vagy vizelet, illetve sz\u00e9klet inkontinencia panaszok azonban k\u00f6zvetetten az eg\u00e9sz csal\u00e1d vagy mikro-k\u00f6z\u00f6ss\u00e9g \u00e9let\u00e9re hat\u00e1ssal vannak. Ennek oka, hogy a k\u00f3r\u00e1llapot nemcsak a mozg\u00e1steret korl\u00e1tozza, hanem az \u00f6n\u00e9rt\u00e9kel\u00e9st is rombolja, \u00edgy a beteg biztons\u00e1gi okokb\u00f3l ink\u00e1bb nem hagyja el lak\u00f3hely\u00e9t \u00e9s annak k\u00f6zvetlen k\u00f6rnyezet\u00e9t.<\/p>\n<p><strong>A kollag\u00e9n hi\u00e1nya a felel\u0151s a r\u00e1ncok kialakul\u00e1s\u00e1\u00e9rt \u00e9s elm\u00e9ly\u00fcl\u00e9s\u00e9\u00e9rt, a petyh\u00fcdt, fak\u00f3 b\u0151r megjelen\u00e9s\u00e9\u00e9rt \u00e9s a t\u00f3nustalan test\u00e9rzet fell\u00e9p\u00e9s\u00e9\u00e9rt is.<\/strong> A rendszeresen fogyasztott, megfelel\u0151 \u00f6sszet\u00e9tel\u0171 kollag\u00e9n por azonban optim\u00e1lis, <span style=\"font-weight: 400;\">a sz\u00fcks\u00e9ges \u00e1sv\u00e1nyi anyagok bevitel\u00e9t biztos\u00edt\u00f3<\/span> \u00e9trenddel, kiel\u00e9g\u00edt\u0151 mennyis\u00e9g\u0171 pihen\u00e9ssel, valamint rendszeres testmozg\u00e1ssal kieg\u00e9sz\u00edtve a fejlesztend\u0151 r\u00e9szter\u00fclett\u0151l f\u00fcgg\u0151en ak\u00e1r m\u00e1r 2-3 h\u00f3nap alatt is jelent\u0151s v\u00e1ltoz\u00e1st <a href=\"https:\/\/www.pbleiner.com\/en\/solugelr-health-benefits-and-clinical-studies\">eredm\u00e9nyez<\/a>het.<\/p>\n<p><strong>Nyerj magadnak m\u00e9g t\u00f6bb id\u0151t \u00e9s szabads\u00e1got, kezdd szedni m\u00e1r most!<\/strong><\/p>\n<p><strong>Fontos megjegyz\u00e9s:<\/strong> Az oldalon tal\u00e1lhat\u00f3 inform\u00e1ci\u00f3k \u00e9s \u00e1ll\u00edt\u00e1sok csup\u00e1n \u00e1ltal\u00e1nos t\u00e1j\u00e9koztat\u00e1sul szolg\u00e1lnak a term\u00e9keink \u00f6sszetev\u0151ivel kapcsolatban. Az USA Medical term\u00e9kei nem min\u0151s\u00fclnek gy\u00f3gyszernek, <span style=\"font-weight: 400;\">nem alkalmasak betegs\u00e9gek kezel\u00e9s\u00e9re, <\/span>\u00e9s az inform\u00e1ci\u00f3k nem helyettes\u00edtik az orvosi tan\u00e1csad\u00e1st vagy kezel\u00e9st. A k\u00f6z\u00f6lt \u00e1ll\u00edt\u00e1sok nem a konkr\u00e9t term\u00e9kre vonatkoznak, hanem a tudom\u00e1nyos \u00e9s szakirodalmi forr\u00e1sokban tal\u00e1lhat\u00f3 ismereteket \u00f6sszegzik. Az inform\u00e1ci\u00f3k nem \u00e9rtelmezhet\u0151k szem\u00e9lyre szabott eg\u00e9szs\u00e9g\u00fcgyi javaslatk\u00e9nt, \u00e9s nem szolg\u00e1lnak konkr\u00e9t t\u00fcnetek kezel\u00e9s\u00e9re vonatkoz\u00f3 tan\u00e1csk\u00e9nt. B\u00e1rmilyen eg\u00e9szs\u00e9gi probl\u00e9m\u00e1val kapcsolatban k\u00e9rj\u00fck, forduljon szakorvoshoz vagy gy\u00f3gyszer\u00e9szhez!<\/p>\n","protected":false},"excerpt":{"rendered":"<div id=\"product_desc\" class=\"elementor-element elementor-element-dca84d2 elementor-widget elementor-widget-woocommerce-product-short-description\" data-id=\"dca84d2\" data-element_type=\"widget\" data-widget_type=\"woocommerce-product-short-description.default\">\n<div class=\"elementor-widget-container\">\n<div class=\"woocommerce-product-details__short-description\">\n<p>A szabadalmaztatott <strong>SOLUGEL\u00ae hidroliz\u00e1lt marha kollag\u00e9n por<\/strong> k\u00f6nnyen em\u00e9szthet\u0151 \u00e9s j\u00f3l felsz\u00edv\u00f3d\u00f3 tiszta feh\u00e9rje forr\u00e1s. Egyed\u00fcl\u00e1ll\u00f3 aminosav kombin\u00e1ci\u00f3b\u00f3l \u00e1ll, amely<strong> a szervezet\u00fcnk sz\u00e1m\u00e1ra n\u00e9lk\u00fcl\u00f6zhetetlen 9 aminosavb\u00f3l 8-at tartalmaz. <\/strong>A b\u0151rre, \u00edz\u00fcletekre \u00e9s csontokra gyakorolt j\u00f3t\u00e9kony hat\u00e1sait klinikai tesztek bizony\u00edtj\u00e1k. Kiv\u00e1l\u00f3an old\u00f3dik folyad\u00e9kban, \u00e9s semleges \u00edzvil\u00e1g\u00e1nak k\u00f6sz\u00f6nhet\u0151en b\u00e1rmibe belekeverheted, p\u00e9ld\u00e1ul: gy\u00fcm\u00f6lcsl\u00e9be, k\u00e1v\u00e9ba, joghurtba, gy\u00fcm\u00f6lcsturmixba, smoothie-ba, reggeliz\u0151 k\u00e1s\u00e1ba! 100% aj\u00e1nlott napi C-vitamin tartalommal kieg\u00e9sz\u00edtve! GMO-, glut\u00e9n-, \u00e9s cukormentes! <strong>Nem tartalmaz semmilyen adal\u00e9kanyagot,<\/strong> mint p\u00e9ld\u00e1ul mesters\u00e9ges \u00edzfokoz\u00f3kat, arom\u00e1kat, tart\u00f3s\u00edt\u00f3szereket, csom\u00f3sod\u00e1sg\u00e1tl\u00f3kat, valamint \u00e9des\u00edt\u0151szereket sem, \u00edgy nem terheli az em\u00e9szt\u0151rendszered!<\/p>\n<p><strong>\u00c9trend-kieg\u00e9sz\u00edt\u0151 por<br \/>\nOGY\u00c9I notifik\u00e1ci\u00f3s sz\u00e1m: <\/strong>35293\/2024<br \/>\n<strong>Kiszerel\u00e9s:<\/strong> 240 g (1 havi adag, 8000 mg \/ nap)<br \/>\n<strong>\u00cdz:<\/strong> semleges, \u00edzes\u00edtetlen<br \/>\n<strong>Sz\u00e1rmaz\u00e1si orsz\u00e1g:<\/strong> EU<\/p>\n<\/div>\n<\/div>\n<\/div>\n<div class=\"elementor-element elementor-element-e412bd8 elementor-widget elementor-widget-text-editor\" data-id=\"e412bd8\" data-element_type=\"widget\" data-widget_type=\"text-editor.default\">\n<div class=\"elementor-widget-container\"><\/div>\n<\/div>\n<ul>\n<li class=\"elementor-icon-list-item\"><strong><span class=\"elementor-icon-list-text\">Magyar-amerikai fejleszt\u00e9s<\/span><\/strong><\/li>\n<li class=\"elementor-icon-list-item\"><strong><span class=\"elementor-icon-list-text\">GMP \u00e9s HACCP szabv\u00e1ny szerint gy\u00e1rtva<\/span><\/strong><\/li>\n<li class=\"elementor-icon-list-item\"><strong><span class=\"elementor-icon-list-text\">Val\u00f3s magyarorsz\u00e1gi rakt\u00e1rk\u00e9szletr\u0151l<\/span><\/strong><\/li>\n<\/ul>\n<p><img decoding=\"async\" class=\"alignnone size-full wp-image-826\" src=\"https:\/\/herbalkincsei.hu\/wp-content\/uploads\/2024\/03\/hand-holding-heart-solid.svg\" alt=\"\" \/>\u00a0 Term\u00e9keink gondosan v\u00e1logatott alapanyagokb\u00f3l k\u00e9sz\u00fclnek.<\/p>\n<p><img decoding=\"async\" class=\"alignnone size-full wp-image-825\" src=\"https:\/\/herbalkincsei.hu\/wp-content\/uploads\/2024\/03\/star-solid.svg\" alt=\"\" \/>\u00a0 \u00a0A term\u00e9kekre hazai garanci\u00e1t \u00e9s term\u00e9k szolg\u00e1ltat\u00e1st biztos\u00edtunk.<\/p>\n<p><img decoding=\"async\" class=\"alignnone size-full wp-image-823\" src=\"https:\/\/herbalkincsei.hu\/wp-content\/uploads\/2024\/03\/user-lock-solid.svg\" alt=\"\" \/>\u00a0Biztons\u00e1gos v\u00e9dett fizet\u00e9s.<\/p>\n<p><img decoding=\"async\" class=\"alignnone size-full wp-image-824\" src=\"https:\/\/herbalkincsei.hu\/wp-content\/uploads\/2024\/03\/truck-fast-solid.svg\" alt=\"\" \/> Gyors kiszolg\u00e1l\u00e1s.<\/p>\n","protected":false},"featured_media":1738,"comment_status":"closed","ping_status":"closed","template":"","meta":[],"product_brand":[223],"product_cat":[172,246,19,171],"product_tag":[],"class_list":{"0":"post-1637","1":"product","2":"type-product","3":"status-publish","4":"has-post-thumbnail","6":"product_brand-usamedical","7":"product_cat-etrend-kiegeszitok","8":"product_cat-kollagen-usamedical","9":"product_cat-minden-termek","10":"product_cat-usamedical","11":"product_shipping_class-hu","13":"first","14":"instock","15":"purchasable","16":"product-type-simple","17":"add-to-wishlist-before_image","18":"customify-col"},"yoast_head":"<!-- This site is optimized with the Yoast SEO plugin v27.4 - https:\/\/yoast.com\/product\/yoast-seo-wordpress\/ -->\n<title>BEAUTY marha kollag\u00e9n por Solugel\u00ae 240 g - Herb\u00e1lkincsei<\/title>\n<meta name=\"description\" content=\"beauty-marha-kollagen-por-solugel-240-g\" \/>\n<meta name=\"robots\" content=\"index, follow, max-snippet:-1, max-image-preview:large, max-video-preview:-1\" \/>\n<link rel=\"canonical\" href=\"https:\/\/herbalkincsei.hu\/index.php\/termek\/beauty-marha-kollagen-por-solugel-240-g\/\" \/>\n<meta property=\"og:locale\" content=\"hu_HU\" \/>\n<meta property=\"og:type\" content=\"article\" \/>\n<meta property=\"og:title\" content=\"BEAUTY marha kollag\u00e9n por Solugel\u00ae 240 g - Herb\u00e1lkincsei\" \/>\n<meta property=\"og:description\" content=\"beauty-marha-kollagen-por-solugel-240-g\" \/>\n<meta property=\"og:url\" content=\"https:\/\/herbalkincsei.hu\/index.php\/termek\/beauty-marha-kollagen-por-solugel-240-g\/\" \/>\n<meta property=\"og:site_name\" content=\"Herb\u00e1lkincsei\" \/>\n<meta property=\"article:modified_time\" content=\"2025-11-22T19:24:59+00:00\" \/>\n<meta property=\"og:image\" content=\"https:\/\/herbalkincsei.hu\/wp-content\/uploads\/2025\/09\/0909202568c00d27b4927.jpeg?wsr\" \/>\n\t<meta property=\"og:image:width\" content=\"800\" \/>\n\t<meta property=\"og:image:height\" content=\"960\" \/>\n\t<meta property=\"og:image:type\" content=\"image\/jpeg\" \/>\n<meta name=\"twitter:card\" content=\"summary_large_image\" \/>\n<meta name=\"twitter:label1\" content=\"Becs\u00fclt olvas\u00e1si id\u0151\" \/>\n\t<meta name=\"twitter:data1\" content=\"9 perc\" \/>\n<script type=\"application\/ld+json\" class=\"yoast-schema-graph\">{\"@context\":\"https:\\\/\\\/schema.org\",\"@graph\":[{\"@type\":\"WebPage\",\"@id\":\"https:\\\/\\\/herbalkincsei.hu\\\/index.php\\\/termek\\\/beauty-marha-kollagen-por-solugel-240-g\\\/\",\"url\":\"https:\\\/\\\/herbalkincsei.hu\\\/index.php\\\/termek\\\/beauty-marha-kollagen-por-solugel-240-g\\\/\",\"name\":\"BEAUTY marha kollag\u00e9n por Solugel\u00ae 240 g - Herb\u00e1lkincsei\",\"isPartOf\":{\"@id\":\"https:\\\/\\\/herbalkincsei.hu\\\/#website\"},\"primaryImageOfPage\":{\"@id\":\"https:\\\/\\\/herbalkincsei.hu\\\/index.php\\\/termek\\\/beauty-marha-kollagen-por-solugel-240-g\\\/#primaryimage\"},\"image\":{\"@id\":\"https:\\\/\\\/herbalkincsei.hu\\\/index.php\\\/termek\\\/beauty-marha-kollagen-por-solugel-240-g\\\/#primaryimage\"},\"thumbnailUrl\":\"https:\\\/\\\/herbalkincsei.hu\\\/wp-content\\\/uploads\\\/2025\\\/09\\\/0909202568c00d27b4927.jpeg?wsr\",\"datePublished\":\"2025-09-02T10:56:16+00:00\",\"dateModified\":\"2025-11-22T19:24:59+00:00\",\"description\":\"beauty-marha-kollagen-por-solugel-240-g\",\"breadcrumb\":{\"@id\":\"https:\\\/\\\/herbalkincsei.hu\\\/index.php\\\/termek\\\/beauty-marha-kollagen-por-solugel-240-g\\\/#breadcrumb\"},\"inLanguage\":\"hu\",\"potentialAction\":[{\"@type\":\"ReadAction\",\"target\":[\"https:\\\/\\\/herbalkincsei.hu\\\/index.php\\\/termek\\\/beauty-marha-kollagen-por-solugel-240-g\\\/\"]}]},{\"@type\":\"ImageObject\",\"inLanguage\":\"hu\",\"@id\":\"https:\\\/\\\/herbalkincsei.hu\\\/index.php\\\/termek\\\/beauty-marha-kollagen-por-solugel-240-g\\\/#primaryimage\",\"url\":\"https:\\\/\\\/herbalkincsei.hu\\\/wp-content\\\/uploads\\\/2025\\\/09\\\/0909202568c00d27b4927.jpeg?wsr\",\"contentUrl\":\"https:\\\/\\\/herbalkincsei.hu\\\/wp-content\\\/uploads\\\/2025\\\/09\\\/0909202568c00d27b4927.jpeg?wsr\",\"width\":800,\"height\":960},{\"@type\":\"BreadcrumbList\",\"@id\":\"https:\\\/\\\/herbalkincsei.hu\\\/index.php\\\/termek\\\/beauty-marha-kollagen-por-solugel-240-g\\\/#breadcrumb\",\"itemListElement\":[{\"@type\":\"ListItem\",\"position\":1,\"name\":\"Kezd\u0151lap\",\"item\":\"https:\\\/\\\/herbalkincsei.hu\\\/\"},{\"@type\":\"ListItem\",\"position\":2,\"name\":\"\u00dczlet\",\"item\":\"https:\\\/\\\/herbalkincsei.hu\\\/index.php\\\/uzlet\\\/\"},{\"@type\":\"ListItem\",\"position\":3,\"name\":\"BEAUTY marha kollag\u00e9n por Solugel\u00ae 240 g\"}]},{\"@type\":\"WebSite\",\"@id\":\"https:\\\/\\\/herbalkincsei.hu\\\/#website\",\"url\":\"https:\\\/\\\/herbalkincsei.hu\\\/\",\"name\":\"herbalkincsei.hu\",\"description\":\"Ahol az eg\u00e9szs\u00e9g a c\u00e9l.\",\"publisher\":{\"@id\":\"https:\\\/\\\/herbalkincsei.hu\\\/#organization\"},\"potentialAction\":[{\"@type\":\"SearchAction\",\"target\":{\"@type\":\"EntryPoint\",\"urlTemplate\":\"https:\\\/\\\/herbalkincsei.hu\\\/?s={search_term_string}\"},\"query-input\":{\"@type\":\"PropertyValueSpecification\",\"valueRequired\":true,\"valueName\":\"search_term_string\"}}],\"inLanguage\":\"hu\"},{\"@type\":\"Organization\",\"@id\":\"https:\\\/\\\/herbalkincsei.hu\\\/#organization\",\"name\":\"Herb\u00e1lkincsei\",\"url\":\"https:\\\/\\\/herbalkincsei.hu\\\/\",\"logo\":{\"@type\":\"ImageObject\",\"inLanguage\":\"hu\",\"@id\":\"https:\\\/\\\/herbalkincsei.hu\\\/#\\\/schema\\\/logo\\\/image\\\/\",\"url\":\"https:\\\/\\\/herbalkincsei.hu\\\/wp-content\\\/uploads\\\/2024\\\/02\\\/cropped-Green-Leaf-Aromatherapy-Logo-400-\u00d7-135-keppont.png?wsr\",\"contentUrl\":\"https:\\\/\\\/herbalkincsei.hu\\\/wp-content\\\/uploads\\\/2024\\\/02\\\/cropped-Green-Leaf-Aromatherapy-Logo-400-\u00d7-135-keppont.png?wsr\",\"width\":400,\"height\":135,\"caption\":\"Herb\u00e1lkincsei\"},\"image\":{\"@id\":\"https:\\\/\\\/herbalkincsei.hu\\\/#\\\/schema\\\/logo\\\/image\\\/\"}}]}<\/script>\n<!-- \/ Yoast SEO plugin. -->","yoast_head_json":{"title":"BEAUTY marha kollag\u00e9n por Solugel\u00ae 240 g - Herb\u00e1lkincsei","description":"beauty-marha-kollagen-por-solugel-240-g","robots":{"index":"index","follow":"follow","max-snippet":"max-snippet:-1","max-image-preview":"max-image-preview:large","max-video-preview":"max-video-preview:-1"},"canonical":"https:\/\/herbalkincsei.hu\/index.php\/termek\/beauty-marha-kollagen-por-solugel-240-g\/","og_locale":"hu_HU","og_type":"article","og_title":"BEAUTY marha kollag\u00e9n por Solugel\u00ae 240 g - Herb\u00e1lkincsei","og_description":"beauty-marha-kollagen-por-solugel-240-g","og_url":"https:\/\/herbalkincsei.hu\/index.php\/termek\/beauty-marha-kollagen-por-solugel-240-g\/","og_site_name":"Herb\u00e1lkincsei","article_modified_time":"2025-11-22T19:24:59+00:00","og_image":[{"width":800,"height":960,"url":"https:\/\/herbalkincsei.hu\/wp-content\/uploads\/2025\/09\/0909202568c00d27b4927.jpeg?wsr","type":"image\/jpeg"}],"twitter_card":"summary_large_image","twitter_misc":{"Becs\u00fclt olvas\u00e1si id\u0151":"9 perc"},"schema":{"@context":"https:\/\/schema.org","@graph":[{"@type":"WebPage","@id":"https:\/\/herbalkincsei.hu\/index.php\/termek\/beauty-marha-kollagen-por-solugel-240-g\/","url":"https:\/\/herbalkincsei.hu\/index.php\/termek\/beauty-marha-kollagen-por-solugel-240-g\/","name":"BEAUTY marha kollag\u00e9n por Solugel\u00ae 240 g - Herb\u00e1lkincsei","isPartOf":{"@id":"https:\/\/herbalkincsei.hu\/#website"},"primaryImageOfPage":{"@id":"https:\/\/herbalkincsei.hu\/index.php\/termek\/beauty-marha-kollagen-por-solugel-240-g\/#primaryimage"},"image":{"@id":"https:\/\/herbalkincsei.hu\/index.php\/termek\/beauty-marha-kollagen-por-solugel-240-g\/#primaryimage"},"thumbnailUrl":"https:\/\/herbalkincsei.hu\/wp-content\/uploads\/2025\/09\/0909202568c00d27b4927.jpeg?wsr","datePublished":"2025-09-02T10:56:16+00:00","dateModified":"2025-11-22T19:24:59+00:00","description":"beauty-marha-kollagen-por-solugel-240-g","breadcrumb":{"@id":"https:\/\/herbalkincsei.hu\/index.php\/termek\/beauty-marha-kollagen-por-solugel-240-g\/#breadcrumb"},"inLanguage":"hu","potentialAction":[{"@type":"ReadAction","target":["https:\/\/herbalkincsei.hu\/index.php\/termek\/beauty-marha-kollagen-por-solugel-240-g\/"]}]},{"@type":"ImageObject","inLanguage":"hu","@id":"https:\/\/herbalkincsei.hu\/index.php\/termek\/beauty-marha-kollagen-por-solugel-240-g\/#primaryimage","url":"https:\/\/herbalkincsei.hu\/wp-content\/uploads\/2025\/09\/0909202568c00d27b4927.jpeg?wsr","contentUrl":"https:\/\/herbalkincsei.hu\/wp-content\/uploads\/2025\/09\/0909202568c00d27b4927.jpeg?wsr","width":800,"height":960},{"@type":"BreadcrumbList","@id":"https:\/\/herbalkincsei.hu\/index.php\/termek\/beauty-marha-kollagen-por-solugel-240-g\/#breadcrumb","itemListElement":[{"@type":"ListItem","position":1,"name":"Kezd\u0151lap","item":"https:\/\/herbalkincsei.hu\/"},{"@type":"ListItem","position":2,"name":"\u00dczlet","item":"https:\/\/herbalkincsei.hu\/index.php\/uzlet\/"},{"@type":"ListItem","position":3,"name":"BEAUTY marha kollag\u00e9n por Solugel\u00ae 240 g"}]},{"@type":"WebSite","@id":"https:\/\/herbalkincsei.hu\/#website","url":"https:\/\/herbalkincsei.hu\/","name":"herbalkincsei.hu","description":"Ahol az eg\u00e9szs\u00e9g a c\u00e9l.","publisher":{"@id":"https:\/\/herbalkincsei.hu\/#organization"},"potentialAction":[{"@type":"SearchAction","target":{"@type":"EntryPoint","urlTemplate":"https:\/\/herbalkincsei.hu\/?s={search_term_string}"},"query-input":{"@type":"PropertyValueSpecification","valueRequired":true,"valueName":"search_term_string"}}],"inLanguage":"hu"},{"@type":"Organization","@id":"https:\/\/herbalkincsei.hu\/#organization","name":"Herb\u00e1lkincsei","url":"https:\/\/herbalkincsei.hu\/","logo":{"@type":"ImageObject","inLanguage":"hu","@id":"https:\/\/herbalkincsei.hu\/#\/schema\/logo\/image\/","url":"https:\/\/herbalkincsei.hu\/wp-content\/uploads\/2024\/02\/cropped-Green-Leaf-Aromatherapy-Logo-400-\u00d7-135-keppont.png?wsr","contentUrl":"https:\/\/herbalkincsei.hu\/wp-content\/uploads\/2024\/02\/cropped-Green-Leaf-Aromatherapy-Logo-400-\u00d7-135-keppont.png?wsr","width":400,"height":135,"caption":"Herb\u00e1lkincsei"},"image":{"@id":"https:\/\/herbalkincsei.hu\/#\/schema\/logo\/image\/"}}]}},"_links":{"self":[{"href":"https:\/\/herbalkincsei.hu\/index.php\/wp-json\/wp\/v2\/product\/1637","targetHints":{"allow":["GET"]}}],"collection":[{"href":"https:\/\/herbalkincsei.hu\/index.php\/wp-json\/wp\/v2\/product"}],"about":[{"href":"https:\/\/herbalkincsei.hu\/index.php\/wp-json\/wp\/v2\/types\/product"}],"replies":[{"embeddable":true,"href":"https:\/\/herbalkincsei.hu\/index.php\/wp-json\/wp\/v2\/comments?post=1637"}],"wp:featuredmedia":[{"embeddable":true,"href":"https:\/\/herbalkincsei.hu\/index.php\/wp-json\/wp\/v2\/media\/1738"}],"wp:attachment":[{"href":"https:\/\/herbalkincsei.hu\/index.php\/wp-json\/wp\/v2\/media?parent=1637"}],"wp:term":[{"taxonomy":"product_brand","embeddable":true,"href":"https:\/\/herbalkincsei.hu\/index.php\/wp-json\/wp\/v2\/product_brand?post=1637"},{"taxonomy":"product_cat","embeddable":true,"href":"https:\/\/herbalkincsei.hu\/index.php\/wp-json\/wp\/v2\/product_cat?post=1637"},{"taxonomy":"product_tag","embeddable":true,"href":"https:\/\/herbalkincsei.hu\/index.php\/wp-json\/wp\/v2\/product_tag?post=1637"}],"curies":[{"name":"wp","href":"https:\/\/api.w.org\/{rel}","templated":true}]}}