{"id":1635,"date":"2025-09-02T11:56:16","date_gmt":"2025-09-02T10:56:16","guid":{"rendered":"https:\/\/herbalkincsei.hu\/?post_type=product&#038;p=1635"},"modified":"2025-11-22T20:20:37","modified_gmt":"2025-11-22T19:20:37","slug":"hal-kollagen-por-naticol-240-g","status":"publish","type":"product","link":"https:\/\/herbalkincsei.hu\/index.php\/termek\/hal-kollagen-por-naticol-240-g\/","title":{"rendered":"Hal kollag\u00e9n por Naticol\u00ae 240 g"},"content":{"rendered":"<h2><span class=\"bluetxt\">USA medical Naticol\u00ae hidroliz\u00e1lt hal kollag\u00e9n por<\/span><\/h2>\n<p>A <strong>szabadalmaztatott NATICOL\u00ae hal kollag\u00e9n<\/strong> kiv\u00e1l\u00f3 min\u0151s\u00e9g\u0171, komplex feh\u00e9rj\u00e9nek sz\u00e1m\u00edt, mely a kilenc esszenci\u00e1lis aminosavb\u00f3l \u00f6sszesen hetet, valamint <strong>f\u0151k\u00e9nt I. t\u00edpus\u00fa kollag\u00e9nt tartalmaz.<\/strong> Remek v\u00e1laszt\u00e1s mindazoknak, akik autoimmun di\u00e9t\u00e1t k\u00f6vetnek, GMO-, glut\u00e9n-, cukormentes m\u00f3don \u00e9tkeznek vagy ker\u00fclik a zs\u00edrokat, koleszterint \u00e9s a t\u00falzott sz\u00e9nhidr\u00e1tbevitelt. Klinikai vizsg\u00e1latok igazolj\u00e1k, hogy a NATICOL\u00ae hal kollag\u00e9n j\u00f3t\u00e9kony hat\u00e1ssal van a b\u0151r sz\u00e9ps\u00e9g\u00e9re, valamint az izmok \u00e9s az \u00edz\u00fcletek eg\u00e9szs\u00e9g\u00e9re, a fizikai teljes\u00edtm\u00e9nyre \u00e9s az izomt\u00f6megre. Tartalmazza a feln\u0151ttek sz\u00e1m\u00e1ra aj\u00e1nlott C-vitamin-mennyis\u00e9g 100 sz\u00e1zal\u00e9k\u00e1t \u00e9s tejfeh\u00e9rje-\u00e9rz\u00e9kenyek is fogyaszthatj\u00e1k!<\/p>\n<h3>A kollag\u00e9nr\u0151l \u00e1ltal\u00e1ban<\/h3>\n<p>A kollag\u00e9n az emberi test egyik szabad szemmel l\u00e1thatatlan, m\u00e9gis rendk\u00edv\u00fcl fontos alkot\u00f3eleme. Ragaszt\u00f3- \u00e9s ken\u0151anyag, mely test\u00fcnk mintegy 30 sz\u00e1zal\u00e9k\u00e1t teszi ki, s mely <strong>hozz\u00e1j\u00e1rul a mozg\u00e1s szabads\u00e1g\u00e1hoz, izmaink, \u00edz\u00fcleteink, porcaink \u00e9s csontjaink m\u0171k\u00f6d\u00e9s\u00e9hez, ment\u00e1lis \u00e9s fizikai j\u00f3ll\u00e9t\u00fcnkh\u00f6z egyar\u00e1nt.<\/strong><\/p>\n<p>Noha 28 k\u00fcl\u00f6nf\u00e9le fajt\u00e1ja ismert, \u00e9s a szervezet \u00f6n\u00e1ll\u00f3an is k\u00e9pes el\u0151\u00e1ll\u00edtani, term\u00e9szetes mennyis\u00e9ge <strong>az \u00e9vek el\u0151rehaladt\u00e1val folyamatosan cs\u00f6kken, melynek k\u00f6vetkezt\u00e9ben id\u0151vel a b\u0151r \u00e9s k\u00f6t\u0151sz\u00f6vetek megereszkednek, cs\u00f6kken az izomt\u00f6meg \u00e9s az izomer\u0151,<\/strong> csontritkul\u00e1s, izomgyenges\u00e9g \u00e9s m\u00e1s v\u00e1zizomrendszeri, illetve k\u00f6t\u0151sz\u00f6veti probl\u00e9m\u00e1k l\u00e9phetnek fel. A h\u00f6lgyekn\u00e9l mindezek mellett a perimenopauza \u00e9s a menopauza alatt vagy ut\u00e1n tov\u00e1bbi kellemetlen k\u00f6vetkezm\u00e9nyek &#8211; medencefen\u00e9k-gyenges\u00e9g, kismedencei s\u00fcllyed\u00e9sek \u2013 is el\u0151fordulhatnak.<\/p>\n<h3><strong>A hal kollag\u00e9n fogyaszt\u00e1s\u00e1nak el\u0151nyei<\/strong><\/h3>\n<p>A hal kollag\u00e9n els\u0151sorban I. t\u00edpus\u00fa kollag\u00e9nt tartalmaz, peptidjeit pedig saj\u00e1tos aminosav-\u00f6sszet\u00e9tel jellemzi, melyben a glicin- \u00e9s prolinkoncentr\u00e1ci\u00f3 rendk\u00edv\u00fcl magas. <strong>A NATICOL\u24c7 MARINE COLLAGEN el\u0151\u00e1ll\u00edt\u00e1s\u00e1hoz haszn\u00e1lt halb\u0151r kiv\u00e1l\u00f3 alapanyag a bioakt\u00edv peptidek izol\u00e1l\u00e1s\u00e1hoz.<\/strong><\/p>\n<p>A hal kollag\u00e9n tov\u00e1bbi <a href=\"https:\/\/www.healthline.com\/nutrition\/bovine-collagen#benefits\">el\u0151nye<\/a>, hogy fogyaszt\u00e1sa mellett kisebb a betegs\u00e9g\u00e1tad\u00e1s \u00e9s a keresztszennyez\u0151d\u00e9sek vesz\u00e9lye, valamint a gyullad\u00e1sos megbeteged\u00e9sek kialakul\u00e1s\u00e1nak val\u00f3sz\u00edn\u0171s\u00e9ge. Mindek\u00f6zben felsz\u00edv\u00f3d\u00e1sa \u00e9s hasznosul\u00e1sa m\u00e9g a marha kollag\u00e9nek felsz\u00edv\u00f3d\u00e1s\u00e1n\u00e1l is kedvez\u0151bb, annak mintegy<a href=\"https:\/\/www.scirp.org\/journal\/paperinformation?paperid=61421\"> m\u00e1sf\u00e9lszeres<\/a>e. R\u00e1ad\u00e1sul mivel nem tartalmaz kazeint, a tejfeh\u00e9rje-\u00e9rz\u00e9kenyek sz\u00e1m\u00e1ra is biztons\u00e1gos.<\/p>\n<h3>A NATICOL\u24c7 MARINE COLLAGEN emellett<\/h3>\n<ul>\n<li>v\u00edztiszt\u00e1n old\u00f3d\u00f3, hat\u00e9kony felsz\u00edv\u00f3d\u00e1s\u00fa mikro-granul\u00e1tum, melynek 8 grammja tartalmazza a feln\u0151ttek sz\u00e1m\u00e1ra aj\u00e1nlott napi C-vitamin-mennyis\u00e9g 100 sz\u00e1zal\u00e9k\u00e1t is;<\/li>\n<li>szagtalan, sz\u00edntelen, glut\u00e9n-, cukor-, zs\u00edr-, koleszterin-, sz\u00e9nhidr\u00e1t-, mesters\u00e9ges sz\u00ednez\u00e9k-, aroma- \u00e9s \u00e9des\u00edt\u0151szer-mentes k\u00e9sz\u00edtm\u00e9ny;<\/li>\n<li>alacsony molekulat\u00f6meggel rendelkezik;<\/li>\n<li>99 sz\u00e1zal\u00e9kos tartalm\u00fa feh\u00e9rje, melynek nagy r\u00e9sze hasznosul;<\/li>\n<li>ellen\u00e1ll a savas k\u00f6zegnek \u00e9s a h\u0151nek;<\/li>\n<li>hat\u00e9konys\u00e1ga pedig <a href=\"https:\/\/www.naticol.com\/en\/markets-and-applications\/nutricosmetic\/\">tudom\u00e1nyosan bizony\u00edtott<\/a>.<\/li>\n<\/ul>\n<p>&nbsp;<\/p>\n<p>Mindezek mellett a hal kollag\u00e9n kiv\u00e1l\u00f3an <a href=\"https:\/\/www.ncbi.nlm.nih.gov\/pmc\/articles\/PMC8780088\/\">alkalmas<\/a> a porcok \u00e9s a b\u0151r eg\u00e9szs\u00e9g\u00e9nek jav\u00edt\u00e1s\u00e1ra, a csontsz\u00f6vet regener\u00e1ci\u00f3j\u00e1nak t\u00e1mogat\u00e1s\u00e1ra, a nem k\u00edv\u00e1nt r\u00e1ncok elt\u00fcntet\u00e9s\u00e9re, az UV-sug\u00e1rz\u00e1s elleni v\u00e9delem biztos\u00edt\u00e1s\u00e1ra, t\u00e1mogatja a v\u00e9r inzulinszintj\u00e9nek szab\u00e1lyoz\u00e1s\u00e1t \u00e9s hat\u00e9konyan seg\u00edti el\u0151 a sebgy\u00f3gyul\u00e1st is.<\/p>\n<h3><strong><span class=\"bluetxt\">A hal kollag\u00e9n hozz\u00e1j\u00e1rul b\u0151r\u00f6d sz\u00e9ps\u00e9g\u00e9hez<\/span><\/strong><\/h3>\n<p>Mindenki sz\u00e9pnek \u00e9s fiatalnak akar l\u00e1tszani, de azt m\u00e1r kevesebben tudj\u00e1k, hogy a rendszeres \u00e9s optimaliz\u00e1lt \u00f6sszet\u00e9tel\u0171 feh\u00e9rjekomplex fogyaszt\u00e1sa hozz\u00e1j\u00e1rul a b\u0151r \u00e9s a k\u00f6t\u0151sz\u00f6vetek eg\u00e9szs\u00e9g\u00e9hez. <strong>Mivel a b\u0151r mintegy 80 sz\u00e1zal\u00e9k\u00e1t I. t\u00edpus\u00fa kollag\u00e9n alkotja, az \u00e9letkor el\u0151rehaladt\u00e1val az antioxid\u00e1ns kapacit\u00e1s pedig elker\u00fclhetetlen\u00fcl cs\u00f6kken<\/strong> \u2013 ez oxidat\u00edv stresszhez \u00e9s a b\u0151r \u00f6reged\u00e9s\u00e9hez vezet \u2013, nyilv\u00e1nval\u00f3, hogy a kollag\u00e9n p\u00f3tl\u00e1sa jelent\u0151s szerepet j\u00e1tszik a b\u0151r mechanikai szil\u00e1rds\u00e1g\u00e1nak meg\u0151rz\u00e9s\u00e9ben \u00e9s a l\u00e1that\u00f3 r\u00e1ncok megel\u0151z\u00e9s\u00e9ben, illetve halv\u00e1ny\u00edt\u00e1s\u00e1ban.<\/p>\n<p><a href=\"https:\/\/www.naticol.com\/en\/naticol-en\/\"><strong>Kutat\u00e1sok<\/strong><\/a><strong> bizony\u00edtj\u00e1k, hogy a NATICOL\u24c7 hal kollag\u00e9n peptid por hozz\u00e1j\u00e1rul a szervezet fokozott kollag\u00e9n szint\u00e9zis\u00e9hez, fokozza a b\u0151r rugalmass\u00e1g\u00e1t \u00e9s a feszess\u00e9g\u00e9t, biztos\u00edtja az egyenletes ragyog\u00e1st \u00e9s hidrat\u00e1lt arcb\u0151rt, valamint a l\u00e1that\u00f3 mimikai r\u00e1ncok cs\u00f6kken\u00e9s\u00e9t eredm\u00e9nyezi.<\/strong><\/p>\n<p>Ezeket az \u00e1ll\u00edt\u00e1sokat egy f\u00fcggetlen \u00f6sszefoglal\u00f3 <a href=\"https:\/\/www.mdpi.com\/1660-3397\/22\/4\/159\">tanulm\u00e1ny<\/a> is meger\u0151s\u00edti, melyb\u0151l kider\u00fcl, hogy a <strong>tengeri kollag\u00e9n \u00f6reged\u00e9sg\u00e1tl\u00f3 el\u0151nyei egy\u00e9rtelm\u0171nek l\u00e1tszanak<\/strong>. A kutat\u00f3k hangs\u00falyozz\u00e1k, hogy a kollag\u00e9n szerepe az oxidat\u00edv stressz, valamint a b\u0151r\u00f6reged\u00e9s elleni k\u00fczdelemben, a f\u00e9nyk\u00e1rosod\u00e1s \u00e9s a r\u00e1ncok megel\u0151z\u00e9s\u00e9ben egyar\u00e1nt kiemelked\u0151. Mindezek mellett a bioakt\u00edv tengeri peptidek olyan \u00f6reged\u00e9sg\u00e1tl\u00f3 tulajdons\u00e1gokat mutatnak, mint a szabadgy\u00f6k-mentes\u00edt\u00e9s, az apopt\u00f3zis g\u00e1tl\u00e1sa, k\u00fcl\u00f6nb\u00f6z\u0151 organizmusok \u00e9lettartam-meghosszabb\u00edt\u00e1sa, valamint az immunv\u00e9delem er\u0151s\u00edt\u00e9se.<\/p>\n<p>A hal kollag\u00e9n ugyanakkor nemcsak hossz\u00fa, hanem r\u00f6vid t\u00e1von is l\u00e1tv\u00e1nyos hat\u00e1st gener\u00e1l. Egy m\u00e1sik <a href=\"https:\/\/www.mdpi.com\/1660-3397\/21\/2\/57\">kutat\u00e1s<\/a> ugyanis meger\u0151s\u00edtette, hogy a tengeri halb\u00f3l sz\u00e1rmaz\u00f3 kollag\u00e9nkivonat k\u00f6vetkezetes alkalmaz\u00e1sa m\u00e1r n\u00e9h\u00e1ny napon bel\u00fcl egy\u00e9rtelm\u0171en nagy m\u00e9rt\u00e9k\u0171 hidrat\u00e1l\u00e1st biztos\u00edtott a vizsg\u00e1lati alanyok karj\u00e1nak b\u0151r\u00e9n.<\/p>\n<p>A tengeri peptidek hat\u00e9konys\u00e1g\u00e1t m\u00e1s klinikai tesztekben is vizsg\u00e1lt\u00e1k.<strong> K\u00e9t randomiz\u00e1lt, kett\u0151s vak, placebo-kontroll\u00e1lt <a href=\"https:\/\/www.mdpi.com\/1422-0067\/19\/10\/3059\">kutat\u00e1s<\/a>ban 30-60 \u00e9ves kor\u00fa emberek bevon\u00e1s\u00e1val szint\u00e9n azt er\u0151s\u00edtett\u00e9k meg, hogy a hal kollag\u00e9n napi adagol\u00e1sa seg\u00edthet a b\u0151r hidrat\u00e1lts\u00e1g\u00e1nak, r\u00e1ncosod\u00e1s\u00e1nak, rugalmass\u00e1g\u00e1nak \u00e9s s\u0171r\u0171s\u00e9g\u00e9nek jav\u00edt\u00e1s\u00e1ban.<\/strong> Az azonban a kutat\u00f3kat is meglepte, hogy \u2013 mik\u00e9nt arra egy <a href=\"https:\/\/www.mdpi.com\/1660-3397\/16\/12\/482\">klinikai vizsg\u00e1lat <\/a>is r\u00e1vil\u00e1g\u00edtott \u2013 a tengeri kollag\u00e9n nemcsak a b\u0151r megjelen\u00e9s\u00e9re, hanem a szervezet hormonh\u00e1ztart\u00e1s\u00e1ra is hat\u00e1ssal lehet. A 2000-3000 Da k\u00f6r\u00fcli tengeri peptidek ugyanis pozit\u00edvan befoly\u00e1solj\u00e1k a plazma n\u00f6veked\u00e9si hormon (PGH) \u00e9s az inzulinszer\u0171 n\u00f6veked\u00e9si faktor-1 (IGF-1) szintj\u00e9t.<\/p>\n<h3><strong><span class=\"bluetxt\">Hal kollag\u00e9n az inzulinrezisztencia, a prediab\u00e9tesz \u00e9s a cukorbetegs\u00e9g kezel\u00e9s\u00e9ben<\/span><\/strong><\/h3>\n<p>A t\u00fals\u00faly, a k\u00f3ros elh\u00edz\u00e1s \u00e9s az annak k\u00f6vetkezt\u00e9ben fell\u00e9p\u0151 cukorbetegs\u00e9g jelent\u0151sen befoly\u00e1solja az \u00e9rintettek mindennapjait. A kettes t\u00edpus\u00fa diab\u00e9tesz r\u00e1ad\u00e1sul modernkori n\u00e9pbetegs\u00e9gnek sz\u00e1m\u00edt a nyugati vil\u00e1gban, melynek kezel\u00e9se, illetve megel\u0151z\u00e9se k\u00f6r\u00fcltekint\u00e9st k\u00edv\u00e1n.<\/p>\n<p>Mivel <strong>a hal kollag\u00e9n kedvez\u0151 hat\u00e1ssal van az \u00e9hs\u00e9g\u00e9rzetre, a testzs\u00edrt\u00f6meg \u00e9s a testzs\u00edr-sz\u00e1zal\u00e9k ar\u00e1ny\u00e1ra is<\/strong>, alkalmaz\u00e1sa kulcsfontoss\u00e1g\u00fa lehet a megel\u0151z\u00e9sben \u00e9s a k\u00f3rk\u00e9p kezel\u00e9s\u00e9ben egyar\u00e1nt.<\/p>\n<p><strong>Hogy mi\u00e9rt?<\/strong><\/p>\n<p>Egy 2019-es <a href=\"https:\/\/www.ncbi.nlm.nih.gov\/pmc\/articles\/PMC6471368\/\">kutat\u00e1s<\/a>ban a vizsg\u00e1lati alanyok egyik fele 12 h\u00e9ten \u00e1t halb\u0151rb\u0151l kivont kollag\u00e9nt kapott, m\u00edg az alanyok m\u00e1sik fel\u00e9t placeb\u00f3val l\u00e1tt\u00e1k el. A kutat\u00f3k megfigyel\u00e9sei alapj\u00e1n a\u00a0 kollag\u00e9nt szed\u0151 csoportban jelent\u0151sen cs\u00f6kkent a testzs\u00edrt\u00f6meg \u00e9s a testzs\u00edr-sz\u00e1zal\u00e9k.<\/p>\n<p>Egy m\u00e1sik, elh\u00edzott patk\u00e1nyokon v\u00e9gzett <a href=\"https:\/\/www.ncbi.nlm.nih.gov\/pmc\/articles\/PMC10028559\/\">k\u00eds\u00e9rlet<\/a> sor\u00e1n med\u00faz\u00e1kb\u00f3l kivont kollag\u00e9nt alkalmaztak, melynek hat\u00e1s\u00e1ra a h\u00e1romhetes vizsg\u00e1lati peri\u00f3dus v\u00e9g\u00e9re egyar\u00e1nt cs\u00f6kkent a testt\u00f6megindex (BMI), a s\u00falygyarapod\u00e1s \u00e9s az \u00e9hgyomri v\u00e9rcukorszint. Ugyanezt er\u0151s\u00edtette meg egy halb\u0151r-kollag\u00e9nnel v\u00e9gzett <a href=\"https:\/\/www.ncbi.nlm.nih.gov\/pmc\/articles\/PMC6164805\/\">vizsg\u00e1lat<\/a> is, melyben<strong> a hal kollag\u00e9nnel t\u00e1pl\u00e1lt t\u00fals\u00falyos k\u00eds\u00e9rleti \u00e1llatok a kontroll csoporthoz k\u00e9pest kisebb s\u00falygyarapod\u00e1ssal, eg\u00e9szs\u00e9gesebb m\u00e1jjal \u00e9s kevesebb zs\u00edrsz\u00f6vettel z\u00e1rt\u00e1k a vizsg\u00e1latot.<\/strong><\/p>\n<p>Emellett az or\u00e1lisan adagolt hal kollag\u00e9n <a href=\"https:\/\/link.springer.com\/article\/10.1007\/s13197-017-2663-z\">cs\u00f6kkenti<\/a> az oxidat\u00edv stresszt, a gyullad\u00e1st, \u00e9s modul\u00e1lja a GLUT-4 \u00e9s a PPAR-\u03b1 expresszi\u00f3j\u00e1t a T2D patk\u00e1nymodellekben.<\/p>\n<h3><strong><span class=\"bluetxt\">A hal kollag\u00e9n az em\u00e9szt\u0151rendszer m\u0171k\u00f6d\u00e9s\u00e9t is t\u00e1mogatja<\/span><\/strong><\/h3>\n<p>Az em\u00e9szt\u0151rendszer mikrobiomj\u00e1nak s\u00e9r\u00fcl\u00e9sei az em\u00e9szt\u00e9s \u00e9s a hat\u00e9kony t\u00e1panyag-felsz\u00edv\u00f3d\u00e1s roml\u00e1s\u00e1t eredm\u00e9nyezhetik, ez pedig hossz\u00fa t\u00e1von kedvez\u0151tlen m\u00f3don befoly\u00e1solja az immunrendszer m\u0171k\u00f6d\u00e9s\u00e9t, valamint a k\u00f6z\u00e9rzetet. A jelens\u00e9g az extr\u00e9m m\u00e9rt\u00e9kben feldolgozott \u00e9lelmiszerek, valamint a n\u00e9pbetegs\u00e9gnek sz\u00e1m\u00edt\u00f3 cukorbetegs\u00e9g, illetve intoleranci\u00e1k \u00e9s allergi\u00e1k miatt egyre nagyobb m\u00e9rt\u00e9kben mutatja meg mag\u00e1t. A megold\u00e1s pedig nem m\u00e1s, mint az em\u00e9szt\u0151- \u00e9s az immunrendszer t\u00e1mogat\u00e1sa.<\/p>\n<p><strong>A NATICOL\u24c7 hal kollag\u00e9n <a href=\"https:\/\/www.naticol.com\/en\/markets-and-applications\/intestinal-comfort\/\">jav\u00edtja<\/a> a b\u00e9lkomfort bizonyos markereit, n\u00f6veli a v\u00e9d\u0151bakt\u00e9riumok \u00e9s \u00e9leszt\u0151gomb\u00e1k hat\u00e9konys\u00e1g\u00e1t, mik\u00f6zben \u00e9szrev\u00e9tlen\u00fcl cs\u00f6kkenti a Candida albicans jelenl\u00e9t\u00e9nek m\u00e9rt\u00e9k\u00e9t<\/strong>, emellett j\u00f3t\u00e9kony hat\u00e1ssal van a monocit\u00e1kra, azokat ugyanis immuntoler\u00e1ns \u00e9s antioxid\u00e1ns profil fel\u00e9 tolja el.<\/p>\n<p>Egy\u00e9rtelm\u0171nek l\u00e1tszik emellett, hogy <strong>a hal kollag\u00e9n \u00e1ltal megn\u00f6velt feh\u00e9rjebevitel <a href=\"https:\/\/www.sciencedirect.com\/science\/article\/pii\/S0928493119346892#bbb0890\">cs\u00f6kkenti<\/a> az \u00e9hs\u00e9g\u00e9rzetet, n\u00f6veli a j\u00f3llakotts\u00e1got \u00e9s kedvez a fogy\u00e1snak. <\/strong>Tov\u00e1bbi klinikai bizony\u00edt\u00e9kok azt mutatj\u00e1k, hogy a hal kollag\u00e9n hat a lipidanyagcser\u00e9re, mivel cs\u00f6kkenti az \u00f6sszes triglicerid, az \u00f6sszes koleszterin, az LDH, a szabad zs\u00edrsavak szintj\u00e9t, valamint az \u00e9hgyomri v\u00e9rcukorszintet \u00e9s az inzulinszintet, vagyis a posztprandi\u00e1lis v\u00e9rcukorszintet.<\/p>\n<h3><span class=\"bluetxt\"><strong>A<\/strong> <strong>NATICOL<\/strong><strong>\u24c7 hal kollag<\/strong><strong>\u00e9n fogyaszt<\/strong><strong>\u00e1sa sportol<\/strong><strong>\u00f3knak is aj<\/strong><strong>\u00e1nlott<\/strong><\/span><\/h3>\n<p>A rendszeres sport \u2013 legyen az hobbifut\u00e1s vagy versenysport \u2013 az eg\u00e9szs\u00e9ges \u00e9let fontos alkot\u00f3eleme. Nem \u00e1rt azonban tudni, hogy csak kell\u0151 k\u00f6r\u00fcltekint\u00e9ssel \u00e9s odafigyel\u00e9ssel, a test jelz\u00e9seinek \u00e9szlel\u00e9se mellett lehet igaz\u00e1n biztons\u00e1gos. A rendszeres sport ugyanis sz\u00fcks\u00e9gszer\u0171en nagy m\u00e9rt\u00e9k\u0171, folyamatos fizikai terhel\u00e9ssel j\u00e1r egy\u00fctt, melynek nyom\u00e1n f\u00e1jdalom vagy v\u00e1zizomrendszeri megbeteged\u00e9sek, gyullad\u00e1sok l\u00e9phetnek fel. Emellett az izomf\u00e1radts\u00e1g, az izomf\u00e1jdalom, a mozg\u00e1startom\u00e1ny besz\u0171k\u00fcl\u00e9se vagy a k\u00f6t\u00f6tts\u00e9g \u00e9pp \u00fagy jelenthetnek gondot, mint a gyakori sports\u00e9r\u00fcl\u00e9sek vagy egyes szervek kr\u00f3nikus panaszai.<\/p>\n<p><strong>A mozg\u00e1sszervi megbeteged\u00e9sek \u00e9s a t\u00falz\u00e1sba vitt sport k\u00e1ros hat\u00e1sai megel\u0151zhet\u0151k vagy ellens\u00falyozhat\u00f3k n\u00e9mi tudatoss\u00e1g \u00e9s a NATICOL\u24c7 hal kollag\u00e9n seg\u00edts\u00e9g\u00e9vel<\/strong>, hiszen <a href=\"https:\/\/www.naticol.com\/en\/markets-and-applications\/intestinal-comfort\/\">kutat\u00e1s<\/a>unkb\u00f3l kider\u00fcl: a Naticol\u00ae kollag\u00e9n peptidek<\/p>\n<ul>\n<li>antioxid\u00e1ns tulajdons\u00e1gokkal rendelkeznek;<\/li>\n<li>esszenci\u00e1lis aminosavakat tartalmaznak;<\/li>\n<li>nem min\u0151s\u00fclnek doppingszernek, \u00edgy f\u00e9lprofi \u00e9s versenysportol\u00f3k is biztons\u00e1gosan alkalmazhatj\u00e1k \u0151ket;<\/li>\n<li>edz\u00e9s el\u0151tti fogyaszt\u00e1s eset\u00e9n a kollag\u00e9n peptidek biztos\u00edtj\u00e1k a kellemes j\u00f3llakotts\u00e1g \u00e9rzet\u00e9t an\u00e9lk\u00fcl, hogy elnehez\u00edten\u00e9nek vagy energi\u00e1t vonn\u00e1nak el az eszm\u00e9szt\u00e9s sz\u00e1m\u00e1ra, k\u00e1rosan befoly\u00e1solva ezzel a t\u00e9nyleges sportteljes\u00edtm\u00e9nyt;<\/li>\n<li>edz\u00e9s k\u00f6zben hozz\u00e1j\u00e1rul az \u00edz\u00fcletek \u00e9s a k\u00f6t\u0151sz\u00f6vetek v\u00e9delm\u00e9hez, valamint v\u00e9di a b\u0151rt a napt\u00f3l, a hidegt\u0151l \u00e9s a l\u00e9gk\u00f6ri szennyez\u0151d\u00e9sekt\u0151l;<\/li>\n<li>legal\u00e1bb 93% sz\u00e1zal\u00e9kos feh\u00e9rjetartalmukkal hozz\u00e1j\u00e1rulnak a sportteljes\u00edtm\u00e9nyhez.<\/li>\n<\/ul>\n<p>&nbsp;<\/p>\n<p>A hal kollag\u00e9n mindezek mellett a sebgy\u00f3gyul\u00e1sban \u00e9s a sport- vagy m\u0171t\u00e9ti s\u00e9r\u00fcl\u00e9sek ut\u00e1ni fel\u00e9p\u00fcl\u00e9sben is rendk\u00edv\u00fcli szerepet j\u00e1tszik. <a href=\"https:\/\/www.sciencedirect.com\/science\/article\/pii\/S0928493119346892#bbb0890\">K\u00eds\u00e9rletek<\/a> folynak p\u00e9ld\u00e1ul a hal \u00e9s tengeri kollag\u00e9n biohacking \u00e9s biom\u00e9rn\u00f6ki ter\u00fcleten val\u00f3 felhaszn\u00e1l\u00e1s\u00e1nak optimaliz\u00e1l\u00e1s\u00e1ra, mivel a hal kollag\u00e9n feh\u00e9rjel\u00e1ncai sz\u00e1mos lehet\u0151s\u00e9get tartogatnak a j\u00f6v\u0151 szakorvosainak.<\/p>\n<p>Ami a sebgy\u00f3gyul\u00e1st illeti, <strong>t\u00f6bb <a href=\"https:\/\/www.mdpi.com\/1660-3397\/17\/1\/33\">vizsg\u00e1lat<\/a> is kimutatta, hogy a tengeri forr\u00e1sb\u00f3l sz\u00e1rmaz\u00f3 kollag\u00e9n gyorsan \u00e9s hat\u00e9konyan gyors\u00edtja a sebgy\u00f3gyul\u00e1st, \u00e9s \u00edgy \u00edg\u00e9retes b\u0151rp\u00f3tl\u00f3 anyagk\u00e9nt haszn\u00e1lhat\u00f3 s\u00falyos sebek kezel\u00e9s\u00e9re.<\/strong> K\u00fcl\u00f6n\u00f6sen igaz ez egyes halfajok b\u0151r\u00e9re ny\u00edlt sebek \u00e9s \u00e9g\u00e9si s\u00e9r\u00fcl\u00e9sek kezel\u00e9s\u00e9ben, mert a hal kollag\u00e9n j\u00f3 biokompatibilit\u00e1ssal \u00e9s b\u0151rjav\u00edt\u00f3 k\u00e9pess\u00e9ggel <a href=\"https:\/\/www.frontiersin.org\/journals\/bioengineering-and-biotechnology\/articles\/10.3389\/fbioe.2023.1087139\/full\">rendelkezik<\/a>, valamint k\u00e9pes arra, hogy leboml\u00e1s\u00e1t k\u00f6vet\u0151en t\u00e1mogassa a szervezet saj\u00e1t sejtk\u00e9pz\u0151 folyamatainak m\u0171k\u00f6d\u00e9s\u00e9t.<\/p>\n<h3><strong>A NATICOL<\/strong><strong>\u24c7 hal kollag<\/strong><strong>\u00e9n el<\/strong><strong>\u0151\u00e1ll<\/strong><strong>\u00edt<\/strong><strong>\u00e1sa ellen<\/strong><strong>\u0151rz<\/strong><strong>\u00f6tt, biztons<\/strong><strong>\u00e1gos folyamat<\/strong><\/h3>\n<p>A kiv\u00e1l\u00f3 min\u0151s\u00e9g\u0171, hat\u00e9kony hal kollag\u00e9n peptidek el\u0151\u00e1ll\u00edt\u00e1s\u00e1nak sz\u00fcks\u00e9gszer\u0171 felt\u00e9tele az ellen\u0151rz\u00f6tt gy\u00e1rt\u00e1si folyamat, melynek keret\u00e9ben a felhaszn\u00e1lt halb\u0151r kinyer\u00e9se, ellen\u0151rz\u00e9se \u00e9s sz\u00e1ll\u00edt\u00e1sa sor\u00e1n is szigor\u00fa protokollt k\u00f6vet\u00fcnk.<\/p>\n<p><strong>A NATICOL\u24c7 hal kollag\u00e9n gy\u00e1rt\u00e1sa sor\u00e1n kiz\u00e1r\u00f3lag uni\u00f3s enged\u00e9llyel rendelkez\u0151, szigor\u00fa fenntarthat\u00f3s\u00e1gi szab\u00e1lyokat szem el\u0151tt tart\u00f3 partnerc\u00e9gekkel dolgozunk.<\/strong> A teljes folyamat az upcyclingra alapul, azaz olyan, az \u00e9lelmiszer-el\u0151\u00e1ll\u00edt\u00e1s mell\u00e9kterm\u00e9kek\u00e9nt keletkez\u0151 halb\u0151rt haszn\u00e1lunk fel, melyet ennek hi\u00e1ny\u00e1ban k\u00f6lts\u00e9ges \u00e9s k\u00f6rnyezetszennyez\u0151 m\u00f3don meg kellene semmis\u00edteni.<\/p>\n<p>Az alapanyagok \u00e1tv\u00e9tel\u00e9t minden esetben min\u0151s\u00e9gellen\u0151rz\u00e9s el\u0151zi meg, hiszen csak \u00edgy tudjuk biztos\u00edtani, hogy forr\u00e1saink \u00e9s term\u00e9keink egyar\u00e1nt megfeleljenek a legszigor\u00fabb \u00e9lelmiszerbiztons\u00e1gi el\u0151\u00edr\u00e1soknak is. <strong>Ha a NATICOL\u24c7 hal kollag\u00e9n mellett d\u00f6ntesz, az eg\u00e9szs\u00e9ges teljess\u00e9get \u00e9s \u00f6nmagadat v\u00e1lasztod!<\/strong><\/p>\n<p><span class=\"bluetxt\"><strong>Aj\u00e1nljuk mindazoknak, akik<\/strong><\/span><\/p>\n<ul>\n<li>rendszeresen sportolnak, test\u00e9p\u00edtenek;<\/li>\n<li>kr\u00f3nikus mozg\u00e1sszervi megbeteged\u00e9sben, autoimmun eredet\u0171 v\u00e1zizomrendszeri megbeteged\u00e9sben szenvednek;<\/li>\n<li>sport- vagy k\u00f6zleked\u00e9si s\u00e9r\u00fcl\u00e9s ut\u00e1n l\u00e1badoznak;<\/li>\n<li>t\u00falys\u00falyosak \u00e9s szeretn\u00e9k megv\u00e9deni \u00edz\u00fcleteiket, porcaikat, illetve tests\u00falykontrollra t\u00f6rekszenek;<\/li>\n<li>\u00e9letm\u00f3dv\u00e1lt\u00e1sra sz\u00e1nt\u00e1k el magukat;<\/li>\n<li>cukorbetegs\u00e9ggel, \u00e9tel\u00e9rz\u00e9kenys\u00e9ggel, inzulinrezisztenci\u00e1val \u00e9lnek;<\/li>\n<li>prevent\u00edv m\u00f3don tenn\u00e9nek az eg\u00e9szs\u00e9g\u00fck\u00e9rt;<\/li>\n<li>szeretn\u00e9nek sok\u00e1ig sz\u00e9pek \u00e9s fiatalosak maradni;<\/li>\n<li>em\u00e9szt\u0151szervi diszkomforttal k\u00fczdenek;<\/li>\n<li>gyakran betegszenek meg, hajlamosak elkapni mindenf\u00e9le v\u00edrust, \u00e9s meger\u0151s\u00edten\u00e9k immunrendszer\u00fcket.<\/li>\n<\/ul>\n<h3><strong>A C-vitamin j\u00f3l kieg\u00e9sz\u00edti a kollag\u00e9n munk\u00e1j\u00e1t<\/strong><\/h3>\n<p>Kevesen tudj\u00e1k, de a C-vitamin hozz\u00e1j\u00e1rul a norm\u00e1l kollag\u00e9nk\u00e9pz\u0151d\u00e9shez, melynek alapja, hogy a polil-hidroxil\u00e1z \u00e9s a lizil-hidroxil\u00e1z enzimek kofaktora. (Ezek az enzimek kataliz\u00e1lj\u00e1k a prokollag\u00e9n prolin- \u00e9s lizinmaradv\u00e1nyainak hidroxil\u00e1l\u00e1s\u00e1t.) \u00c9pp ez\u00e9rt a C-vitamin nemcsak a kollag\u00e9nszint\u00e9zishez, hanem a <a href=\"https:\/\/pubmed.ncbi.nlm.nih.gov\/7518857\/\">k\u00f6t\u0151sz\u00f6vetek<\/a> gy\u00f3gyul\u00e1s\u00e1hoz \u00e9s a v\u00e1zizomrendszer eg\u00e9szs\u00e9g\u00e9hez is elengedhetetlen.<\/p>\n<p><a href=\"https:\/\/www.ncbi.nlm.nih.gov\/pmc\/articles\/PMC6204628\/\"><strong>Kutat\u00e1sok<\/strong><\/a><strong> bizony\u00edtj\u00e1k tov\u00e1bb\u00e1, hogy a C-vitamin k\u00e9pes felgyors\u00edtani a csontgy\u00f3gyul\u00e1st t\u00f6r\u00e9s ut\u00e1n, n\u00f6velni az I. t\u00edpus\u00fa kollag\u00e9n szint\u00e9zis\u00e9t \u00e9s cs\u00f6kkenteni az oxidat\u00edv stressz param\u00e9tereit.<\/strong> Emellett a C-vitamin er\u0151s antioxid\u00e1nsk\u00e9nt is m\u0171k\u00f6dik, mivel <a href=\"https:\/\/www.ncbi.nlm.nih.gov\/pmc\/articles\/PMC296476\/\">semleges\u00edti<\/a> a k\u00e1ros reakt\u00edv oxig\u00e9n fajok (ROS) m\u0171k\u00f6d\u00e9s\u00e9t, amelyek a gyullad\u00e1sos f\u00e1zisban a sejtek apopt\u00f3zis\u00e1\u00e9rt felel\u0151sek.<\/p>\n<p>Felismerve, hogy a C-vitamin a folyamat sz\u00e1mos pontj\u00e1n hat\u00e9konyan, mell\u00e9khat\u00e1sok n\u00e9lk\u00fcl t\u00e1mogatja az emberi test kollag\u00e9nszint\u00e9zis\u00e9t, gondoskodtunk r\u00f3la, hogy mindig kell\u0151 mennyis\u00e9gben \u00e1lljon rendelkez\u00e9sedre.<\/p>\n<p>Vagyis 8 g NATICOL\u24c7 MARINE COLLAGEN &#8211; Hidroliz\u00e1lt hal kollag\u00e9n peptid por tartalmazza a feln\u0151ttek sz\u00e1m\u00e1ra javasolt napi C-vitamin-bevitel 100 sz\u00e1zal\u00e9k\u00e1t, hogy a mindennapok rohan\u00e1s\u00e1ban ne kelljen m\u00e9g erre is figyelned.<\/p>\n<p><strong>Fontos megjegyz\u00e9s:<\/strong> Az oldalon tal\u00e1lhat\u00f3 inform\u00e1ci\u00f3k \u00e9s \u00e1ll\u00edt\u00e1sok csup\u00e1n \u00e1ltal\u00e1nos t\u00e1j\u00e9koztat\u00e1sul szolg\u00e1lnak a term\u00e9keink \u00f6sszetev\u0151ivel kapcsolatban. Az USA Medical term\u00e9kei nem min\u0151s\u00fclnek gy\u00f3gyszernek, \u00e9s az inform\u00e1ci\u00f3k nem helyettes\u00edtik az orvosi tan\u00e1csad\u00e1st vagy kezel\u00e9st. A k\u00f6z\u00f6lt \u00e1ll\u00edt\u00e1sok nem a konkr\u00e9t term\u00e9kre vonatkoznak, hanem a tudom\u00e1nyos \u00e9s szakirodalmi forr\u00e1sokban tal\u00e1lhat\u00f3 ismereteket \u00f6sszegzik. Az inform\u00e1ci\u00f3k nem \u00e9rtelmezhet\u0151k szem\u00e9lyre szabott eg\u00e9szs\u00e9g\u00fcgyi javaslatk\u00e9nt, \u00e9s nem szolg\u00e1lnak konkr\u00e9t t\u00fcnetek kezel\u00e9s\u00e9re vonatkoz\u00f3 tan\u00e1csk\u00e9nt. B\u00e1rmilyen eg\u00e9szs\u00e9gi probl\u00e9m\u00e1val kapcsolatban k\u00e9rj\u00fck, forduljon szakorvoshoz vagy gy\u00f3gyszer\u00e9szhez!<\/p>\n","protected":false},"excerpt":{"rendered":"<div id=\"product_desc\" class=\"elementor-element elementor-element-dca84d2 elementor-widget elementor-widget-woocommerce-product-short-description\" data-id=\"dca84d2\" data-element_type=\"widget\" data-widget_type=\"woocommerce-product-short-description.default\">\n<div class=\"elementor-widget-container\">\n<div class=\"woocommerce-product-details__short-description\">\n<p>A francia, szabadalmaztatott\u00a0<strong>Naticol\u00ae hidroliz\u00e1lt hal kollag\u00e9n<\/strong>\u00a0k\u00f6nnyen em\u00e9szthet\u0151 \u00e9s j\u00f3l felsz\u00edv\u00f3d\u00f3 tiszta feh\u00e9rjeforr\u00e1s, mely f\u0151k\u00e9nt I-es t\u00edpus\u00fa kollag\u00e9nt tartalmaz. Egyed\u00fcl\u00e1ll\u00f3 aminosav kombin\u00e1ci\u00f3b\u00f3l \u00e1ll, amely<strong>\u00a0a szervezet\u00fcnk sz\u00e1m\u00e1ra n\u00e9lk\u00fcl\u00f6zhetetlen 9 aminosavb\u00f3l 7-et biztos\u00edt.\u00a0\u00a0<\/strong>Fontos k\u00fcl\u00f6nbs\u00e9g, hogy a Naticol<strong>\u00ae<\/strong>\u00a0halkollag\u00e9n\u00a0<strong>Neu5Gc mentes,\u00a0<\/strong>ez\u00e9rt remek v\u00e1laszt\u00e1s lehet mindazoknak, akik autoimmun di\u00e9t\u00e1t k\u00f6vetnek \u00e9s ker\u00fclik az eml\u0151s\u00e1llatokb\u00f3l sz\u00e1rmaz\u00f3 \u00e9lelmiszereket. Kiv\u00e1l\u00f3an hasznosul\u00f3,\u00a0<strong>h<\/strong><strong>idroliz\u00e1lt form\u00e1ban k\u00e9sz\u00fcl, ami azt jelenti, hogy 2000 Dalton alatti molakulat\u00f6meg\u0171.<\/strong>\u00a0A kis molekulat\u00f6meg j\u00f3val hat\u00e9konyabb felsz\u00edv\u00f3d\u00e1st biztos\u00edt m\u00e1s, sima kollag\u00e9nekhez k\u00e9pest! Ide\u00e1lis azoknak is, akik GMO-, glut\u00e9n-, \u00e9s cukormentes m\u00f3don \u00e9tkeznek vagy ker\u00fclik a zs\u00edrokat, a koleszterint \u00e9s a t\u00falzott sz\u00e9nhidr\u00e1tbevitelt. Aj\u00e1nlott lakt\u00f3z- \u00e9s tejfeh\u00e9rje-\u00e9rz\u00e9kenyek sz\u00e1m\u00e1ra is. Kiv\u00e1l\u00f3an old\u00f3dik folyad\u00e9kban, \u00e9s semleges \u00edzvil\u00e1g\u00e1nak k\u00f6sz\u00f6nhet\u0151en b\u00e1rmibe belekeverheted, p\u00e9ld\u00e1ul: gy\u00fcm\u00f6lcsl\u00e9be, k\u00e1v\u00e9ba, joghurtba, gy\u00fcm\u00f6lcsturmixba, smoothie-ba, reggeliz\u0151 k\u00e1s\u00e1ba! 100% aj\u00e1nlott napi C-vitamin tartalommal kieg\u00e9sz\u00edtve!\u00a0<strong>Nem tartalmaz semmilyen adal\u00e9kanyagot,<\/strong>\u00a0mint p\u00e9ld\u00e1ul mesters\u00e9ges \u00edzfokoz\u00f3kat, arom\u00e1kat, tart\u00f3s\u00edt\u00f3szereket, csom\u00f3sod\u00e1sg\u00e1tl\u00f3kat, valamint \u00e9des\u00edt\u0151szereket sem, \u00edgy nem terheli az em\u00e9szt\u0151rendszered! A Naticol<strong>\u00ae<\/strong>\u00a0\u201e<strong>Friend of the Sea\u00ae\u201d,\u00a0<\/strong>azaz a \u201etenger bar\u00e1tja\u201d fenntarthat\u00f3s\u00e1gi c\u00edmk\u00e9vel is rendelkezik.<\/p>\n<p><strong>\u00c9trend-kieg\u00e9sz\u00edt\u0151 por<br \/>\nOGY\u00c9I notifik\u00e1ci\u00f3s sz\u00e1m:\u00a0<\/strong>35290\/2024<br \/>\n<strong>Kiszerel\u00e9s:<\/strong>\u00a0240 g (1 havi adag, 8000 mg \/ nap)<br \/>\n<strong>\u00cdz:<\/strong>\u00a0semleges, \u00edzes\u00edtetlen<br \/>\n<strong>Sz\u00e1rmaz\u00e1si orsz\u00e1g:<\/strong> EU<\/p>\n<\/div>\n<\/div>\n<\/div>\n<div class=\"elementor-element elementor-element-9362874 elementor-icon-list--layout-traditional elementor-list-item-link-full_width elementor-widget elementor-widget-icon-list\" data-id=\"9362874\" data-element_type=\"widget\" data-widget_type=\"icon-list.default\">\n<div class=\"elementor-widget-container\">\n<ul class=\"elementor-icon-list-items\">\n<li class=\"elementor-icon-list-item\"><span class=\"elementor-icon-list-text\">Magyar-amerikai fejleszt\u00e9s<\/span><\/li>\n<li class=\"elementor-icon-list-item\"><span class=\"elementor-icon-list-text\">GMP \u00e9s HACCP szabv\u00e1ny szerint gy\u00e1rtva<\/span><\/li>\n<li class=\"elementor-icon-list-item\"><span class=\"elementor-icon-list-text\">Val\u00f3s magyarorsz\u00e1gi rakt\u00e1rk\u00e9szletr\u0151l<\/span><\/li>\n<\/ul>\n<p><img decoding=\"async\" class=\"alignnone size-full wp-image-826\" src=\"https:\/\/herbalkincsei.hu\/wp-content\/uploads\/2024\/03\/hand-holding-heart-solid.svg\" alt=\"\" \/>\u00a0 Term\u00e9keink gondosan v\u00e1logatott alapanyagokb\u00f3l k\u00e9sz\u00fclnek.<\/p>\n<p><img decoding=\"async\" class=\"alignnone size-full wp-image-825\" src=\"https:\/\/herbalkincsei.hu\/wp-content\/uploads\/2024\/03\/star-solid.svg\" alt=\"\" \/>\u00a0 \u00a0A term\u00e9kekre hazai garanci\u00e1t \u00e9s term\u00e9k szolg\u00e1ltat\u00e1st biztos\u00edtunk.<\/p>\n<p><img decoding=\"async\" class=\"alignnone size-full wp-image-823\" src=\"https:\/\/herbalkincsei.hu\/wp-content\/uploads\/2024\/03\/user-lock-solid.svg\" alt=\"\" \/>\u00a0Biztons\u00e1gos v\u00e9dett fizet\u00e9s.<\/p>\n<p><img decoding=\"async\" class=\"alignnone size-full wp-image-824\" src=\"https:\/\/herbalkincsei.hu\/wp-content\/uploads\/2024\/03\/truck-fast-solid.svg\" alt=\"\" \/> Gyors kiszolg\u00e1l\u00e1s.<\/p>\n<\/div>\n<\/div>\n","protected":false},"featured_media":1634,"comment_status":"closed","ping_status":"closed","template":"","meta":[],"product_brand":[223],"product_cat":[172,246,19,171],"product_tag":[],"class_list":{"0":"post-1635","1":"product","2":"type-product","3":"status-publish","4":"has-post-thumbnail","6":"product_brand-usamedical","7":"product_cat-etrend-kiegeszitok","8":"product_cat-kollagen-usamedical","9":"product_cat-minden-termek","10":"product_cat-usamedical","11":"product_shipping_class-hu","13":"first","14":"instock","15":"purchasable","16":"product-type-simple","17":"add-to-wishlist-before_image","18":"customify-col","19":"product-has-gallery"},"yoast_head":"<!-- This site is optimized with the Yoast SEO plugin v27.4 - https:\/\/yoast.com\/product\/yoast-seo-wordpress\/ -->\n<title>Hal kollag\u00e9n por Naticol\u00ae 240 g - Herb\u00e1lkincsei<\/title>\n<meta name=\"description\" content=\"A szabadalmaztatott NATICOL\u00ae hal kollag\u00e9n kiv\u00e1l\u00f3 min\u0151s\u00e9g\u0171, komplex feh\u00e9rj\u00e9nek sz\u00e1m\u00edt, mely a kilenc esszenci\u00e1lis aminosavb\u00f3l \u00f6sszesen hetet, valamint f\u0151k\u00e9nt I. t\u00edpus\u00fa kollag\u00e9nt tartalmaz. Remek v\u00e1laszt\u00e1s mindazoknak, akik autoimmun di\u00e9t\u00e1t k\u00f6vetnek, GMO-, glut\u00e9n-, cukormentes m\u00f3don \u00e9tkeznek vagy ker\u00fclik a zs\u00edrokat, koleszterint \u00e9s a t\u00falzott sz\u00e9nhidr\u00e1tbevitelt.\" \/>\n<meta name=\"robots\" content=\"index, follow, max-snippet:-1, max-image-preview:large, max-video-preview:-1\" \/>\n<link rel=\"canonical\" href=\"https:\/\/herbalkincsei.hu\/index.php\/termek\/hal-kollagen-por-naticol-240-g\/\" \/>\n<meta property=\"og:locale\" content=\"hu_HU\" \/>\n<meta property=\"og:type\" content=\"article\" \/>\n<meta property=\"og:title\" content=\"Hal kollag\u00e9n por Naticol\u00ae 240 g - Herb\u00e1lkincsei\" \/>\n<meta property=\"og:description\" content=\"A szabadalmaztatott NATICOL\u00ae hal kollag\u00e9n kiv\u00e1l\u00f3 min\u0151s\u00e9g\u0171, komplex feh\u00e9rj\u00e9nek sz\u00e1m\u00edt, mely a kilenc esszenci\u00e1lis aminosavb\u00f3l \u00f6sszesen hetet, valamint f\u0151k\u00e9nt I. t\u00edpus\u00fa kollag\u00e9nt tartalmaz. Remek v\u00e1laszt\u00e1s mindazoknak, akik autoimmun di\u00e9t\u00e1t k\u00f6vetnek, GMO-, glut\u00e9n-, cukormentes m\u00f3don \u00e9tkeznek vagy ker\u00fclik a zs\u00edrokat, koleszterint \u00e9s a t\u00falzott sz\u00e9nhidr\u00e1tbevitelt.\" \/>\n<meta property=\"og:url\" content=\"https:\/\/herbalkincsei.hu\/index.php\/termek\/hal-kollagen-por-naticol-240-g\/\" \/>\n<meta property=\"og:site_name\" content=\"Herb\u00e1lkincsei\" \/>\n<meta property=\"article:modified_time\" content=\"2025-11-22T19:20:37+00:00\" \/>\n<meta property=\"og:image\" content=\"https:\/\/herbalkincsei.hu\/wp-content\/uploads\/2025\/09\/0209202568b6cd4fcebec.jpeg?wsr\" \/>\n\t<meta property=\"og:image:width\" content=\"800\" \/>\n\t<meta property=\"og:image:height\" content=\"960\" \/>\n\t<meta property=\"og:image:type\" content=\"image\/jpeg\" \/>\n<meta name=\"twitter:card\" content=\"summary_large_image\" \/>\n<meta name=\"twitter:label1\" content=\"Becs\u00fclt olvas\u00e1si id\u0151\" \/>\n\t<meta name=\"twitter:data1\" content=\"10 perc\" \/>\n<script type=\"application\/ld+json\" class=\"yoast-schema-graph\">{\"@context\":\"https:\\\/\\\/schema.org\",\"@graph\":[{\"@type\":\"WebPage\",\"@id\":\"https:\\\/\\\/herbalkincsei.hu\\\/index.php\\\/termek\\\/hal-kollagen-por-naticol-240-g\\\/\",\"url\":\"https:\\\/\\\/herbalkincsei.hu\\\/index.php\\\/termek\\\/hal-kollagen-por-naticol-240-g\\\/\",\"name\":\"Hal kollag\u00e9n por Naticol\u00ae 240 g - Herb\u00e1lkincsei\",\"isPartOf\":{\"@id\":\"https:\\\/\\\/herbalkincsei.hu\\\/#website\"},\"primaryImageOfPage\":{\"@id\":\"https:\\\/\\\/herbalkincsei.hu\\\/index.php\\\/termek\\\/hal-kollagen-por-naticol-240-g\\\/#primaryimage\"},\"image\":{\"@id\":\"https:\\\/\\\/herbalkincsei.hu\\\/index.php\\\/termek\\\/hal-kollagen-por-naticol-240-g\\\/#primaryimage\"},\"thumbnailUrl\":\"https:\\\/\\\/herbalkincsei.hu\\\/wp-content\\\/uploads\\\/2025\\\/09\\\/0209202568b6cd4fcebec.jpeg?wsr\",\"datePublished\":\"2025-09-02T10:56:16+00:00\",\"dateModified\":\"2025-11-22T19:20:37+00:00\",\"description\":\"A szabadalmaztatott NATICOL\u00ae hal kollag\u00e9n kiv\u00e1l\u00f3 min\u0151s\u00e9g\u0171, komplex feh\u00e9rj\u00e9nek sz\u00e1m\u00edt, mely a kilenc esszenci\u00e1lis aminosavb\u00f3l \u00f6sszesen hetet, valamint f\u0151k\u00e9nt I. t\u00edpus\u00fa kollag\u00e9nt tartalmaz. Remek v\u00e1laszt\u00e1s mindazoknak, akik autoimmun di\u00e9t\u00e1t k\u00f6vetnek, GMO-, glut\u00e9n-, cukormentes m\u00f3don \u00e9tkeznek vagy ker\u00fclik a zs\u00edrokat, koleszterint \u00e9s a t\u00falzott sz\u00e9nhidr\u00e1tbevitelt.\",\"breadcrumb\":{\"@id\":\"https:\\\/\\\/herbalkincsei.hu\\\/index.php\\\/termek\\\/hal-kollagen-por-naticol-240-g\\\/#breadcrumb\"},\"inLanguage\":\"hu\",\"potentialAction\":[{\"@type\":\"ReadAction\",\"target\":[\"https:\\\/\\\/herbalkincsei.hu\\\/index.php\\\/termek\\\/hal-kollagen-por-naticol-240-g\\\/\"]}]},{\"@type\":\"ImageObject\",\"inLanguage\":\"hu\",\"@id\":\"https:\\\/\\\/herbalkincsei.hu\\\/index.php\\\/termek\\\/hal-kollagen-por-naticol-240-g\\\/#primaryimage\",\"url\":\"https:\\\/\\\/herbalkincsei.hu\\\/wp-content\\\/uploads\\\/2025\\\/09\\\/0209202568b6cd4fcebec.jpeg?wsr\",\"contentUrl\":\"https:\\\/\\\/herbalkincsei.hu\\\/wp-content\\\/uploads\\\/2025\\\/09\\\/0209202568b6cd4fcebec.jpeg?wsr\",\"width\":800,\"height\":960},{\"@type\":\"BreadcrumbList\",\"@id\":\"https:\\\/\\\/herbalkincsei.hu\\\/index.php\\\/termek\\\/hal-kollagen-por-naticol-240-g\\\/#breadcrumb\",\"itemListElement\":[{\"@type\":\"ListItem\",\"position\":1,\"name\":\"Kezd\u0151lap\",\"item\":\"https:\\\/\\\/herbalkincsei.hu\\\/\"},{\"@type\":\"ListItem\",\"position\":2,\"name\":\"\u00dczlet\",\"item\":\"https:\\\/\\\/herbalkincsei.hu\\\/index.php\\\/uzlet\\\/\"},{\"@type\":\"ListItem\",\"position\":3,\"name\":\"Hal kollag\u00e9n por Naticol\u00ae 240 g\"}]},{\"@type\":\"WebSite\",\"@id\":\"https:\\\/\\\/herbalkincsei.hu\\\/#website\",\"url\":\"https:\\\/\\\/herbalkincsei.hu\\\/\",\"name\":\"herbalkincsei.hu\",\"description\":\"Ahol az eg\u00e9szs\u00e9g a c\u00e9l.\",\"publisher\":{\"@id\":\"https:\\\/\\\/herbalkincsei.hu\\\/#organization\"},\"potentialAction\":[{\"@type\":\"SearchAction\",\"target\":{\"@type\":\"EntryPoint\",\"urlTemplate\":\"https:\\\/\\\/herbalkincsei.hu\\\/?s={search_term_string}\"},\"query-input\":{\"@type\":\"PropertyValueSpecification\",\"valueRequired\":true,\"valueName\":\"search_term_string\"}}],\"inLanguage\":\"hu\"},{\"@type\":\"Organization\",\"@id\":\"https:\\\/\\\/herbalkincsei.hu\\\/#organization\",\"name\":\"Herb\u00e1lkincsei\",\"url\":\"https:\\\/\\\/herbalkincsei.hu\\\/\",\"logo\":{\"@type\":\"ImageObject\",\"inLanguage\":\"hu\",\"@id\":\"https:\\\/\\\/herbalkincsei.hu\\\/#\\\/schema\\\/logo\\\/image\\\/\",\"url\":\"https:\\\/\\\/herbalkincsei.hu\\\/wp-content\\\/uploads\\\/2024\\\/02\\\/cropped-Green-Leaf-Aromatherapy-Logo-400-\u00d7-135-keppont.png?wsr\",\"contentUrl\":\"https:\\\/\\\/herbalkincsei.hu\\\/wp-content\\\/uploads\\\/2024\\\/02\\\/cropped-Green-Leaf-Aromatherapy-Logo-400-\u00d7-135-keppont.png?wsr\",\"width\":400,\"height\":135,\"caption\":\"Herb\u00e1lkincsei\"},\"image\":{\"@id\":\"https:\\\/\\\/herbalkincsei.hu\\\/#\\\/schema\\\/logo\\\/image\\\/\"}}]}<\/script>\n<!-- \/ Yoast SEO plugin. -->","yoast_head_json":{"title":"Hal kollag\u00e9n por Naticol\u00ae 240 g - Herb\u00e1lkincsei","description":"A szabadalmaztatott NATICOL\u00ae hal kollag\u00e9n kiv\u00e1l\u00f3 min\u0151s\u00e9g\u0171, komplex feh\u00e9rj\u00e9nek sz\u00e1m\u00edt, mely a kilenc esszenci\u00e1lis aminosavb\u00f3l \u00f6sszesen hetet, valamint f\u0151k\u00e9nt I. t\u00edpus\u00fa kollag\u00e9nt tartalmaz. Remek v\u00e1laszt\u00e1s mindazoknak, akik autoimmun di\u00e9t\u00e1t k\u00f6vetnek, GMO-, glut\u00e9n-, cukormentes m\u00f3don \u00e9tkeznek vagy ker\u00fclik a zs\u00edrokat, koleszterint \u00e9s a t\u00falzott sz\u00e9nhidr\u00e1tbevitelt.","robots":{"index":"index","follow":"follow","max-snippet":"max-snippet:-1","max-image-preview":"max-image-preview:large","max-video-preview":"max-video-preview:-1"},"canonical":"https:\/\/herbalkincsei.hu\/index.php\/termek\/hal-kollagen-por-naticol-240-g\/","og_locale":"hu_HU","og_type":"article","og_title":"Hal kollag\u00e9n por Naticol\u00ae 240 g - Herb\u00e1lkincsei","og_description":"A szabadalmaztatott NATICOL\u00ae hal kollag\u00e9n kiv\u00e1l\u00f3 min\u0151s\u00e9g\u0171, komplex feh\u00e9rj\u00e9nek sz\u00e1m\u00edt, mely a kilenc esszenci\u00e1lis aminosavb\u00f3l \u00f6sszesen hetet, valamint f\u0151k\u00e9nt I. t\u00edpus\u00fa kollag\u00e9nt tartalmaz. Remek v\u00e1laszt\u00e1s mindazoknak, akik autoimmun di\u00e9t\u00e1t k\u00f6vetnek, GMO-, glut\u00e9n-, cukormentes m\u00f3don \u00e9tkeznek vagy ker\u00fclik a zs\u00edrokat, koleszterint \u00e9s a t\u00falzott sz\u00e9nhidr\u00e1tbevitelt.","og_url":"https:\/\/herbalkincsei.hu\/index.php\/termek\/hal-kollagen-por-naticol-240-g\/","og_site_name":"Herb\u00e1lkincsei","article_modified_time":"2025-11-22T19:20:37+00:00","og_image":[{"width":800,"height":960,"url":"https:\/\/herbalkincsei.hu\/wp-content\/uploads\/2025\/09\/0209202568b6cd4fcebec.jpeg?wsr","type":"image\/jpeg"}],"twitter_card":"summary_large_image","twitter_misc":{"Becs\u00fclt olvas\u00e1si id\u0151":"10 perc"},"schema":{"@context":"https:\/\/schema.org","@graph":[{"@type":"WebPage","@id":"https:\/\/herbalkincsei.hu\/index.php\/termek\/hal-kollagen-por-naticol-240-g\/","url":"https:\/\/herbalkincsei.hu\/index.php\/termek\/hal-kollagen-por-naticol-240-g\/","name":"Hal kollag\u00e9n por Naticol\u00ae 240 g - Herb\u00e1lkincsei","isPartOf":{"@id":"https:\/\/herbalkincsei.hu\/#website"},"primaryImageOfPage":{"@id":"https:\/\/herbalkincsei.hu\/index.php\/termek\/hal-kollagen-por-naticol-240-g\/#primaryimage"},"image":{"@id":"https:\/\/herbalkincsei.hu\/index.php\/termek\/hal-kollagen-por-naticol-240-g\/#primaryimage"},"thumbnailUrl":"https:\/\/herbalkincsei.hu\/wp-content\/uploads\/2025\/09\/0209202568b6cd4fcebec.jpeg?wsr","datePublished":"2025-09-02T10:56:16+00:00","dateModified":"2025-11-22T19:20:37+00:00","description":"A szabadalmaztatott NATICOL\u00ae hal kollag\u00e9n kiv\u00e1l\u00f3 min\u0151s\u00e9g\u0171, komplex feh\u00e9rj\u00e9nek sz\u00e1m\u00edt, mely a kilenc esszenci\u00e1lis aminosavb\u00f3l \u00f6sszesen hetet, valamint f\u0151k\u00e9nt I. t\u00edpus\u00fa kollag\u00e9nt tartalmaz. Remek v\u00e1laszt\u00e1s mindazoknak, akik autoimmun di\u00e9t\u00e1t k\u00f6vetnek, GMO-, glut\u00e9n-, cukormentes m\u00f3don \u00e9tkeznek vagy ker\u00fclik a zs\u00edrokat, koleszterint \u00e9s a t\u00falzott sz\u00e9nhidr\u00e1tbevitelt.","breadcrumb":{"@id":"https:\/\/herbalkincsei.hu\/index.php\/termek\/hal-kollagen-por-naticol-240-g\/#breadcrumb"},"inLanguage":"hu","potentialAction":[{"@type":"ReadAction","target":["https:\/\/herbalkincsei.hu\/index.php\/termek\/hal-kollagen-por-naticol-240-g\/"]}]},{"@type":"ImageObject","inLanguage":"hu","@id":"https:\/\/herbalkincsei.hu\/index.php\/termek\/hal-kollagen-por-naticol-240-g\/#primaryimage","url":"https:\/\/herbalkincsei.hu\/wp-content\/uploads\/2025\/09\/0209202568b6cd4fcebec.jpeg?wsr","contentUrl":"https:\/\/herbalkincsei.hu\/wp-content\/uploads\/2025\/09\/0209202568b6cd4fcebec.jpeg?wsr","width":800,"height":960},{"@type":"BreadcrumbList","@id":"https:\/\/herbalkincsei.hu\/index.php\/termek\/hal-kollagen-por-naticol-240-g\/#breadcrumb","itemListElement":[{"@type":"ListItem","position":1,"name":"Kezd\u0151lap","item":"https:\/\/herbalkincsei.hu\/"},{"@type":"ListItem","position":2,"name":"\u00dczlet","item":"https:\/\/herbalkincsei.hu\/index.php\/uzlet\/"},{"@type":"ListItem","position":3,"name":"Hal kollag\u00e9n por Naticol\u00ae 240 g"}]},{"@type":"WebSite","@id":"https:\/\/herbalkincsei.hu\/#website","url":"https:\/\/herbalkincsei.hu\/","name":"herbalkincsei.hu","description":"Ahol az eg\u00e9szs\u00e9g a c\u00e9l.","publisher":{"@id":"https:\/\/herbalkincsei.hu\/#organization"},"potentialAction":[{"@type":"SearchAction","target":{"@type":"EntryPoint","urlTemplate":"https:\/\/herbalkincsei.hu\/?s={search_term_string}"},"query-input":{"@type":"PropertyValueSpecification","valueRequired":true,"valueName":"search_term_string"}}],"inLanguage":"hu"},{"@type":"Organization","@id":"https:\/\/herbalkincsei.hu\/#organization","name":"Herb\u00e1lkincsei","url":"https:\/\/herbalkincsei.hu\/","logo":{"@type":"ImageObject","inLanguage":"hu","@id":"https:\/\/herbalkincsei.hu\/#\/schema\/logo\/image\/","url":"https:\/\/herbalkincsei.hu\/wp-content\/uploads\/2024\/02\/cropped-Green-Leaf-Aromatherapy-Logo-400-\u00d7-135-keppont.png?wsr","contentUrl":"https:\/\/herbalkincsei.hu\/wp-content\/uploads\/2024\/02\/cropped-Green-Leaf-Aromatherapy-Logo-400-\u00d7-135-keppont.png?wsr","width":400,"height":135,"caption":"Herb\u00e1lkincsei"},"image":{"@id":"https:\/\/herbalkincsei.hu\/#\/schema\/logo\/image\/"}}]}},"_links":{"self":[{"href":"https:\/\/herbalkincsei.hu\/index.php\/wp-json\/wp\/v2\/product\/1635","targetHints":{"allow":["GET"]}}],"collection":[{"href":"https:\/\/herbalkincsei.hu\/index.php\/wp-json\/wp\/v2\/product"}],"about":[{"href":"https:\/\/herbalkincsei.hu\/index.php\/wp-json\/wp\/v2\/types\/product"}],"replies":[{"embeddable":true,"href":"https:\/\/herbalkincsei.hu\/index.php\/wp-json\/wp\/v2\/comments?post=1635"}],"wp:featuredmedia":[{"embeddable":true,"href":"https:\/\/herbalkincsei.hu\/index.php\/wp-json\/wp\/v2\/media\/1634"}],"wp:attachment":[{"href":"https:\/\/herbalkincsei.hu\/index.php\/wp-json\/wp\/v2\/media?parent=1635"}],"wp:term":[{"taxonomy":"product_brand","embeddable":true,"href":"https:\/\/herbalkincsei.hu\/index.php\/wp-json\/wp\/v2\/product_brand?post=1635"},{"taxonomy":"product_cat","embeddable":true,"href":"https:\/\/herbalkincsei.hu\/index.php\/wp-json\/wp\/v2\/product_cat?post=1635"},{"taxonomy":"product_tag","embeddable":true,"href":"https:\/\/herbalkincsei.hu\/index.php\/wp-json\/wp\/v2\/product_tag?post=1635"}],"curies":[{"name":"wp","href":"https:\/\/api.w.org\/{rel}","templated":true}]}}