{"id":1633,"date":"2025-09-02T11:56:15","date_gmt":"2025-09-02T10:56:15","guid":{"rendered":"https:\/\/herbalkincsei.hu\/?post_type=product&#038;p=1633"},"modified":"2025-11-23T15:59:06","modified_gmt":"2025-11-23T14:59:06","slug":"collagen-complex-i-ii-iii-v-x-kollagen-por-240-g","status":"publish","type":"product","link":"https:\/\/herbalkincsei.hu\/index.php\/termek\/collagen-complex-i-ii-iii-v-x-kollagen-por-240-g\/","title":{"rendered":"Collagen Complex \u2013 I, II, III, V, X \u2013 kollag\u00e9n por 240 g"},"content":{"rendered":"<h2><span class=\"bluetxt\">USA medical Collagen Complex Type I, II, III, V &amp; X kollag\u00e9n por C-vitaminnal \u00e9s hialuronsavval 240 g<\/span><\/h2>\n<p>Az \u00f6t k\u00fcl\u00f6nf\u00e9le kollag\u00e9nt\u00edpust, C-vitamint \u00e9s hialuronsavat is tartalmaz\u00f3 sz\u00e9les spektrum\u00fa Collagen Complex por nem tartalmaz glut\u00e9nt, cukrot, sz\u00e9nhidr\u00e1tot, mesters\u00e9ges sz\u00ednez\u00e9ket, arom\u00e1t \u00e9s \u00e9des\u00edt\u0151szert, illetve semmilyen adal\u00e9kanyagot \u00e9s tart\u00f3s\u00edt\u00f3szert. Glut\u00e9n- \u00e9s GMO-mentes, \u00edgy \u00e9tel\u00e9rz\u00e9kenyek is \u00e9lvezhetik el\u0151nyeit. A k\u00e9sz\u00edtm\u00e9ny\u00a0 I, II, III, V \u00e9s X-es t\u00edpus\u00fa kollag\u00e9neket tartalmaz, fejleszt\u00e9se sor\u00e1n pedig kiemelt figyelmet kaptak a klinikailag igazolt hat\u00e1s\u00fa, szabadalmaztatott kollag\u00e9nforr\u00e1sok. A<strong> Solugel\u00ae marha kollag\u00e9n peptid<\/strong>, a <strong>Naticol\u00ae hal kollag\u00e9n peptid<\/strong>, \u00e9s a <strong>ChondrActiv\u2122 csirke kollag\u00e9n peptid<\/strong>\u00a0 igazolt hat\u00e9konys\u00e1g\u00e1t toj\u00e1sh\u00e9jmembr\u00e1n-kollag\u00e9n eg\u00e9sz\u00edti ki, \u00edgy a k\u00e9sz\u00edtm\u00e9ny a b\u0151r, a haj, a k\u00f6r\u00f6m, az \u00edz\u00fcletek, a porcok, a csontok, az inak, az erek \u00e9s a bels\u0151 szervek term\u00e9szetes m\u0171k\u00f6d\u00e9s\u00e9hez is hozz\u00e1j\u00e1rul.<\/p>\n<h3><strong>Amit kollag\u00e9nr\u0151l \u00e9rdemes tudni:<\/strong><\/h3>\n<p>A kollag\u00e9n tulajdonk\u00e9ppen egy aminosavl\u00e1ncokb\u00f3l \u00e1ll\u00f3 emberi ragaszt\u00f3anyag, mely kit\u00f6lti a sejtek k\u00f6z\u00f6tti \u00fan. extracellul\u00e1ris m\u00e1trixot. Miatta rugalmas a b\u0151r, er\u0151sek a csontok, miatta teljes\u00edtenek j\u00f3l \u00e9s maradnak eg\u00e9szs\u00e9gesek az izmok, az inak, a szalagok \u00e9s a k\u00f6t\u0151sz\u00f6vetek. Noha az emberi test egy ideig megfelel\u0151 mennyis\u00e9gben \u00e9s min\u0151s\u00e9gben termeli \u00f6nmaga sz\u00e1m\u00e1ra, az \u00e9letkor el\u0151rehaladt\u00e1val a kollag\u00e9n mennyis\u00e9ge \u00e9vr\u0151l \u00e9vre jelent\u0151sen cs\u00f6kken. Ez\u00e9rt p\u00f3tl\u00e1sa \u2013 k\u00fcl\u00f6n\u00f6sen intenz\u00edv fizikai ig\u00e9nybev\u00e9tel, akt\u00edv sport vagy tart\u00f3s fizikai megterhel\u00e9ssel j\u00e1r\u00f3 munkav\u00e9gz\u00e9s eset\u00e9n \u2013 elengedhetetlen a hossz\u00fa \u00e9leten \u00e1t tart\u00f3 rugalmas l\u00e9ptek\u00e9rt \u00e9s a term\u00e9szetes sz\u00e9ps\u00e9g fenntart\u00e1s\u00e1\u00e9rt.<\/p>\n<p>Kev\u00e9sb\u00e9 ismert, ugyanakkor fontos inform\u00e1ci\u00f3, hogy a kollag\u00e9n mennyis\u00e9g\u00e9nek cs\u00f6kken\u00e9se <a href=\"https:\/\/www.researchgate.net\/publication\/330463597_Collagen_changes_in_pelvic_support_tissues_in_women_with_pelvic_organ_prolapse\">menopauza alatt<\/a> \u00e1ll\u00f3 vagy azon \u00e1tesett n\u0151k eset\u00e9ben hozz\u00e1j\u00e1rulhat a medencefen\u00e9k gyenges\u00e9g\u00e9hez \u00e9s a k\u00fcl\u00f6nf\u00e9le s\u00fcllyed\u00e9ses panaszok kialakul\u00e1s\u00e1hoz.<\/p>\n<h3><strong><span class=\"bluetxt\">Mi\u00e9rt ide\u00e1lis az 5 f\u00e9le kollag\u00e9n t\u00edpust tartalmaz\u00f3 kollag\u00e9n komplex?<\/span><\/strong><\/h3>\n<p>A kollag\u00e9nnek 28 k\u00fcl\u00f6nf\u00e9le t\u00edpusa ismert, melyek k\u00f6z\u00fcl a Collagen Complex por C-vitaminnal \u00e9s hialuronnal 5 k\u00fcl\u00f6nf\u00e9le v\u00e1ltozatot tartalmaz.<\/p>\n<ul>\n<li>Az I-es t\u00edpus\u00fa kollag\u00e9n a szervezetben tal\u00e1lhat\u00f3 \u00f6sszes kollag\u00e9n 90 sz\u00e1zal\u00e9k\u00e1t alkotja, \u00e9s a b\u0151r, a csontok, az inak \u00e9s a szalagok szerkezet\u00e9t \u00e9p\u00edti fel.<\/li>\n<li>A II-es t\u00edpus\u00fa kollag\u00e9n els\u0151sorban a rugalmas porcokban tal\u00e1lhat\u00f3 meg, \u00e9s az \u00edz\u00fcletek tart\u00e1s\u00e1t biztos\u00edtja.<\/li>\n<li>Az III-as t\u00edpus\u00fa kollag\u00e9n az izmokban, az art\u00e9ri\u00e1kban \u00e9s a bels\u0151 szervekben tal\u00e1lhat\u00f3 meg, azok rugalmass\u00e1g\u00e1hoz \u00e9s ellen\u00e1ll\u00f3k\u00e9pess\u00e9g\u00e9hez j\u00e1rul hozz\u00e1.<\/li>\n<li>A IV-es t\u00edpus\u00fa kollag\u00e9n a b\u0151r k\u00fcl\u00f6nf\u00e9le r\u00e9tegeiben tal\u00e1lhat\u00f3 meg, ez\u00e1ltal nemcsak a megjelen\u00e9s\u00fcnkh\u00f6z \u00e9s eszt\u00e9tikai min\u0151s\u00e9g\u00fcnkh\u00f6z, hanem szervezet\u00fcnk els\u0151 v\u00e9delmi vonal\u00e1nak biztons\u00e1g\u00e1hoz is hozz\u00e1j\u00e1rul.<\/li>\n<li>A X-es t\u00edpus\u00fa kollag\u00e9n kev\u00e9sb\u00e9 ismert, de rendk\u00edv\u00fcl fontos kollag\u00e9nt\u00edpus. Erre van ugyanis a legnagyobb sz\u00fcks\u00e9g s\u00e9r\u00fcl\u00e9sek, m\u0171t\u00e9tek ut\u00e1n, hiszen a X-es t\u00edpus\u00fa kollag\u00e9n elengedhetetlen a csontok \u00e9s a porcok fel\u00e9p\u00edt\u00e9s\u00e9hez, valamint helyre\u00e1ll\u00edt\u00e1s\u00e1hoz.<\/li>\n<\/ul>\n<p>&nbsp;<\/p>\n<p>Az \u00f6t k\u00fcl\u00f6nf\u00e9le kollag\u00e9nb\u0151l \u00e1ll\u00f3, C-vitaminnal \u00e9s hialuronsavval, valamint toj\u00e1sh\u00e9jmembr\u00e1n-kollag\u00e9nnel t\u00e1mogatott kollag\u00e9n por teh\u00e1t sz\u00e9les spektrumon t\u00e1mogatja a szervezet eg\u00e9szs\u00e9g\u00e9nek fenn\u00e1ll\u00e1st \u00e9s helyre\u00e1ll\u00edt\u00e1s\u00e1t. Vagyis az egym\u00e1s hat\u00e1s\u00e1t komplementer m\u00f3don kieg\u00e9sz\u00edt\u0151 \u00e9s er\u0151s\u00edt\u0151 kollag\u00e9nv\u00e1ltozatok, valamint a felsz\u00edv\u00f3d\u00e1sukat \u00e9s be\u00e9p\u00fcl\u00e9s\u00fcket t\u00e1mogat\u00f3 vitaminok egy\u00fcttes er\u0151vel seg\u00edtenek hozz\u00e1, hogy \u00e9leted \u00fajra teljes \u00e9s szabad legyen.<\/p>\n<h3><strong><span class=\"bluetxt\">Amit a Solugel\u00ae marha kollag\u00e9n peptidr\u0151l tudnod kell<\/span><\/strong><\/h3>\n<p>A <a href=\"https:\/\/www.pbleiner.com\/en\/solugelr-health-benefits-and-clinical-studies\">klinikai tesztek<\/a>kel igazolt hat\u00e9konys\u00e1g\u00fa SOLUGEL\u00ae kollag\u00e9n peptidek <strong>I. \u00e9s III. t\u00edpus\u00fa kollag\u00e9nb\u0151l \u00e1ll<\/strong>\u00f3, alacsony viszkozit\u00e1s\u00fa, j\u00f3l em\u00e9szthet\u0151, hideg v\u00edzben v\u00edztiszt\u00e1n old\u00f3d\u00f3 marha kollag\u00e9n peptidek az em\u00e9szt\u0151rendszeren \u00e1thaladva gyorsan tov\u00e1bbi kisebb peptidekre esnek sz\u00e9t. Ez azt jelenti, hogy ak\u00e1r m\u00e1r <strong>15 perccel fogyaszt\u00e1s ut\u00e1n megjelenhetnek a v\u00e9r\u00e1ramban.<\/strong><\/p>\n<p>A marha kollag\u00e9n n\u00e9pszer\u0171s\u00e9g\u00e9nek oka, hogy sz\u00e9les k\u00f6rben alkalmazhat\u00f3, cs\u00f6kkenti az \u00edz\u00fcleti f\u00e1jdalmat \u00e9s a j\u00f3t\u00e9kony hat\u00e1ssal van a <a href=\"https:\/\/www.pbleiner.com\/en\/clinical-study-fsu-solugelr-improves-physical-and-mental-well-being-active-middle-aged-adults\">ment\u00e1lis eg\u00e9szs\u00e9g<\/a>re, valamint <a href=\"https:\/\/www.pbleiner.com\/en\/solugelr-health-benefits-and-clinical-studies\">rendszeres alkalmaz\u00e1s eset\u00e9n<\/a> a b\u0151r \u00e9s a term\u00e9szetes sz\u00e9ps\u00e9g, a csontok, a tests\u00falymenedzsment, a fizikai teljes\u00edt\u0151k\u00e9pess\u00e9g, valamint az \u00edz\u00fcletek \u00e1llapot\u00e1ra is.<\/p>\n<p>A SOLUGEL\u00ae marha kollag\u00e9n az \u00f6reged\u00e9ssel szemben v\u00edvott k\u00fczdelemben is hat\u00e9kony bajt\u00e1rs, hiszen a kutat\u00f3k <a href=\"https:\/\/www.frontiersin.org\/journals\/medicine\/articles\/10.3389\/fmed.2024.1397517\/full?utm_source=Email_to_authors_&amp;utm_medium=Email&amp;utm_content=T1_11.5e1_author&amp;utm_campaign=Email_publication&amp;field&amp;journalName=Frontiers_in_Medicine&amp;id=1397517\">egy\u00e9rtelm\u0171 bizony\u00edt\u00e9k<\/a>ot tal\u00e1ltak a kollag\u00e9n peptidek expoz\u00edci\u00f3j\u00e1nak b\u0151rfeszes\u00edt\u0151 \u00e9s \u00f6reged\u00e9sg\u00e1tl\u00f3 tulajdons\u00e1gokra gyakorolt potenci\u00e1lis kedvez\u0151 hat\u00e1saira. S\u0151t, a tests\u00falykontroll k\u00e9zbentart\u00e1s\u00e1ra is haszn\u00e1lhat\u00f3, hiszen <a href=\"https:\/\/www.pbleiner.com\/en\/solugelr-promotes-long-lasting-satiety\">cs\u00f6kkenti az \u00e9hs\u00e9g\u00e9rzetet<\/a>.<\/p>\n<p>&nbsp;<\/p>\n<h3><strong><span class=\"bluetxt\">A sz\u00e9ps\u00e9g \u00e9s fiatals\u00e1g kulcsa a Naticol\u00ae hal kollag\u00e9n peptid<\/span><\/strong><\/h3>\n<p>A Naticol\u00ae hal kollag\u00e9n peptid nemcsak a testednek, hanem a k\u00f6rnyezetnek is j\u00f3! Ennek oka, hogy az els\u0151sorban I-es t\u00edpus\u00fa kollag\u00e9nt tartalmaz\u00f3 hal kollag\u00e9n magas glicin- \u00e9s prolinkoncentr\u00e1ci\u00f3val rendelkezik, valamint, hogy az &#8220;upcycle&#8221; el\u0151\u00e1ll\u00edt\u00e1s sor\u00e1n kinyert halb\u0151rb\u0151l t\u00f6rt\u00e9nik. Vagyis k\u00f6rnyezetbar\u00e1t, pazarl\u00e1smentes.<\/p>\n<p>A hal kollag\u00e9n fogyaszt\u00e1sa mellett l\u00e9nyegesen<a href=\"https:\/\/www.healthline.com\/nutrition\/bovine-collagen#benefits\"> kisebb b\u00e1rmely betegs\u00e9g \u00e1tad\u00e1s\u00e1nak vagy keresztszennyez\u0151d\u00e9s kialakul\u00e1s\u00e1nak vesz\u00e9lye<\/a>, ahogy a gyullad\u00e1sos megbeteged\u00e9sek kialakul\u00e1s\u00e1nak val\u00f3sz\u00edn\u0171s\u00e9ge is. Mindek\u00f6zben felsz\u00edv\u00f3d\u00e1sa \u00e9s hasznosul\u00e1sa a marha kollag\u00e9nek felsz\u00edv\u00f3d\u00e1s\u00e1nak mintegy <a href=\"https:\/\/www.scirp.org\/journal\/paperinformation?paperid=61421\">m\u00e1sf\u00e9lszerese<\/a>, r\u00e1ad\u00e1sul mivel nem tartalmaz kazeint, a tejfeh\u00e9rje-\u00e9rz\u00e9kenyek sz\u00e1m\u00e1ra is biztons\u00e1gos.<\/p>\n<p><strong>A hal kollag\u00e9n jelent\u0151sen <a href=\"https:\/\/www.ncbi.nlm.nih.gov\/pmc\/articles\/PMC8780088\/\">hozz\u00e1j\u00e1rul<\/a> a porcok \u00e9s a b\u0151r eg\u00e9szs\u00e9g\u00e9hez, a csontsz\u00f6vet regener\u00e1ci\u00f3j\u00e1hoz,<\/strong> a b\u0151r megereszked\u00e9s\u00e9nek, petyh\u00fcdts\u00e9g\u00e9nek cs\u00f6kkent\u00e9s\u00e9hez, az UV-sug\u00e1rz\u00e1s elleni v\u00e9delem biztos\u00edt\u00e1s\u00e1hoz, emellett t\u00e1mogatja a v\u00e9r inzulinszint szab\u00e1lyoz\u00e1s\u00e1t, \u00e9s a sebgy\u00f3gyul\u00e1s t\u00e1mogat\u00e1s\u00e1ban is szerepet j\u00e1tszik.<\/p>\n<p><a href=\"https:\/\/www.naticol.com\/en\/naticol-en\/\">Kutat\u00e1sok<\/a> bizony\u00edtj\u00e1k tov\u00e1bb\u00e1, hogy a NATICOL\u00ae hal kollag\u00e9n peptid por hozz\u00e1j\u00e1rul a szervezet fokozott kollag\u00e9nszint\u00e9zis\u00e9hez, t\u00e1mogatja a b\u0151r rugalmass\u00e1g\u00e1t \u00e9s a feszess\u00e9g\u00e9t, biztos\u00edtja az egyenletes ragyog\u00e1st \u00e9s hidrat\u00e1lt arcb\u0151rt, cs\u00f6kkenti a l\u00e1that\u00f3 mimikai r\u00e1ncokat.<\/p>\n<h3><strong><span class=\"bluetxt\">Hasznos inform\u00e1ci\u00f3k a Chondractiv\u2122 csirke kollag\u00e9n peptid m\u0171k\u00f6d\u00e9s\u00e9r\u0151l<\/span><\/strong><\/h3>\n<p>A csirk\u00e9k porc\u00e1b\u00f3l, csontj\u00e1b\u00f3l \u00e9s b\u0151r\u00e9b\u0151l kinyert, els\u0151sorban II-es t\u00edpus\u00fa kollag\u00e9nt tartalmaz\u00f3 csirke kollag\u00e9n rendszeres haszn\u00e1lata <a href=\"https:\/\/www.sciencedirect.com\/science\/article\/abs\/pii\/S2213329116300028\">seg\u00edthet<\/a> cs\u00f6kkenteni az \u00edz\u00fcleti f\u00e1jdalmakat, jav\u00edthatja a mobilit\u00e1st, \u00e9s potenci\u00e1lisan lass\u00edthatja a degenerat\u00edv \u00edz\u00fcleti \u00e1llapotok, p\u00e9ld\u00e1ul az <a href=\"https:\/\/biosul.cl\/pro\/pdf\/Bakilan.pdf\">osteoarthritis<\/a> el\u0151rehalad\u00e1s\u00e1t.<\/p>\n<p>Ennek oka, hogy a csirke kollag\u00e9n hat\u00e1ssal van az arthritisek kezel\u00e9s\u00e9re, ez\u00e1ltal hozz\u00e1j\u00e1rul a mozg\u00e1s szabads\u00e1g\u00e1hoz, a a <a href=\"https:\/\/www.ncbi.nlm.nih.gov\/pmc\/articles\/PMC9032939\/\">b\u0151r eg\u00e9szs\u00e9g<\/a>\u00e9hez \u00e9s r\u00e9szt vesz az <a href=\"https:\/\/link.springer.com\/article\/10.1007\/s00011-009-0109-4\">immuner\u0151s\u00edt\u00e9s<\/a>ben is.<\/p>\n<p>Noha a csirke kollag\u00e9n eddig elmaradt a hal \u00e9s a marha kollag\u00e9n ismerts\u00e9g\u00e9t\u0151l \u00e9s n\u00e9pszer\u0171s\u00e9g\u00e9t\u0151l, ez a j\u00f6v\u0151ben bizonyosan megv\u00e1ltozik, \u00e9s a csirke kollag\u00e9nt is tartalmaz\u00f3 komplexek v\u00e1lnak keresett\u00e9. Ennek oka, hogy a <a href=\"https:\/\/www.diana-food.com\/our-natural-ingredients\/health-solutions\/collagen\/\">kutat\u00e1si eredm\u00e9nyek<\/a> egy\u00e9rtelm\u0171en azt mutatj\u00e1k, hogy a ChondrActiv\u2122 hidroliz\u00e1lt csirke kollag\u00e9n hat\u00e9kony \u00e9s er\u0151s t\u00e1rs a bajban, k\u00fcl\u00f6n\u00f6sen, ha autoimmun eredet\u0171 mozg\u00e1sszervi megbeteged\u00e9sekr\u0151l van sz\u00f3.<\/p>\n<h3><strong><span class=\"bluetxt\">Toj\u00e1sh\u00e9jmembr\u00e1n-kollag\u00e9n<\/span><\/strong><\/h3>\n<p><strong>A toj\u00e1sh\u00e9j membr\u00e1nj\u00e1ban tal\u00e1lhat\u00f3 speci\u00e1lis anyagok szerkezete rendk\u00edv\u00fcli hasonl\u00f3s\u00e1got mutat az I-es, V-\u00f6s \u00e9s X-es t\u00edpus\u00fa kollag\u00e9nek szerkezet\u00e9vel<\/strong>, emellett glikozaminoglik\u00e1nokat, p\u00e9ld\u00e1ul kondroitin-szulf\u00e1tot \u00e9s dermat\u00e1n-szulf\u00e1tot, valamint hexoszaminokat, p\u00e9ld\u00e1ul gl\u00fckozamint is <a href=\"https:\/\/pubmed.ncbi.nlm.nih.gov\/12705414\/\">tartalmaz<\/a>, ahogy <a href=\"https:\/\/pubmed.ncbi.nlm.nih.gov\/17466551\/\">hialuronsav<\/a>ban is b\u0151velkedik. \u00d6sszess\u00e9g\u00e9ben azonban <a href=\"https:\/\/www.sciencedirect.com\/science\/article\/abs\/pii\/0012160684900332\">elmondhat\u00f3<\/a>, hogy az egyes membr\u00e1nokon bel\u00fcl a nagy, durva, 2,5 \u03bcm-es rostok t\u00falnyom\u00f3r\u00e9szt I-es t\u00edpus\u00fa kollag\u00e9nszer\u0171 anyagot tartalmaztak, m\u00edg az V-\u00f6s t\u00edpus\u00fa kollag\u00e9n f\u0151k\u00e9nt a finom, keskenyebb, kb. 0,6 \u03bcm \u00e1tm\u00e9r\u0151j\u0171 rostokhoz kapcsol\u00f3dott, melyek ink\u00e1bb a bels\u0151 membr\u00e1nban koncentr\u00e1l\u00f3dtak.<\/p>\n<p>A toj\u00e1sh\u00e9jmembr\u00e1n-kollag\u00e9n saj\u00e1tos \u00f6sszet\u00e9tel\u00e9nek k\u00f6sz\u00f6nhet\u0151en hat\u00e1smechanizmus\u00e1t t\u00f6bb kutat\u00e1s is vizsg\u00e1lja. T\u00f6bbek k\u00f6z\u00f6tt egy randomiz\u00e1lt, kontroll\u00e1lt, kett\u0151s vak, egyk\u00f6zpont\u00fa 2018-19-es <a href=\"https:\/\/pubmed.ncbi.nlm.nih.gov\/17466551\/\">tanulm\u00e1ny<\/a> is, melyben 18 \u00e9v feletti, diagnosztiz\u00e1lt t\u00e9rd\u00edz\u00fcleti osteoarthritisben \u00e9s kr\u00f3nikus t\u00e9rdf\u00e1jdalomban szenved\u0151 betegek kis \u00e9s nagy d\u00f3zis\u00fa toj\u00e1sh\u00e9jmembr\u00e1n-kollag\u00e9nre val\u00f3 reakci\u00f3it vizsg\u00e1lt\u00e1k. Az eredm\u00e9nyek egy\u00e9rtelm\u0171ek voltak:<\/p>\n<ul>\n<li>mindegyik csoportban nagy m\u00e9rt\u00e9kben cs\u00f6kkent a f\u00e1jdalom\u00e9rzet a vizsg\u00e1lat v\u00e9g\u00e9re, ugyanakkor a csoportok k\u00f6z\u00f6tt is jelent\u0151s k\u00fcl\u00f6nbs\u00e9gek voltak, mivel a nagy d\u00f3zis\u00fa csoport statisztikailag szignifik\u00e1ns f\u00e1jdalomcs\u00f6kken\u00e9st mutatott;<\/li>\n<li>a t\u00f6bbf\u00e9le szubjekt\u00edv f\u00e1jdalom\u00e9rzetet vizsg\u00e1l\u00f3 sk\u00e1la alapj\u00e1n is egy\u00e9rtelm\u0171en m\u00e9rs\u00e9kl\u0151d\u00f6tt a f\u00e1jdalom\u00e9rzet, k\u00fcl\u00f6n\u00f6sen a magas d\u00f3zis\u00fa toj\u00e1sh\u00e9jmembr\u00e1n-kollag\u00e9nt fogyaszt\u00f3 csoport eset\u00e9ben;<\/li>\n<li>a magas d\u00f3zis\u00fa csoport alv\u00e1smin\u0151s\u00e9ge jelent\u0151sen javult a m\u00e1sik k\u00e9t csoporthoz k\u00e9pest.<\/li>\n<\/ul>\n<p>&nbsp;<\/p>\n<p>A tart\u00f3s mozg\u00e1sszervi megbeteged\u00e9ssel \u00e9l\u0151 k\u00eds\u00e9rleti \u00e1llatok bevon\u00e1s\u00e1val v\u00e9gzett m\u00e1sik <a href=\"https:\/\/www.mdpi.com\/2072-6643\/16\/12\/1885\">vizsg\u00e1lat<\/a> is hasonl\u00f3 eredm\u00e9nyekre jutott: <strong>a toj\u00e1sh\u00e9jmembr\u00e1n-kollag\u00e9n jelent\u0151sen enyh\u00edti az \u00edz\u00fcleti f\u00e1jdalmat \u00e9s m\u00e9rs\u00e9kli az \u00edz\u00fcleti porc pusztul\u00e1s\u00e1t mind az egerekn\u00e9l,<\/strong> mind a patk\u00e1nyokn\u00e1l, illetve cs\u00f6kkenti az osteoarthritis progresszi\u00f3j\u00e1val j\u00e1r\u00f3 f\u00e1jdalmat, gyullad\u00e1sos v\u00e1laszt \u00e9s porclebont\u00e1st.<\/p>\n<p>Egy m\u00e1sik <a href=\"https:\/\/link.springer.com\/article\/10.1007\/s13273-022-00291-5\">kutat\u00e1s<\/a>ban a toj\u00e1sh\u00e9jmembr\u00e1n-kollag\u00e9n b\u0151r\u00f6reged\u00e9sg\u00e1tl\u00f3 hat\u00e1sait vizsg\u00e1lt\u00e1k \u00e9s azt tal\u00e1lt\u00e1k, hogy a kollag\u00e9n-t\u00edpus fogyaszt\u00e1sa megford\u00edtotta az UVB-sug\u00e1rz\u00e1s \u00e1ltal kiv\u00e1ltott fokozott transzepiderm\u00e1lis v\u00edzvesztes\u00e9get \u00e9s a hialuronsint\u00e1zok mRNS-expresszi\u00f3j\u00e1nak cs\u00f6kken\u00e9s\u00e9t, valamint helyre\u00e1ll\u00edtotta a b\u0151rsz\u00f6vet nedvess\u00e9gtartalm\u00e1t. Vagyis a toj\u00e1sh\u00e9jmembr\u00e1n-kollag\u00e9n egy\u00e9rtelm\u0171en r\u00e1nctalan\u00edt\u00f3 hat\u00e1s\u00fa, ehhez pedig a <a href=\"https:\/\/www.ncbi.nlm.nih.gov\/pmc\/articles\/PMC8308305\/\">kalcium<\/a> jel\u00e1tvitel felszab\u00e1lyoz\u00e1sa seg\u00edti hozz\u00e1.<\/p>\n<p>Mivel a toj\u00e1sh\u00e9jmembr\u00e1n-kollag\u00e9nben glutamin is tal\u00e1lhat\u00f3, ez a kollag\u00e9n is j\u00f3t\u00e9kony hat\u00e1s\u00fa irrit\u00e1bilis b\u00e9lszindr\u00f3ma fenn\u00e1ll\u00e1sa eset\u00e9n, ahogy a glicin tartalma miatt a tests\u00falykontrollban is hat\u00e9kony seg\u00edts\u00e9get ny\u00fajthat.<\/p>\n<h3><strong><span class=\"bluetxt\">A Collagen <\/span><\/strong><strong><span class=\"bluetxt\">Complex p<\/span><\/strong><strong><span class=\"bluetxt\">or C-vitaminnal \u00e9s hialuronnal ide\u00e1lis \u00e9trend-kieg\u00e9sz\u00edt\u0151 mindazoknak, akik<\/span><\/strong><\/h3>\n<ul>\n<li>fiatalk\u00e9nt rendszeresen, ak\u00e1r versenyszer\u0171en sportolnak vagy t\u00e1ncolnak, \u00e9s szeretn\u00e9nek tenni az\u00e9rt, hogy test\u00fck a rendk\u00edv\u00fcli ig\u00e9nybev\u00e9tel mellett is eg\u00e9szs\u00e9ges \u00e9s lend\u00fcletes maradjon;<\/li>\n<li>szeretnek el\u0151re gondolkodni \u00e9s norm\u00e1l testmozg\u00e1s vagy rendszeres \u00fcl\u0151munka mellett szeretn\u00e9k t\u00e1mogatni test\u00fcket a porcok, csontok, izmok \u00e9s \u00edz\u00fcletek eg\u00e9szs\u00e9g\u00e9nek megtart\u00e1s\u00e1ban;<\/li>\n<li>nagy fizikai terhel\u00e9ssel j\u00e1r\u00f3 munkak\u00f6rben dolgoznak;<\/li>\n<li>t\u00fals\u00fallyal kezdenek rendszeres testmozg\u00e1sba \u00e9s \u00e9letm\u00f3dv\u00e1lt\u00e1sba;<\/li>\n<li>inzulinrezisztenci\u00e1val, prediab\u00e9tesszel vagy cukorbetegs\u00e9ggel, esetleg t\u00fals\u00fallyal, kedvez\u0151tlen BMI-vel \u00e9lnek;<\/li>\n<li>szeretn\u00e9nek eg\u00e9szs\u00e9ges \u00e9s kortalan sz\u00e9ps\u00e9get maguknak;<\/li>\n<li>mozg\u00e1sszervi megbeteged\u00e9ssel, mozg\u00e1steret besz\u0171k\u00edt\u0151 eg\u00e9szs\u00e9g\u00fcgyi probl\u00e9m\u00e1val \u00e9lnek;<\/li>\n<li>prevent\u00edv m\u00f3don gondolkodnak az eg\u00e9szs\u00e9gr\u0151l.<\/li>\n<\/ul>\n<p>&nbsp;<\/p>\n<p>Ha szeretn\u00e9l te is biztos lenni abban, hogy mindent megadsz testednek, amire sz\u00fcks\u00e9ge van, ha azt akarod, hogy izmaid \u00e9s csontjaid a legnehezebb helyzetekben is megtartsanak, ha nem akarsz egy sz\u00e9p napon r\u00e1\u00e9bredni arra, hogy fogalmad sincs, mennyit b\u00edr ki a szervezeted, v\u00e1laszd a Collagen Complex por C-vitaminnal \u00e9s hialuronnal kollag\u00e9n por \u00e9trend-kieg\u00e9sz\u00edt\u0151t te is!<\/p>\n<h3><strong>C-vitamin n\u00e9lk\u00fcl a kollag\u00e9n?<\/strong><\/h3>\n<p>A C-vitamin hozz\u00e1j\u00e1rul a prokollag\u00e9n k\u00e9pz\u00e9s\u00e9hez, k\u00e9pes felgyors\u00edtani a csontgy\u00f3gyul\u00e1st t\u00f6r\u00e9s ut\u00e1n, cs\u00f6kkenti az oxidat\u00edv stressz m\u00e9rt\u00e9k\u00e9t \u00e9s n\u00f6veli az I-es t\u00edpus\u00fa kollag\u00e9n szint\u00e9zis\u00e9t \u2013 der\u00fcl ki egy vonatkoz\u00f3 <a href=\"https:\/\/www.ncbi.nlm.nih.gov\/pmc\/articles\/PMC6204628\/\">kutat\u00e1s<\/a>b\u00f3l.<\/p>\n<p>Mivel a C-vitamin a prolil-hidroxil\u00e1z \u00e9s a lizil-hidroxil\u00e1z kofaktora \u2013 azaz olyan szerves molekula, mely n\u00e9lk\u00fcl a k\u00f6t\u0151sz\u00f6vetek gy\u00f3gyul\u00e1s\u00e1hoz sz\u00fcks\u00e9ges enzimek nem kataliz\u00e1lj\u00e1k a prokollag\u00e9n prolin- \u00e9s lizinmaradv\u00e1nyainak hidrox\u00e1l\u00e1s\u00e1t \u2013, C-vitamin n\u00e9lk\u00fcl a kollag\u00e9nszint\u00e9zis \u00e9s a k\u00f6t\u0151sz\u00f6vetek <a href=\"https:\/\/pubmed.ncbi.nlm.nih.gov\/7518857\/\">gy\u00f3gyul\u00e1s<\/a>a is ellehetetlen\u00fcl.<\/p>\n<p><strong>A kollag\u00e9nszint\u00e9zisben bet\u00f6lt\u00f6tt szerepe mellett a C-vitamin er\u0151s antioxid\u00e1nsk\u00e9nt is m\u0171k\u00f6dik,<\/strong> mivel <a href=\"https:\/\/www.ncbi.nlm.nih.gov\/pmc\/articles\/PMC296476\/\">semleges\u00edt<\/a>i a k\u00e1ros reakt\u00edv oxig\u00e9n fajok (ROS) m\u0171k\u00f6d\u00e9s\u00e9t, amelyek a gyullad\u00e1sos f\u00e1zisban a sejtek apopt\u00f3zis\u00e1\u00e9rt felel\u0151sek.<\/p>\n<h3><strong>A hialuronsav szerepe:<\/strong><\/h3>\n<p>A hialuronsavr\u00f3l a rekl\u00e1mokban m\u00e1r mindenki hallott \u2013 \u00e9s a legt\u00f6bben felt\u00e9telezik, hogy kiz\u00e1r\u00f3lag kozmetikai c\u00e9lokra hasznos\u00edthat\u00f3. Az eszt\u00e9tik\u00e1ban \u00e9s a b\u0151r\u00e1llapot-meg\u00f3v\u00e1sban bet\u00f6lt\u00f6tt szerepe persze vitathatatlan, hiszen r<strong>endk\u00edv\u00fcli v\u00edzmegk\u00f6t\u0151 k\u00e9pess\u00e9ge r\u00e9v\u00e9n hozz\u00e1j\u00e1rul a szervezet viszkozit\u00e1s\u00e1hoz \u00e9s a b\u0151r rugalmass\u00e1g\u00e1hoz egyar\u00e1nt. Mindezek mellett azonban a hialuronsav egyfajta p\u00e1rn\u00e1z\u00f3- \u00e9s k\u00f6t\u0151anyag is, mely a szem \u00e9s az \u00edz\u00fcletek folyad\u00e9k\u00e1ban tal\u00e1lhat\u00f3 meg \u00e9s hozz\u00e1j\u00e1rul az \u00edz\u00fcletek m\u0171k\u00f6d\u00e9s\u00e9hez, valamint a kollag\u00e9nmolekul\u00e1k t\u00e9rkit\u00f6lt\u0151 k\u00e9pess\u00e9g\u00e9nek funkcion\u00e1l\u00e1s\u00e1hoz.<\/strong><\/p>\n<p>Sz\u00f6vets\u00e9r\u00fcl\u00e9s eset\u00e9n a hialuronsav szab\u00e1lyozza a gyullad\u00e1sos sejtek aktiv\u00e1l\u00e1s\u00e1t, a fibroblasztok \u00e9s a h\u00e1msejtek s\u00e9r\u00fcl\u00e9sre adott v\u00e1laszait, ez\u00e1ltal hozz\u00e1j\u00e1rul a sz\u00f6vetgy\u00f3gyul\u00e1s folyamat\u00e1hoz, valamint keretet biztos\u00edt az \u00e9rk\u00e9pz\u0151d\u00e9shez \u00e9s a fibroblasztok migr\u00e1ci\u00f3j\u00e1hoz is. Ez\u00e1ltal k\u00f6zvetetten szerepet j\u00e1tszik a tumorprogresszi\u00f3ban is. S\u0151t, a r\u00e1kos sejtek felsz\u00edn\u00e9n l\u00e9v\u0151 hialuronsav mennyis\u00e9ge \u00e9s a tumorok agresszivit\u00e1sa is \u00f6sszef\u00fcgg\u00e9seket mutat \u2013 der\u00fcl ki egy <a href=\"https:\/\/www.ncbi.nlm.nih.gov\/pmc\/articles\/PMC3583886\/\">tanulm\u00e1ny<\/a>b\u00f3l.<\/p>\n<p>Egy kett\u0151s vak, randomiz\u00e1lt klinikai <a href=\"https:\/\/onlinelibrary.wiley.com\/doi\/full\/10.1111\/srt.13531\">vizsg\u00e1lat<\/a>ban a r\u00e9sztvev\u0151ket k\u00fcl\u00f6nf\u00e9le korcsoportokra osztott\u00e1k, majd a k\u00eds\u00e9rleti csoportokat b\u0151rt\u00edpus alapj\u00e1n szegment\u00e1lt\u00e1k tov\u00e1bb. Az eredm\u00e9nyek egy\u00e9rtelm\u0171ek voltak: a<strong> sz\u00e1jon \u00e1t adagolt hialuronsav 2-8 h\u00e9t alatt szignifik\u00e1nsan fokozta a b\u0151r hidrat\u00e1lts\u00e1g\u00e1t mindegyik korcsoportban \u00e9s b\u0151rt\u00edpussal.<\/strong> A b\u0151r t\u00f3nus\u00e1nak javul\u00e1sa 4-8 h\u00e9t ut\u00e1n, m\u00edg a b\u0151r vastags\u00e1g\u00e1nak n\u00f6veked\u00e9se 12 h\u00e9t ut\u00e1n volt megfigyelhet\u0151.<\/p>\n<p><strong>Fontos megjegyz\u00e9s:<\/strong> Az oldalon tal\u00e1lhat\u00f3 inform\u00e1ci\u00f3k \u00e9s \u00e1ll\u00edt\u00e1sok csup\u00e1n \u00e1ltal\u00e1nos t\u00e1j\u00e9koztat\u00e1sul szolg\u00e1lnak a term\u00e9keink \u00f6sszetev\u0151ivel kapcsolatban. Az USA Medical term\u00e9kei nem min\u0151s\u00fclnek gy\u00f3gyszernek, \u00e9s az inform\u00e1ci\u00f3k nem helyettes\u00edtik az orvosi tan\u00e1csad\u00e1st vagy kezel\u00e9st. A k\u00f6z\u00f6lt \u00e1ll\u00edt\u00e1sok nem a konkr\u00e9t term\u00e9kre vonatkoznak, hanem a tudom\u00e1nyos \u00e9s szakirodalmi forr\u00e1sokban tal\u00e1lhat\u00f3 ismereteket \u00f6sszegzik. Az inform\u00e1ci\u00f3k nem \u00e9rtelmezhet\u0151k szem\u00e9lyre szabott eg\u00e9szs\u00e9g\u00fcgyi javaslatk\u00e9nt, \u00e9s nem szolg\u00e1lnak konkr\u00e9t t\u00fcnetek kezel\u00e9s\u00e9re vonatkoz\u00f3 tan\u00e1csk\u00e9nt. B\u00e1rmilyen eg\u00e9szs\u00e9gi probl\u00e9m\u00e1val kapcsolatban k\u00e9rj\u00fck, forduljon szakorvoshoz vagy gy\u00f3gyszer\u00e9szhez!<\/p>\n","protected":false},"excerpt":{"rendered":"<div id=\"product_desc\" class=\"elementor-element elementor-element-dca84d2 elementor-widget elementor-widget-woocommerce-product-short-description\" data-id=\"dca84d2\" data-element_type=\"widget\" data-widget_type=\"woocommerce-product-short-description.default\">\n<div class=\"elementor-widget-container\">\n<div class=\"woocommerce-product-details__short-description\">\n<p><strong>A COLLAGEN COMPLEX por, a kapszul\u00e1s kollag\u00e9n komplex kapszula nagytestv\u00e9re, tov\u00e1bbfejlesztett v\u00e1ltozatban!<\/strong><\/p>\n<p>Gondosan kialak\u00edtott formul\u00e1ja \u00f6t kollag\u00e9n t\u00edpust \u00f6tv\u00f6z a szervezet k\u00fcl\u00f6nb\u00f6z\u0151 sz\u00f6veteinek term\u00e9szetes t\u00e1mogat\u00e1s\u00e1ra. A k\u00e9sz\u00edtm\u00e9ny az<strong> I, II, III, V \u00e9s X-es t\u00edpus\u00fa kollag\u00e9neket tartalmazza<\/strong>, amelyek a b\u0151r, a haj, a k\u00f6r\u00f6m, az \u00edz\u00fcletek, a porcok, a csontok, az inak, az erek \u00e9s a bels\u0151 szervek term\u00e9szetes \u00e9p\u00edt\u0151elemei. A term\u00e9k fejleszt\u00e9se sor\u00e1n kiemelt figyelmet ford\u00edtottunk arra, hogy<strong> klinikailag igazolt hat\u00e1s\u00fa \u00e9s szabadalmaztatott kollag\u00e9nforr\u00e1sokat<\/strong> haszn\u00e1ljunk. Ez\u00e9rt olyan \u00e1llati eredet\u0171 hidroliz\u00e1lt, k\u00f6nnyen hasznosul\u00f3 kollag\u00e9neket v\u00e1lasztottunk hozz\u00e1, mint a Solugel\u00ae marha kollag\u00e9n peptid, a Naticol\u00ae hal kollag\u00e9n peptid, \u00e9s a ChondrActiv\u2122 csirke porc kollag\u00e9n peptid, amelyek mind bizony\u00edtott hat\u00e9konys\u00e1g\u00faak. A formula r\u00e9sze tov\u00e1bb\u00e1 a toj\u00e1sh\u00e9j membr\u00e1n kollag\u00e9n is, amely term\u00e9szetes forr\u00e1sk\u00e9nt eg\u00e9sz\u00edti ki a k\u00e9sz\u00edtm\u00e9nyt.<strong> A term\u00e9ket tov\u00e1bb gazdag\u00edtottuk C-vitaminnal \u00e9s hialuronsavval.<\/strong><br \/>\nNem tartalmaz glut\u00e9nt, cukrot, sz\u00e9nhidr\u00e1tot, mesters\u00e9ges sz\u00ednez\u00e9ket, arom\u00e1t \u00e9s \u00e9des\u00edt\u0151szert, illetve semmilyen adal\u00e9kanyagot \u00e9s tart\u00f3s\u00edt\u00f3szert. Glut\u00e9n \u00e9s GMO mentes! A C-vitamin el\u0151seg\u00edti a norm\u00e1l kollag\u00e9nk\u00e9pz\u0151d\u00e9st, t\u00e1mogatva az erek, porcok, b\u0151r \u00e9s csontok eg\u00e9szs\u00e9g\u00e9t \u00e9s megfelel\u0151 m\u0171k\u00f6d\u00e9s\u00e9t.<\/p>\n<p>J\u00f3l old\u00f3dik folyad\u00e9kban, \u00e9s mivel \u00edzes\u00edtetlen, belekeverheted p\u00e9ld\u00e1ul: gy\u00fcm\u00f6lcsl\u00e9be, k\u00e1v\u00e9ba, joghurtba, gy\u00fcm\u00f6lcsturmixba, smoothie-ba, reggeliz\u0151 k\u00e1s\u00e1ba, \u00e9s ak\u00e1r h\u00faslevesbe is!<\/p>\n<p><strong>\u00c9trend-kieg\u00e9sz\u00edt\u0151 por<br \/>\nOGY\u00c9I notifik\u00e1ci\u00f3s sz\u00e1m: 35371\/2024<\/strong><br \/>\n<strong>Kiszerel\u00e9s:<\/strong> 240 g (1 havi adag, 8000 mg \/ nap)<br \/>\n<strong>\u00cdz:<\/strong> semleges, \u00edzes\u00edtetlen<br \/>\n<strong>Sz\u00e1rmaz\u00e1si orsz\u00e1g:<\/strong> EU<\/p>\n<\/div>\n<\/div>\n<\/div>\n<ul>\n<li class=\"elementor-icon-list-item\"><strong><span class=\"elementor-icon-list-text\">Magyar-amerikai fejleszt\u00e9s<\/span><\/strong><\/li>\n<li class=\"elementor-icon-list-item\"><strong><span class=\"elementor-icon-list-text\">GMP \u00e9s HACCP szabv\u00e1ny szerint gy\u00e1rtva<\/span><\/strong><\/li>\n<li class=\"elementor-icon-list-item\"><strong><span class=\"elementor-icon-list-text\">Val\u00f3s magyarorsz\u00e1gi rakt\u00e1rk\u00e9szletr\u0151l<\/span><\/strong><\/li>\n<\/ul>\n<p><img decoding=\"async\" class=\"alignnone size-full wp-image-826\" src=\"https:\/\/herbalkincsei.hu\/wp-content\/uploads\/2024\/03\/hand-holding-heart-solid.svg\" alt=\"\" \/>\u00a0 Term\u00e9keink gondosan v\u00e1logatott alapanyagokb\u00f3l k\u00e9sz\u00fclnek.<\/p>\n<p><img decoding=\"async\" class=\"alignnone size-full wp-image-825\" src=\"https:\/\/herbalkincsei.hu\/wp-content\/uploads\/2024\/03\/star-solid.svg\" alt=\"\" \/>\u00a0 \u00a0A term\u00e9kekre hazai garanci\u00e1t \u00e9s term\u00e9k szolg\u00e1ltat\u00e1st biztos\u00edtunk.<\/p>\n<p><img decoding=\"async\" class=\"alignnone size-full wp-image-823\" src=\"https:\/\/herbalkincsei.hu\/wp-content\/uploads\/2024\/03\/user-lock-solid.svg\" alt=\"\" \/>\u00a0Biztons\u00e1gos v\u00e9dett fizet\u00e9s.<\/p>\n<p><img decoding=\"async\" class=\"alignnone size-full wp-image-824\" src=\"https:\/\/herbalkincsei.hu\/wp-content\/uploads\/2024\/03\/truck-fast-solid.svg\" alt=\"\" \/>\u00a0Gyors kiszolg\u00e1l\u00e1s.<\/p>\n","protected":false},"featured_media":1632,"comment_status":"closed","ping_status":"closed","template":"","meta":[],"product_brand":[223],"product_cat":[181,172,246,19,171],"product_tag":[],"class_list":{"0":"post-1633","1":"product","2":"type-product","3":"status-publish","4":"has-post-thumbnail","6":"product_brand-usamedical","7":"product_cat-csont-es-porc","8":"product_cat-etrend-kiegeszitok","9":"product_cat-kollagen-usamedical","10":"product_cat-minden-termek","11":"product_cat-usamedical","12":"product_shipping_class-hu","14":"first","15":"instock","16":"purchasable","17":"product-type-simple","18":"add-to-wishlist-before_image","19":"customify-col"},"yoast_head":"<!-- This site is optimized with the Yoast SEO plugin v27.4 - https:\/\/yoast.com\/product\/yoast-seo-wordpress\/ -->\n<title>Collagen Complex \u2013 I, II, III, V, X \u2013 kollag\u00e9n por 240 g - Herb\u00e1lkincsei<\/title>\n<meta name=\"description\" content=\"collagen-complex-i-ii-iii-v-x-kollagen-por-240-g\" \/>\n<meta name=\"robots\" content=\"index, follow, max-snippet:-1, max-image-preview:large, max-video-preview:-1\" \/>\n<link rel=\"canonical\" href=\"https:\/\/herbalkincsei.hu\/index.php\/termek\/collagen-complex-i-ii-iii-v-x-kollagen-por-240-g\/\" \/>\n<meta property=\"og:locale\" content=\"hu_HU\" \/>\n<meta property=\"og:type\" content=\"article\" \/>\n<meta property=\"og:title\" content=\"Collagen Complex \u2013 I, II, III, V, X \u2013 kollag\u00e9n por 240 g - Herb\u00e1lkincsei\" \/>\n<meta property=\"og:description\" content=\"collagen-complex-i-ii-iii-v-x-kollagen-por-240-g\" \/>\n<meta property=\"og:url\" content=\"https:\/\/herbalkincsei.hu\/index.php\/termek\/collagen-complex-i-ii-iii-v-x-kollagen-por-240-g\/\" \/>\n<meta property=\"og:site_name\" content=\"Herb\u00e1lkincsei\" \/>\n<meta property=\"article:modified_time\" content=\"2025-11-23T14:59:06+00:00\" \/>\n<meta property=\"og:image\" content=\"https:\/\/herbalkincsei.hu\/wp-content\/uploads\/2025\/09\/0209202568b6cd4f5c28d.jpeg?wsr\" \/>\n\t<meta property=\"og:image:width\" content=\"800\" \/>\n\t<meta property=\"og:image:height\" content=\"960\" \/>\n\t<meta property=\"og:image:type\" content=\"image\/jpeg\" \/>\n<meta name=\"twitter:card\" content=\"summary_large_image\" \/>\n<meta name=\"twitter:label1\" content=\"Becs\u00fclt olvas\u00e1si id\u0151\" \/>\n\t<meta name=\"twitter:data1\" content=\"10 perc\" \/>\n<script type=\"application\/ld+json\" class=\"yoast-schema-graph\">{\"@context\":\"https:\\\/\\\/schema.org\",\"@graph\":[{\"@type\":\"WebPage\",\"@id\":\"https:\\\/\\\/herbalkincsei.hu\\\/index.php\\\/termek\\\/collagen-complex-i-ii-iii-v-x-kollagen-por-240-g\\\/\",\"url\":\"https:\\\/\\\/herbalkincsei.hu\\\/index.php\\\/termek\\\/collagen-complex-i-ii-iii-v-x-kollagen-por-240-g\\\/\",\"name\":\"Collagen Complex \u2013 I, II, III, V, X \u2013 kollag\u00e9n por 240 g - Herb\u00e1lkincsei\",\"isPartOf\":{\"@id\":\"https:\\\/\\\/herbalkincsei.hu\\\/#website\"},\"primaryImageOfPage\":{\"@id\":\"https:\\\/\\\/herbalkincsei.hu\\\/index.php\\\/termek\\\/collagen-complex-i-ii-iii-v-x-kollagen-por-240-g\\\/#primaryimage\"},\"image\":{\"@id\":\"https:\\\/\\\/herbalkincsei.hu\\\/index.php\\\/termek\\\/collagen-complex-i-ii-iii-v-x-kollagen-por-240-g\\\/#primaryimage\"},\"thumbnailUrl\":\"https:\\\/\\\/herbalkincsei.hu\\\/wp-content\\\/uploads\\\/2025\\\/09\\\/0209202568b6cd4f5c28d.jpeg?wsr\",\"datePublished\":\"2025-09-02T10:56:15+00:00\",\"dateModified\":\"2025-11-23T14:59:06+00:00\",\"description\":\"collagen-complex-i-ii-iii-v-x-kollagen-por-240-g\",\"breadcrumb\":{\"@id\":\"https:\\\/\\\/herbalkincsei.hu\\\/index.php\\\/termek\\\/collagen-complex-i-ii-iii-v-x-kollagen-por-240-g\\\/#breadcrumb\"},\"inLanguage\":\"hu\",\"potentialAction\":[{\"@type\":\"ReadAction\",\"target\":[\"https:\\\/\\\/herbalkincsei.hu\\\/index.php\\\/termek\\\/collagen-complex-i-ii-iii-v-x-kollagen-por-240-g\\\/\"]}]},{\"@type\":\"ImageObject\",\"inLanguage\":\"hu\",\"@id\":\"https:\\\/\\\/herbalkincsei.hu\\\/index.php\\\/termek\\\/collagen-complex-i-ii-iii-v-x-kollagen-por-240-g\\\/#primaryimage\",\"url\":\"https:\\\/\\\/herbalkincsei.hu\\\/wp-content\\\/uploads\\\/2025\\\/09\\\/0209202568b6cd4f5c28d.jpeg?wsr\",\"contentUrl\":\"https:\\\/\\\/herbalkincsei.hu\\\/wp-content\\\/uploads\\\/2025\\\/09\\\/0209202568b6cd4f5c28d.jpeg?wsr\",\"width\":800,\"height\":960},{\"@type\":\"BreadcrumbList\",\"@id\":\"https:\\\/\\\/herbalkincsei.hu\\\/index.php\\\/termek\\\/collagen-complex-i-ii-iii-v-x-kollagen-por-240-g\\\/#breadcrumb\",\"itemListElement\":[{\"@type\":\"ListItem\",\"position\":1,\"name\":\"Kezd\u0151lap\",\"item\":\"https:\\\/\\\/herbalkincsei.hu\\\/\"},{\"@type\":\"ListItem\",\"position\":2,\"name\":\"\u00dczlet\",\"item\":\"https:\\\/\\\/herbalkincsei.hu\\\/index.php\\\/uzlet\\\/\"},{\"@type\":\"ListItem\",\"position\":3,\"name\":\"Collagen Complex \u2013 I, II, III, V, X \u2013 kollag\u00e9n por 240 g\"}]},{\"@type\":\"WebSite\",\"@id\":\"https:\\\/\\\/herbalkincsei.hu\\\/#website\",\"url\":\"https:\\\/\\\/herbalkincsei.hu\\\/\",\"name\":\"herbalkincsei.hu\",\"description\":\"Ahol az eg\u00e9szs\u00e9g a c\u00e9l.\",\"publisher\":{\"@id\":\"https:\\\/\\\/herbalkincsei.hu\\\/#organization\"},\"potentialAction\":[{\"@type\":\"SearchAction\",\"target\":{\"@type\":\"EntryPoint\",\"urlTemplate\":\"https:\\\/\\\/herbalkincsei.hu\\\/?s={search_term_string}\"},\"query-input\":{\"@type\":\"PropertyValueSpecification\",\"valueRequired\":true,\"valueName\":\"search_term_string\"}}],\"inLanguage\":\"hu\"},{\"@type\":\"Organization\",\"@id\":\"https:\\\/\\\/herbalkincsei.hu\\\/#organization\",\"name\":\"Herb\u00e1lkincsei\",\"url\":\"https:\\\/\\\/herbalkincsei.hu\\\/\",\"logo\":{\"@type\":\"ImageObject\",\"inLanguage\":\"hu\",\"@id\":\"https:\\\/\\\/herbalkincsei.hu\\\/#\\\/schema\\\/logo\\\/image\\\/\",\"url\":\"https:\\\/\\\/herbalkincsei.hu\\\/wp-content\\\/uploads\\\/2024\\\/02\\\/cropped-Green-Leaf-Aromatherapy-Logo-400-\u00d7-135-keppont.png?wsr\",\"contentUrl\":\"https:\\\/\\\/herbalkincsei.hu\\\/wp-content\\\/uploads\\\/2024\\\/02\\\/cropped-Green-Leaf-Aromatherapy-Logo-400-\u00d7-135-keppont.png?wsr\",\"width\":400,\"height\":135,\"caption\":\"Herb\u00e1lkincsei\"},\"image\":{\"@id\":\"https:\\\/\\\/herbalkincsei.hu\\\/#\\\/schema\\\/logo\\\/image\\\/\"}}]}<\/script>\n<!-- \/ Yoast SEO plugin. -->","yoast_head_json":{"title":"Collagen Complex \u2013 I, II, III, V, X \u2013 kollag\u00e9n por 240 g - Herb\u00e1lkincsei","description":"collagen-complex-i-ii-iii-v-x-kollagen-por-240-g","robots":{"index":"index","follow":"follow","max-snippet":"max-snippet:-1","max-image-preview":"max-image-preview:large","max-video-preview":"max-video-preview:-1"},"canonical":"https:\/\/herbalkincsei.hu\/index.php\/termek\/collagen-complex-i-ii-iii-v-x-kollagen-por-240-g\/","og_locale":"hu_HU","og_type":"article","og_title":"Collagen Complex \u2013 I, II, III, V, X \u2013 kollag\u00e9n por 240 g - Herb\u00e1lkincsei","og_description":"collagen-complex-i-ii-iii-v-x-kollagen-por-240-g","og_url":"https:\/\/herbalkincsei.hu\/index.php\/termek\/collagen-complex-i-ii-iii-v-x-kollagen-por-240-g\/","og_site_name":"Herb\u00e1lkincsei","article_modified_time":"2025-11-23T14:59:06+00:00","og_image":[{"width":800,"height":960,"url":"https:\/\/herbalkincsei.hu\/wp-content\/uploads\/2025\/09\/0209202568b6cd4f5c28d.jpeg?wsr","type":"image\/jpeg"}],"twitter_card":"summary_large_image","twitter_misc":{"Becs\u00fclt olvas\u00e1si id\u0151":"10 perc"},"schema":{"@context":"https:\/\/schema.org","@graph":[{"@type":"WebPage","@id":"https:\/\/herbalkincsei.hu\/index.php\/termek\/collagen-complex-i-ii-iii-v-x-kollagen-por-240-g\/","url":"https:\/\/herbalkincsei.hu\/index.php\/termek\/collagen-complex-i-ii-iii-v-x-kollagen-por-240-g\/","name":"Collagen Complex \u2013 I, II, III, V, X \u2013 kollag\u00e9n por 240 g - Herb\u00e1lkincsei","isPartOf":{"@id":"https:\/\/herbalkincsei.hu\/#website"},"primaryImageOfPage":{"@id":"https:\/\/herbalkincsei.hu\/index.php\/termek\/collagen-complex-i-ii-iii-v-x-kollagen-por-240-g\/#primaryimage"},"image":{"@id":"https:\/\/herbalkincsei.hu\/index.php\/termek\/collagen-complex-i-ii-iii-v-x-kollagen-por-240-g\/#primaryimage"},"thumbnailUrl":"https:\/\/herbalkincsei.hu\/wp-content\/uploads\/2025\/09\/0209202568b6cd4f5c28d.jpeg?wsr","datePublished":"2025-09-02T10:56:15+00:00","dateModified":"2025-11-23T14:59:06+00:00","description":"collagen-complex-i-ii-iii-v-x-kollagen-por-240-g","breadcrumb":{"@id":"https:\/\/herbalkincsei.hu\/index.php\/termek\/collagen-complex-i-ii-iii-v-x-kollagen-por-240-g\/#breadcrumb"},"inLanguage":"hu","potentialAction":[{"@type":"ReadAction","target":["https:\/\/herbalkincsei.hu\/index.php\/termek\/collagen-complex-i-ii-iii-v-x-kollagen-por-240-g\/"]}]},{"@type":"ImageObject","inLanguage":"hu","@id":"https:\/\/herbalkincsei.hu\/index.php\/termek\/collagen-complex-i-ii-iii-v-x-kollagen-por-240-g\/#primaryimage","url":"https:\/\/herbalkincsei.hu\/wp-content\/uploads\/2025\/09\/0209202568b6cd4f5c28d.jpeg?wsr","contentUrl":"https:\/\/herbalkincsei.hu\/wp-content\/uploads\/2025\/09\/0209202568b6cd4f5c28d.jpeg?wsr","width":800,"height":960},{"@type":"BreadcrumbList","@id":"https:\/\/herbalkincsei.hu\/index.php\/termek\/collagen-complex-i-ii-iii-v-x-kollagen-por-240-g\/#breadcrumb","itemListElement":[{"@type":"ListItem","position":1,"name":"Kezd\u0151lap","item":"https:\/\/herbalkincsei.hu\/"},{"@type":"ListItem","position":2,"name":"\u00dczlet","item":"https:\/\/herbalkincsei.hu\/index.php\/uzlet\/"},{"@type":"ListItem","position":3,"name":"Collagen Complex \u2013 I, II, III, V, X \u2013 kollag\u00e9n por 240 g"}]},{"@type":"WebSite","@id":"https:\/\/herbalkincsei.hu\/#website","url":"https:\/\/herbalkincsei.hu\/","name":"herbalkincsei.hu","description":"Ahol az eg\u00e9szs\u00e9g a c\u00e9l.","publisher":{"@id":"https:\/\/herbalkincsei.hu\/#organization"},"potentialAction":[{"@type":"SearchAction","target":{"@type":"EntryPoint","urlTemplate":"https:\/\/herbalkincsei.hu\/?s={search_term_string}"},"query-input":{"@type":"PropertyValueSpecification","valueRequired":true,"valueName":"search_term_string"}}],"inLanguage":"hu"},{"@type":"Organization","@id":"https:\/\/herbalkincsei.hu\/#organization","name":"Herb\u00e1lkincsei","url":"https:\/\/herbalkincsei.hu\/","logo":{"@type":"ImageObject","inLanguage":"hu","@id":"https:\/\/herbalkincsei.hu\/#\/schema\/logo\/image\/","url":"https:\/\/herbalkincsei.hu\/wp-content\/uploads\/2024\/02\/cropped-Green-Leaf-Aromatherapy-Logo-400-\u00d7-135-keppont.png?wsr","contentUrl":"https:\/\/herbalkincsei.hu\/wp-content\/uploads\/2024\/02\/cropped-Green-Leaf-Aromatherapy-Logo-400-\u00d7-135-keppont.png?wsr","width":400,"height":135,"caption":"Herb\u00e1lkincsei"},"image":{"@id":"https:\/\/herbalkincsei.hu\/#\/schema\/logo\/image\/"}}]}},"_links":{"self":[{"href":"https:\/\/herbalkincsei.hu\/index.php\/wp-json\/wp\/v2\/product\/1633","targetHints":{"allow":["GET"]}}],"collection":[{"href":"https:\/\/herbalkincsei.hu\/index.php\/wp-json\/wp\/v2\/product"}],"about":[{"href":"https:\/\/herbalkincsei.hu\/index.php\/wp-json\/wp\/v2\/types\/product"}],"replies":[{"embeddable":true,"href":"https:\/\/herbalkincsei.hu\/index.php\/wp-json\/wp\/v2\/comments?post=1633"}],"wp:featuredmedia":[{"embeddable":true,"href":"https:\/\/herbalkincsei.hu\/index.php\/wp-json\/wp\/v2\/media\/1632"}],"wp:attachment":[{"href":"https:\/\/herbalkincsei.hu\/index.php\/wp-json\/wp\/v2\/media?parent=1633"}],"wp:term":[{"taxonomy":"product_brand","embeddable":true,"href":"https:\/\/herbalkincsei.hu\/index.php\/wp-json\/wp\/v2\/product_brand?post=1633"},{"taxonomy":"product_cat","embeddable":true,"href":"https:\/\/herbalkincsei.hu\/index.php\/wp-json\/wp\/v2\/product_cat?post=1633"},{"taxonomy":"product_tag","embeddable":true,"href":"https:\/\/herbalkincsei.hu\/index.php\/wp-json\/wp\/v2\/product_tag?post=1633"}],"curies":[{"name":"wp","href":"https:\/\/api.w.org\/{rel}","templated":true}]}}