{"id":1631,"date":"2025-09-02T11:56:15","date_gmt":"2025-09-02T10:56:15","guid":{"rendered":"https:\/\/herbalkincsei.hu\/?post_type=product&#038;p=1631"},"modified":"2026-02-04T17:41:49","modified_gmt":"2026-02-04T16:41:49","slug":"csirke-kollagen-ii-es-tipusu-chondractiv-kapszula-90-db","status":"publish","type":"product","link":"https:\/\/herbalkincsei.hu\/index.php\/termek\/csirke-kollagen-ii-es-tipusu-chondractiv-kapszula-90-db\/","title":{"rendered":"Csirke kollag\u00e9n (II-es t\u00edpus\u00fa) ChondrActiv\u2122 kapszula 90 db"},"content":{"rendered":"<h2><span class=\"bluetxt\">USA medical ChondArctiv\u2122 TYPE II csirke porc kollag\u00e9n kapszula &#8211; 90 db<\/span><\/h2>\n<ul>\n<li><strong>Hat\u00e9kony \u00f6sszetev\u0151k kombin\u00e1ci\u00f3ja:<\/strong> II. t\u00edpus\u00fa kollag\u00e9n alkotja, mely term\u00e9szetes m\u00f3don el\u0151fordul\u00f3 kondroitin-szulf\u00e1tot \u00e9s hialuronsavat tartalmaz<\/li>\n<li><strong>\u00cdz\u00fcleti t\u00e1mogat\u00e1s:<\/strong> Klinikai vizsg\u00e1latok igazolj\u00e1k, a ChondrActiv\u2122 csirke kollag\u00e9n jav\u00edtja az \u00edz\u00fcletek rugalmass\u00e1g\u00e1t \u00e9s eg\u00e9szs\u00e9g\u00e9t.<\/li>\n<li><strong>Porcv\u00e9delem:<\/strong> Seg\u00edtheti a porcok szerkezeti integrit\u00e1s\u00e1nak meg\u0151rz\u00e9s\u00e9t, hossz\u00fa t\u00e1v\u00fa v\u00e9delmet biztos\u00edtva.<\/li>\n<li><strong>Mozg\u00e1sszabads\u00e1g t\u00e1mogat\u00e1sa:<\/strong> Seg\u00edthet visszaszerezni a mozg\u00e1s k\u00f6nnyeds\u00e9g\u00e9t<\/li>\n<li><strong>C-vitaminnal kieg\u00e9sz\u00edtve:<\/strong> A C-vitamin-bevitel elengedhetetlen a kollag\u00e9nszint\u00e9zishez.<\/li>\n<li><strong>Nincs t\u00f6bb\u00e9 rossz \u00edz\u0171 csirke kollag\u00e9n:<\/strong> A kapszul\u00e1s kiszerel\u00e9snek k\u00f6sz\u00f6nhet\u0151en nem kell t\u00f6bb\u00e9 a csirke kollag\u00e9nek rossz \u00edz\u00e9t elviselned!<\/li>\n<\/ul>\n<h3><strong>Mi\u00e9rt ide\u00e1lis a csirke kollag\u00e9n a porcok \u00e9s \u00edz\u00fcletek v\u00e9delm\u00e9re?<\/strong><\/h3>\n<p><strong>A csirke kollag\u00e9n, amelyet els\u0151sorban a csirk\u00e9k porc\u00e1b\u00f3l, csontj\u00e1b\u00f3l \u00e9s b\u0151r\u00e9b\u0151l nyernek ki, II. t\u00edpus\u00fa kollag\u00e9nben gazdag anyag,<\/strong> mely kiemelten kedvez\u0151 hat\u00e1ssal van a porcok \u00e9s az \u00edz\u00fcletek eg\u00e9szs\u00e9g\u00e9re. Rendszeres haszn\u00e1lata seg\u00edthet cs\u00f6kkenteni az \u00edz\u00fcleti f\u00e1jdalmakat, jav\u00edthatja a mobilit\u00e1st, \u00e9s potenci\u00e1lisan lass\u00edthatja a degenerat\u00edv \u00edz\u00fcleti \u00e1llapotok, p\u00e9ld\u00e1ul az osteoarthritis el\u0151rehalad\u00e1s\u00e1t. Ennek oka, hogy a kollag\u00e9n egyedi fizikai tulajdons\u00e1gokkal <a href=\"https:\/\/www.sciencedirect.com\/science\/article\/abs\/pii\/S2213329116300028\">rendelkezik<\/a>, bele\u00e9rtve a szak\u00edt\u00f3szil\u00e1rds\u00e1got, a rugalmass\u00e1got, a biokompatibilit\u00e1st \u00e9s a biol\u00f3giai lebonthat\u00f3s\u00e1got is.<\/p>\n<p><strong>A marha \u00e9s hal kollag\u00e9nnel szemben \u2013 melyek legink\u00e1bb a b\u0151r \u00e9s a haj eg\u00e9szs\u00e9g\u00e9hez j\u00e1rulnak hozz\u00e1 \u2013 a II. t\u00edpus\u00fa, csirk\u00e9b\u0151l sz\u00e1rmaz\u00f3 kollag\u00e9n az \u00edz\u00fcletek eg\u00e9szs\u00e9g\u00e9nek \u00e9s rugalmass\u00e1g\u00e1nak meg\u0151rz\u00e9s\u00e9ben lehet seg\u00edts\u00e9gedre,<\/strong> mivel az \u00edz\u00fcleteket p\u00e1rn\u00e1z\u00f3 \u00e9s a csontok egym\u00e1shoz d\u00f6rzs\u00f6l\u0151d\u00e9s\u00e9t megakad\u00e1lyoz\u00f3 porcok szerkezet\u00e9nek \u00e9s rugalmass\u00e1g\u00e1nak fenntart\u00e1s\u00e1ban j\u00e1tszott szerep\u00e9r\u0151l ismert.<\/p>\n<p>Fontos szem el\u0151tt tartanod, hogy az emberi b\u0151r 75 sz\u00e1zal\u00e9ka \u00e9s a teljes test 30 sz\u00e1zal\u00e9ka kollag\u00e9nb\u0151l \u00e1ll, \u00edgy a kollag\u00e9n <a href=\"https:\/\/real.mtak.hu\/118284\/1\/2020.10.4.1%20-%20A%20kollag%C3%A9n%20szerepe%20%C3%A9s%20hat%C3%A1sa%20az%20emberi%20szervezetre.pdf\">p\u00f3tl\u00e1sa<\/a> \u2013 k\u00fcl\u00f6n\u00f6sen az \u00e9letkor el\u0151rehaladt\u00e1val, valamint intenz\u00edv fizikai ig\u00e9nybev\u00e9tel eset\u00e9n \u2013 strat\u00e9giai fontoss\u00e1g\u00fa. <strong>Negyven\u00e9ves kor felett ugyanis a szervezetben tal\u00e1lhat\u00f3 kollag\u00e9n mennyis\u00e9ge \u00e9vr\u0151l \u00e9vre 1 sz\u00e1zal\u00e9kkal cs\u00f6kken<\/strong>, ennek k\u00f6vetkezt\u00e9ben pedig nyolcvan\u00e9ves korunkra ak\u00e1r a szervezet teljes kollag\u00e9ntartalm\u00e1nak 75 sz\u00e1zal\u00e9k\u00e1t is elvesz\u00edthetj\u00fck.<\/p>\n<p>Ebben az esetben pedig nemcsak petyh\u00fcdt, t\u00f3nustalan, fak\u00f3 b\u0151r, megereszkedett k\u00f6t\u0151sz\u00f6veti r\u00e9gi\u00f3k, izomgyenges\u00e9g, izomt\u00f6meg-cs\u00f6kken\u00e9s, mozg\u00e1startom\u00e1ny- \u00e9s mozg\u00e1st\u00e9r-besz\u0171k\u00fcl\u00e9s, v\u00e1zizomrendszeri panaszok j\u00f6hetnek l\u00e9tre, hanem s\u00falyos csontritkul\u00e1s, mozg\u00e1sszervi megbeteged\u00e9sek \u00e9s ak\u00e1r medencefen\u00e9k-gyenges\u00e9g is.<\/p>\n<p>A kollag\u00e9n rendszeres or\u00e1lis p\u00f3tl\u00e1sa azonban seg\u00edthet meg\u00e1ll\u00edtani vagy ak\u00e1r teljesen visszaford\u00edtani a folyamatokat.<\/p>\n<h3><strong><span class=\"bluetxt\">A csirke kollag\u00e9n fogyaszt\u00e1s\u00e1nak el\u0151nyei<\/span><\/strong><\/h3>\n<p>A csirke kollag\u00e9n m\u00e1s, mint a marha \u00e9s hal kollag\u00e9n k\u00e9sz\u00edtm\u00e9nyek, ugyanis m\u00edg el\u0151bbiek els\u0151sorban I. \u00e9s III. t\u00edpus\u00fa kollag\u00e9nben b\u0151velkednek, addig a csirke kollag\u00e9n f\u0151leg II. t\u00edpus\u00fa kollag\u00e9nt tartalmaz, ez\u00e1ltal igazi szuperszt\u00e1r az \u00e9trend-kieg\u00e9sz\u00edt\u0151k k\u00f6z\u00f6tt.<\/p>\n<p><strong>A II-es t\u00edpus\u00fa kollag\u00e9n fibrillumok ugyanis a porcok, a porckorongok \u00e9s a szem \u00fcvegtest\u00e9nek f\u0151 alkot\u00f3elemei<\/strong>, emellett l\u00e9tfontoss\u00e1g\u00faak a csontok \u00e9s fogak norm\u00e1lis fejl\u0151d\u00e9s\u00e9hez. Szerkezet\u00fck saj\u00e1tos: a kollag\u00e9nt fel\u00e9p\u00edt\u0151 <a href=\"https:\/\/www.ncbi.nlm.nih.gov\/pmc\/articles\/PMC2844158\/\">fibrill\u00e1k<\/a> a kollag\u00e9nmolekul\u00e1k 67 nm-es, magasan rendezett, egym\u00e1shoz k\u00e9pest eltolt elrendez\u00e9s\u0171 csoportjaib\u00f3l \u00e1llnak, \u00e9s a fibrill\u00e1ris kollag\u00e9nek jellegzetes D-peri\u00f3dus\u00fa szerkezet\u00e9t hozz\u00e1k l\u00e9tre.<\/p>\n<p>A csirke kollag\u00e9n fogyaszt\u00e1s\u00e1nak el\u0151nye, hogy:<\/p>\n<ul>\n<li><strong>hat\u00e1ssal van az arthritisek kezel\u00e9s\u00e9re, ez\u00e1ltal hozz\u00e1j\u00e1rul a mozg\u00e1s szabads\u00e1g\u00e1hoz.<\/strong>T\u00f6bb mint 50 milli\u00f3 feln\u0151tt \u00e9s 300 000 gyermek szenved valamilyen kr\u00f3nikus \u00edz\u00fcleti gyullad\u00e1sban. A betegs\u00e9gnek k\u00f6zel <a href=\"https:\/\/www.arthritis.org\/health-wellness\/about-arthritis\/understanding-arthritis\/what-is-arthritis\">sz\u00e1z<\/a> k\u00fcl\u00f6nf\u00e9le v\u00e1ltozata ismert, k\u00f6z\u00f6s azonban benn\u00fck, hogy a komoly f\u00e1jdalmakkal \u00e9s mozg\u00e1st\u00e9r-besz\u0171k\u00fcl\u00e9ssel j\u00e1r\u00f3 t\u00fcnetek autoimmun eredet\u0171ek. A k\u00f3rk\u00e9p k\u00e9t leggyakoribb \u00e9s legismertebb t\u00edpusa az osteoarthritis \u00e9s a rheumatoid arthritis.<\/li>\n<\/ul>\n<p>&nbsp;<\/p>\n<p>Egy randomiz\u00e1lt, kett\u0151s vak, placebo-kontroll\u00e1lt <a href=\"https:\/\/www.ncbi.nlm.nih.gov\/pmc\/articles\/PMC8308696\/\">vizsg\u00e1lat<\/a>ba olyan 40 \u00e9s 65 \u00e9v k\u00f6z\u00f6tti n\u0151ket vontak be, akiknek \u00edz\u00fcleti panaszaik voltak, de nem voltak t\u00e1rsbetegs\u00e9geik, \u00e9s nem szedtek f\u00e1jdalomcsillap\u00edt\u00f3t. A vizsg\u00e1lat nyolchetes peri\u00f3dusa alatt a r\u00e9sztvev\u0151k fizikai eg\u00e9szs\u00e9gi \u00e1llapot\u00e1t k\u00fcl\u00f6nf\u00e9le sztenderdiz\u00e1lhat\u00f3 t\u00e9nyez\u0151k ment\u00e9n m\u00e9rt\u00e9k fel, \u00e9s \u00fagy tal\u00e1lt\u00e1k, hogy a II. t\u00edpus\u00fa csirke kollag\u00e9n hat\u00e9konyan cs\u00f6kkenti az \u00edz\u00fcleti f\u00e1jdalmat \u00e9s merevs\u00e9get, valamint jav\u00edtja az \u00edz\u00fcleti funkci\u00f3kat egy\u00e9bk\u00e9nt eg\u00e9szs\u00e9ges feln\u0151ttek k\u00f6r\u00e9ben.<\/p>\n<p>Egy m\u00e1sik <a href=\"https:\/\/biosul.cl\/pro\/pdf\/Bakilan.pdf\">kutat\u00e1s<\/a>ban azt vizsg\u00e1lt\u00e1k, mik\u00e9nt a hat a II. t\u00edpus\u00fa csirke kollag\u00e9n a t\u00e9rd\u00edz\u00fcleti osteoarthritisszel diagnosztiz\u00e1lt betegekre. A kutat\u00e1s sor\u00e1n v\u00e9letlenszer\u0171en k\u00e9t csoportra osztott betegek egyik fel\u00e9t napi 1500 mg paracetamollal, m\u00e1sik fel\u00e9t napi 1500 mg paracetamollal \u00e9s 10 mg nat\u00edv II. t\u00edpus\u00fa kollag\u00e9nnel kezelt\u00e9k 3 h\u00f3napon kereszt\u00fcl. A nyugalmi \u00e9s j\u00e1r\u00e1s k\u00f6zbeni vizu\u00e1lis anal\u00f3g sk\u00e1la (VAS), a Western Ontario McMaster (WOMAC) f\u00e1jdalom, a WOMAC funkci\u00f3 \u00e9s a Short Form-36 (SF-36) pontsz\u00e1mokat minden esetben r\u00f6gz\u00edtett\u00e9k. Azt tal\u00e1lt\u00e1k, hogy II. t\u00edpus\u00fa nat\u00edv kollag\u00e9n \u00e9s paracetamol kombin\u00e1ci\u00f3j\u00e1val v\u00e9gzett kezel\u00e9s objekt\u00edv m\u00f3don is eredm\u00e9nyesebb, a betegek t\u00fcneteinek nagyobb m\u00e9rt\u00e9k\u0171 enyh\u00fcl\u00e9s\u00e9vel j\u00e1r egy\u00fctt.<\/p>\n<p>A csirke kollag\u00e9n emellett hat\u00e9konynak bizonyult a rheumatoid arthritis t\u00fcneteivel szemben is: egy k\u00ednai <a href=\"https:\/\/www.sciencedaily.com\/releases\/2009\/11\/091130192915.htm\">kutat\u00e1s<\/a> eredm\u00e9nyei szerint ugyanis azokn\u00e1l a betegekn\u00e9l, akik a 12 hetes vizsg\u00e1lati peri\u00f3dusban csirkemellporcb\u00f3l kivont, II. t\u00edpus\u00fa csirke kollag\u00e9nt fogyasztottak, jelent\u0151sen javult az \u00edz\u00fcleti funkci\u00f3, mell\u00e9khat\u00e1sokr\u00f3l azonban nem sz\u00e1moltak be.<\/p>\n<p>&nbsp;<\/p>\n<ul>\n<li><strong>immuner\u0151s\u00edt\u0151 szerepe van.<\/strong><\/li>\n<\/ul>\n<p>&nbsp;<\/p>\n<p>Az immunrendszer\u00fcnk test\u00fcnk f\u0151 v\u00e9delmi vonal\u00e1t alkotja, autoimmun eredet\u0171 megbeteged\u00e9s eset\u00e9n azonban folyamatos terhel\u00e9s alatt van. \u00c9pp ez\u00e9rt fontos, hogy \u2013 pl\u00e1ne kr\u00f3nikus betegs\u00e9g fenn\u00e1ll\u00e1sa eset\u00e9n \u2013 folyamatosan t\u00e1mogatva legyen.<\/p>\n<p>Egy k\u00eds\u00e9rleti \u00e1llatokon v\u00e9gzett <a href=\"https:\/\/link.springer.com\/article\/10.1007\/s00011-009-0109-4\">vizsg\u00e1lat<\/a>ban a II. t\u00edpus\u00fa csirke kollag\u00e9n hat\u00e1s\u00e1t elemezt\u00e9k a szervezet immunv\u00e1lasz\u00e1\u00e9rt felel\u0151s limfocit\u00e1k m\u0171k\u00f6d\u00e9s\u00e9re. Az eredm\u00e9nyek egy\u00e9rtelm\u0171en igazolj\u00e1k, hogy a vizsg\u00e1lati peri\u00f3dusban a csirke kollag\u00e9nnel kezelt alanyok \u00e1llapota javult, immunrendszer\u00fck m\u0171k\u00f6d\u00e9s\u00e9ben pedig kedvez\u0151 v\u00e1ltoz\u00e1sok voltak megfigyelhet\u0151k.<\/p>\n<p>Egy m\u00e1sik <a href=\"https:\/\/pubmed.ncbi.nlm.nih.gov\/19951408\/\">kutat\u00e1s<\/a>ban azt elemezt\u00e9k, hogy mik\u00e9nt javul az arthritisben szenved\u0151 betegek \u00e1llapota a 24 hetes vizsg\u00e1lati peri\u00f3dusban, illetve a kezel\u00e9s hat\u00e1s\u00e1ra mik\u00e9nt v\u00e1ltoznak a r\u00e9sztvev\u0151k em\u00e9szt\u00e9si panaszai a kezel\u00e9s hat\u00e1s\u00e1ra. Az eredm\u00e9nyek biztat\u00f3ak, ugyanis nemcsak az der\u00fclt ki, hogy a II. t\u00edpus\u00fa csirke kollag\u00e9nnel kezelt alanyok f\u00e1jdalm\u00e1nak objekt\u00edv \u00e9s szubjekt\u00edv m\u00e9rt\u00e9ke, a reggeli merevs\u00e9g, az \u00e9rz\u00e9keny, duzzadt \u00edz\u00fcletek sz\u00e1ma egy\u00e9rtelm\u0171en cs\u00f6kkent, hanem a betegek em\u00e9szt\u00e9se is egy\u00e9rtelm\u0171 javul\u00e1st mutatott.<\/p>\n<p>&nbsp;<\/p>\n<ul>\n<li><strong>hozz\u00e1j\u00e1rul a test legnagyobb immunszerve, a b\u0151r eg\u00e9szs\u00e9g\u00e9hez.<\/strong><\/li>\n<\/ul>\n<p>&nbsp;<\/p>\n<p>Egy <a href=\"https:\/\/www.ncbi.nlm.nih.gov\/pmc\/articles\/PMC9032939\/\">tanulm\u00e1ny<\/a>ban csirkecsontb\u00f3l enzimatikus hidrol\u00edzissel el\u0151\u00e1ll\u00edtott kollag\u00e9n peptidek D-galakt\u00f3zzal kombin\u00e1lt hat\u00e1smechanizmus\u00e1t vizsg\u00e1lt\u00e1k az UV \u00e1ltal kiv\u00e1ltott b\u0151r\u00f6reged\u00e9s enyh\u00edt\u00e9s\u00e9re. Az eredm\u00e9nyek azt mutatt\u00e1k, hogy a csirkecsont kollag\u00e9nje a kollag\u00e9n tipikus jellemz\u0151ivel rendelkezett, emellett jelent\u0151s enyh\u00edt\u0151 hat\u00e1ssal volt az \u00f6reged\u0151 b\u0151rre, amit a b\u0151r \u00f6sszet\u00e9tel\u00e9nek \u00e9s szerkezet\u00e9nek v\u00e1ltoz\u00e1sa, a b\u0151r antioxid\u00e1ns szintj\u00e9nek javul\u00e1sa \u00e9s a gyullad\u00e1sos t\u00fcnetek megsz\u0171n\u00e9se jelzett. A kedvez\u0151 tapasztal\u00e1sok m\u00e9rt\u00e9ke pedig egy\u00e9rtelm\u0171en egyenesen ar\u00e1nyos m\u00f3don korrel\u00e1lt a kollag\u00e9n peptidek mennyis\u00e9g\u00e9vel.<\/p>\n<p>A marha \u00e9s hal kollag\u00e9n n\u00e9pszer\u0171s\u00e9ge \u00e9s sz\u00e9les k\u00f6r\u0171 ismerts\u00e9ge miatt a csirke kollag\u00e9n az \u00e9trend-kieg\u00e9sz\u00edt\u0151k k\u00f6z\u00f6tt eddig m\u00e9ltatlanul elhanyagoltnak sz\u00e1m\u00edtott. A <a href=\"https:\/\/www.diana-food.com\/our-natural-ingredients\/health-solutions\/collagen\/\">kutat\u00e1si eredm\u00e9nyek<\/a> azonban egy\u00e9rtelm\u0171en bizony\u00edtj\u00e1k, hogy a ChondrActiv\u2122\u00a0hidroliz\u00e1lt csirke kollag\u00e9n hat\u00e9kony \u00e9s er\u0151s t\u00e1rs a bajban, k\u00fcl\u00f6n\u00f6sen, ha autoimmun eredet\u0171 mozg\u00e1sszervi megbeteged\u00e9sekr\u0151l van sz\u00f3. Pr\u00f3b\u00e1ld ki te is \u00e9s szerezd vissza a mozg\u00e1s szabads\u00e1g\u00e1t mind\u00f6ssze napi h\u00e1rom kapszula alkalmaz\u00e1s\u00e1val!<\/p>\n<h3><strong>A csirke kollag\u00e9n fogyaszt\u00e1sa el\u0151ny\u00f6s lehet mindazok sz\u00e1m\u00e1ra, akik<\/strong><\/h3>\n<ul>\n<li>autoimmun eredet\u0171 mozg\u00e1sszervi megbeteged\u00e9sben szenvednek;<\/li>\n<li>szembetegs\u00e9gekkel, kr\u00f3nikus szemf\u00e1jdalmakkal k\u00fcszk\u00f6dnek;<\/li>\n<li>eg\u00e9szs\u00e9gesek, de szeretn\u00e9nek prevent\u00edv jelleggel tudatosan tenni v\u00e1zizomrendszer\u00fck eg\u00e9szs\u00e9g\u00e9\u00e9rt;<\/li>\n<li>nagym\u00e9rt\u00e9k\u0171 fizikai terhel\u00e9snek vannak kit\u00e9ve vagy meger\u0151ltet\u0151 fizikai munk\u00e1t v\u00e9geznek;<\/li>\n<li>komplex m\u00f3don k\u00edv\u00e1nnak tenni b\u0151r\u00fck eg\u00e9szs\u00e9g\u00e9\u00e9rt \u00e9s fiatals\u00e1guk meg\u0151rz\u00e9s\u00e9\u00e9rt;<\/li>\n<li>immunrendszer-boostra t\u00f6rekszenek;<\/li>\n<li>fontosnak tartj\u00e1k, hogy id\u0151ben gondoskodjanak egy hossz\u00fa, tartalmas \u00e9s lend\u00fcletes id\u0151skor eg\u00e9szs\u00e9g\u00e9r\u0151l.<\/li>\n<\/ul>\n<p>&nbsp;<\/p>\n<h3><strong><span class=\"bluetxt\">A kondroitin-szulf\u00e1t el\u0151nyei<\/span><\/strong><\/h3>\n<p>A kondroitin-szulf\u00e1t egy term\u00e9szetes poliszacharid, mely a porcsz\u00f6vetek fontos szerkezeti \u00f6sszetev\u0151je. Els\u0151sorban a fizikai terhel\u00e9ssel szembeni ellen\u00e1ll\u00f3k\u00e9pess\u00e9get biztos\u00edtja, mivel a mechanikus-elasztikus tulajdons\u00e1gok fenntart\u00e1s\u00e1\u00e9rt felel. Rendszeres szed\u00e9s\u00e9vel <a href=\"https:\/\/www.webmd.com\/vitamins\/ai\/ingredientmono-744\/chondroitin-sulfate\">meg\u00e1ll\u00edthat\u00f3<\/a>, illetve lass\u00edthat\u00f3 az osteoarthritisszel \u00e9l\u0151 betegek porcleboml\u00e1sa.<\/p>\n<p>T\u00e9ny, hogy a kondroitin-szulf\u00e1t ter\u00e1pi\u00e1s hat\u00e1sai sz\u00e1mos v\u00e1ltoz\u00f3t\u00f3l f\u00fcgghetnek, melyek k\u00f6z\u00f6tt az alapanyagok forr\u00e1sa \u00e9s tisztas\u00e1ga, valamint esetleges szennyezetts\u00e9ge els\u0151dleges fontoss\u00e1g\u00faak. Egy \u00e1tfog\u00f3 <a href=\"https:\/\/www.ncbi.nlm.nih.gov\/pmc\/articles\/PMC10329866\/\">tudom\u00e1nyos elemz\u00e9s<\/a>ben a kutat\u00f3k ugyanakkor \u00fagy tal\u00e1lt\u00e1k, hogy a farmakol\u00f3giai min\u0151s\u00e9g\u0171 kondroitin-szulf\u00e1t-tartalm\u00fa \u00e9trend-kieg\u00e9sz\u00edt\u0151knek megfelel\u0151 sztenderdiz\u00e1l\u00e1s eset\u00e9n klinikailag jelent\u0151s el\u0151nyei lehetnek.<\/p>\n<h3><strong><span class=\"bluetxt\">Minden, amit a hialuronsavr\u00f3l tudni \u00e9rdemes<\/span><\/strong><\/h3>\n<p>A <strong>hialuronsav egy olyan term\u00e9szetes anyag, amely els\u0151sorban a szem \u00e9s az \u00edz\u00fcletek folyad\u00e9k\u00e1ban tal\u00e1lhat\u00f3 meg.<\/strong> Leegyszer\u0171s\u00edtve egyfajta p\u00e1rn\u00e1z\u00f3- \u00e9s ken\u0151anyagk\u00e9nt m\u0171k\u00f6dik, n\u00e9pszer\u0171s\u00e9g\u00e9t pedig els\u0151sorban a sz\u00e9les k\u00f6rben elterjedt kozmetikai c\u00e9l\u00fa haszn\u00e1lat alapozta meg. Ehhez nagym\u00e9rt\u00e9kben hozz\u00e1j\u00e1rul az is, hogy a hialuronsav v\u00edzmegk\u00f6t\u0151 k\u00e9pess\u00e9ge rendk\u00edv\u00fcl magas, ez\u00e1ltal a hialuronsav molekul\u00e1k hozz\u00e1j\u00e1rulnak a szervezet viszkozit\u00e1s\u00e1hoz is.<\/p>\n<p>A <strong>hidrat\u00e1l\u00e1son t\u00fal azonban a hialuronsav hozz\u00e1j\u00e1rul az \u00edz\u00fcletek m\u0171k\u00f6d\u00e9s\u00e9hez, a kollag\u00e9nmolekul\u00e1k t\u00e9rkit\u00f6lt\u0151 k\u00e9pess\u00e9g\u00e9nek funkcion\u00e1l\u00e1s\u00e1hoz,<\/strong> emellett sz\u00f6vets\u00e9r\u00fcl\u00e9s eset\u00e9n a sz\u00f6vethelyre\u00e1ll\u00edt\u00e1s sz\u00e1mos aspektus\u00e1t is szab\u00e1lyozza, bele\u00e9rtve a gyullad\u00e1sos sejtek aktiv\u00e1l\u00e1s\u00e1t, valamint a fibroblasztok \u00e9s a h\u00e1msejtek s\u00e9r\u00fcl\u00e9sre adott v\u00e1laszait. A hialuronsav emellett keretet biztos\u00edt az \u00e9rk\u00e9pz\u0151d\u00e9shez \u00e9s a fibroblasztok migr\u00e1ci\u00f3j\u00e1hoz is, amelyek szerepet j\u00e1tszhatnak a tumorprogresszi\u00f3ban. Mindezek mellett a r\u00e1kos sejtek felsz\u00edn\u00e9n l\u00e9v\u0151 hialuronsav mennyis\u00e9ge \u00e9s a tumorok agresszivit\u00e1sa is \u00f6sszef\u00fcgg\u00e9seket mutat \u2013 der\u00fcl ki egy <a href=\"https:\/\/www.ncbi.nlm.nih.gov\/pmc\/articles\/PMC3583886\/\">tanulm\u00e1ny<\/a>b\u00f3l.<\/p>\n<p>A hialuronsav mindezek mellett <a href=\"https:\/\/www.hmpgloballearningnetwork.com\/site\/wounds\/article\/hyaluronic-acid-inflammation-and-tissue-regeneration\">bizony\u00edtottan hat\u00e1sos<\/a> a sebgy\u00f3gyul\u00e1s t\u00e1mogat\u00e1s\u00e1ban is, mivel nemcsak a sebk\u00f6rnyezet \u00f6sszetev\u0151jek\u00e9nt, hanem a sz\u00f6veti regener\u00e1ci\u00f3t akt\u00edvan befoly\u00e1sol\u00f3 t\u00e9nyez\u0151k\u00e9nt is a folyamat minden r\u00e9szfolyamat\u00e1ban jelen van.<\/p>\n<p>A hialuronsav hat\u00e9konys\u00e1g\u00e1t vizsg\u00e1l\u00f3 klinikai k\u00eds\u00e9rletek jelenleg is zajlanak, ezek nyom\u00e1n azonban egy\u00e9rtelm\u0171s\u00f6dni l\u00e1tszik, hogy a k\u00f6ld\u00f6kzsin\u00f3rb\u00f3l kinyert hialuronsav az egyik legmagasabb hat\u00e1sfok\u00fa hialuronsav-v\u00e1ltozat. Az azonban m\u00e1r most is j\u00f3l l\u00e1that\u00f3, hogy a hialuronsav mint biol\u00f3giailag akt\u00edv molekula, t\u00f6bb szinten szab\u00e1lyozza a sz\u00f6vetek helyre\u00e1ll\u00edt\u00e1si folyamat\u00e1t, biztons\u00e1gos \u00e9s hat\u00e9kony lehet\u0151s\u00e9gnek kell tekinteni a b\u0151r helyre\u00e1ll\u00edt\u00e1s\u00e1ban.<\/p>\n<p>M\u00e1s aspektusb\u00f3l ugyan, de ezt er\u0151s\u00edti meg egy m\u00e1sik, <a href=\"https:\/\/pubmed.ncbi.nlm.nih.gov\/27221554\/\">n\u00e9met tanulm\u00e1ny<\/a> is, melyben a kutat\u00f3k n\u00e9gy k\u00fcl\u00f6nf\u00e9le m\u00e9ret\u0171 hialuronsav-molekula egy\u00fcttes erej\u00e9t vizsg\u00e1lt\u00e1k. Az eredm\u00e9nyek azt mutatj\u00e1k, hogy a hialuronsav m\u00e1r 2-8 hetes alkalmaz\u00e1st k\u00f6vet\u0151en jav\u00edtja a b\u0151r rugalmass\u00e1g\u00e1t \u00e9s t\u00f3nus\u00e1t, valamint elhalv\u00e1ny\u00edtja a fel\u00fcleti r\u00e1ncokat.<\/p>\n<h3><strong><span class=\"bluetxt\">Mi\u00e9rt van sz\u00fcks\u00e9g kollag\u00e9n fogyaszt\u00e1sa mellett C-vitaminra is?<\/span><\/strong><\/h3>\n<p>A <strong>C-vitamin hozz\u00e1j\u00e1rul a prokollag\u00e9n k\u00e9pz\u00e9s\u00e9hez, mely a test kollag\u00e9nszint\u00e9zis\u00e9nek alapvet\u0151 felt\u00e9tele.<\/strong> Emellett a C-vitamin k\u00e9pes felgyors\u00edtani a csontgy\u00f3gyul\u00e1st t\u00f6r\u00e9s ut\u00e1n,\u00a0 cs\u00f6kkenti az oxidat\u00edv stressz m\u00e9rt\u00e9k\u00e9t \u00e9s n\u00f6veli az I. t\u00edpus\u00fa kollag\u00e9n szint\u00e9zis\u00e9t \u2013 der\u00fcl ki egy vonatkoz\u00f3 <a href=\"https:\/\/www.ncbi.nlm.nih.gov\/pmc\/articles\/PMC6204628\/\">kutat\u00e1s<\/a>b\u00f3l.<\/p>\n<p>&nbsp;<\/p>\n<p>Mivel a C-vitamin a prolil-hidroxil\u00e1z \u00e9s a lizil-hidroxil\u00e1z kofaktora \u2013 azaz olyan szerves molekula, mely n\u00e9lk\u00fcl a k\u00f6t\u0151sz\u00f6vetek gy\u00f3gyul\u00e1s\u00e1hoz sz\u00fcks\u00e9ges enzimek nem kataliz\u00e1lj\u00e1k a prokollag\u00e9n prolin- \u00e9s lizinmaradv\u00e1nyainak hidrox\u00e1l\u00e1s\u00e1t \u2013, <strong>C-vitamin n\u00e9lk\u00fcl a kollag\u00e9nszint\u00e9zis \u00e9s a k\u00f6t\u0151sz\u00f6vetek <a href=\"https:\/\/pubmed.ncbi.nlm.nih.gov\/7518857\/\">gy\u00f3gyul\u00e1s<\/a>a is ellehetetlen\u00fcl.<\/strong><\/p>\n<p>A kollag\u00e9nszint\u00e9zisben bet\u00f6lt\u00f6tt szerepe mellett a C-vitamin er\u0151s antioxid\u00e1nsk\u00e9nt is m\u0171k\u00f6dik, mivel <a href=\"https:\/\/www.ncbi.nlm.nih.gov\/pmc\/articles\/PMC296476\/\">semleges\u00edt<\/a>i a k\u00e1ros reakt\u00edv oxig\u00e9n fajok (ROS) m\u0171k\u00f6d\u00e9s\u00e9t, amelyek a gyullad\u00e1sos f\u00e1zisban a sejtek apopt\u00f3zis\u00e1\u00e9rt felel\u0151sek.<\/p>\n<p>A ChondrActiv\u2122 hidroliz\u00e1lt csirke\u00a0 kollag\u00e9n kapszul\u00e1k napi aj\u00e1nlott mennyis\u00e9ge \u2013 3 db tabletta \u2013 \u00e9pp ez\u00e9rt, a kollag\u00e9nszint\u00e9zis folyamat\u00e1nak t\u00e1mogat\u00e1s\u00e1ra, tartalmazza a feln\u0151ttek sz\u00e1m\u00e1ra aj\u00e1nlott maxim\u00e1lis C-vitamin-bevitel 100 sz\u00e1zal\u00e9k\u00e1t. Mi ezzel t\u00e1mogatjuk, hogy testedben a kollag\u00e9nszint\u00e9zis mindig zavartalanul, maxim\u00e1lis hat\u00e9konys\u00e1ggal \u00e9s megb\u00edzhat\u00f3an m\u0171k\u00f6dj\u00f6n.<\/p>\n<p><strong>Fontos megjegyz\u00e9s:<\/strong> Az oldalon tal\u00e1lhat\u00f3 inform\u00e1ci\u00f3k \u00e9s \u00e1ll\u00edt\u00e1sok csup\u00e1n \u00e1ltal\u00e1nos t\u00e1j\u00e9koztat\u00e1sul szolg\u00e1lnak a term\u00e9keink \u00f6sszetev\u0151ivel kapcsolatban. Az USA medical term\u00e9kei nem min\u0151s\u00fclnek gy\u00f3gyszernek, \u00e9s az inform\u00e1ci\u00f3k nem helyettes\u00edtik az orvosi tan\u00e1csad\u00e1st vagy kezel\u00e9st. A k\u00f6z\u00f6lt \u00e1ll\u00edt\u00e1sok nem a konkr\u00e9t term\u00e9kre vonatkoznak, hanem a tudom\u00e1nyos \u00e9s szakirodalmi forr\u00e1sokban tal\u00e1lhat\u00f3 ismereteket \u00f6sszegzik. Az inform\u00e1ci\u00f3k nem \u00e9rtelmezhet\u0151k szem\u00e9lyre szabott eg\u00e9szs\u00e9g\u00fcgyi javaslatk\u00e9nt, \u00e9s nem szolg\u00e1lnak konkr\u00e9t t\u00fcnetek kezel\u00e9s\u00e9re vonatkoz\u00f3 tan\u00e1csk\u00e9nt. B\u00e1rmilyen eg\u00e9szs\u00e9gi probl\u00e9m\u00e1val kapcsolatban k\u00e9rj\u00fck, forduljon szakorvoshoz vagy gy\u00f3gyszer\u00e9szhez!<\/p>\n","protected":false},"excerpt":{"rendered":"<div id=\"product_desc\" class=\"elementor-element elementor-element-dca84d2 elementor-widget elementor-widget-woocommerce-product-short-description\" data-id=\"dca84d2\" data-element_type=\"widget\" data-widget_type=\"woocommerce-product-short-description.default\">\n<div class=\"elementor-widget-container\">\n<div class=\"woocommerce-product-details__short-description\">\n<p>A<strong> ChondrActiv\u2122 hidroliz\u00e1lt csirke PORC kollag\u00e9n<\/strong> egyed\u00fcl\u00e1ll\u00f3, szabadalmazott formul\u00e1val rendelkez\u0151 \u00e9trend-kieg\u00e9sz\u00edt\u0151, mely<strong> a II-es t\u00edpus\u00fa kollag\u00e9nen k\u00edv\u00fcl term\u00e9szetesen tartalmaz kondroitin-szulf\u00e1tot \u00e9s hialuronsavat is<\/strong>. A hidroliz\u00e1ci\u00f3s elj\u00e1r\u00e1s sor\u00e1n a kollag\u00e9n feh\u00e9rje molekul\u00e1k kisebb bioakt\u00edv peptidekre bomlanak, amelyek \u00edgy hat\u00e9konyabban \u00e9s gyorsabban sz\u00edv\u00f3dnak fel az em\u00e9szt\u00e9s sor\u00e1n. A II-es t\u00edpus\u00fa kollag\u00e9n fontos szerepet j\u00e1tszik az \u00edz\u00fcletek eg\u00e9szs\u00e9g\u00e9ben, mivel az \u00edz\u00fcleti porcok f\u0151 alkot\u00f3eleme. A<strong> klinikai tanulm\u00e1nyok kimutatt\u00e1k, hogy a csirke kollag\u00e9n napi alacsony d\u00f3zisban fogyasztva is hat\u00e9konyan jav\u00edtja az \u00edz\u00fcleti funkci\u00f3kat, ez\u00e1ltal t\u00e1mogatva az akt\u00edv \u00e9letm\u00f3dot \u00e9s az eg\u00e9szs\u00e9ges \u00f6reged\u00e9st. A ChondrActiv\u2122 klinikailag bizony\u00edtottan jav\u00edtja az \u00edz\u00fcletek eg\u00e9szs\u00e9g\u00e9t \u00e9s rugalmass\u00e1g\u00e1t, \u00e9s hozz\u00e1j\u00e1rul a porcok szerkezeti integrit\u00e1s\u00e1nak meg\u0151rz\u00e9s\u00e9hez.<\/strong> A C-vitamin t\u00e1mogatja a norm\u00e1l kollag\u00e9n termel\u00e9st, hozz\u00e1j\u00e1rulva az erek, porcok, b\u0151r \u00e9s csontok eg\u00e9szs\u00e9g\u00e9hez \u00e9s megfelel\u0151 m\u0171k\u00f6d\u00e9s\u00e9hez.<\/p>\n<p><strong>\u00c9trend-kieg\u00e9sz\u00edt\u0151 kapszula<br \/>\nOGY\u00c9I notifik\u00e1ci\u00f3s sz\u00e1m: <\/strong>35289\/2024<br \/>\n<strong>Kiszerel\u00e9s:<\/strong> 90 db<br \/>\n<strong>Sz\u00e1rmaz\u00e1si orsz\u00e1g:<\/strong> EU<\/p>\n<\/div>\n<\/div>\n<\/div>\n<ul>\n<li class=\"elementor-icon-list-item\"><strong><span class=\"elementor-icon-list-text\">Magyar-amerikai fejleszt\u00e9s<\/span><\/strong><\/li>\n<li class=\"elementor-icon-list-item\"><strong><span class=\"elementor-icon-list-text\">GMP \u00e9s HACCP szabv\u00e1ny szerint gy\u00e1rtva<\/span><\/strong><\/li>\n<li class=\"elementor-icon-list-item\"><strong><span class=\"elementor-icon-list-text\">Val\u00f3s magyarorsz\u00e1gi rakt\u00e1rk\u00e9szletr\u0151l<\/span><\/strong><\/li>\n<\/ul>\n<p><img decoding=\"async\" class=\"alignnone size-full wp-image-826\" src=\"https:\/\/herbalkincsei.hu\/wp-content\/uploads\/2024\/03\/hand-holding-heart-solid.svg\" alt=\"\" \/>\u00a0 Term\u00e9keink gondosan v\u00e1logatott alapanyagokb\u00f3l k\u00e9sz\u00fclnek.<\/p>\n<p><img decoding=\"async\" class=\"alignnone size-full wp-image-825\" src=\"https:\/\/herbalkincsei.hu\/wp-content\/uploads\/2024\/03\/star-solid.svg\" alt=\"\" \/>\u00a0 \u00a0A term\u00e9kekre hazai garanci\u00e1t \u00e9s term\u00e9k szolg\u00e1ltat\u00e1st biztos\u00edtunk.<\/p>\n<p><img decoding=\"async\" class=\"alignnone size-full wp-image-823\" src=\"https:\/\/herbalkincsei.hu\/wp-content\/uploads\/2024\/03\/user-lock-solid.svg\" alt=\"\" \/>\u00a0Biztons\u00e1gos v\u00e9dett fizet\u00e9s.<\/p>\n<p><img decoding=\"async\" class=\"alignnone size-full wp-image-824\" src=\"https:\/\/herbalkincsei.hu\/wp-content\/uploads\/2024\/03\/truck-fast-solid.svg\" alt=\"\" \/>\u00a0Gyors kiszolg\u00e1l\u00e1s.<\/p>\n<p>&nbsp;<\/p>\n","protected":false},"featured_media":1630,"comment_status":"closed","ping_status":"closed","template":"","meta":[],"product_brand":[223],"product_cat":[181,172,246,19,171],"product_tag":[],"class_list":{"0":"post-1631","1":"product","2":"type-product","3":"status-publish","4":"has-post-thumbnail","6":"product_brand-usamedical","7":"product_cat-csont-es-porc","8":"product_cat-etrend-kiegeszitok","9":"product_cat-kollagen-usamedical","10":"product_cat-minden-termek","11":"product_cat-usamedical","12":"product_shipping_class-hu","14":"first","15":"instock","16":"purchasable","17":"product-type-simple","18":"add-to-wishlist-before_image","19":"customify-col"},"yoast_head":"<!-- This site is optimized with the Yoast SEO plugin v27.4 - https:\/\/yoast.com\/product\/yoast-seo-wordpress\/ -->\n<title>Csirke kollag\u00e9n (II-es t\u00edpus\u00fa) ChondrActiv\u2122 kapszula 90 db - Herb\u00e1lkincsei<\/title>\n<meta name=\"description\" content=\"csirke-kollagen-ii-es-tipusu-chondractiv-kapszula\" \/>\n<meta name=\"robots\" content=\"index, follow, max-snippet:-1, max-image-preview:large, max-video-preview:-1\" \/>\n<link rel=\"canonical\" href=\"https:\/\/herbalkincsei.hu\/index.php\/termek\/csirke-kollagen-ii-es-tipusu-chondractiv-kapszula-90-db\/\" \/>\n<meta property=\"og:locale\" content=\"hu_HU\" \/>\n<meta property=\"og:type\" content=\"article\" \/>\n<meta property=\"og:title\" content=\"Csirke kollag\u00e9n (II-es t\u00edpus\u00fa) ChondrActiv\u2122 kapszula 90 db - Herb\u00e1lkincsei\" \/>\n<meta property=\"og:description\" content=\"csirke-kollagen-ii-es-tipusu-chondractiv-kapszula\" \/>\n<meta property=\"og:url\" content=\"https:\/\/herbalkincsei.hu\/index.php\/termek\/csirke-kollagen-ii-es-tipusu-chondractiv-kapszula-90-db\/\" \/>\n<meta property=\"og:site_name\" content=\"Herb\u00e1lkincsei\" \/>\n<meta property=\"article:modified_time\" content=\"2026-02-04T16:41:49+00:00\" \/>\n<meta property=\"og:image\" content=\"https:\/\/herbalkincsei.hu\/wp-content\/uploads\/2025\/09\/0209202568b6cd4edd829.jpeg?wsr\" \/>\n\t<meta property=\"og:image:width\" content=\"800\" \/>\n\t<meta property=\"og:image:height\" content=\"960\" \/>\n\t<meta property=\"og:image:type\" content=\"image\/jpeg\" \/>\n<meta name=\"twitter:card\" content=\"summary_large_image\" \/>\n<meta name=\"twitter:label1\" content=\"Becs\u00fclt olvas\u00e1si id\u0151\" \/>\n\t<meta name=\"twitter:data1\" content=\"9 perc\" \/>\n<script type=\"application\/ld+json\" class=\"yoast-schema-graph\">{\"@context\":\"https:\\\/\\\/schema.org\",\"@graph\":[{\"@type\":\"WebPage\",\"@id\":\"https:\\\/\\\/herbalkincsei.hu\\\/index.php\\\/termek\\\/csirke-kollagen-ii-es-tipusu-chondractiv-kapszula-90-db\\\/\",\"url\":\"https:\\\/\\\/herbalkincsei.hu\\\/index.php\\\/termek\\\/csirke-kollagen-ii-es-tipusu-chondractiv-kapszula-90-db\\\/\",\"name\":\"Csirke kollag\u00e9n (II-es t\u00edpus\u00fa) ChondrActiv\u2122 kapszula 90 db - Herb\u00e1lkincsei\",\"isPartOf\":{\"@id\":\"https:\\\/\\\/herbalkincsei.hu\\\/#website\"},\"primaryImageOfPage\":{\"@id\":\"https:\\\/\\\/herbalkincsei.hu\\\/index.php\\\/termek\\\/csirke-kollagen-ii-es-tipusu-chondractiv-kapszula-90-db\\\/#primaryimage\"},\"image\":{\"@id\":\"https:\\\/\\\/herbalkincsei.hu\\\/index.php\\\/termek\\\/csirke-kollagen-ii-es-tipusu-chondractiv-kapszula-90-db\\\/#primaryimage\"},\"thumbnailUrl\":\"https:\\\/\\\/herbalkincsei.hu\\\/wp-content\\\/uploads\\\/2025\\\/09\\\/0209202568b6cd4edd829.jpeg?wsr\",\"datePublished\":\"2025-09-02T10:56:15+00:00\",\"dateModified\":\"2026-02-04T16:41:49+00:00\",\"description\":\"csirke-kollagen-ii-es-tipusu-chondractiv-kapszula\",\"breadcrumb\":{\"@id\":\"https:\\\/\\\/herbalkincsei.hu\\\/index.php\\\/termek\\\/csirke-kollagen-ii-es-tipusu-chondractiv-kapszula-90-db\\\/#breadcrumb\"},\"inLanguage\":\"hu\",\"potentialAction\":[{\"@type\":\"ReadAction\",\"target\":[\"https:\\\/\\\/herbalkincsei.hu\\\/index.php\\\/termek\\\/csirke-kollagen-ii-es-tipusu-chondractiv-kapszula-90-db\\\/\"]}]},{\"@type\":\"ImageObject\",\"inLanguage\":\"hu\",\"@id\":\"https:\\\/\\\/herbalkincsei.hu\\\/index.php\\\/termek\\\/csirke-kollagen-ii-es-tipusu-chondractiv-kapszula-90-db\\\/#primaryimage\",\"url\":\"https:\\\/\\\/herbalkincsei.hu\\\/wp-content\\\/uploads\\\/2025\\\/09\\\/0209202568b6cd4edd829.jpeg?wsr\",\"contentUrl\":\"https:\\\/\\\/herbalkincsei.hu\\\/wp-content\\\/uploads\\\/2025\\\/09\\\/0209202568b6cd4edd829.jpeg?wsr\",\"width\":800,\"height\":960},{\"@type\":\"BreadcrumbList\",\"@id\":\"https:\\\/\\\/herbalkincsei.hu\\\/index.php\\\/termek\\\/csirke-kollagen-ii-es-tipusu-chondractiv-kapszula-90-db\\\/#breadcrumb\",\"itemListElement\":[{\"@type\":\"ListItem\",\"position\":1,\"name\":\"Kezd\u0151lap\",\"item\":\"https:\\\/\\\/herbalkincsei.hu\\\/\"},{\"@type\":\"ListItem\",\"position\":2,\"name\":\"\u00dczlet\",\"item\":\"https:\\\/\\\/herbalkincsei.hu\\\/index.php\\\/uzlet\\\/\"},{\"@type\":\"ListItem\",\"position\":3,\"name\":\"Csirke kollag\u00e9n (II-es t\u00edpus\u00fa) ChondrActiv\u2122 kapszula 90 db\"}]},{\"@type\":\"WebSite\",\"@id\":\"https:\\\/\\\/herbalkincsei.hu\\\/#website\",\"url\":\"https:\\\/\\\/herbalkincsei.hu\\\/\",\"name\":\"herbalkincsei.hu\",\"description\":\"Ahol az eg\u00e9szs\u00e9g a c\u00e9l.\",\"publisher\":{\"@id\":\"https:\\\/\\\/herbalkincsei.hu\\\/#organization\"},\"potentialAction\":[{\"@type\":\"SearchAction\",\"target\":{\"@type\":\"EntryPoint\",\"urlTemplate\":\"https:\\\/\\\/herbalkincsei.hu\\\/?s={search_term_string}\"},\"query-input\":{\"@type\":\"PropertyValueSpecification\",\"valueRequired\":true,\"valueName\":\"search_term_string\"}}],\"inLanguage\":\"hu\"},{\"@type\":\"Organization\",\"@id\":\"https:\\\/\\\/herbalkincsei.hu\\\/#organization\",\"name\":\"Herb\u00e1lkincsei\",\"url\":\"https:\\\/\\\/herbalkincsei.hu\\\/\",\"logo\":{\"@type\":\"ImageObject\",\"inLanguage\":\"hu\",\"@id\":\"https:\\\/\\\/herbalkincsei.hu\\\/#\\\/schema\\\/logo\\\/image\\\/\",\"url\":\"https:\\\/\\\/herbalkincsei.hu\\\/wp-content\\\/uploads\\\/2024\\\/02\\\/cropped-Green-Leaf-Aromatherapy-Logo-400-\u00d7-135-keppont.png?wsr\",\"contentUrl\":\"https:\\\/\\\/herbalkincsei.hu\\\/wp-content\\\/uploads\\\/2024\\\/02\\\/cropped-Green-Leaf-Aromatherapy-Logo-400-\u00d7-135-keppont.png?wsr\",\"width\":400,\"height\":135,\"caption\":\"Herb\u00e1lkincsei\"},\"image\":{\"@id\":\"https:\\\/\\\/herbalkincsei.hu\\\/#\\\/schema\\\/logo\\\/image\\\/\"}}]}<\/script>\n<!-- \/ Yoast SEO plugin. -->","yoast_head_json":{"title":"Csirke kollag\u00e9n (II-es t\u00edpus\u00fa) ChondrActiv\u2122 kapszula 90 db - Herb\u00e1lkincsei","description":"csirke-kollagen-ii-es-tipusu-chondractiv-kapszula","robots":{"index":"index","follow":"follow","max-snippet":"max-snippet:-1","max-image-preview":"max-image-preview:large","max-video-preview":"max-video-preview:-1"},"canonical":"https:\/\/herbalkincsei.hu\/index.php\/termek\/csirke-kollagen-ii-es-tipusu-chondractiv-kapszula-90-db\/","og_locale":"hu_HU","og_type":"article","og_title":"Csirke kollag\u00e9n (II-es t\u00edpus\u00fa) ChondrActiv\u2122 kapszula 90 db - Herb\u00e1lkincsei","og_description":"csirke-kollagen-ii-es-tipusu-chondractiv-kapszula","og_url":"https:\/\/herbalkincsei.hu\/index.php\/termek\/csirke-kollagen-ii-es-tipusu-chondractiv-kapszula-90-db\/","og_site_name":"Herb\u00e1lkincsei","article_modified_time":"2026-02-04T16:41:49+00:00","og_image":[{"width":800,"height":960,"url":"https:\/\/herbalkincsei.hu\/wp-content\/uploads\/2025\/09\/0209202568b6cd4edd829.jpeg?wsr","type":"image\/jpeg"}],"twitter_card":"summary_large_image","twitter_misc":{"Becs\u00fclt olvas\u00e1si id\u0151":"9 perc"},"schema":{"@context":"https:\/\/schema.org","@graph":[{"@type":"WebPage","@id":"https:\/\/herbalkincsei.hu\/index.php\/termek\/csirke-kollagen-ii-es-tipusu-chondractiv-kapszula-90-db\/","url":"https:\/\/herbalkincsei.hu\/index.php\/termek\/csirke-kollagen-ii-es-tipusu-chondractiv-kapszula-90-db\/","name":"Csirke kollag\u00e9n (II-es t\u00edpus\u00fa) ChondrActiv\u2122 kapszula 90 db - Herb\u00e1lkincsei","isPartOf":{"@id":"https:\/\/herbalkincsei.hu\/#website"},"primaryImageOfPage":{"@id":"https:\/\/herbalkincsei.hu\/index.php\/termek\/csirke-kollagen-ii-es-tipusu-chondractiv-kapszula-90-db\/#primaryimage"},"image":{"@id":"https:\/\/herbalkincsei.hu\/index.php\/termek\/csirke-kollagen-ii-es-tipusu-chondractiv-kapszula-90-db\/#primaryimage"},"thumbnailUrl":"https:\/\/herbalkincsei.hu\/wp-content\/uploads\/2025\/09\/0209202568b6cd4edd829.jpeg?wsr","datePublished":"2025-09-02T10:56:15+00:00","dateModified":"2026-02-04T16:41:49+00:00","description":"csirke-kollagen-ii-es-tipusu-chondractiv-kapszula","breadcrumb":{"@id":"https:\/\/herbalkincsei.hu\/index.php\/termek\/csirke-kollagen-ii-es-tipusu-chondractiv-kapszula-90-db\/#breadcrumb"},"inLanguage":"hu","potentialAction":[{"@type":"ReadAction","target":["https:\/\/herbalkincsei.hu\/index.php\/termek\/csirke-kollagen-ii-es-tipusu-chondractiv-kapszula-90-db\/"]}]},{"@type":"ImageObject","inLanguage":"hu","@id":"https:\/\/herbalkincsei.hu\/index.php\/termek\/csirke-kollagen-ii-es-tipusu-chondractiv-kapszula-90-db\/#primaryimage","url":"https:\/\/herbalkincsei.hu\/wp-content\/uploads\/2025\/09\/0209202568b6cd4edd829.jpeg?wsr","contentUrl":"https:\/\/herbalkincsei.hu\/wp-content\/uploads\/2025\/09\/0209202568b6cd4edd829.jpeg?wsr","width":800,"height":960},{"@type":"BreadcrumbList","@id":"https:\/\/herbalkincsei.hu\/index.php\/termek\/csirke-kollagen-ii-es-tipusu-chondractiv-kapszula-90-db\/#breadcrumb","itemListElement":[{"@type":"ListItem","position":1,"name":"Kezd\u0151lap","item":"https:\/\/herbalkincsei.hu\/"},{"@type":"ListItem","position":2,"name":"\u00dczlet","item":"https:\/\/herbalkincsei.hu\/index.php\/uzlet\/"},{"@type":"ListItem","position":3,"name":"Csirke kollag\u00e9n (II-es t\u00edpus\u00fa) ChondrActiv\u2122 kapszula 90 db"}]},{"@type":"WebSite","@id":"https:\/\/herbalkincsei.hu\/#website","url":"https:\/\/herbalkincsei.hu\/","name":"herbalkincsei.hu","description":"Ahol az eg\u00e9szs\u00e9g a c\u00e9l.","publisher":{"@id":"https:\/\/herbalkincsei.hu\/#organization"},"potentialAction":[{"@type":"SearchAction","target":{"@type":"EntryPoint","urlTemplate":"https:\/\/herbalkincsei.hu\/?s={search_term_string}"},"query-input":{"@type":"PropertyValueSpecification","valueRequired":true,"valueName":"search_term_string"}}],"inLanguage":"hu"},{"@type":"Organization","@id":"https:\/\/herbalkincsei.hu\/#organization","name":"Herb\u00e1lkincsei","url":"https:\/\/herbalkincsei.hu\/","logo":{"@type":"ImageObject","inLanguage":"hu","@id":"https:\/\/herbalkincsei.hu\/#\/schema\/logo\/image\/","url":"https:\/\/herbalkincsei.hu\/wp-content\/uploads\/2024\/02\/cropped-Green-Leaf-Aromatherapy-Logo-400-\u00d7-135-keppont.png?wsr","contentUrl":"https:\/\/herbalkincsei.hu\/wp-content\/uploads\/2024\/02\/cropped-Green-Leaf-Aromatherapy-Logo-400-\u00d7-135-keppont.png?wsr","width":400,"height":135,"caption":"Herb\u00e1lkincsei"},"image":{"@id":"https:\/\/herbalkincsei.hu\/#\/schema\/logo\/image\/"}}]}},"_links":{"self":[{"href":"https:\/\/herbalkincsei.hu\/index.php\/wp-json\/wp\/v2\/product\/1631","targetHints":{"allow":["GET"]}}],"collection":[{"href":"https:\/\/herbalkincsei.hu\/index.php\/wp-json\/wp\/v2\/product"}],"about":[{"href":"https:\/\/herbalkincsei.hu\/index.php\/wp-json\/wp\/v2\/types\/product"}],"replies":[{"embeddable":true,"href":"https:\/\/herbalkincsei.hu\/index.php\/wp-json\/wp\/v2\/comments?post=1631"}],"wp:featuredmedia":[{"embeddable":true,"href":"https:\/\/herbalkincsei.hu\/index.php\/wp-json\/wp\/v2\/media\/1630"}],"wp:attachment":[{"href":"https:\/\/herbalkincsei.hu\/index.php\/wp-json\/wp\/v2\/media?parent=1631"}],"wp:term":[{"taxonomy":"product_brand","embeddable":true,"href":"https:\/\/herbalkincsei.hu\/index.php\/wp-json\/wp\/v2\/product_brand?post=1631"},{"taxonomy":"product_cat","embeddable":true,"href":"https:\/\/herbalkincsei.hu\/index.php\/wp-json\/wp\/v2\/product_cat?post=1631"},{"taxonomy":"product_tag","embeddable":true,"href":"https:\/\/herbalkincsei.hu\/index.php\/wp-json\/wp\/v2\/product_tag?post=1631"}],"curies":[{"name":"wp","href":"https:\/\/api.w.org\/{rel}","templated":true}]}}