{"id":1621,"date":"2025-09-02T11:56:12","date_gmt":"2025-09-02T10:56:12","guid":{"rendered":"https:\/\/herbalkincsei.hu\/?post_type=product&#038;p=1621"},"modified":"2025-11-23T17:14:37","modified_gmt":"2025-11-23T16:14:37","slug":"vas-matrix-bioferrin-laktoferinnel-kapszula-60-db","status":"publish","type":"product","link":"https:\/\/herbalkincsei.hu\/index.php\/termek\/vas-matrix-bioferrin-laktoferinnel-kapszula-60-db\/","title":{"rendered":"Vas m\u00e1trix BioFerrin\u00ae laktoferinnel \u2013 kapszula 60 db"},"content":{"rendered":"<h2><span class=\"bluetxt\">Egyedi \u00f6sszet\u00e9tel\u0171 VAS M\u00e1trix formula szerves vas-biszglicin\u00e1ttal \u00e9s szabadalmaztatott Bioferrin\u00ae laktoferrinnel<\/span><\/h2>\n<p>Szervezet\u00fcnk sz\u00e1m\u00e1ra a vas alapvet\u0151 \u00e1sv\u00e1nyi anyag, amelynek hi\u00e1ny\u00e1ban a test eg\u00e9szs\u00e9ges m\u0171k\u00f6d\u00e9se vesz\u00e9lybe ker\u00fcl. Ennek oka, hogy\u00a0 vas az oxig\u00e9n- \u00e9s sz\u00e9n-dioxid sz\u00e1ll\u00edt\u00e1son k\u00edv\u00fcl a n\u00f6veked\u00e9shez, az energiatermel\u00e9shez, a hormon-, a hemoglobin &#8211; \u00e9s a mioglobin szint\u00e9zishez, valamint az idegrendszeri fejl\u0151d\u00e9shez is sz\u00fcks\u00e9ges. Vagyis azok, akik a t\u00e1pl\u00e1lkoz\u00e1ssal nem jutnak elegend\u0151 vashoz, vagy valamilyen \u00e9lethelyzet \u2013 p\u00e9ld\u00e1ul v\u00e1rand\u00f3ss\u00e1g vagy szoptat\u00e1s \u2013, illetve genetikai rendelleness\u00e9g vagy betegs\u00e9g\u00e1llapot miatt nem jutnak elegend\u0151 vashoz, eg\u00e9szs\u00e9g\u00fcgyi probl\u00e9m\u00e1kat \u00e9s aggaszt\u00f3 t\u00fcneteket tapasztalhatnak.<\/p>\n<p><strong>Enyhe vashi\u00e1ny<\/strong> eset\u00e9n kezdetben egy\u00e1ltal\u00e1n nem \u00e9rz\u00e9kelhet\u0151ek t\u00fcnetek. K\u00e9s\u0151bb azt\u00e1n, ahogy a vasrakt\u00e1rak \u00fcr\u00fclnek, p\u00f3tl\u00e1s hi\u00e1ny\u00e1ban v\u00e1ltozatos panaszok \u00e1llnak el\u0151: fert\u0151z\u00e9sekre val\u00f3 fog\u00e9konys\u00e1g, f\u00e1rad\u00e9konys\u00e1g, hajhull\u00e1s, l\u00e9gszomj, s\u00e1padt b\u0151r, t\u00f6r\u00e9keny k\u00f6rm\u00f6k, hideg k\u00e9z \u00e9s l\u00e1b.<\/p>\n<p>Kevesen tudj\u00e1k, de t\u00f6bbnyire a vashi\u00e1ny felel\u0151s az\u00e9rt a k\u00ednz\u00f3 \u00e9hs\u00e9g\u00e9rt is, melynek k\u00f6vetkezt\u00e9ben az emberek szokatlan \u201c\u00e9telek\u201d \u2013 vas, f\u00f6ld, j\u00e9g, kem\u00e9ny\u00edt\u0151 stb. \u2013 ut\u00e1n kezdenek v\u00e1gyakozni.<\/p>\n<p>A <strong>vashi\u00e1nyos v\u00e9rszeg\u00e9nys\u00e9g<\/strong> azonban m\u00e1r l\u00e9nyegesen t\u00f6bb probl\u00e9m\u00e1t okoz, ugyanis ha az emberi szervezet vasszintje tart\u00f3san 2.5 mg al\u00e1 cs\u00f6kken, a sejtek kevesebb oxig\u00e9nhez jutnak, mivel a v\u00f6r\u00f6sv\u00e9rtestek kevesebb hemoglobint tartalmaznak, \u00e9s m\u00e9ret\u00fck cs\u00f6kken. A t\u00fcnetek ilyenkor feler\u0151s\u00f6dnek \u00e9s komoly mell\u00e9khat\u00e1sok jelentkezhetnek. (Ut\u00f3bbiak legink\u00e1bb a korasz\u00fcl\u00e9st \u00e9s kisgyermekek fejl\u0151d\u00e9si rendelleness\u00e9geit id\u00e9zhetik el\u0151.)<\/p>\n<p><strong>A vashi\u00e1ny leggyakoribb okai<\/strong><\/p>\n<p>Fontos tudni, hogy akkor besz\u00e9lhet\u00fcnk vashi\u00e1nyos v\u00e9rszeg\u00e9nys\u00e9gr\u0151l, ha a v\u00e9r hemoglobinszintje f\u00e9rfiakn\u00e1l 130 g\/l, n\u0151kn\u00e9l pedig 120 g\/l al\u00e1 cs\u00f6kken. M\u00e1s markerek, mint p\u00e9ld\u00e1ul a ferritin \u00e9s az \u00f6sszes vas, szint\u00e9n haszn\u00e1lhat\u00f3k a vashi\u00e1nyos \u00e1llapot jelz\u00e9s\u00e9re. P\u00e9ld\u00e1nak ok\u00e1\u00e9rt: ha a ferritin 10 mikrogramm\/liter (ug\/l) al\u00e1 cs\u00f6kken, a vashi\u00e1nyos v\u00e9rszeg\u00e9nys\u00e9g egy\u00e9rtelm\u0171s\u00edthet\u0151.<\/p>\n<p>A vashi\u00e1nyos \u00e1llapot kialakul\u00e1s\u00e1nak legval\u00f3sz\u00edn\u0171bb lehets\u00e9ges okai:<\/p>\n<ul>\n<li>a vas felsz\u00edv\u00f3d\u00e1s\u00e1nak k\u00e1rosod\u00e1sa valamely tart\u00f3s vagy kr\u00f3nikus b\u00e9lrendszeri k\u00f3rk\u00e9p k\u00f6vetkezt\u00e9ben, pl. Crohn-betegs\u00e9g. IBS, gyomor-b\u00e9lrendszeri m\u0171t\u00e9tek;<\/li>\n<li>alacsony \u00e9trendi vasbevitel;<\/li>\n<li>valamely megbeteged\u00e9s k\u00f6vetkezt\u00e9ben kialakul\u00f3 kr\u00f3nikus v\u00e9rvesztes\u00e9g, pl: vastagb\u00e9lr\u00e1k, fek\u00e9lyes vastagb\u00e9lgyullad\u00e1s;<\/li>\n<li>kr\u00f3nikus betegs\u00e9g okozta v\u00e9rszeg\u00e9nys\u00e9g (ACD), vagyis a v\u00e9rszeg\u00e9nys\u00e9g egy olyan t\u00edpusa, amely a gyullad\u00e1sos betegs\u00e9gekben, p\u00e9ld\u00e1ul az autoimmun betegs\u00e9gekben szenved\u0151ket \u00e9rinti;<\/li>\n<li>olyan eg\u00e9szs\u00e9g\u00fcgyi \u00e1llapotok, mint a sz\u00edvel\u00e9gtelens\u00e9g \u00e9s a vesebetegs\u00e9g;<\/li>\n<li>er\u0151s menstru\u00e1ci\u00f3 vagy baleset, m\u0171t\u00e9t k\u00f6zbeni v\u00e9rvesztes\u00e9g, mely akut vashi\u00e1nyt okoz;<\/li>\n<li>t\u00falzottan gyakori v\u00e9rad\u00e1s;<\/li>\n<li>speci\u00e1lis \u00e9lethelyzetek, pl. v\u00e1rand\u00f3ss\u00e1g, szoptat\u00e1s, csecsem\u0151kori vashi\u00e1ny.<\/li>\n<\/ul>\n<p>Mivel vasat a szervezet \u00f6n\u00e1ll\u00f3an termelni nem k\u00e9pes, \u00edgy p\u00f3tl\u00e1sa kiz\u00e1r\u00f3lag k\u00edv\u00fclr\u0151l, or\u00e1lis vagy intrav\u00e9n\u00e1s \u00faton megoldhat\u00f3. A vashi\u00e1nyos v\u00e9rszeg\u00e9nys\u00e9get jellemz\u0151en k\u00faraszer\u0171 vasp\u00f3tl\u00e1ssal, legal\u00e1bb h\u00e1rom h\u00f3napon kereszt\u00fcl naponta szedett kapszul\u00e1kkal kezelik, mert csak \u00edgy biztos\u00edthat\u00f3, hogy a sz\u00f6veti vasrakt\u00e1rak megfelel\u0151en felt\u00f6lt\u0151djenek. Egyes esetekben azonban a rendszeres vasp\u00f3tl\u00e1s hossz\u00fa t\u00e1von is sz\u00fcks\u00e9gess\u00e9 v\u00e1lik. A megfelel\u0151 k\u00e9sz\u00edtm\u00e9ny kiv\u00e1laszt\u00e1s\u00e1hoz azonban nemcsak az adott kapszula vastartalm\u00e1t, hanem annak felsz\u00edv\u00f3d\u00e1s\u00e1t \u00e9s hasznosul\u00e1s\u00e1t is c\u00e9lszer\u0171 figyelembe venni.<\/p>\n<p>&nbsp;<\/p>\n<p><strong>Fontos t\u00e9nyek a vas szerep\u00e9r\u0151l<\/strong><\/p>\n<p>A legt\u00f6bben nincsenek tiszt\u00e1ban azzal, pontosan mi\u00e9rt van sz\u00fcks\u00e9ge szervezet\u00fcknek vasra, illetve vasp\u00f3tl\u00e1sra. Ez\u00e9rt \u00f6sszegy\u0171jt\u00f6tt\u00fcnk n\u00e9h\u00e1ny \u00e9rdekes t\u00e9nyt, mely sz\u00e1modra is \u00faj megvil\u00e1g\u00edt\u00e1sba helyezheti vasp\u00f3tl\u00e1s k\u00e9rd\u00e9s\u00e9t.<\/p>\n<ul>\n<li>A v\u00e1rand\u00f3ss\u00e1g alatt a v\u00f6r\u00f6sv\u00e9rtestek termel\u00e9se fokoz\u00f3dik, emiatt a norm\u00e1l vassz\u00fcks\u00e9glet kb. <a href=\"https:\/\/ods.od.nih.gov\/factsheets\/Iron-HealthProfessional\/\">150%-kal n\u0151.<\/a><\/li>\n<li>Egy 93 sportol\u00f3 bevon\u00e1s\u00e1val k\u00e9sz\u00fclt vizsg\u00e1latban az alanyok n\u00e9gy h\u00e9ten \u00e1t napi 3,6 mg vasat kaptak. A <a href=\"https:\/\/www.sciencedirect.com\/science\/article\/pii\/S2451865423000303?via%3Dihub\">kutat\u00f3k<\/a> \u00fagy tal\u00e1lt\u00e1k, hogy ez megakad\u00e1lyozta a hemoglobinszint cs\u00f6kken\u00e9s\u00e9t \u00e9s m\u00e9rs\u00e9kelte a stresszmarkerek jelenl\u00e9t\u00e9t. A vasp\u00f3tl\u00e1s seg\u00edtett tov\u00e1bb\u00e1 cs\u00f6kkenteni a f\u00e1radts\u00e1got \u00e9s a hangulatzavart az edz\u00e9s ut\u00e1n.<\/li>\n<li>Ugyanebb\u0151l a kutat\u00e1sb\u00f3l kider\u00fclt az is, hogy a rendszeresen sportol\u00f3 <a href=\"https:\/\/www.sciencedirect.com\/science\/article\/pii\/S2451865423000303?via%3Dihub\">akt\u00edv feln\u0151ttek<\/a> eset\u00e9ben is igaz, hogy az intenz\u00edv edz\u00e9ssel t\u00f6lt\u00f6tt id\u0151szakok ronthatj\u00e1k a szervezet vasrakt\u00e1rainak \u00e1llapot\u00e1t, ez pedig vesz\u00e9lyeztetheti a sportteljes\u00edtm\u00e9nyt \u00e9s az \u00e1ltal\u00e1nos eg\u00e9szs\u00e9gi \u00e1llapotot egyar\u00e1nt.<\/li>\n<\/ul>\n<p>&nbsp;<\/p>\n<p><strong>A vas-biszglicin\u00e1t gyomork\u00edm\u00e9l\u0151 vegy\u00fclet<\/strong><\/p>\n<p>Amikor a vas k\u00e9t glicin aminosavhoz kapcsol\u00f3dik vas-biszglicin\u00e1t j\u00f6n l\u00e9tre, melynek jellemz\u0151je, hogy l\u00e9nyegesen kedvez\u0151bb biohasznosul\u00e1ssal rendelkezik. (Vagyis gyorsabban \u00e9s nagyobb m\u00e9rt\u00e9kben sz\u00edv\u00f3dik fel, mik\u00f6zben cs\u00f6kkenti az olyan kedvez\u0151tlen em\u00e9szt\u00e9si mell\u00e9khat\u00e1sokat, mint p\u00e9ld\u00e1ul a sz\u00e9kreked\u00e9s vagy a gyomorf\u00e1jdalom.)<\/p>\n<p>&nbsp;<\/p>\n<p>Ennek oka, hogy a biszglicin\u00e1t stabil vegy\u00fclet, amely k\u00edm\u00e9letesen \u00e9s hat\u00e9konyan sz\u00edv\u00f3dik fel, \u00edgy tart\u00f3s szed\u00e9s mellett, vashi\u00e1nnyal is alkalmazhat\u00f3. Az USA medical Vas M\u00e1trix kapszul\u00e1ba is ezt a formul\u00e1t v\u00e1lasztottuk, hiszen ez a legjobb, amit k\u00edn\u00e1lhatunk Neked.<\/p>\n<p>&nbsp;<\/p>\n<p><strong>Jav\u00edtsd a felsz\u00edv\u00f3d\u00e1st Bioferrin\u00ae-nel!<\/strong><\/p>\n<p>A laktoferrin seg\u00edti a vassz\u00e1ll\u00edt\u00e1s \u00e9s felsz\u00edv\u00f3d\u00e1s eredm\u00e9nyess\u00e9g\u00e9t. Els\u0151sorban az eml\u0151s\u00f6k tej\u00e9ben tal\u00e1lhat\u00f3 meg, de a ny\u00e1lban, a k\u00f6nnyben, a ny\u00e1lk\u00e1ban \u00e9s az ep\u00e9ben is el\u0151fordul.<\/p>\n<p>Antioxid\u00e1ns \u00e9s gyullad\u00e1scs\u00f6kkent\u0151 hat\u00e1sa miatt \u00e9trend-kieg\u00e9sz\u00edt\u0151k alkot\u00f3elemek\u00e9nt is gyakran alkalmazz\u00e1k.<\/p>\n<ul>\n<li>A laktoferrin <a href=\"https:\/\/www.frontiersin.org\/journals\/immunology\/articles\/10.3389\/fimmu.2020.01221\/full\">v\u00e9di a szervezetet<\/a> a bakt\u00e9riumokt\u00f3l, \u00e9s egyedi hat\u00e1smechanizmus\u00e1nak k\u00f6vetkezt\u00e9ben megakad\u00e1lyozza, hogy a bakt\u00e9riumok a vasat saj\u00e1t terjed\u00e9s\u00fckh\u00f6z haszn\u00e1lj\u00e1k fel.<\/li>\n<li>Egy <a href=\"https:\/\/academic.oup.com\/jac\/article\/74\/4\/1069\/5298195?login=false\">kutat\u00e1s<\/a>ban a laktoferrint Helicobacter pylori fert\u0151z\u00e9sben \u00e9rintett betegek kezel\u00e9se sor\u00e1n vizsg\u00e1lt\u00e1k. (Ett\u0151l a bakteri\u00e1lis fert\u0151z\u00e9sr\u0151l ismert, hogy gyakran gyomorfek\u00e9lyt okoz.) A laborat\u00f3riumi k\u00e9mcs\u00f6ves vizsg\u00e1latok sor\u00e1n egy\u00e9rtelm\u0171v\u00e9 v\u00e1lt, hogy a tehenekb\u0151l sz\u00e1rmaz\u00f3 laktoferrin g\u00e1tolja a H. pylori n\u00f6veked\u00e9s\u00e9t. Emellett n\u00f6velte a fert\u0151z\u00e9s kezel\u00e9s\u00e9re \u00e1ltal\u00e1nosan haszn\u00e1lt gy\u00f3gyszerek erej\u00e9t is.<\/li>\n<li>\u00c1llati eredet\u0171 sejtek <a href=\"https:\/\/linkinghub.elsevier.com\/retrieve\/pii\/S1341321X14002864\">vizsg\u00e1lat<\/a>a sor\u00e1n kider\u00fclt, hogy a laktoferrin v\u00edrusfert\u0151z\u00e9sek eset\u00e9n g\u00e1tolja a v\u00edrussejtek eg\u00e9szs\u00e9ges sejtekhez val\u00f3 kapcsol\u00f3d\u00e1s\u00e1t, valamint a v\u00edrussejtek szaporod\u00e1s\u00e1t.<\/li>\n<li>Egy <a href=\"https:\/\/linkinghub.elsevier.com\/retrieve\/pii\/S1386634602002796\">tanulm\u00e1ny<\/a> besz\u00e1mol r\u00f3la, hogy a laktoferrin seg\u00edt n\u00f6velni az interleukin-18 feh\u00e9rje szintj\u00e9t. Ez a feh\u00e9rje kulcsszerepet j\u00e1tszik a hepatitis C elleni k\u00fczdelemben.<\/li>\n<li>K\u00fcl\u00f6nb\u00f6z\u0151 \u00e1llatk\u00eds\u00e9rletekben vizsg\u00e1lt\u00e1k, hogy a laktoferrin seg\u00edthet-e a gomb\u00e1s fert\u0151z\u00e9sek, k\u00f6zt\u00fck az \u00e9leszt\u0151gomba-fert\u0151z\u00e9sek vagy a candida kezel\u00e9s\u00e9ben . Az egyik ilyen <a href=\"https:\/\/www.microbiologyresearch.org\/content\/journal\/jmm\/10.1099\/jmm.0.001098\">vizsg\u00e1lat<\/a>ban a laktoferrinnel kezelt \u00e9s \u00e9leszt\u0151gomb\u00e1val fert\u0151z\u00f6tt egerek kev\u00e9sb\u00e9 s\u00falyos fert\u0151z\u00e9seket kaptak, mint azok az egerek, amelyek nem kaptak laktoferrint.<\/li>\n<li>Egy <a href=\"https:\/\/www.mdpi.com\/2072-6643\/14\/3\/543\">tanulm\u00e1ny<\/a> szerz\u0151i arra a k\u00f6vetkeztet\u00e9sre jutottak, hogy a laktoferrinkieg\u00e9sz\u00edt\u00e9s eredm\u00e9nyesebb javul\u00e1st hozott a v\u00e9r sz\u00e9rumvas- \u00e9s ferritinszintj\u00e9ben, mint a ferroszulf\u00e1t.<\/li>\n<li>A gyermekek vashi\u00e1nyos v\u00e9rszeg\u00e9nys\u00e9g\u00e9vel kapcsolatos 11 tanulm\u00e1ny \u00e1ttekint\u00e9se azt tal\u00e1lta, hogy a csak vasat tartalmaz\u00f3 vagy placeb\u00f3val t\u00f6rt\u00e9n\u0151 kieg\u00e9sz\u00edt\u00e9shez k\u00e9pest a v\u00e9rszeg\u00e9nys\u00e9g markerei (sz\u00e9rumferritin \u00e9s hemoglobin) javultak a laktoferrinnel, vagy a laktoferrin \u00e9s elemi vas kombin\u00e1ci\u00f3j\u00e1val kezelt csoportokban. Az \u00f6sszehasonl\u00edt\u00f3 <a href=\"https:\/\/turkjpediatr.org\/article\/view\/61\">tanulm\u00e1ny<\/a> szerz\u0151i azt is megjegyezt\u00e9k, hogy a k\u00e9t laktoferrinnel kezelt csoportban jelent\u0151sen cs\u00f6kkent a sz\u00e9kreked\u00e9s, mely a vasp\u00f3tl\u00e1s gyakori mell\u00e9khat\u00e1sa.<\/li>\n<\/ul>\n<p>Vagyis a laktoferrin tartalm\u00fa \u00e9lelmiszerek, valamint a vas-biszglicin\u00e1ttal kombin\u00e1lt szabadalmaztatott komponens\u0171 Bioferrin\u00ae egyar\u00e1nt el\u0151seg\u00edtik a vas felsz\u00edv\u00f3d\u00e1s\u00e1t, valamint az \u00e1sv\u00e1nyi anyagok hasznosul\u00e1s\u00e1t. Alkalmazd az USA medica Vas M\u00e1trix kapszul\u00e1t Bioferrin\u00ae-nel Te is naponta \u00e9s szerezd vissza lend\u00fcletedet!<\/p>\n<p>&nbsp;<\/p>\n<p><strong>Kalcium-L-metilfol\u00e1t, avagy az a var\u00e1zslatos folsav<\/strong><\/p>\n<p>A B9-vitamin, vagy m\u00e1s n\u00e9ven folsav rendk\u00edv\u00fcli fontoss\u00e1g\u00fa a szervezet eg\u00e9szs\u00e9ges m\u0171k\u00f6d\u00e9s\u00e9hez. Szerepet j\u00e1tszik a sejtoszt\u00f3d\u00e1sban, valamint hozz\u00e1j\u00e1rul a f\u00e1radts\u00e1g \u00e9s a kif\u00e1rad\u00e1s cs\u00f6kkent\u00e9s\u00e9hez, az immunrendszer megfelel\u0151 m\u0171k\u00f6d\u00e9s\u00e9hez, a norm\u00e1l pszichol\u00f3giai funkci\u00f3 fenntart\u00e1s\u00e1hoz, a norm\u00e1l homocisztein-anyagcser\u00e9hez, illetve a norm\u00e1l v\u00e9rk\u00e9pz\u0151d\u00e9shez \u00e9s a norm\u00e1l aminosav-szint\u00e9zishez. V\u00e1rand\u00f3ss\u00e1g alatt r\u00e9szt vesz az anyai sz\u00f6vetek n\u00f6veked\u00e9s\u00e9ben.<\/p>\n<p>Speci\u00e1lis v\u00e1lfaja, a kalcium-L-metilfol\u00e1t a folsav egy biol\u00f3giailag k\u00f6zvetlen\u00fcl hozz\u00e1f\u00e9rhet\u0151 form\u00e1ja, \u00edgy m\u00e9g a g\u00e9nmut\u00e1ci\u00f3val rendelkez\u0151 emberek is eredm\u00e9nyesen hasznos\u00edtj\u00e1k. Gyakran haszn\u00e1lj\u00e1k gyullad\u00e1sos hasmen\u00e9s, feh\u00e9rje-alult\u00e1pl\u00e1lts\u00e1g vagy csecsem\u0151kori megaloblasztos v\u00e9rszeg\u00e9nys\u00e9g kezel\u00e9s\u00e9re.<\/p>\n<p>Az USA medical Vas M\u00e1trixban a felsz\u00edv\u00f3d\u00e1s hat\u00e9konys\u00e1ga mellett seg\u00edti a v\u00e9rk\u00e9pz\u0151d\u00e9s folyamatait \u00e9s ellens\u00falyozhatja az esetleges v\u00e9rszeg\u00e9nys\u00e9g k\u00f6vetkezt\u00e9ben fell\u00e9p\u0151 f\u00e1rad\u00e9konys\u00e1got, alusz\u00e9konys\u00e1got is.<\/p>\n<p>&nbsp;<\/p>\n<p><strong>C-vitamin<\/strong><\/p>\n<p>A Vas M\u00e1trix kapszula beltartalm\u00e1nak \u00f6ssze\u00e1ll\u00edt\u00e1sakor a legfrissebb kutat\u00e1sokat \u00e9s a j\u00f3l bev\u00e1lt gyakorlatokat egyar\u00e1nt figyelembe vett\u00fck. A C-vitamint a sz\u00e9lesk\u00f6r\u0171 alkalmazhat\u00f3s\u00e1g \u00e9s sok \u00e9ves tapasztalat mellett els\u0151sorban az\u00e9rt v\u00e1lasztottuk \u00e9trend-kieg\u00e9sz\u00edt\u0151nk \u00f6sszetev\u0151i k\u00f6z\u00e9, mert a C-vitamin fokozza a vas felsz\u00edv\u00f3d\u00e1s\u00e1t, valamint hozz\u00e1j\u00e1rul a norm\u00e1l kollag\u00e9nk\u00e9pz\u0151d\u00e9shez, \u00e9s ezen kereszt\u00fcl az erek norm\u00e1l \u00e1llapot\u00e1nak, m\u0171k\u00f6d\u00e9s\u00e9nek fenntart\u00e1s\u00e1hoz.<\/p>\n","protected":false},"excerpt":{"rendered":"<p><strong>Az IRON BOOST VAS M\u00c1TRIX egyedi formul\u00e1ja 28 mg szerves vas-biszglicin\u00e1tot tartalmaz adagonk\u00e9nt, azaz biztos\u00edtja a napi vasbevitel 200%-\u00e1t.<\/strong>\u00a0A vas hozz\u00e1j\u00e1rul a norm\u00e1l v\u00f6r\u00f6sv\u00e9rsejt- \u00e9s hemoglobink\u00e9pz\u0151d\u00e9shez, valamint a szervezet oxig\u00e9nsz\u00e1ll\u00edt\u00e1si folyamataihoz, t\u00e1mogatja a szervezet energiatermel\u00e9s\u00e9t \u00e9s a f\u00e1radts\u00e1g cs\u00f6kkent\u00e9s\u00e9t. K\u00fcl\u00f6n\u00f6sen fontos azok sz\u00e1m\u00e1ra, akik hajlamosak a vashi\u00e1nyra, illetve menopauza, terhess\u00e9g vagy menstru\u00e1ci\u00f3 idej\u00e9n, mivel\u00a0<strong>a szabadalmaztatott Bioferrin\u00ae laktoferrin el\u0151seg\u00edti a vas egyens\u00faly\u00e1t \u00e9s felsz\u00edv\u00f3d\u00e1s\u00e1t a szervezetben.<\/strong>\u00a0A k\u00e9sz\u00edtm\u00e9nyben tal\u00e1lhat\u00f3 C-vitamin t\u00e1mogatja a vas felsz\u00edv\u00f3d\u00e1s\u00e1t \u00e9s antioxid\u00e1ns v\u00e9delmet biztos\u00edt, m\u00edg a B9-vitamin hozz\u00e1j\u00e1rul a v\u00e9rk\u00e9pz\u00e9shez. A c\u00e9klapor term\u00e9szetes kieg\u00e9sz\u00edt\u0151k\u00e9nt t\u00e1mogatja a formula hat\u00e9konys\u00e1g\u00e1t. Gondosan v\u00e1logatott \u00f6sszetev\u0151kb\u0151l k\u00e9sz\u00fclt, felesleges adal\u00e9kanyagokt\u00f3l mentes, amerikai-magyar fejleszt\u00e9s\u0171 \u00e9trend-kieg\u00e9sz\u00edt\u0151.<\/p>\n<p><strong>\u00c9trend-kieg\u00e9sz\u00edt\u0151 kapszula<br \/>\nOGY\u00c9I Notifik\u00e1ci\u00f3s sz\u00e1m:<\/strong>\u00a036136\/2024<br \/>\n<strong>Kiszerel\u00e9s:<\/strong>\u00a060 db<br \/>\n<strong>Sz\u00e1rmaz\u00e1si orsz\u00e1g:\u00a0<\/strong>EU<\/p>\n<ul class=\"elementor-icon-list-items\">\n<li class=\"elementor-icon-list-item\"><span class=\"elementor-icon-list-text\">Magyar-amerikai fejleszt\u00e9s<\/span><\/li>\n<li class=\"elementor-icon-list-item\"><span class=\"elementor-icon-list-text\">GMP \u00e9s HACCP szabv\u00e1ny szerint gy\u00e1rtva<\/span><\/li>\n<li>Val\u00f3s magyarorsz\u00e1gi rakt\u00e1rk\u00e9szletr\u0151l<\/li>\n<\/ul>\n<p><img decoding=\"async\" class=\"alignnone size-full wp-image-826\" src=\"https:\/\/herbalkincsei.hu\/wp-content\/uploads\/2024\/03\/hand-holding-heart-solid.svg\" alt=\"\" \/>\u00a0 Term\u00e9keink gondosan v\u00e1logatott alapanyagokb\u00f3l k\u00e9sz\u00fclnek.<\/p>\n<p><img decoding=\"async\" class=\"alignnone size-full wp-image-825\" src=\"https:\/\/herbalkincsei.hu\/wp-content\/uploads\/2024\/03\/star-solid.svg\" alt=\"\" \/>\u00a0 \u00a0A term\u00e9kekre hazai garanci\u00e1t \u00e9s term\u00e9k szolg\u00e1ltat\u00e1st biztos\u00edtunk.<\/p>\n<p><img decoding=\"async\" class=\"alignnone size-full wp-image-823\" src=\"https:\/\/herbalkincsei.hu\/wp-content\/uploads\/2024\/03\/user-lock-solid.svg\" alt=\"\" \/>\u00a0Biztons\u00e1gos v\u00e9dett fizet\u00e9s.<\/p>\n<p><img decoding=\"async\" class=\"alignnone size-full wp-image-824\" src=\"https:\/\/herbalkincsei.hu\/wp-content\/uploads\/2024\/03\/truck-fast-solid.svg\" alt=\"\" \/>\u00a0Gyors kiszolg\u00e1l\u00e1s.<\/p>\n","protected":false},"featured_media":1620,"comment_status":"closed","ping_status":"closed","template":"","meta":[],"product_brand":[223],"product_cat":[172,184,19,247,171,173],"product_tag":[],"class_list":{"0":"post-1621","1":"product","2":"type-product","3":"status-publish","4":"has-post-thumbnail","6":"product_brand-usamedical","7":"product_cat-etrend-kiegeszitok","8":"product_cat-immunrendszer","9":"product_cat-minden-termek","10":"product_cat-noi-egeszseg","11":"product_cat-usamedical","12":"product_cat-vitaminok-es-asvanyi-anyagok-etrend-kiegeszitok","13":"product_shipping_class-hu","15":"first","16":"instock","17":"purchasable","18":"product-type-simple","19":"add-to-wishlist-before_image","20":"customify-col","21":"product-has-gallery"},"yoast_head":"<!-- This site is optimized with the Yoast SEO plugin v27.4 - https:\/\/yoast.com\/product\/yoast-seo-wordpress\/ -->\n<title>Vas m\u00e1trix BioFerrin\u00ae laktoferinnel \u2013 kapszula 60 db - Herb\u00e1lkincsei<\/title>\n<meta name=\"description\" content=\"vashi\u00e1ny\" \/>\n<meta name=\"robots\" content=\"index, follow, max-snippet:-1, max-image-preview:large, max-video-preview:-1\" \/>\n<link rel=\"canonical\" href=\"https:\/\/herbalkincsei.hu\/index.php\/termek\/vas-matrix-bioferrin-laktoferinnel-kapszula-60-db\/\" \/>\n<meta property=\"og:locale\" content=\"hu_HU\" \/>\n<meta property=\"og:type\" content=\"article\" \/>\n<meta property=\"og:title\" content=\"Vas m\u00e1trix BioFerrin\u00ae laktoferinnel \u2013 kapszula 60 db - Herb\u00e1lkincsei\" \/>\n<meta property=\"og:description\" content=\"vashi\u00e1ny\" \/>\n<meta property=\"og:url\" content=\"https:\/\/herbalkincsei.hu\/index.php\/termek\/vas-matrix-bioferrin-laktoferinnel-kapszula-60-db\/\" \/>\n<meta property=\"og:site_name\" content=\"Herb\u00e1lkincsei\" \/>\n<meta property=\"article:modified_time\" content=\"2025-11-23T16:14:37+00:00\" \/>\n<meta property=\"og:image\" content=\"https:\/\/herbalkincsei.hu\/wp-content\/uploads\/2025\/09\/0209202568b6cd4c495c7.jpeg?wsr\" \/>\n\t<meta property=\"og:image:width\" content=\"800\" \/>\n\t<meta property=\"og:image:height\" content=\"960\" \/>\n\t<meta property=\"og:image:type\" content=\"image\/jpeg\" \/>\n<meta name=\"twitter:card\" content=\"summary_large_image\" \/>\n<meta name=\"twitter:label1\" content=\"Becs\u00fclt olvas\u00e1si id\u0151\" \/>\n\t<meta name=\"twitter:data1\" content=\"7 perc\" \/>\n<script type=\"application\/ld+json\" class=\"yoast-schema-graph\">{\"@context\":\"https:\\\/\\\/schema.org\",\"@graph\":[{\"@type\":\"WebPage\",\"@id\":\"https:\\\/\\\/herbalkincsei.hu\\\/index.php\\\/termek\\\/vas-matrix-bioferrin-laktoferinnel-kapszula-60-db\\\/\",\"url\":\"https:\\\/\\\/herbalkincsei.hu\\\/index.php\\\/termek\\\/vas-matrix-bioferrin-laktoferinnel-kapszula-60-db\\\/\",\"name\":\"Vas m\u00e1trix BioFerrin\u00ae laktoferinnel \u2013 kapszula 60 db - Herb\u00e1lkincsei\",\"isPartOf\":{\"@id\":\"https:\\\/\\\/herbalkincsei.hu\\\/#website\"},\"primaryImageOfPage\":{\"@id\":\"https:\\\/\\\/herbalkincsei.hu\\\/index.php\\\/termek\\\/vas-matrix-bioferrin-laktoferinnel-kapszula-60-db\\\/#primaryimage\"},\"image\":{\"@id\":\"https:\\\/\\\/herbalkincsei.hu\\\/index.php\\\/termek\\\/vas-matrix-bioferrin-laktoferinnel-kapszula-60-db\\\/#primaryimage\"},\"thumbnailUrl\":\"https:\\\/\\\/herbalkincsei.hu\\\/wp-content\\\/uploads\\\/2025\\\/09\\\/0209202568b6cd4c495c7.jpeg?wsr\",\"datePublished\":\"2025-09-02T10:56:12+00:00\",\"dateModified\":\"2025-11-23T16:14:37+00:00\",\"description\":\"vashi\u00e1ny\",\"breadcrumb\":{\"@id\":\"https:\\\/\\\/herbalkincsei.hu\\\/index.php\\\/termek\\\/vas-matrix-bioferrin-laktoferinnel-kapszula-60-db\\\/#breadcrumb\"},\"inLanguage\":\"hu\",\"potentialAction\":[{\"@type\":\"ReadAction\",\"target\":[\"https:\\\/\\\/herbalkincsei.hu\\\/index.php\\\/termek\\\/vas-matrix-bioferrin-laktoferinnel-kapszula-60-db\\\/\"]}]},{\"@type\":\"ImageObject\",\"inLanguage\":\"hu\",\"@id\":\"https:\\\/\\\/herbalkincsei.hu\\\/index.php\\\/termek\\\/vas-matrix-bioferrin-laktoferinnel-kapszula-60-db\\\/#primaryimage\",\"url\":\"https:\\\/\\\/herbalkincsei.hu\\\/wp-content\\\/uploads\\\/2025\\\/09\\\/0209202568b6cd4c495c7.jpeg?wsr\",\"contentUrl\":\"https:\\\/\\\/herbalkincsei.hu\\\/wp-content\\\/uploads\\\/2025\\\/09\\\/0209202568b6cd4c495c7.jpeg?wsr\",\"width\":800,\"height\":960},{\"@type\":\"BreadcrumbList\",\"@id\":\"https:\\\/\\\/herbalkincsei.hu\\\/index.php\\\/termek\\\/vas-matrix-bioferrin-laktoferinnel-kapszula-60-db\\\/#breadcrumb\",\"itemListElement\":[{\"@type\":\"ListItem\",\"position\":1,\"name\":\"Kezd\u0151lap\",\"item\":\"https:\\\/\\\/herbalkincsei.hu\\\/\"},{\"@type\":\"ListItem\",\"position\":2,\"name\":\"\u00dczlet\",\"item\":\"https:\\\/\\\/herbalkincsei.hu\\\/index.php\\\/uzlet\\\/\"},{\"@type\":\"ListItem\",\"position\":3,\"name\":\"Vas m\u00e1trix BioFerrin\u00ae laktoferinnel \u2013 kapszula 60 db\"}]},{\"@type\":\"WebSite\",\"@id\":\"https:\\\/\\\/herbalkincsei.hu\\\/#website\",\"url\":\"https:\\\/\\\/herbalkincsei.hu\\\/\",\"name\":\"herbalkincsei.hu\",\"description\":\"Ahol az eg\u00e9szs\u00e9g a c\u00e9l.\",\"publisher\":{\"@id\":\"https:\\\/\\\/herbalkincsei.hu\\\/#organization\"},\"potentialAction\":[{\"@type\":\"SearchAction\",\"target\":{\"@type\":\"EntryPoint\",\"urlTemplate\":\"https:\\\/\\\/herbalkincsei.hu\\\/?s={search_term_string}\"},\"query-input\":{\"@type\":\"PropertyValueSpecification\",\"valueRequired\":true,\"valueName\":\"search_term_string\"}}],\"inLanguage\":\"hu\"},{\"@type\":\"Organization\",\"@id\":\"https:\\\/\\\/herbalkincsei.hu\\\/#organization\",\"name\":\"Herb\u00e1lkincsei\",\"url\":\"https:\\\/\\\/herbalkincsei.hu\\\/\",\"logo\":{\"@type\":\"ImageObject\",\"inLanguage\":\"hu\",\"@id\":\"https:\\\/\\\/herbalkincsei.hu\\\/#\\\/schema\\\/logo\\\/image\\\/\",\"url\":\"https:\\\/\\\/herbalkincsei.hu\\\/wp-content\\\/uploads\\\/2024\\\/02\\\/cropped-Green-Leaf-Aromatherapy-Logo-400-\u00d7-135-keppont.png?wsr\",\"contentUrl\":\"https:\\\/\\\/herbalkincsei.hu\\\/wp-content\\\/uploads\\\/2024\\\/02\\\/cropped-Green-Leaf-Aromatherapy-Logo-400-\u00d7-135-keppont.png?wsr\",\"width\":400,\"height\":135,\"caption\":\"Herb\u00e1lkincsei\"},\"image\":{\"@id\":\"https:\\\/\\\/herbalkincsei.hu\\\/#\\\/schema\\\/logo\\\/image\\\/\"}}]}<\/script>\n<!-- \/ Yoast SEO plugin. -->","yoast_head_json":{"title":"Vas m\u00e1trix BioFerrin\u00ae laktoferinnel \u2013 kapszula 60 db - Herb\u00e1lkincsei","description":"vashi\u00e1ny","robots":{"index":"index","follow":"follow","max-snippet":"max-snippet:-1","max-image-preview":"max-image-preview:large","max-video-preview":"max-video-preview:-1"},"canonical":"https:\/\/herbalkincsei.hu\/index.php\/termek\/vas-matrix-bioferrin-laktoferinnel-kapszula-60-db\/","og_locale":"hu_HU","og_type":"article","og_title":"Vas m\u00e1trix BioFerrin\u00ae laktoferinnel \u2013 kapszula 60 db - Herb\u00e1lkincsei","og_description":"vashi\u00e1ny","og_url":"https:\/\/herbalkincsei.hu\/index.php\/termek\/vas-matrix-bioferrin-laktoferinnel-kapszula-60-db\/","og_site_name":"Herb\u00e1lkincsei","article_modified_time":"2025-11-23T16:14:37+00:00","og_image":[{"width":800,"height":960,"url":"https:\/\/herbalkincsei.hu\/wp-content\/uploads\/2025\/09\/0209202568b6cd4c495c7.jpeg?wsr","type":"image\/jpeg"}],"twitter_card":"summary_large_image","twitter_misc":{"Becs\u00fclt olvas\u00e1si id\u0151":"7 perc"},"schema":{"@context":"https:\/\/schema.org","@graph":[{"@type":"WebPage","@id":"https:\/\/herbalkincsei.hu\/index.php\/termek\/vas-matrix-bioferrin-laktoferinnel-kapszula-60-db\/","url":"https:\/\/herbalkincsei.hu\/index.php\/termek\/vas-matrix-bioferrin-laktoferinnel-kapszula-60-db\/","name":"Vas m\u00e1trix BioFerrin\u00ae laktoferinnel \u2013 kapszula 60 db - Herb\u00e1lkincsei","isPartOf":{"@id":"https:\/\/herbalkincsei.hu\/#website"},"primaryImageOfPage":{"@id":"https:\/\/herbalkincsei.hu\/index.php\/termek\/vas-matrix-bioferrin-laktoferinnel-kapszula-60-db\/#primaryimage"},"image":{"@id":"https:\/\/herbalkincsei.hu\/index.php\/termek\/vas-matrix-bioferrin-laktoferinnel-kapszula-60-db\/#primaryimage"},"thumbnailUrl":"https:\/\/herbalkincsei.hu\/wp-content\/uploads\/2025\/09\/0209202568b6cd4c495c7.jpeg?wsr","datePublished":"2025-09-02T10:56:12+00:00","dateModified":"2025-11-23T16:14:37+00:00","description":"vashi\u00e1ny","breadcrumb":{"@id":"https:\/\/herbalkincsei.hu\/index.php\/termek\/vas-matrix-bioferrin-laktoferinnel-kapszula-60-db\/#breadcrumb"},"inLanguage":"hu","potentialAction":[{"@type":"ReadAction","target":["https:\/\/herbalkincsei.hu\/index.php\/termek\/vas-matrix-bioferrin-laktoferinnel-kapszula-60-db\/"]}]},{"@type":"ImageObject","inLanguage":"hu","@id":"https:\/\/herbalkincsei.hu\/index.php\/termek\/vas-matrix-bioferrin-laktoferinnel-kapszula-60-db\/#primaryimage","url":"https:\/\/herbalkincsei.hu\/wp-content\/uploads\/2025\/09\/0209202568b6cd4c495c7.jpeg?wsr","contentUrl":"https:\/\/herbalkincsei.hu\/wp-content\/uploads\/2025\/09\/0209202568b6cd4c495c7.jpeg?wsr","width":800,"height":960},{"@type":"BreadcrumbList","@id":"https:\/\/herbalkincsei.hu\/index.php\/termek\/vas-matrix-bioferrin-laktoferinnel-kapszula-60-db\/#breadcrumb","itemListElement":[{"@type":"ListItem","position":1,"name":"Kezd\u0151lap","item":"https:\/\/herbalkincsei.hu\/"},{"@type":"ListItem","position":2,"name":"\u00dczlet","item":"https:\/\/herbalkincsei.hu\/index.php\/uzlet\/"},{"@type":"ListItem","position":3,"name":"Vas m\u00e1trix BioFerrin\u00ae laktoferinnel \u2013 kapszula 60 db"}]},{"@type":"WebSite","@id":"https:\/\/herbalkincsei.hu\/#website","url":"https:\/\/herbalkincsei.hu\/","name":"herbalkincsei.hu","description":"Ahol az eg\u00e9szs\u00e9g a c\u00e9l.","publisher":{"@id":"https:\/\/herbalkincsei.hu\/#organization"},"potentialAction":[{"@type":"SearchAction","target":{"@type":"EntryPoint","urlTemplate":"https:\/\/herbalkincsei.hu\/?s={search_term_string}"},"query-input":{"@type":"PropertyValueSpecification","valueRequired":true,"valueName":"search_term_string"}}],"inLanguage":"hu"},{"@type":"Organization","@id":"https:\/\/herbalkincsei.hu\/#organization","name":"Herb\u00e1lkincsei","url":"https:\/\/herbalkincsei.hu\/","logo":{"@type":"ImageObject","inLanguage":"hu","@id":"https:\/\/herbalkincsei.hu\/#\/schema\/logo\/image\/","url":"https:\/\/herbalkincsei.hu\/wp-content\/uploads\/2024\/02\/cropped-Green-Leaf-Aromatherapy-Logo-400-\u00d7-135-keppont.png?wsr","contentUrl":"https:\/\/herbalkincsei.hu\/wp-content\/uploads\/2024\/02\/cropped-Green-Leaf-Aromatherapy-Logo-400-\u00d7-135-keppont.png?wsr","width":400,"height":135,"caption":"Herb\u00e1lkincsei"},"image":{"@id":"https:\/\/herbalkincsei.hu\/#\/schema\/logo\/image\/"}}]}},"_links":{"self":[{"href":"https:\/\/herbalkincsei.hu\/index.php\/wp-json\/wp\/v2\/product\/1621","targetHints":{"allow":["GET"]}}],"collection":[{"href":"https:\/\/herbalkincsei.hu\/index.php\/wp-json\/wp\/v2\/product"}],"about":[{"href":"https:\/\/herbalkincsei.hu\/index.php\/wp-json\/wp\/v2\/types\/product"}],"replies":[{"embeddable":true,"href":"https:\/\/herbalkincsei.hu\/index.php\/wp-json\/wp\/v2\/comments?post=1621"}],"wp:featuredmedia":[{"embeddable":true,"href":"https:\/\/herbalkincsei.hu\/index.php\/wp-json\/wp\/v2\/media\/1620"}],"wp:attachment":[{"href":"https:\/\/herbalkincsei.hu\/index.php\/wp-json\/wp\/v2\/media?parent=1621"}],"wp:term":[{"taxonomy":"product_brand","embeddable":true,"href":"https:\/\/herbalkincsei.hu\/index.php\/wp-json\/wp\/v2\/product_brand?post=1621"},{"taxonomy":"product_cat","embeddable":true,"href":"https:\/\/herbalkincsei.hu\/index.php\/wp-json\/wp\/v2\/product_cat?post=1621"},{"taxonomy":"product_tag","embeddable":true,"href":"https:\/\/herbalkincsei.hu\/index.php\/wp-json\/wp\/v2\/product_tag?post=1621"}],"curies":[{"name":"wp","href":"https:\/\/api.w.org\/{rel}","templated":true}]}}