{"id":1605,"date":"2025-09-02T11:56:08","date_gmt":"2025-09-02T10:56:08","guid":{"rendered":"https:\/\/herbalkincsei.hu\/?post_type=product&#038;p=1605"},"modified":"2025-11-23T20:26:07","modified_gmt":"2025-11-23T19:26:07","slug":"magnezium-komplex-kapszula-60-db","status":"publish","type":"product","link":"https:\/\/herbalkincsei.hu\/index.php\/termek\/magnezium-komplex-kapszula-60-db\/","title":{"rendered":"Magn\u00e9zium Komplex kapszula 60 db"},"content":{"rendered":"<h2><strong><span class=\"bluetxt\">MAGNESIUM COMPLEX \u2013 4 f\u00e9le magn\u00e9zium egy kapszul\u00e1ba z\u00e1rva<\/span><\/strong><\/h2>\n<p>A magn\u00e9zium a negyedik leggyakoribb \u00e1sv\u00e1nyi anyag a testben, mely kofaktork\u00e9nt &#8211; azaz seg\u00edt\u0151 molekulak\u00e9nt &#8211; t\u00f6bb, mint 600 k\u00fcl\u00f6nf\u00e9le anyagcsere-reakci\u00f3ban vesz r\u00e9szt.<\/p>\n<p>Jelent\u0151s\u00e9g\u00e9nek kulcsa, hogy a magn\u00e9zium n\u00e9lk\u00fcl\u00f6zhetetlen az ATP (adenozin-trifoszf\u00e1t) nev\u0171 molekula el\u0151\u00e1ll\u00edt\u00e1sa sor\u00e1n. Ez a molekula sejtjeink f\u0151 energiahordoz\u00f3jak\u00e9nt szolg\u00e1l, magn\u00e9zium n\u00e9lk\u00fcl azonban nem lenne k\u00e9pes hat\u00e9konyan felszabad\u00edtani azt az energi\u00e1t, amelyre izmainknak, idegrendszer\u00fcnknek \u00e9s valamennyi sejt\u00fcnknek sz\u00fcks\u00e9ge van.<\/p>\n<p>A magn\u00e9zium jelenl\u00e9t\u00e9ben azonban a folyamat zavartalanul lezajlik, vagyis a magn\u00e9zium hozz\u00e1j\u00e1rul t\u00f6bbek k\u00f6z\u00f6tt a f\u00e1radts\u00e1g \u00e9s a kif\u00e1rad\u00e1s cs\u00f6kkent\u00e9s\u00e9hez, az elektrolit-egyens\u00faly fenntart\u00e1s\u00e1hoz, az idegrendszer megfelel\u0151 m\u0171k\u00f6d\u00e9s\u00e9hez, a norm\u00e1l izomm\u0171k\u00f6d\u00e9shez, a norm\u00e1l pszichol\u00f3giai funkci\u00f3 fenntart\u00e1s\u00e1hoz \u00e9s a norm\u00e1l fogazat fenntart\u00e1s\u00e1hoz is. A magn\u00e9zium r\u00e9szt vesz tov\u00e1bb\u00e1 a norm\u00e1l energiatermel\u0151 anyagcsere-folyamatokban, a norm\u00e1l feh\u00e9rjeszint\u00e9zisben, a norm\u00e1l csontozat fenntart\u00e1s\u00e1ban \u00e9s a sejtoszt\u00f3d\u00e1sban is.<\/p>\n<p>Magn\u00e9zium hi\u00e1ny\u00e1ban azonban a szervezet m\u0171k\u00f6d\u00e9s\u00e9ben hib\u00e1k l\u00e9pnek fel, <a href=\"https:\/\/ods.od.nih.gov\/factsheets\/Magnesium-HealthProfessional\/\">megn\u0151<\/a> p\u00e9ld\u00e1ul a kettes t\u00edpus\u00fa diab\u00e9tesz, a sz\u00edvbetegs\u00e9g, a migr\u00e9n vagy \u00e9ppen a csontritkul\u00e1s el\u0151fordul\u00e1s\u00e1nak val\u00f3sz\u00edn\u0171s\u00e9ge.<\/p>\n<h3><strong>Az amerikai-magyar fejleszt\u00e9s\u0171 Magnesium Complex szerves magn\u00e9zium el\u0151nyei<\/strong><\/h3>\n<p>Leg\u00fajabb, innovat\u00edv kialak\u00edt\u00e1s\u00fa, k\u00f6nnyen adagolhat\u00f3 magn\u00e9zium komplex\u00fcnkben n\u00e9gy k\u00fcl\u00f6nf\u00e9le magn\u00e9ziumfajta kedvez\u0151 hat\u00e1sait egyes\u00edtett\u00fck annak \u00e9rdek\u00e9ben, hogy val\u00f3ban hat\u00e9kony, a szervezetet j\u00f3l \u00e9s eredm\u00e9nyesen t\u00e1mogat\u00f3 \u00e9trend-kieg\u00e9sz\u00edt\u0151t hozzunk l\u00e9tre.<\/p>\n<p>A k\u00e9sz\u00edtm\u00e9nyben megtal\u00e1lhat\u00f3<\/p>\n<ul>\n<li>a megn\u00e9zium-citr\u00e1t, mely a magn\u00e9zium citromsavval k\u00f6t\u00f6tt form\u00e1ja;<\/li>\n<li>a magn\u00e9zium-biszciglin\u00e1t, mely a magn\u00e9zium glicin aminosavval alkotott s\u00f3ja;<\/li>\n<li>a magn\u00e9zium-mal\u00e1t, mely a magn\u00e9zium almasavval szervess\u00e9 tett v\u00e1ltozata \u00e9s<\/li>\n<li>magn\u00e9zium-taurin\u00e1t, mely a magn\u00e9zium taurin aminosavval alkotott s\u00f3ja.<\/li>\n<\/ul>\n<p>&nbsp;<\/p>\n<p>A n\u00e9gyf\u00e9le magn\u00e9zium szuperereje rendszeres alkalmaz\u00e1s mellett mutatja meg igaz\u00e1n \u00f6nmag\u00e1t: a Szerves Magn\u00e9zium Komplex rendszeres alkalmaz\u00e1s\u00e1val Te is energikusabb, kiegyens\u00falyozottabb \u00e9s lend\u00fcletesebb lehetsz.<\/p>\n<p><strong>Amit a magn\u00e9ziumr\u00f3l tudnod kell:<\/strong><\/p>\n<ul>\n<li>fokozhatja az edz\u00e9steljes\u00edtm\u00e9nyt, mivel a magn\u00e9zium <a href=\"https:\/\/pmc.ncbi.nlm.nih.gov\/articles\/PMC5622706\/\">seg\u00edt<\/a> a v\u00e9rben kering\u0151 cukornak eljutni az izmokba, seg\u00edt az edz\u00e9s sor\u00e1n felhalmoz\u00f3d\u00f3 lakt\u00e1t lebont\u00e1s\u00e1ban, cs\u00f6kkenti a f\u00e1radts\u00e1got \u00e9s kif\u00e1rad\u00e1st. Alkalmaz\u00e1sa k\u00fcl\u00f6n\u00f6sen <a href=\"https:\/\/pubmed.ncbi.nlm.nih.gov\/29637897\/\">el\u0151ny\u00f6s<\/a> lehet az id\u0151sebb feln\u0151ttek \u00e9s a magn\u00e9ziumhi\u00e1nyos betegek fizikai teljes\u00edtm\u00e9ny\u00e9nek jav\u00edt\u00e1s\u00e1ra. Ez a hat\u00e1s nemt\u0151l f\u00fcggetlen\u00fcl megmutatkozik: egy 2570 n\u0151 bevon\u00e1s\u00e1val v\u00e9gzett <a href=\"https:\/\/pubmed.ncbi.nlm.nih.gov\/26288012\/\">vizsg\u00e1lat<\/a> a magasabb magn\u00e9ziumbevitelt megn\u00f6vekedett izomt\u00f6meggel \u00e9s teljes\u00edtm\u00e9nnyel hozta \u00f6sszef\u00fcgg\u00e9sbe. Egy m\u00e1sik 2019-es <a href=\"https:\/\/pubmed.ncbi.nlm.nih.gov\/24015935\/\">vizsg\u00e1lat<\/a>ban azok a hivat\u00e1sos f\u00e9rfi ker\u00e9kp\u00e1rosok, akik h\u00e1rom h\u00e9ten kereszt\u00fcl napi 400 mg magn\u00e9ziumot szedtek, javul\u00e1st tapasztaltak az izmok regener\u00e1l\u00f3d\u00e1s\u00e1ban egy meger\u0151ltet\u0151 versenyt k\u00f6vet\u0151en.<\/li>\n<li>seg\u00edt a depresszi\u00f3s \u00e9s szorong\u00e1sos panaszok lek\u00fczd\u00e9s\u00e9ben. A magn\u00e9zium alacsony szintje a depresszi\u00f3 fokozott kock\u00e1zat\u00e1val hozhat\u00f3 <a href=\"https:\/\/www.ncbi.nlm.nih.gov\/pubmed\/25748766\">\u00f6sszef\u00fcgg\u00e9s<\/a>be. Ennek oka, hogy a stressz cs\u00f6kkentheti a szervezetben a magn\u00e9zium szintj\u00e9t, ez pedig n\u00f6veli a depresszi\u00f3ra val\u00f3 hajlamot. \u00c9pp ez\u00e9rt a kutat\u00f3k hossz\u00fa ideje elemzik az agyi m\u0171k\u00f6d\u00e9sek \u00e9s a magn\u00e9zium kapcsolat\u00e1t. Egy 8 hetes <a href=\"https:\/\/pubmed.ncbi.nlm.nih.gov\/28241991\/\">vizsg\u00e1lat<\/a>ban p\u00e9ld\u00e1ul azt tal\u00e1lt\u00e1k, hogy napi 500 mg magn\u00e9zium szed\u00e9se jelent\u0151s javul\u00e1st hozott a depresszi\u00f3 kezel\u00e9s\u00e9be.<\/li>\n<li>t\u00e1mogatja az eg\u00e9szs\u00e9ges v\u00e9rcukorszintet. <a href=\"https:\/\/pubmed.ncbi.nlm.nih.gov\/34836329\/\">Tanulm\u00e1nyok<\/a> r\u00e1mutatnak, hogy a kettes t\u00edpus\u00fa cukorbetegs\u00e9gben szenved\u0151 alanyok magn\u00e9ziumszintje \u00e1tlagosan 48%-kal alacsonyabb, mint eg\u00e9szs\u00e9ges embert\u00e1rsaik\u00e9. Arra is vannak <a href=\"https:\/\/www.ncbi.nlm.nih.gov\/pmc\/articles\/PMC5711333\/\">bizony\u00edt\u00e9k<\/a>ok, hogy a cukorbetegs\u00e9g kialakul\u00e1s\u00e1nak kock\u00e1zata alacsonyabb azokn\u00e1l, akik t\u00f6bb magn\u00e9ziumot fogyasztanak. Egy \u00e1ttekint\u0151 <a href=\"https:\/\/www.ncbi.nlm.nih.gov\/pmc\/articles\/PMC6470576\/\">vizsg\u00e1lat<\/a> eredm\u00e9nyei pedig arra is r\u00e1mutatnak, hogy a magn\u00e9zium tartalm\u00fa \u00e9trend-kieg\u00e9sz\u00edt\u0151k alkalmaz\u00e1sa jav\u00edtja a v\u00e9rcukorszintet \u00e9s az inzulin\u00e9rz\u00e9kenys\u00e9get a kettes t\u00edpus\u00fa cukorbetegs\u00e9g kock\u00e1zat\u00e1nak kitett szem\u00e9lyekn\u00e9l.<\/li>\n<li>cs\u00f6kkenti a gyullad\u00e1sok kialakul\u00e1s\u00e1nak kock\u00e1zat\u00e1t. Az alacsony magn\u00e9ziumbevitel \u00f6sszef\u00fcgg\u00e9sbe hozhat\u00f3 a szervezetben fell\u00e9p\u0151 gyullad\u00e1sok el\u0151fordul\u00e1si gyakoris\u00e1g\u00e1val, illetve azok s\u00falyoss\u00e1g\u00e1val. Ez v\u00e9gs\u0151 soron d\u00f6nt\u0151 szerepet j\u00e1tszik az \u00f6reged\u00e9s felgyorsul\u00e1s\u00e1ban \u00e9s a kr\u00f3nikus betegs\u00e9gek kialakul\u00e1s\u00e1nak val\u00f3sz\u00edn\u0171s\u00e9g\u00e9ben. Egy \u00e1ttekint\u0151 <a href=\"https:\/\/pubmed.ncbi.nlm.nih.gov\/28545353\/\">tanulm\u00e1ny<\/a> mindezek mellett arra a k\u00f6vetkeztet\u00e9sre jutott, hogy a magn\u00e9zium-kieg\u00e9sz\u00edt\u0151k cs\u00f6kkentett\u00e9k a C-reakt\u00edv feh\u00e9rje (CRP) \u00e9rt\u00e9k\u00e9t a kr\u00f3nikus gyullad\u00e1sban szenved\u0151 emberekn\u00e9l. M\u00e1s <a href=\"https:\/\/pubmed.ncbi.nlm.nih.gov\/31624951\/\">kutat\u00e1sok<\/a> hasonl\u00f3 eredm\u00e9nnyel z\u00e1rultak.<\/li>\n<li>t\u00e1mogatja a sz\u00edv eg\u00e9szs\u00e9g\u00e9t. Egy 2021-es <a href=\"https:\/\/www.ncbi.nlm.nih.gov\/pmc\/articles\/PMC7827637\/\">\u00e1ttekint\u0151 tanulm\u00e1ny<\/a> eredm\u00e9nyei r\u00e1mutatnak, hogy a magn\u00e9zium tartalm\u00fa \u00e9trend-kieg\u00e9sz\u00edt\u0151k seg\u00edthetnek a magas v\u00e9rnyom\u00e1s cs\u00f6kkent\u00e9s\u00e9ben, ezzel pedig cs\u00f6kkentik a tov\u00e1bbi sz\u00edvbetegs\u00e9gek kialakul\u00e1s\u00e1nak val\u00f3sz\u00edn\u0171s\u00e9g\u00e9t is. Egy m\u00e1sik, \u00e1tfog\u00f3 <a href=\"https:\/\/pubmed.ncbi.nlm.nih.gov\/28150351\/\">kutat\u00e1s<\/a> azt is meg\u00e1llap\u00edtotta, hogy a magn\u00e9zium optimaliz\u00e1lja a szervezetben a triglicerid, az LDL (rossz) koleszterin, a HDL (j\u00f3) koleszterin \u00e9s a szisztol\u00e9s v\u00e9rnyom\u00e1s szintj\u00e9t, ez\u00e1ltal cs\u00f6kkenti a sz\u00edvbetegs\u00e9gek kialakul\u00e1s\u00e1nak kock\u00e1zat\u00e1t.<\/li>\n<li>jav\u00edtja a PMS t\u00fcneteit. A premenstru\u00e1ci\u00f3s szindr\u00f3ma (PMS) az egyik leggyakoribb \u00e1llapot a sz\u00fcl\u0151k\u00e9pes kor\u00fa n\u0151k k\u00f6r\u00e9ben. Gyakran okoz olyan t\u00fcneteket, mint a v\u00edzvisszatart\u00e1s, a hasi g\u00f6rcs\u00f6k, a f\u00e1radts\u00e1g \u00e9s az ingerl\u00e9kenys\u00e9g. Mivel a magn\u00e9ziumszint term\u00e9szetes m\u00f3don v\u00e1ltozik a menstru\u00e1ci\u00f3s ciklus sor\u00e1n, a PMS-t\u00fcnetek s\u00falyosabban jelentkeznek azokn\u00e1l, akikn\u00e9l eleve magn\u00e9ziumhi\u00e1ny \u00e1ll fenn. \u00cdgy a magn\u00e9zium tartalm\u00fa \u00e9trend-kieg\u00e9sz\u00edt\u0151k <a href=\"https:\/\/www.scirp.org\/journal\/paperinformation.aspx?paperid=66098\">seg\u00edthetnek<\/a> a t\u00fcnetek s\u00falyoss\u00e1g\u00e1nak cs\u00f6kkent\u00e9s\u00e9ben, bele\u00e9rtve a menstru\u00e1ci\u00f3s migr\u00e9nes rohamokat is.<\/li>\n<li>hozz\u00e1j\u00e1rul a min\u0151s\u00e9gi alv\u00e1shoz. A magn\u00e9zium sz\u00e1mos, az alv\u00e1sban szerepet j\u00e1tsz\u00f3 neurotranszmitter m\u0171k\u00f6d\u00e9s\u00e9t szab\u00e1lyozza. Ez az oka annak, hogy a p\u00f3tl\u00e1s\u00e1val min\u0151s\u00e9gibb alv\u00e1st, nyugodtabb \u00e9jszak\u00e1kat id\u00e9zhet\u00fcnk el\u0151. Egy, az \u00e1lmatlans\u00e1gban szenved\u0151 id\u0151sebb feln\u0151tteket vizsg\u00e1l\u00f3 <a href=\"https:\/\/www.ncbi.nlm.nih.gov\/pmc\/articles\/PMC8053283\/\">kutat\u00e1s<\/a> p\u00e9ld\u00e1ul meg\u00e1llap\u00edtotta, hogy a magn\u00e9zium-kieg\u00e9sz\u00edt\u0151k \u00e1tlagosan 17 perccel cs\u00f6kkentett\u00e9k az elalv\u00e1shoz sz\u00fcks\u00e9ges id\u0151t. Egy m\u00e1sik, k\u00f6zel 4000 feln\u0151tt bevon\u00e1s\u00e1val v\u00e9gzett <a href=\"https:\/\/www.ncbi.nlm.nih.gov\/pmc\/articles\/PMC8996025\/\">vizsg\u00e1lat<\/a> a magn\u00e9zium fokozott bevitel\u00e9t az alv\u00e1s min\u0151s\u00e9g\u00e9nek \u00e9s id\u0151tartam\u00e1nak javul\u00e1s\u00e1val hozta \u00f6sszef\u00fcgg\u00e9sbe.<\/li>\n<\/ul>\n<p>&nbsp;<\/p>\n<p>A magn\u00e9ziumhi\u00e1ny k\u00f6vetkezt\u00e9ben jelentkez\u0151 t\u00fcnetek jelent\u0151sen befoly\u00e1solj\u00e1k a szubjekt\u00edv \u00e9letmin\u0151s\u00e9get \u00e9s egyes k\u00f3rk\u00e9pek el\u0151fordul\u00e1si val\u00f3sz\u00edn\u0171s\u00e9g\u00e9t, \u00edgy a kiegyens\u00falyozott \u00e9s vitaminokban, \u00e1sv\u00e1nyi anyagokban gazdag \u00e9trend d\u00f6nt\u0151 jelent\u0151s\u00e9g\u0171 az eg\u00e9szs\u00e9ges egyens\u00falyi \u00e1llapot fenntart\u00e1s\u00e1hoz.<\/p>\n<p><strong>A magn\u00e9zium-citr\u00e1t el\u0151nyei<\/strong><\/p>\n<p>A magn\u00e9zium-citr\u00e1t szint\u00e9n szerves k\u00f6t\u00e9s\u0171 forma. A citr\u00e1tok a citromsav s\u00f3i, gyakran el\u0151fordul\u00f3 szerves vegy\u00fcletek, melyeket a legt\u00f6bben tudat alatt ismernek \u2013 akkor is, ha val\u00f3j\u00e1ban a nev\u00fcket m\u00e9g sosem hallott\u00e1k. Az anyag term\u00e9szetesen is el\u0151fordul az emberi szervezetben (pl. citromsav ciklus), de el\u0151fordul citrusf\u00e9l\u00e9kben is, ahol a jellegzetes savanyk\u00e1s \u00edz\u00e9rt felel. A citr\u00e1tokat az \u00e9lelmiszeripar is sz\u00e9lesk\u00f6rben alkalmazza, biztons\u00e1gos, r\u00e9g\u00f3ta ismert anyagok. A magn\u00e9zium-citr\u00e1t az egyik legk\u00edm\u00e9letesebb \u00e9s legjobban felsz\u00edv\u00f3d\u00f3 magn\u00e9ziumt\u00edpus.<\/p>\n<p>Ez azonban m\u00e9g nem jelenti azt, hogy ne volna hat\u00e9kony:<\/p>\n<ul>\n<li>egy <a href=\"https:\/\/pubmed.ncbi.nlm.nih.gov\/32162607\/\">tanulm\u00e1ny<\/a> eredm\u00e9nyei szerint a magn\u00e9zium-citr\u00e1t a magn\u00e9zium legjobb form\u00e1i k\u00f6z\u00e9 tartozik, ez\u00e1ltal k\u00f6nnyebben felsz\u00edv\u00f3dik az em\u00e9szt\u0151rendszerben, mint a t\u00f6bbi magn\u00e9ziumvegy\u00fclet.<\/li>\n<li>A magn\u00e9zium-citr\u00e1t seg\u00edti az eg\u00e9szs\u00e9ges em\u00e9szt\u00e9st \u00e9s a b\u00e9lmozg\u00e1sokat, enyhe sz\u00e9kletlaz\u00edt\u00f3 hat\u00e1sa k\u00edm\u00e9letesen seg\u00edti a sz\u00e9klet\u00fcr\u00edt\u00e9st. Hat\u00e1smechanizmus\u00e1nak alapja, hogy k\u00e9pes n\u00e9mi mennyis\u00e9g\u0171 vizet mag\u00e1hoz vonzani, ez\u00e1ltal jav\u00edtja a sz\u00e9klet \u00e1llag\u00e1t.<\/li>\n<li>jav\u00edthatja a csontok eg\u00e9szs\u00e9g\u00e9t, hiszen egy 2021-es <a href=\"https:\/\/link.springer.com\/article\/10.1007\/s10534-021-00305-0\">\u00e1ttekint\u0151 tanulm\u00e1ny<\/a> eredm\u00e9nyei szerint, ha a hi\u00e1nybetegs\u00e9gben szenved\u0151 emberek magn\u00e9zium-kieg\u00e9sz\u00edt\u0151ket, p\u00e9ld\u00e1ul magn\u00e9zium-citr\u00e1tot szedtek, javult a csontok \u00e1llapota \u00e9s cs\u00f6kkent a csontt\u00f6r\u00e9sek kock\u00e1zata. A magn\u00e9zium <a href=\"https:\/\/pubmed.ncbi.nlm.nih.gov\/29480918\/\">seg\u00edthet<\/a> a D-vitamin aktiv\u00e1l\u00e1s\u00e1ban is, amely a csontok n\u00f6veked\u00e9se \u00e9s fenntart\u00e1sa szempontj\u00e1b\u00f3l fontos vitamin.<\/li>\n<li>seg\u00edts\u00e9get ny\u00fajt a migr\u00e9n kezel\u00e9s\u00e9ben. T\u00f6bb tanulm\u00e1ny, k\u00f6zt\u00fck egy t\u00f6bb, mint 3600 feln\u0151tt bevon\u00e1s\u00e1val v\u00e9gzett <a href=\"https:\/\/www.mdpi.com\/2072-6643\/14\/5\/1089\">vizsg\u00e1lat<\/a> igazolja, hogy a magn\u00e9zium rendk\u00edv\u00fcl hat\u00e9kony a migr\u00e9nes fejf\u00e1j\u00e1s kezel\u00e9s\u00e9ben. (Ennek r\u00e9szben a citr\u00e1tforma gyors felsz\u00edv\u00f3d\u00e1s\u00e1hoz van k\u00f6ze.)<\/li>\n<li><a href=\"https:\/\/pmc.ncbi.nlm.nih.gov\/articles\/PMC6024559\/\">seg\u00edt<\/a> enyh\u00edteni a depresszi\u00f3s \u00e9s szorong\u00e1sos t\u00fcneteket, mivel szerepe van a ment\u00e1lis eg\u00e9szs\u00e9get befoly\u00e1sol\u00f3 enzimek \u00e9s neurotranszmitterek hib\u00e1tlan m\u0171k\u00f6d\u00e9s\u00e9ben. A magn\u00e9zium emellett azoknak is seg\u00edthet, akik g\u00f6rcsrohamokkal j\u00e1r\u00f3 rendelleness\u00e9ggel \u00e9lnek, p\u00e9ld\u00e1ul <a href=\"https:\/\/www.mdpi.com\/2072-6643\/10\/6\/730\">Parkinson-k\u00f3r<\/a>ral, vagy m\u00e1s neurodegenerat\u00edv betegs\u00e9gben szenvednek.<\/li>\n<\/ul>\n<p>&nbsp;<\/p>\n<p>A magn\u00e9zium-citr\u00e1t m\u00e1sik el\u0151nye, hogy jellemz\u0151en kapszula \u00e9s por form\u00e1ban, valamint foly\u00e9kony kiszerel\u00e9sben is el\u00e9rhet\u0151.<\/p>\n<p><strong><br \/>\nA magn\u00e9zium-biszglicin\u00e1t alkalmaz\u00e1s\u00e1nak kedvez\u0151 hat\u00e1sai<\/strong><\/p>\n<p>A magn\u00e9zium-glicin\u00e1t az elemi magn\u00e9zium \u00e9s a glicin aminosav kombin\u00e1l\u00e1s\u00e1val j\u00f6n l\u00e9tre. A magn\u00e9zium ezen form\u00e1ja remek biohasznosul\u00e1ssal rendelkezik, ami azt jelenti, hogy, k\u00f6nnyen \u00e9s hat\u00e9konyan sz\u00edv\u00f3dik fel a v\u00e9konyb\u00e9lben. El\u0151nye a t\u00f6bbi magn\u00e9zium kel\u00e1ttal szemben tov\u00e1bb\u00e1, hogy nincs jelent\u0151s hat\u00e1sa a gyomorra vagy a sz\u00e9kel\u00e9sre. Egy 2013-as <a href=\"https:\/\/faseb.onlinelibrary.wiley.com\/doi\/abs\/10.1096\/fasebj.27.1_supplement.lb291\">kutat\u00e1s<\/a> p\u00e9ld\u00e1ul azt tal\u00e1lta, hogy a magn\u00e9zium-biszglicin\u00e1tot szed\u0151 r\u00e9sztvev\u0151k nem sz\u00e1moltak be hasmen\u00e9sr\u0151l vagy hashajt\u00f3 hat\u00e1sr\u00f3l.<\/p>\n<p><em>Mely k\u00f3rk\u00e9pek \u00e9s \u00e1llapotok eset\u00e9n lehet hasznos a magn\u00e9zium-biszglicin\u00e1t alkalmaz\u00e1sa?<\/em><\/p>\n<ul>\n<li>Magas v\u00e9rnyom\u00e1s, hiszen a magn\u00e9zium-biszglicin\u00e1t seg\u00edthet a v\u00e9rnyom\u00e1s cs\u00f6kkent\u00e9s\u00e9ben.<\/li>\n<li>Kettes t\u00edpus\u00fa cukorbetegs\u00e9g, hiszen az \u00e9trendi magn\u00e9zium mennyis\u00e9g\u00e9nek n\u00f6vel\u00e9se cs\u00f6kkentheti a kettes t\u00edpus\u00fa cukorbetegs\u00e9g kock\u00e1zat\u00e1t. Ennek oka, hogy a magn\u00e9zium-biszglicin\u00e1t seg\u00edt <a href=\"https:\/\/www.ncbi.nlm.nih.gov\/pmc\/articles\/PMC5133122\/\">lebontani a cukrokat<\/a>, ez\u00e1ltal m\u00e9rs\u00e9kli az inzulinrezisztencia t\u00fcneteinek m\u00e9rt\u00e9k\u00e9t.<\/li>\n<li>Csontritkul\u00e1s, hiszen a magasabb magn\u00e9ziumszinttel \u00e9l\u0151 emberek test\u00e9ben nagyobb a csontok \u00e1sv\u00e1nyi s\u0171r\u0171s\u00e9ge, ez\u00e1ltal l\u00e9nyegesen <a href=\"https:\/\/www.ncbi.nlm.nih.gov\/pmc\/articles\/PMC8313472\/\">alacsonyabb<\/a> a csontritkul\u00e1s k\u00f6vetkezt\u00e9ben el\u0151fordul\u00f3 csontt\u00f6r\u00e9sek kock\u00e1zata.<\/li>\n<li>Depresszi\u00f3, ugyanis a j\u00f3 k\u00f6z\u00e9rzet \u00e9s a boldogs\u00e1g\u00e9rzet kialakul\u00e1s\u00e1\u00e9rt felel\u0151s szerotonin \u00e9s a magn\u00e9zium szintje k\u00f6z\u00f6tt egy\u00e9rtelm\u0171 \u00f6sszef\u00fcgg\u00e9s figyelhet\u0151 meg. Vagyis magn\u00e9ziumhi\u00e1ny eset\u00e9n jellemz\u0151en a szerotonin szintje is alacsonyabb, emiatt az emberek kev\u00e9sb\u00e9 \u00e9rzik magukat boldognak vagy sikeresnek. A <a href=\"https:\/\/www.ncbi.nlm.nih.gov\/pmc\/articles\/PMC5487054\/\">kutat\u00e1si eredm\u00e9nyek<\/a> azonban azt mutatj\u00e1k, hogy enyhe vagy k\u00f6zepesen s\u00falyos depresszi\u00f3 kezel\u00e9s\u00e9ben a magn\u00e9zium-biszglicin\u00e1t alkalmaz\u00e1sa feln\u0151ttekn\u00e9l kimondottan kedvez\u0151 hat\u00e1ssal b\u00edr.<\/li>\n<\/ul>\n<p><strong><br \/>\nAmit nem tudt\u00e1l a magn\u00e9zium-mal\u00e1tr\u00f3l<\/strong><\/p>\n<p>A magn\u00e9zium-mal\u00e1t egy olyan speci\u00e1lis vegy\u00fclet, amelyet a magn\u00e9zium \u00e9s az almasav kombin\u00e1l\u00e1s\u00e1val \u00e1ll\u00edtanak el\u0151. Term\u00e9szetes m\u00f3don is sz\u00e1mos gy\u00fcm\u00f6lcsben megtal\u00e1lhat\u00f3 \u00e9s azok saj\u00e1tos savany\u00fa-fanyar \u00edzvil\u00e1g\u00e1\u00e9rt felel\u0151s. A magn\u00e9zium ezen form\u00e1ja minden m\u00e1s magn\u00e9zium-\u00f6sszetev\u0151n\u00e9l <a href=\"https:\/\/pubmed.ncbi.nlm.nih.gov\/29679349\/\">gyorsabban<\/a> sz\u00edv\u00f3dik fel, ez\u00e1ltal r\u00f6vid id\u0151n bel\u00fcl kifejti kedvez\u0151 hat\u00e1sait.<\/p>\n<p>A magn\u00e9zium-mal\u00e1t alkalmaz\u00e1s\u00e1nak el\u0151nye, hogy<\/p>\n<ul>\n<li>A magn\u00e9zium-mal\u00e1t v\u00edzvisszasz\u00edv\u00f3 hat\u00e1sa r\u00e9v\u00e9n t\u00e1mogatja a b\u00e9lrendszer megfelel\u0151 ritmus\u00e1t, megk\u00f6nny\u00edti a sz\u00e9klet\u00fcr\u00edt\u00e9st a sz\u00e9klet \u00e1llag\u00e1nak l\u00e1gy\u00edt\u00e1s\u00e1val.<\/li>\n<li>hozz\u00e1j\u00e1rul a ment\u00e1lis eg\u00e9szs\u00e9g fenntart\u00e1s\u00e1hoz. Ezt a hossz\u00fa ideje fenn\u00e1ll\u00f3 alkalmaz\u00e1s &#8211; a magn\u00e9ziumot az 1920-as \u00e9vekt\u0151l haszn\u00e1lj\u00e1k a <a href=\"https:\/\/pmc.ncbi.nlm.nih.gov\/articles\/PMC5637834\/\">depresszi\u00f3<\/a> \u00e9s m\u00e1s k\u00f3rk\u00e9pek kezel\u00e9s\u00e9re-, valamint sz\u00e1mos kutat\u00e1s eredm\u00e9nyei is igazolj\u00e1k. Egy 8 894 feln\u0151tt bevon\u00e1s\u00e1val v\u00e9gzett <a href=\"https:\/\/pubmed.ncbi.nlm.nih.gov\/25748766\/\">vizsg\u00e1lat<\/a> p\u00e9ld\u00e1ul meg\u00e1llap\u00edtotta, hogy a nagyon alacsony magn\u00e9ziumbevitel a depresszi\u00f3 magasabb kock\u00e1zat\u00e1val j\u00e1r egy\u00fctt. Egy m\u00e1sik, kisebb <a href=\"https:\/\/pubmed.ncbi.nlm.nih.gov\/19271419\/\">kutat\u00e1sban<\/a> id\u0151s, cukorbetegs\u00e9gben szenved\u0151, alacsony magn\u00e9ziumszint\u0171 feln\u0151tteket vizsg\u00e1ltak \u00e9s azt tal\u00e1lt\u00e1k, hogy napi 450 mg magn\u00e9zium 12 h\u00e9ten \u00e1t t\u00f6rt\u00e9n\u0151 szed\u00e9se ugyanolyan hat\u00e9konyan jav\u00edtja a depresszi\u00f3 t\u00fcneteit, mintha az alanyok antidepressz\u00e1nst szedtek volna.<\/li>\n<li>t\u00e1mogatja az optim\u00e1lis v\u00e9rcukorszint fenntart\u00e1s\u00e1t. Egy 18 vizsg\u00e1lat eredm\u00e9nyeit \u00e1ttekint\u0151 \u00f6sszehasonl\u00edt\u00f3 <a href=\"https:\/\/pubmed.ncbi.nlm.nih.gov\/27530471\/\">kutat\u00e1s<\/a> eredm\u00e9nyei r\u00e1mutatnak, hogy a magn\u00e9zium-mal\u00e1t jav\u00edtja az inzulin\u00e9rz\u00e9kenys\u00e9get \u00e9s cs\u00f6kkenti a v\u00e9rcukor szintj\u00e9t. Egy m\u00e1sik, gyermekek bevon\u00e1s\u00e1val v\u00e9gzett <a href=\"https:\/\/pmc.ncbi.nlm.nih.gov\/articles\/PMC5369924\/\">vizsg\u00e1lat<\/a> egy\u00e9rtelm\u0171en r\u00e1mutatott, hogy 300 mg magn\u00e9zium-mal\u00e1t k\u00faraszer\u0171, h\u00e1romh\u00f3napos alkalmaz\u00e1sa a v\u00e9rcukor \u00e1tlag szintj\u00e9t mutat\u00f3 HbA1c-\u00e9rt\u00e9k\u00e9t 22%-kal cs\u00f6kkentette.<\/li>\n<li>fokozza a test fizikai teljes\u00edt\u0151k\u00e9pess\u00e9g\u00e9t, mivel a magn\u00e9zium k\u00f6zponti szerepet j\u00e1tszik az izomm\u0171k\u00f6d\u00e9sben, az energiatermel\u00e9sben, az oxig\u00e9nfelv\u00e9telben \u00e9s az elektrolitegyens\u00falyban, amelyek mind fontos t\u00e9nyez\u0151k a testmozg\u00e1s sor\u00e1n. Egy r\u00f6plabd\u00e1z\u00f3k\u00f3n v\u00e9gzett 4 hetes <a href=\"https:\/\/pubmed.ncbi.nlm.nih.gov\/24015935\/\">vizsg\u00e1lat<\/a> kimutatta p\u00e9ld\u00e1ul, hogy napi 350 mg magn\u00e9zium szed\u00e9se cs\u00f6kkentette a lakt\u00e1ttermel\u00e9st, \u00e9s jav\u00edtotta az ugr\u00e1sok, valamint a karlend\u00edt\u00e9sek teljes\u00edtm\u00e9ny\u00e9t.<\/li>\n<li>seg\u00edthet a kr\u00f3nikus mozg\u00e1sszervi panaszok k\u00f6vetkezt\u00e9ben fell\u00e9p\u0151 f\u00e1jdalom cs\u00f6kkent\u00e9s\u00e9ben. A fibromyalgi\u00e1s &#8211; izmokat \u00e9s a l\u00e1gy sz\u00f6veteket \u00e9rint\u0151 f\u00e1jdalmas betegs\u00e9g &#8211; n\u0151betegek vizsg\u00e1lata sor\u00e1n meg\u00e1llap\u00edtott\u00e1k, hogy a betegs\u00e9get jellemz\u0151en magn\u00e9ziumhi\u00e1ny k\u00eds\u00e9ri, a magn\u00e9zium p\u00f3tl\u00e1sa azonban hozz\u00e1j\u00e1rul a f\u00e1jdalmas t\u00fcnetek koordin\u00e1lhat\u00f3s\u00e1g\u00e1hoz. Amikor a n\u0151k 8 h\u00e9ten kereszt\u00fcl napi <a href=\"https:\/\/pubmed.ncbi.nlm.nih.gov\/22271372\/\">300 mg<\/a> magn\u00e9zium-citr\u00e1tot szedtek, a kontrollcsoporttal \u00f6sszehasonl\u00edtva t\u00fcneteik jelent\u0151sen cs\u00f6kkentek.<\/li>\n<\/ul>\n<p><strong><br \/>\nMire j\u00f3 a magn\u00e9zium-taurin\u00e1t?<\/strong><\/p>\n<p>A magn\u00e9zium-taurin\u00e1t egy kel\u00e1t, amely magn\u00e9zium \u00e1sv\u00e1nyi anyagb\u00f3l \u00e9s egy taurin nev\u0171 aminosavb\u00f3l \u00e1ll. A magn\u00e9zium ismert el\u0151nyeit a taurin szupererej\u00e9vel \u00f6tv\u00f6zve ez a forma v\u00e9di az <a href=\"https:\/\/www.turkishneurosurgery.org.tr\/abstract.php?id=2372\">agyat<\/a>, a <a href=\"https:\/\/www.sciencedirect.com\/science\/article\/pii\/S222541101730072X?via%3Dihub\">sz\u00edvet<\/a>, a <a href=\"https:\/\/www.sciencedirect.com\/science\/article\/abs\/pii\/S0753332216310253?via%3Dihub\">szemet<\/a> \u00e9s az izmokat a k\u00e1rosod\u00e1st\u00f3l \u00e9s a stresszt\u0151l. A taurin emellett <a href=\"https:\/\/www.jomes.org\/journal\/view.html?doi=10.7570\/jomes21088\">s<\/a><a href=\"https:\/\/www.jomes.org\/journal\/view.html?doi=10.7570\/jomes21088\">eg\u00edthet<\/a> az elh\u00edz\u00e1s, a magas koleszterinszint \u00e9s a magas v\u00e9rnyom\u00e1s elleni v\u00e9delemben.<\/p>\n<p>A magn\u00e9zium-taurin\u00e1t kedvez\u0151 hat\u00e1sai megmutatkoznak a v\u00e9rnyom\u00e1s cs\u00f6kkent\u00e9s\u00e9ben is, ugyanis <a href=\"https:\/\/www.ahajournals.org\/doi\/10.1161\/HYPERTENSIONAHA.115.06624\">vizsg\u00e1latok<\/a> igazolj\u00e1k, hogy mind a magn\u00e9zium, mind a taurin j\u00f3t\u00e9kony hat\u00e1ssal van a v\u00e9rnyom\u00e1s szintj\u00e9nek optimaliz\u00e1ci\u00f3j\u00e1ra magas- \u00e9s alacsony v\u00e9rnyom\u00e1s eset\u00e9n egyar\u00e1nt. Ennek oka r\u00e9szben az, hogy a taurin alkalmaz\u00e1sa <a href=\"https:\/\/pmc.ncbi.nlm.nih.gov\/articles\/PMC2586397\/\">fokozza<\/a> a sz\u00edvizmok teljes\u00edt\u0151k\u00e9pess\u00e9g\u00e9t.<\/p>\n<p>Szerepe van tov\u00e1bb\u00e1 az alv\u00e1smin\u0151s\u00e9g jav\u00edt\u00e1s\u00e1ban is: a <a href=\"https:\/\/pmc.ncbi.nlm.nih.gov\/articles\/PMC3703169\/\">kutat\u00f3k<\/a> azt tal\u00e1lt\u00e1k, hogy a magn\u00e9zium-taurin\u00e1t alkalmaz\u00e1sa mellett az alanyok jobban alszanak, kipihentebbnek \u00e9rzik magukat, \u00edgy cs\u00f6kkenthet\u0151 az elalv\u00e1st seg\u00edt\u0151 gy\u00f3gyszerek szed\u00e9s\u00e9nek m\u00e9rt\u00e9ke.<\/p>\n<p><strong>Fontos tudnival\u00f3k magn\u00e9zium szed\u00e9se eset\u00e9n<\/strong><\/p>\n<p>B\u00e1r egyes vitaminokat \u00e9s \u00e1sv\u00e1nyi anyagokat nem lehet t\u00faladagolni, a magn\u00e9zium mennyis\u00e9g\u00e9nek optimaliz\u00e1ci\u00f3ja az eg\u00e9szs\u00e9ges \u00e9letm\u00f3d felt\u00e9tele. Azaz a t\u00fal kev\u00e9s, \u00e9s a t\u00fal sok magn\u00e9zium is probl\u00e9m\u00e1kat okozhat. Ennek \u00e9rdek\u00e9ben k\u00e9r\u00fcnk, hogy mindig tartsd be a magn\u00e9zium adagol\u00e1s\u00e1ra vonatkoz\u00f3 orvosi utas\u00edt\u00e1sokat &#8211; vagy ha az orvos m\u00e1sk\u00e9nt nem rendeli, a csomagol\u00e1son tal\u00e1lhat\u00f3 inform\u00e1ci\u00f3kat.<\/p>\n<p><em>Ir\u00e1nyad\u00f3 inform\u00e1ci\u00f3: A napi aj\u00e1nlott magn\u00e9zium mennyis\u00e9ge f\u00fcgg az egy\u00e9n nem\u00e9t\u0151l, az \u00e9tkez\u00e9seinek \u00e9s t\u00e1panyag-bevitel\u00e9nek min\u0151s\u00e9g\u00e9t\u0151l, az esetlegesen fenn\u00e1ll\u00f3 eg\u00e9szs\u00e9g\u00fcgyi probl\u00e9m\u00e1kt\u00f3l \u00e9s a napi fizikai aktivit\u00e1s mennyis\u00e9g\u00e9t\u0151l egyar\u00e1nt. \u00c1ltal\u00e1nos \u00e9rv\u00e9ny\u0171 azonban, hogy feln\u0151ttek sz\u00e1m\u00e1ra az aj\u00e1nlott napi vitamin \u00e9s \u00e1sv\u00e1nyi anyag beviteli referencia \u00e9rt\u00e9kek (NRV) alapj\u00e1n napi 375 mg magn\u00e9ziumr\u00f3l sz\u00fcks\u00e9ges gondoskodni.<\/em><\/p>\n<p>Tudnod kell, hogy a magn\u00e9zium, illetve annak a kalciummal val\u00f3 k\u00f6lcs\u00f6nhat\u00e1sa gy\u00f3gyszerk\u00f6lcs\u00f6nhat\u00e1sokhoz vezethet, ha az al\u00e1bbiak k\u00f6z\u00fcl b\u00e1rmelyik gy\u00f3ygszert\u00edpust haszn\u00e1lod:<\/p>\n<ul>\n<li>egyes kemoter\u00e1pi\u00e1s gy\u00f3gyszerek;<\/li>\n<li>bizonyos t\u00edpus\u00fa v\u00edzhajt\u00f3k;<\/li>\n<li>sz\u00edvritmuszavarok kezel\u00e9s\u00e9re alkalmazott gy\u00f3gyszerek;<\/li>\n<li>szteroidok, p\u00e9ld\u00e1ul prednizon;<\/li>\n<li>bizonyos antibiotikumok, p\u00e9ld\u00e1ul a doxiciklin vagy a ciprofloxacin tartalm\u00fa k\u00e9sz\u00edtm\u00e9nyek;<\/li>\n<li>v\u00e9rnyom\u00e1scs\u00f6kkent\u0151 gy\u00f3gyszerek, mint amilyenek az amlodipin vagy a diltiazem tartalm\u00fa k\u00e9sz\u00edtm\u00e9nyek;<\/li>\n<li>n\u00e1trium-polisztirol-szulfon\u00e1t tartalm\u00fa gy\u00f3gyszerek, amelyeket jellemz\u0151en a hiperkal\u00e9mia, azaz a magas k\u00e1liumszint kezel\u00e9s\u00e9re haszn\u00e1lnak.<\/li>\n<\/ul>\n<p>&nbsp;<\/p>\n<p>Amennyiben a fentiek b\u00e1rmelyike a kezel\u00e9sed r\u00e9sze, felt\u00e9tlen\u00fcl egyeztess h\u00e1ziorvosoddal \u00e9s minden esetben \u00fcgyelj arra, hogy a gy\u00f3gyszerek \u00e9s a magn\u00e9zium alkalmaz\u00e1sa k\u00f6z\u00f6tt legal\u00e1bb 2-3 \u00f3ra teljen el.<\/p>\n<p>J\u00f3, ha tudod, hogy a magn\u00e9zium hashajt\u00f3 hat\u00e1sa miatt a t\u00falzott alkalmaz\u00e1s k\u00f6vetkezt\u00e9ben kisz\u00e1rad\u00e1s, elektrolith\u00e1ztart\u00e1s felborul\u00e1sa \u00e9s m\u00e1s eg\u00e9szs\u00e9g\u00fcgyi probl\u00e9m\u00e1k l\u00e9phetnek fel.<\/p>\n<p>A magn\u00e9zium alkalmaz\u00e1sa ker\u00fclend\u0151 tov\u00e1bb\u00e1<\/p>\n<ul>\n<li>sz\u00edvbetegs\u00e9g;<\/li>\n<li>b\u00e9lelz\u00e1r\u00f3d\u00e1s;<\/li>\n<li>alacsony kalciumszint;<\/li>\n<li>alacsony n\u00e1triumszint;<\/li>\n<li>myasthenia gravis \u00e9s m\u00e1s neuromuszkul\u00e1ris k\u00f3rk\u00e9pek fenn\u00e1ll\u00e1sa eset\u00e9n.<\/li>\n<\/ul>\n<p><strong><br \/>\nV\u00e1rand\u00f3ss\u00e1g eset\u00e9n, illetve 18 \u00e9v alatti gyermekek eset\u00e9n a magn\u00e9zium szed\u00e9se minden esetben szakorvossal val\u00f3 egyeztet\u00e9st \u00e9s j\u00f3v\u00e1hagy\u00e1st ig\u00e9nyel!<\/strong><\/p>\n","protected":false},"excerpt":{"rendered":"<div id=\"product_desc\" class=\"elementor-element elementor-element-dca84d2 elementor-widget elementor-widget-woocommerce-product-short-description\" data-id=\"dca84d2\" data-element_type=\"widget\" data-widget_type=\"woocommerce-product-short-description.default\">\n<div class=\"elementor-widget-container\">\n<div class=\"woocommerce-product-details__short-description\">\n<p>A Magn\u00e9zium Komplex kapszula n\u00e9gy, kiv\u00e1l\u00f3an hasznosul\u00f3 magn\u00e9ziumform\u00e1t \u2013 citr\u00e1tot, mal\u00e1tot, biszglicin\u00e1tot \u00e9s taurin\u00e1tot \u2013 tartalmaz, ezzel biztos\u00edtva a hat\u00e9kony felsz\u00edv\u00f3d\u00e1st \u00e9s hasznosul\u00e1st. A magn\u00e9zium t\u00f6bbek k\u00f6z\u00f6tt hozz\u00e1j\u00e1rul az idegrendszer \u00e9s az izmok norm\u00e1l m\u0171k\u00f6d\u00e9s\u00e9hez, a pszichol\u00f3giai funkci\u00f3k egyens\u00faly\u00e1hoz, valamint a norm\u00e1l csontozat \u00e9s fogazat fenntart\u00e1s\u00e1hoz. Ez a komplex \u00f6sszet\u00e9tel seg\u00edti, hogy a magn\u00e9zium a lehet\u0151 leghat\u00e9konyabban t\u00e1mogassa a szervezet m\u0171k\u00f6d\u00e9s\u00e9t. Magyar-amerikai fejleszt\u00e9s!<\/p>\n<p><strong>\u00c9trend-kieg\u00e9sz\u00edt\u0151 kapszula<\/strong><br \/>\n<strong>OGY\u00c9I Notifik\u00e1ci\u00f3s sz\u00e1m:\u00a0<\/strong>37554\/2025<br \/>\n<strong>Kiszerel\u00e9s<\/strong>: 60 db<br \/>\n<strong>Sz\u00e1rmaz\u00e1si orsz\u00e1g:\u00a0<\/strong>EU<\/p>\n<\/div>\n<\/div>\n<\/div>\n<div class=\"elementor-element elementor-element-e412bd8 elementor-widget elementor-widget-text-editor\" data-id=\"e412bd8\" data-element_type=\"widget\" data-widget_type=\"text-editor.default\">\n<div class=\"elementor-widget-container\">\n<p><a href=\"https:\/\/usamedical.hu\/termek\/magnezium-komplex-kapszula-60-db\/#p_description\">Tov\u00e1bbi r\u00e9szletek a term\u00e9kr\u0151l<\/a><\/p>\n<\/div>\n<\/div>\n<div class=\"elementor-element elementor-element-9362874 elementor-icon-list--layout-traditional elementor-list-item-link-full_width elementor-widget elementor-widget-icon-list\" data-id=\"9362874\" data-element_type=\"widget\" data-widget_type=\"icon-list.default\">\n<div class=\"elementor-widget-container\">\n<ul class=\"elementor-icon-list-items\">\n<li class=\"elementor-icon-list-item\"><span class=\"elementor-icon-list-text\">Magyar-amerikai fejleszt\u00e9s<\/span><\/li>\n<li class=\"elementor-icon-list-item\"><span class=\"elementor-icon-list-text\">GMP \u00e9s HACCP szabv\u00e1ny szerint<\/span><\/li>\n<\/ul>\n<p><img decoding=\"async\" class=\"alignnone size-full wp-image-826\" src=\"https:\/\/herbalkincsei.hu\/wp-content\/uploads\/2024\/03\/hand-holding-heart-solid.svg\" alt=\"\" \/>\u00a0 Term\u00e9keink gondosan v\u00e1logatott alapanyagokb\u00f3l k\u00e9sz\u00fclnek.<\/p>\n<p><img decoding=\"async\" class=\"alignnone size-full wp-image-825\" src=\"https:\/\/herbalkincsei.hu\/wp-content\/uploads\/2024\/03\/star-solid.svg\" alt=\"\" \/>\u00a0 \u00a0A term\u00e9kekre hazai garanci\u00e1t \u00e9s term\u00e9k szolg\u00e1ltat\u00e1st biztos\u00edtunk.<\/p>\n<p><img decoding=\"async\" class=\"alignnone size-full wp-image-823\" src=\"https:\/\/herbalkincsei.hu\/wp-content\/uploads\/2024\/03\/user-lock-solid.svg\" alt=\"\" \/>\u00a0Biztons\u00e1gos v\u00e9dett fizet\u00e9s.<\/p>\n<p><img decoding=\"async\" class=\"alignnone size-full wp-image-824\" src=\"https:\/\/herbalkincsei.hu\/wp-content\/uploads\/2024\/03\/truck-fast-solid.svg\" alt=\"\" \/> Gyors kiszolg\u00e1l\u00e1s.<\/p>\n<\/div>\n<\/div>\n","protected":false},"featured_media":1604,"comment_status":"closed","ping_status":"closed","template":"","meta":[],"product_brand":[223],"product_cat":[181,172,183,188,19,187,171,173],"product_tag":[],"class_list":{"0":"post-1605","1":"product","2":"type-product","3":"status-publish","4":"has-post-thumbnail","6":"product_brand-usamedical","7":"product_cat-csont-es-porc","8":"product_cat-etrend-kiegeszitok","9":"product_cat-idegrendszer","10":"product_cat-izom-es-eronlet","11":"product_cat-minden-termek","12":"product_cat-sziv-es-errendszer-etrend-kiegeszitok","13":"product_cat-usamedical","14":"product_cat-vitaminok-es-asvanyi-anyagok-etrend-kiegeszitok","15":"product_shipping_class-hu","17":"first","18":"instock","19":"purchasable","20":"product-type-simple","21":"add-to-wishlist-before_image","22":"customify-col","23":"product-has-gallery"},"yoast_head":"<!-- This site is optimized with the Yoast SEO plugin v27.4 - https:\/\/yoast.com\/product\/yoast-seo-wordpress\/ -->\n<title>Magn\u00e9zium Komplex kapszula 60 db - Herb\u00e1lkincsei<\/title>\n<meta name=\"description\" content=\"A Magn\u00e9zium Komplex kapszula n\u00e9gy, kiv\u00e1l\u00f3an hasznosul\u00f3 magn\u00e9ziumform\u00e1t \u2013 citr\u00e1tot, mal\u00e1tot, biszglicin\u00e1tot \u00e9s taurin\u00e1tot \u2013 tartalmaz, ezzel biztos\u00edtva a hat\u00e9kony felsz\u00edv\u00f3d\u00e1st \u00e9s hasznosul\u00e1st. A magn\u00e9zium t\u00f6bbek k\u00f6z\u00f6tt hozz\u00e1j\u00e1rul az idegrendszer \u00e9s az izmok norm\u00e1l m\u0171k\u00f6d\u00e9s\u00e9hez, a pszichol\u00f3giai funkci\u00f3k egyens\u00faly\u00e1hoz, valamint a norm\u00e1l csontozat \u00e9s fogazat fenntart\u00e1s\u00e1hoz. Ez a komplex \u00f6sszet\u00e9tel seg\u00edti, hogy a magn\u00e9zium a lehet\u0151 leghat\u00e9konyabban t\u00e1mogassa a szervezet m\u0171k\u00f6d\u00e9s\u00e9t. Magyar-amerikai fejleszt\u00e9s!\" \/>\n<meta name=\"robots\" content=\"index, follow, max-snippet:-1, max-image-preview:large, max-video-preview:-1\" \/>\n<link rel=\"canonical\" href=\"https:\/\/herbalkincsei.hu\/index.php\/termek\/magnezium-komplex-kapszula-60-db\/\" \/>\n<meta property=\"og:locale\" content=\"hu_HU\" \/>\n<meta property=\"og:type\" content=\"article\" \/>\n<meta property=\"og:title\" content=\"Magn\u00e9zium Komplex kapszula 60 db - Herb\u00e1lkincsei\" \/>\n<meta property=\"og:description\" content=\"A Magn\u00e9zium Komplex kapszula n\u00e9gy, kiv\u00e1l\u00f3an hasznosul\u00f3 magn\u00e9ziumform\u00e1t \u2013 citr\u00e1tot, mal\u00e1tot, biszglicin\u00e1tot \u00e9s taurin\u00e1tot \u2013 tartalmaz, ezzel biztos\u00edtva a hat\u00e9kony felsz\u00edv\u00f3d\u00e1st \u00e9s hasznosul\u00e1st. A magn\u00e9zium t\u00f6bbek k\u00f6z\u00f6tt hozz\u00e1j\u00e1rul az idegrendszer \u00e9s az izmok norm\u00e1l m\u0171k\u00f6d\u00e9s\u00e9hez, a pszichol\u00f3giai funkci\u00f3k egyens\u00faly\u00e1hoz, valamint a norm\u00e1l csontozat \u00e9s fogazat fenntart\u00e1s\u00e1hoz. Ez a komplex \u00f6sszet\u00e9tel seg\u00edti, hogy a magn\u00e9zium a lehet\u0151 leghat\u00e9konyabban t\u00e1mogassa a szervezet m\u0171k\u00f6d\u00e9s\u00e9t. Magyar-amerikai fejleszt\u00e9s!\" \/>\n<meta property=\"og:url\" content=\"https:\/\/herbalkincsei.hu\/index.php\/termek\/magnezium-komplex-kapszula-60-db\/\" \/>\n<meta property=\"og:site_name\" content=\"Herb\u00e1lkincsei\" \/>\n<meta property=\"article:modified_time\" content=\"2025-11-23T19:26:07+00:00\" \/>\n<meta property=\"og:image\" content=\"https:\/\/herbalkincsei.hu\/wp-content\/uploads\/2025\/09\/0209202568b6cd486aeab.jpeg?wsr\" \/>\n\t<meta property=\"og:image:width\" content=\"800\" \/>\n\t<meta property=\"og:image:height\" content=\"960\" \/>\n\t<meta property=\"og:image:type\" content=\"image\/jpeg\" \/>\n<meta name=\"twitter:card\" content=\"summary_large_image\" \/>\n<meta name=\"twitter:label1\" content=\"Becs\u00fclt olvas\u00e1si id\u0151\" \/>\n\t<meta name=\"twitter:data1\" content=\"11 perc\" \/>\n<script type=\"application\/ld+json\" class=\"yoast-schema-graph\">{\"@context\":\"https:\\\/\\\/schema.org\",\"@graph\":[{\"@type\":\"WebPage\",\"@id\":\"https:\\\/\\\/herbalkincsei.hu\\\/index.php\\\/termek\\\/magnezium-komplex-kapszula-60-db\\\/\",\"url\":\"https:\\\/\\\/herbalkincsei.hu\\\/index.php\\\/termek\\\/magnezium-komplex-kapszula-60-db\\\/\",\"name\":\"Magn\u00e9zium Komplex kapszula 60 db - Herb\u00e1lkincsei\",\"isPartOf\":{\"@id\":\"https:\\\/\\\/herbalkincsei.hu\\\/#website\"},\"primaryImageOfPage\":{\"@id\":\"https:\\\/\\\/herbalkincsei.hu\\\/index.php\\\/termek\\\/magnezium-komplex-kapszula-60-db\\\/#primaryimage\"},\"image\":{\"@id\":\"https:\\\/\\\/herbalkincsei.hu\\\/index.php\\\/termek\\\/magnezium-komplex-kapszula-60-db\\\/#primaryimage\"},\"thumbnailUrl\":\"https:\\\/\\\/herbalkincsei.hu\\\/wp-content\\\/uploads\\\/2025\\\/09\\\/0209202568b6cd486aeab.jpeg?wsr\",\"datePublished\":\"2025-09-02T10:56:08+00:00\",\"dateModified\":\"2025-11-23T19:26:07+00:00\",\"description\":\"A Magn\u00e9zium Komplex kapszula n\u00e9gy, kiv\u00e1l\u00f3an hasznosul\u00f3 magn\u00e9ziumform\u00e1t \u2013 citr\u00e1tot, mal\u00e1tot, biszglicin\u00e1tot \u00e9s taurin\u00e1tot \u2013 tartalmaz, ezzel biztos\u00edtva a hat\u00e9kony felsz\u00edv\u00f3d\u00e1st \u00e9s hasznosul\u00e1st. A magn\u00e9zium t\u00f6bbek k\u00f6z\u00f6tt hozz\u00e1j\u00e1rul az idegrendszer \u00e9s az izmok norm\u00e1l m\u0171k\u00f6d\u00e9s\u00e9hez, a pszichol\u00f3giai funkci\u00f3k egyens\u00faly\u00e1hoz, valamint a norm\u00e1l csontozat \u00e9s fogazat fenntart\u00e1s\u00e1hoz. Ez a komplex \u00f6sszet\u00e9tel seg\u00edti, hogy a magn\u00e9zium a lehet\u0151 leghat\u00e9konyabban t\u00e1mogassa a szervezet m\u0171k\u00f6d\u00e9s\u00e9t. Magyar-amerikai fejleszt\u00e9s!\",\"breadcrumb\":{\"@id\":\"https:\\\/\\\/herbalkincsei.hu\\\/index.php\\\/termek\\\/magnezium-komplex-kapszula-60-db\\\/#breadcrumb\"},\"inLanguage\":\"hu\",\"potentialAction\":[{\"@type\":\"ReadAction\",\"target\":[\"https:\\\/\\\/herbalkincsei.hu\\\/index.php\\\/termek\\\/magnezium-komplex-kapszula-60-db\\\/\"]}]},{\"@type\":\"ImageObject\",\"inLanguage\":\"hu\",\"@id\":\"https:\\\/\\\/herbalkincsei.hu\\\/index.php\\\/termek\\\/magnezium-komplex-kapszula-60-db\\\/#primaryimage\",\"url\":\"https:\\\/\\\/herbalkincsei.hu\\\/wp-content\\\/uploads\\\/2025\\\/09\\\/0209202568b6cd486aeab.jpeg?wsr\",\"contentUrl\":\"https:\\\/\\\/herbalkincsei.hu\\\/wp-content\\\/uploads\\\/2025\\\/09\\\/0209202568b6cd486aeab.jpeg?wsr\",\"width\":800,\"height\":960},{\"@type\":\"BreadcrumbList\",\"@id\":\"https:\\\/\\\/herbalkincsei.hu\\\/index.php\\\/termek\\\/magnezium-komplex-kapszula-60-db\\\/#breadcrumb\",\"itemListElement\":[{\"@type\":\"ListItem\",\"position\":1,\"name\":\"Kezd\u0151lap\",\"item\":\"https:\\\/\\\/herbalkincsei.hu\\\/\"},{\"@type\":\"ListItem\",\"position\":2,\"name\":\"\u00dczlet\",\"item\":\"https:\\\/\\\/herbalkincsei.hu\\\/index.php\\\/uzlet\\\/\"},{\"@type\":\"ListItem\",\"position\":3,\"name\":\"Magn\u00e9zium Komplex kapszula 60 db\"}]},{\"@type\":\"WebSite\",\"@id\":\"https:\\\/\\\/herbalkincsei.hu\\\/#website\",\"url\":\"https:\\\/\\\/herbalkincsei.hu\\\/\",\"name\":\"herbalkincsei.hu\",\"description\":\"Ahol az eg\u00e9szs\u00e9g a c\u00e9l.\",\"publisher\":{\"@id\":\"https:\\\/\\\/herbalkincsei.hu\\\/#organization\"},\"potentialAction\":[{\"@type\":\"SearchAction\",\"target\":{\"@type\":\"EntryPoint\",\"urlTemplate\":\"https:\\\/\\\/herbalkincsei.hu\\\/?s={search_term_string}\"},\"query-input\":{\"@type\":\"PropertyValueSpecification\",\"valueRequired\":true,\"valueName\":\"search_term_string\"}}],\"inLanguage\":\"hu\"},{\"@type\":\"Organization\",\"@id\":\"https:\\\/\\\/herbalkincsei.hu\\\/#organization\",\"name\":\"Herb\u00e1lkincsei\",\"url\":\"https:\\\/\\\/herbalkincsei.hu\\\/\",\"logo\":{\"@type\":\"ImageObject\",\"inLanguage\":\"hu\",\"@id\":\"https:\\\/\\\/herbalkincsei.hu\\\/#\\\/schema\\\/logo\\\/image\\\/\",\"url\":\"https:\\\/\\\/herbalkincsei.hu\\\/wp-content\\\/uploads\\\/2024\\\/02\\\/cropped-Green-Leaf-Aromatherapy-Logo-400-\u00d7-135-keppont.png?wsr\",\"contentUrl\":\"https:\\\/\\\/herbalkincsei.hu\\\/wp-content\\\/uploads\\\/2024\\\/02\\\/cropped-Green-Leaf-Aromatherapy-Logo-400-\u00d7-135-keppont.png?wsr\",\"width\":400,\"height\":135,\"caption\":\"Herb\u00e1lkincsei\"},\"image\":{\"@id\":\"https:\\\/\\\/herbalkincsei.hu\\\/#\\\/schema\\\/logo\\\/image\\\/\"}}]}<\/script>\n<!-- \/ Yoast SEO plugin. -->","yoast_head_json":{"title":"Magn\u00e9zium Komplex kapszula 60 db - Herb\u00e1lkincsei","description":"A Magn\u00e9zium Komplex kapszula n\u00e9gy, kiv\u00e1l\u00f3an hasznosul\u00f3 magn\u00e9ziumform\u00e1t \u2013 citr\u00e1tot, mal\u00e1tot, biszglicin\u00e1tot \u00e9s taurin\u00e1tot \u2013 tartalmaz, ezzel biztos\u00edtva a hat\u00e9kony felsz\u00edv\u00f3d\u00e1st \u00e9s hasznosul\u00e1st. A magn\u00e9zium t\u00f6bbek k\u00f6z\u00f6tt hozz\u00e1j\u00e1rul az idegrendszer \u00e9s az izmok norm\u00e1l m\u0171k\u00f6d\u00e9s\u00e9hez, a pszichol\u00f3giai funkci\u00f3k egyens\u00faly\u00e1hoz, valamint a norm\u00e1l csontozat \u00e9s fogazat fenntart\u00e1s\u00e1hoz. Ez a komplex \u00f6sszet\u00e9tel seg\u00edti, hogy a magn\u00e9zium a lehet\u0151 leghat\u00e9konyabban t\u00e1mogassa a szervezet m\u0171k\u00f6d\u00e9s\u00e9t. Magyar-amerikai fejleszt\u00e9s!","robots":{"index":"index","follow":"follow","max-snippet":"max-snippet:-1","max-image-preview":"max-image-preview:large","max-video-preview":"max-video-preview:-1"},"canonical":"https:\/\/herbalkincsei.hu\/index.php\/termek\/magnezium-komplex-kapszula-60-db\/","og_locale":"hu_HU","og_type":"article","og_title":"Magn\u00e9zium Komplex kapszula 60 db - Herb\u00e1lkincsei","og_description":"A Magn\u00e9zium Komplex kapszula n\u00e9gy, kiv\u00e1l\u00f3an hasznosul\u00f3 magn\u00e9ziumform\u00e1t \u2013 citr\u00e1tot, mal\u00e1tot, biszglicin\u00e1tot \u00e9s taurin\u00e1tot \u2013 tartalmaz, ezzel biztos\u00edtva a hat\u00e9kony felsz\u00edv\u00f3d\u00e1st \u00e9s hasznosul\u00e1st. A magn\u00e9zium t\u00f6bbek k\u00f6z\u00f6tt hozz\u00e1j\u00e1rul az idegrendszer \u00e9s az izmok norm\u00e1l m\u0171k\u00f6d\u00e9s\u00e9hez, a pszichol\u00f3giai funkci\u00f3k egyens\u00faly\u00e1hoz, valamint a norm\u00e1l csontozat \u00e9s fogazat fenntart\u00e1s\u00e1hoz. Ez a komplex \u00f6sszet\u00e9tel seg\u00edti, hogy a magn\u00e9zium a lehet\u0151 leghat\u00e9konyabban t\u00e1mogassa a szervezet m\u0171k\u00f6d\u00e9s\u00e9t. Magyar-amerikai fejleszt\u00e9s!","og_url":"https:\/\/herbalkincsei.hu\/index.php\/termek\/magnezium-komplex-kapszula-60-db\/","og_site_name":"Herb\u00e1lkincsei","article_modified_time":"2025-11-23T19:26:07+00:00","og_image":[{"width":800,"height":960,"url":"https:\/\/herbalkincsei.hu\/wp-content\/uploads\/2025\/09\/0209202568b6cd486aeab.jpeg?wsr","type":"image\/jpeg"}],"twitter_card":"summary_large_image","twitter_misc":{"Becs\u00fclt olvas\u00e1si id\u0151":"11 perc"},"schema":{"@context":"https:\/\/schema.org","@graph":[{"@type":"WebPage","@id":"https:\/\/herbalkincsei.hu\/index.php\/termek\/magnezium-komplex-kapszula-60-db\/","url":"https:\/\/herbalkincsei.hu\/index.php\/termek\/magnezium-komplex-kapszula-60-db\/","name":"Magn\u00e9zium Komplex kapszula 60 db - Herb\u00e1lkincsei","isPartOf":{"@id":"https:\/\/herbalkincsei.hu\/#website"},"primaryImageOfPage":{"@id":"https:\/\/herbalkincsei.hu\/index.php\/termek\/magnezium-komplex-kapszula-60-db\/#primaryimage"},"image":{"@id":"https:\/\/herbalkincsei.hu\/index.php\/termek\/magnezium-komplex-kapszula-60-db\/#primaryimage"},"thumbnailUrl":"https:\/\/herbalkincsei.hu\/wp-content\/uploads\/2025\/09\/0209202568b6cd486aeab.jpeg?wsr","datePublished":"2025-09-02T10:56:08+00:00","dateModified":"2025-11-23T19:26:07+00:00","description":"A Magn\u00e9zium Komplex kapszula n\u00e9gy, kiv\u00e1l\u00f3an hasznosul\u00f3 magn\u00e9ziumform\u00e1t \u2013 citr\u00e1tot, mal\u00e1tot, biszglicin\u00e1tot \u00e9s taurin\u00e1tot \u2013 tartalmaz, ezzel biztos\u00edtva a hat\u00e9kony felsz\u00edv\u00f3d\u00e1st \u00e9s hasznosul\u00e1st. A magn\u00e9zium t\u00f6bbek k\u00f6z\u00f6tt hozz\u00e1j\u00e1rul az idegrendszer \u00e9s az izmok norm\u00e1l m\u0171k\u00f6d\u00e9s\u00e9hez, a pszichol\u00f3giai funkci\u00f3k egyens\u00faly\u00e1hoz, valamint a norm\u00e1l csontozat \u00e9s fogazat fenntart\u00e1s\u00e1hoz. Ez a komplex \u00f6sszet\u00e9tel seg\u00edti, hogy a magn\u00e9zium a lehet\u0151 leghat\u00e9konyabban t\u00e1mogassa a szervezet m\u0171k\u00f6d\u00e9s\u00e9t. Magyar-amerikai fejleszt\u00e9s!","breadcrumb":{"@id":"https:\/\/herbalkincsei.hu\/index.php\/termek\/magnezium-komplex-kapszula-60-db\/#breadcrumb"},"inLanguage":"hu","potentialAction":[{"@type":"ReadAction","target":["https:\/\/herbalkincsei.hu\/index.php\/termek\/magnezium-komplex-kapszula-60-db\/"]}]},{"@type":"ImageObject","inLanguage":"hu","@id":"https:\/\/herbalkincsei.hu\/index.php\/termek\/magnezium-komplex-kapszula-60-db\/#primaryimage","url":"https:\/\/herbalkincsei.hu\/wp-content\/uploads\/2025\/09\/0209202568b6cd486aeab.jpeg?wsr","contentUrl":"https:\/\/herbalkincsei.hu\/wp-content\/uploads\/2025\/09\/0209202568b6cd486aeab.jpeg?wsr","width":800,"height":960},{"@type":"BreadcrumbList","@id":"https:\/\/herbalkincsei.hu\/index.php\/termek\/magnezium-komplex-kapszula-60-db\/#breadcrumb","itemListElement":[{"@type":"ListItem","position":1,"name":"Kezd\u0151lap","item":"https:\/\/herbalkincsei.hu\/"},{"@type":"ListItem","position":2,"name":"\u00dczlet","item":"https:\/\/herbalkincsei.hu\/index.php\/uzlet\/"},{"@type":"ListItem","position":3,"name":"Magn\u00e9zium Komplex kapszula 60 db"}]},{"@type":"WebSite","@id":"https:\/\/herbalkincsei.hu\/#website","url":"https:\/\/herbalkincsei.hu\/","name":"herbalkincsei.hu","description":"Ahol az eg\u00e9szs\u00e9g a c\u00e9l.","publisher":{"@id":"https:\/\/herbalkincsei.hu\/#organization"},"potentialAction":[{"@type":"SearchAction","target":{"@type":"EntryPoint","urlTemplate":"https:\/\/herbalkincsei.hu\/?s={search_term_string}"},"query-input":{"@type":"PropertyValueSpecification","valueRequired":true,"valueName":"search_term_string"}}],"inLanguage":"hu"},{"@type":"Organization","@id":"https:\/\/herbalkincsei.hu\/#organization","name":"Herb\u00e1lkincsei","url":"https:\/\/herbalkincsei.hu\/","logo":{"@type":"ImageObject","inLanguage":"hu","@id":"https:\/\/herbalkincsei.hu\/#\/schema\/logo\/image\/","url":"https:\/\/herbalkincsei.hu\/wp-content\/uploads\/2024\/02\/cropped-Green-Leaf-Aromatherapy-Logo-400-\u00d7-135-keppont.png?wsr","contentUrl":"https:\/\/herbalkincsei.hu\/wp-content\/uploads\/2024\/02\/cropped-Green-Leaf-Aromatherapy-Logo-400-\u00d7-135-keppont.png?wsr","width":400,"height":135,"caption":"Herb\u00e1lkincsei"},"image":{"@id":"https:\/\/herbalkincsei.hu\/#\/schema\/logo\/image\/"}}]}},"_links":{"self":[{"href":"https:\/\/herbalkincsei.hu\/index.php\/wp-json\/wp\/v2\/product\/1605","targetHints":{"allow":["GET"]}}],"collection":[{"href":"https:\/\/herbalkincsei.hu\/index.php\/wp-json\/wp\/v2\/product"}],"about":[{"href":"https:\/\/herbalkincsei.hu\/index.php\/wp-json\/wp\/v2\/types\/product"}],"replies":[{"embeddable":true,"href":"https:\/\/herbalkincsei.hu\/index.php\/wp-json\/wp\/v2\/comments?post=1605"}],"wp:featuredmedia":[{"embeddable":true,"href":"https:\/\/herbalkincsei.hu\/index.php\/wp-json\/wp\/v2\/media\/1604"}],"wp:attachment":[{"href":"https:\/\/herbalkincsei.hu\/index.php\/wp-json\/wp\/v2\/media?parent=1605"}],"wp:term":[{"taxonomy":"product_brand","embeddable":true,"href":"https:\/\/herbalkincsei.hu\/index.php\/wp-json\/wp\/v2\/product_brand?post=1605"},{"taxonomy":"product_cat","embeddable":true,"href":"https:\/\/herbalkincsei.hu\/index.php\/wp-json\/wp\/v2\/product_cat?post=1605"},{"taxonomy":"product_tag","embeddable":true,"href":"https:\/\/herbalkincsei.hu\/index.php\/wp-json\/wp\/v2\/product_tag?post=1605"}],"curies":[{"name":"wp","href":"https:\/\/api.w.org\/{rel}","templated":true}]}}