{"id":1601,"date":"2025-09-02T11:56:07","date_gmt":"2025-09-02T10:56:07","guid":{"rendered":"https:\/\/herbalkincsei.hu\/?post_type=product&#038;p=1601"},"modified":"2025-11-24T09:22:49","modified_gmt":"2025-11-24T08:22:49","slug":"komplex-terhesvitamin-kapszula-60-db","status":"publish","type":"product","link":"https:\/\/herbalkincsei.hu\/index.php\/termek\/komplex-terhesvitamin-kapszula-60-db\/","title":{"rendered":"Komplex terhesvitamin kapszula 60 db"},"content":{"rendered":"<h2><span class=\"bluetxt\">Komplex terhesvitamin a babatervez\u00e9s, a v\u00e1rand\u00f3s\u00e1g \u00e9s a szoptat\u00e1s id\u0151szak\u00e1ra 4. gener\u00e1ci\u00f3s Quatrefolic\u00ae fol\u00e1ttal \u00e9s Lalmin\u00ae szel\u00e9nnel!<\/span><\/h2>\n<p>A v\u00e1rand\u00f3ss\u00e1gra val\u00f3 k\u00e9sz\u00fcl\u0151d\u00e9s \u00e9s maga a babav\u00e1r\u00e1s is minden n\u0151 \u00e9let\u00e9nek legszebb, legizgalmasabb id\u0151szaka. Ez a peri\u00f3dus ugyanakkor sok-sok f\u00e9lelemmel \u00e9s aggodalommal is egy\u00fctt j\u00e1r, hiszen a baba \u00e9s a mama eg\u00e9szs\u00e9ge kiemelten fontos minden csal\u00e1dtag sz\u00e1m\u00e1ra. A Pregnal Vital Matrix Komplex terhesvitamin amerikai-magyar szakemberek \u00f6sszefog\u00e1s\u00e1b\u00f3l, kiv\u00e1l\u00f3 min\u0151s\u00e9g\u0171 alapanyagok felhaszn\u00e1l\u00e1s\u00e1val, kiemelked\u0151 beltartalmi \u00e9rt\u00e9kekkel j\u00f6tt l\u00e9tre, \u00edgy a v\u00e1rand\u00f3ss\u00e1g el\u0151tt \u00e9s babav\u00e1r\u00e1s els\u0151 h\u00f3napjaiban is kiv\u00e1l\u00f3 t\u00e1rs a mindennapokban.<\/p>\n<p><strong>\u00a0<\/strong><\/p>\n<h3><strong>Mi\u00e9rt fontos a folsav \u00e9s a fol\u00e1tok p\u00f3tl\u00e1sa a v\u00e1rand\u00f3ss\u00e1g alatt?<\/strong><\/h3>\n<p>Kezdj\u00fck az alapokt\u00f3l! A folsav a fol\u00e1t egy speci\u00e1lis, szintetikus form\u00e1ja &#8211; m\u00e1s n\u00e9ven B9-, illetve M-vitamin -, melynek neve a latin \u201efolium\u201d sz\u00f3b\u00f3l ered. (Jelent\u00e9se lev\u00e9l.) A vitamin val\u00f3di ereje els\u0151sorban az els\u0151 trimeszterben mutatkozik meg, hiszen a terhess\u00e9g korai szakasz\u00e1ban lezajl\u00f3 fejl\u0151d\u00e9si folyamatok a fol\u00e1tok hi\u00e1ny\u00e1ban nem mennek v\u00e9gbe teljesen.<\/p>\n<p>Ennek oka, hogy a gerincben tal\u00e1lhat\u00f3 vel\u0151cs\u0151 lez\u00e1r\u00e1sa csak a folsav jelenl\u00e9t\u00e9ben t\u00f6rt\u00e9nhet meg. A folsav emellett kiemelten fontos a feh\u00e9rv\u00e9rsejtek, a v\u00f6r\u00f6sv\u00e9rtestek \u00e9s a v\u00e9rlemezk\u00e9k k\u00e9pz\u00e9s\u00e9hez, az aminosavak \u00e9s a nukleinsavak anyagcser\u00e9j\u00e9hez, emellett v\u00e9lhet\u0151en hozz\u00e1j\u00e1rul a gyomor-b\u00e9lrendszer, \u00e9s a sz\u00e1jny\u00e1lkah\u00e1rtya \u00e9ps\u00e9g\u00e9hez is.<\/p>\n<p>Az USA medical Pregnal Vital Matrix-ban tal\u00e1lhat\u00f3 egyedi szabadalommal ell\u00e1tott szerves fol\u00e1tforma a Quatrefolic\u00ae, mely a terhess\u00e9g alatt r\u00e9szt vesz az anyai sz\u00f6vetek n\u00f6veked\u00e9s\u00e9ben, a sejtoszt\u00f3d\u00e1sban, a norm\u00e1l aminosav-szint\u00e9zisben, a norm\u00e1l v\u00e9rk\u00e9pz\u0151d\u00e9sben, emellett hozz\u00e1j\u00e1rul a norm\u00e1l homocisztein-anyagcser\u00e9hez, a norm\u00e1l pszichol\u00f3giai funkci\u00f3 fenntart\u00e1s\u00e1hoz, a f\u00e1radts\u00e1g \u00e9s a kif\u00e1rad\u00e1s cs\u00f6kkent\u00e9s\u00e9hez, valamint az immunrendszer megfelel\u0151 m\u0171k\u00f6d\u00e9s\u00e9hez egyar\u00e1nt.<\/p>\n<p><strong>\u00a0<\/strong><\/p>\n<p><a href=\"https:\/\/pmc.ncbi.nlm.nih.gov\/articles\/PMC9380836\/\">Kutat\u00e1sok <\/a>bizony\u00edtj\u00e1k tov\u00e1bb\u00e1, hogy a sz\u00fcl\u0151kor\u00fa n\u0151kkel v\u00e9gzett vizsg\u00e1latokban a Quatrefolic\u00ae eredm\u00e9nyesebben sz\u00edv\u00f3dik fel \u00e9s biol\u00f3giailag jobban hasznosul, mint a folsav.<\/p>\n<p><strong>\u00a0<\/strong><\/p>\n<h3><strong><span class=\"bluetxt\">Tudj meg t\u00f6bbet a Quatrefolic\u00ae jelent\u0151s\u00e9g\u00e9r\u0151l!<\/span><\/strong><\/h3>\n<p>A <a href=\"https:\/\/trimeszter.hu\/trimeszter-quatrefolic\/\">Quatrefolic\u00ae<\/a> a fol\u00e1t biol\u00f3giailag akt\u00edv form\u00e1j\u00e1nak, az 5-metiltetrahidrofol\u00e1tnak (5-MTHF) gl\u00fckozamin s\u00f3ja. Szabadalmaztatott formula, mely a szervezet sz\u00e1m\u00e1ra k\u00f6zvetlen\u00fcl is felhaszn\u00e1lhat\u00f3, ez\u00e1ltal olyan n\u0151k v\u00e1rand\u00f3ss\u00e1ga sor\u00e1n is biztons\u00e1ggal alkalmazhat\u00f3, akiknek szervezete a folsavat nem tudja marad\u00e9ktalanul lebontani.<\/p>\n<p>T\u00e9vhit, hogy a spina bifida (nyitott gerinc) \u00e9s az anencephalia (a fejtet\u0151 hi\u00e1nya, amely az agysz\u00f6vet r\u00e9szleges hi\u00e1ny\u00e1val t\u00e1rsul), mely a k\u00e9t leggyakoribb vel\u0151cs\u0151z\u00e1r\u00f3d\u00e1si rendelleness\u00e9g, a folsav seg\u00edts\u00e9g\u00e9vel el\u0151zhet\u0151k meg. A k\u00f3rk\u00e9pek kialakul\u00e1s\u00e1nak vesz\u00e9lye val\u00f3j\u00e1ban a fol\u00e1tszint optimaliz\u00e1ci\u00f3j\u00e1val cs\u00f6kkenthet\u0151, ebben pedig a magas Quatrefolic\u00ae-tartalm\u00fa Pregnal Vital Matrix nagy seg\u00edts\u00e9ge lehet a kismam\u00e1nak.<\/p>\n<p>Az \u00e9trend-kieg\u00e9sz\u00edt\u0151 a m\u00e1sodik \u00e9s harmadik trimeszterben is jelent\u0151s t\u00e1mogat\u00e1st ny\u00fajt, hiszen a Quatrefolic\u00ae a folsavn\u00e1l eredm\u00e9nyesebben fokozza a v\u00e9rplazma fol\u00e1t-koncentr\u00e1ci\u00f3j\u00e1t. Ez k\u00f6zvetett m\u00f3don cs\u00f6kkenti a korasz\u00fcl\u00e9s, az alacsony sz\u00fclet\u00e9skori s\u00faly kock\u00e1zat\u00e1t, valamint a fenyeget\u0151 vet\u00e9l\u00e9s el\u0151fordul\u00e1s\u00e1nak val\u00f3sz\u00edn\u0171s\u00e9g\u00e9t.<\/p>\n<p><strong>A Quatrefolic\u00ae el\u0151nye a folsavval szemben, hogy:<\/strong><\/p>\n<ul>\n<li>nagy mennyis\u00e9gben tartalmaz biol\u00f3giailag akt\u00edv fol\u00e1tform\u00e1t, mely a szervezet sz\u00e1m\u00e1ra azonnal hasznos\u00edthat\u00f3, a folsavval szemben azonban nem ig\u00e9nyel t\u00f6bbl\u00e9pcs\u0151s metaboliz\u00e1ci\u00f3t;<\/li>\n<li>azok a n\u0151k is biztons\u00e1ggal \u00e9s eredm\u00e9nyesen alkalmazhatj\u00e1k, akik nem tudj\u00e1k teljes eg\u00e9sz\u00e9ben hasznos\u00edtani a folsavat;<\/li>\n<li>hat\u00e1s\u00e1ra megn\u0151 a v\u00f6r\u00f6sv\u00e9rsejtek fol\u00e1t-koncentr\u00e1ci\u00f3ja, mely cs\u00f6kkenti a fenyeget\u0151 vet\u00e9l\u00e9s \u00e9s a korasz\u00fcl\u00e9s kock\u00e1zat\u00e1t;<\/li>\n<li>a folsavval szemben a Quatrefolic\u00ae \u00a0nem fedi el az esetleges B12-vitaminhi\u00e1ny t\u00fcneteit, \u00edgy sz\u00fcks\u00e9g eset\u00e9n a kismama vitaminhi\u00e1nya id\u0151ben kezelhet\u0151;<\/li>\n<li>alkalmaz\u00e1sa sor\u00e1n nem k\u00e9pz\u0151dik semmilyen k\u00e1rosanyag vagy mell\u00e9kterm\u00e9k, ami zavarhatn\u00e1 a fol\u00e1tok metabolizmus\u00e1t, sz\u00e1ll\u00edt\u00e1s\u00e1t vagy funkci\u00f3it.<\/li>\n<\/ul>\n<p><strong>\u00a0<\/strong><\/p>\n<h3><strong><span class=\"bluetxt\">Lalmin\u00ae szel\u00e9nnel az eg\u00e9szs\u00e9g\u00e9rt<\/span><\/strong><\/h3>\n<p>A <a href=\"https:\/\/www.bio-lallemand.com\/en\/brands\/lalmin\/\">Lalmin\u00ae<\/a> egy olyan teljes \u00e9rt\u00e9k\u0171 \u00e9lelmiszerekb\u0151l ferment\u00e1lt, majd inaktiv\u00e1lt teljes sejtes \u00e9leszt\u0151 alap\u00fa szel\u00e9n, mely sztenderdiz\u00e1lt mennyis\u00e9g\u0171 specifikus vitaminokat \u00e9s \u00e1sv\u00e1nyi anyagokat tartalmaz. Hogy ez m\u00e9gis mit jelent pontosan? Azt, hogy Lalmin\u00ae el\u0151\u00e1ll\u00edt\u00e1sa sor\u00e1n alkalmazott ferment\u00e1ci\u00f3s elj\u00e1r\u00e1snak k\u00f6sz\u00f6nhet\u0151en az \u00e9leszt\u0151ben l\u00e9v\u0151 term\u00e9szetes anyagok k\u00fcl\u00f6nf\u00e9le vitaminokkal \u00e9s \u00e1sv\u00e1nyi anyagokkal d\u00fasulnak, az \u00edgy kapott vegy\u00fclet pedig alkalmas a tov\u00e1bbi felhaszn\u00e1l\u00e1sra.<\/p>\n<p>K\u00e9sz\u00edtm\u00e9ny\u00fcnkben a Lalmin\u00ae szel\u00e9nnel d\u00fas\u00edtott form\u00e1ja tal\u00e1lhat\u00f3, mely a szerves k\u00f6t\u00e9s\u0171 szel\u00e9n biol\u00f3giailag legink\u00e1bb hasznosul\u00f3 v\u00e1ltozata. Mivel a <a href=\"https:\/\/www.sciencedirect.com\/science\/article\/abs\/pii\/S0946672X14001345\">szel\u00e9nhi\u00e1ny<\/a> terhess\u00e9gi komplik\u00e1ci\u00f3khoz, vet\u00e9l\u00e9shez, valamint a magzat idegrendszer\u00e9nek \u00e9s immunrendszer\u00e9nek k\u00e1rosod\u00e1s\u00e1hoz vezethet, a szel\u00e9n optim\u00e1lis szintj\u00e9nek fenntart\u00e1sa vitathatatlan jelent\u0151s\u00e9g\u0171.<\/p>\n<p>&nbsp;<\/p>\n<h3><strong>Tov\u00e1bbi vitaminok a baba \u00e9s a mama eg\u00e9szs\u00e9g\u00e9\u00e9rt<\/strong><\/h3>\n<p>A Pregnal Vital Matrix komplex kismama vitamin \u00f6sszet\u00e9tel\u00e9nek meghat\u00e1roz\u00e1sakor az anyai szervezet \u00e9s a magzat sz\u00fcks\u00e9gleteit vett\u00fck figyelembe. Ennek megfelel\u0151en a kapszul\u00e1kban megtal\u00e1lhat\u00f3:<\/p>\n<ul>\n<li><strong>A-vitamin<\/strong>, mely hozz\u00e1j\u00e1rul a ny\u00e1lkah\u00e1rty\u00e1k \u00e9s a b\u0151r norm\u00e1l \u00e1llapot\u00e1nak fenntart\u00e1s\u00e1hoz, r\u00e9szt vesz a norm\u00e1l vasanyagcsere \u00e9s a sejtek differenci\u00e1l\u00f3d\u00e1s\u00e1nak folyamat\u00e1ban, valamint a l\u00e1t\u00e1s \u00e9s az immunrendszer egyens\u00faly\u00e1nak fenntart\u00e1s\u00e1ban.<\/li>\n<li><strong>tiamin, vagyis B1-vitamin<\/strong>, mely r\u00e9szt vesz a norm\u00e1l energiatermel\u0151 anyagcsere-folyamatokban, valamint hozz\u00e1j\u00e1rul az idegrendszer \u00e9s a norm\u00e1l pszichol\u00f3giai funkci\u00f3 m\u0171k\u00f6d\u00e9s\u00e9hez.<\/li>\n<li><strong>riboflavin, azaz B2-vitamin,<\/strong> mely r\u00e9szt vesz a norm\u00e1l energiatermel\u0151 anyagcsere-folyamatok fenntart\u00e1s\u00e1ban, valamint hozz\u00e1j\u00e1rul a ny\u00e1lkah\u00e1rty\u00e1k, a v\u00f6r\u00f6sv\u00e9rsejtek, a l\u00e1t\u00e1s, a vasanyagcsere \u00e9s az idegrendszer norm\u00e1l m\u0171k\u00f6d\u00e9s\u00e9nek fenntart\u00e1s\u00e1hoz is. Nagy szerepe van a sejtek oxidat\u00edv stresszel szembeni v\u00e9delm\u00e9ben \u00e9s a f\u00e1radts\u00e1g, valamint a kif\u00e1rad\u00e1s cs\u00f6kkent\u00e9s\u00e9ben is.<\/li>\n<li><strong>niacin, vagy m\u00e1s n\u00e9ven B3-vitamin<\/strong>, mely r\u00e9szt vesz a norm\u00e1l energiatermel\u0151 anyagcsere-folyamatokban, hozz\u00e1j\u00e1rul a ny\u00e1lkah\u00e1rty\u00e1k \u00e9s a b\u0151r norm\u00e1l \u00e1llapot\u00e1nak fenntart\u00e1s\u00e1hoz, az idegrendszer norm\u00e1l m\u0171k\u00f6d\u00e9s\u00e9hez \u00e9s a norm\u00e1l pszichol\u00f3giai funkci\u00f3 fenntart\u00e1s\u00e1hoz, valamint a f\u00e1radts\u00e1g \u00e9s a kif\u00e1rad\u00e1s cs\u00f6kkent\u00e9s\u00e9hez.<\/li>\n<li><strong>pantot\u00e9nsav, azaz B5-vitamin<\/strong>, melyr\u0151l azt \u00e9rdemes tudni, hogy a fentiek mellett hozz\u00e1j\u00e1rul a ment\u00e1lis teljes\u00edtm\u00e9ny meg\u0151rz\u00e9s\u00e9hez, valamint hozz\u00e1j\u00e1rul a szteroidhormonok, a D-vitamin \u00e9s egyes inger\u00fclet\u00e1tviv\u0151 anyagok norm\u00e1l szint\u00e9zis\u00e9hez \u00e9s anyagcser\u00e9j\u00e9hez.<\/li>\n<li><strong>B6-vitamin, azaz piridoxin<\/strong>, mely a fentieken t\u00fal hozz\u00e1j\u00e1rul a norm\u00e1l cisztein-anyagcser\u00e9hez, valamint a norm\u00e1l homocisztein-anyagcser\u00e9hez. R\u00e9szt vesz tov\u00e1bb\u00e1 a norm\u00e1l feh\u00e9rje- \u00e9s glikog\u00e9n-anyagcser\u00e9ben, illetve a hormon\u00e1lis szab\u00e1lyoz\u00e1sban is.<\/li>\n<li><strong>B12-vitamin<\/strong>, mely a folsavval egy\u00fctt elengedhetetlen a v\u00f6r\u00f6sv\u00e9rtestek optim\u00e1lis k\u00e9pz\u0151d\u00e9s\u00e9hez, emellett a fentebb eml\u00edtett folyamatokban is szint\u00e9n hat\u00e9konyan r\u00e9szt vesz.<\/li>\n<\/ul>\n<p>A Pregnal Vital Matrix \u00e9trend-kieg\u00e9sz\u00edt\u0151ben nagy mennyis\u00e9gben tal\u00e1lhat\u00f3 tov\u00e1bb\u00e1 a C- \u00e9s D-vitamin, a D3- \u00e9s E-vitamin, valamint kalcium \u00e9s vas, hiszen sz\u00e9les spektrum\u00fa, val\u00f3ban \u00e1tfog\u00f3 rutint k\u00edn\u00e1lunk neked \u00e9s kisbab\u00e1dnak is.<\/p>\n<p>&nbsp;<\/p>\n<p><strong>A C- \u00e9s D-vitamin jelent\u0151s\u00e9ge a v\u00e1rand\u00f3ss\u00e1g sor\u00e1n<\/strong><\/p>\n<p>A C-vitamin optim\u00e1lis szintj\u00e9nek fenntart\u00e1sa hozz\u00e1j\u00e1rul a kollag\u00e9n k\u00e9pz\u0151d\u00e9shez \u00e9s ezen kereszt\u00fcl az erek, a csontozat, a porcok, a fog\u00edny, a fogak, valamint a b\u0151r norm\u00e1l \u00e1llapot\u00e1nak fenntart\u00e1s\u00e1hoz. T\u00e1mogatja tov\u00e1bb\u00e1 az idegrendszer \u00e9s a norm\u00e1l pszichol\u00f3giai funkci\u00f3 fenntart\u00e1s\u00e1t, illetve a sejtek oxidat\u00edv stresszel szembeni v\u00e9delm\u00e9t \u00e9s az immunrendszer m\u0171k\u00f6d\u00e9s\u00e9t. Fokozza a vas felsz\u00edv\u00f3d\u00e1s\u00e1t, hozz\u00e1j\u00e1rul az E-vitamin reduk\u00e1lt form\u00e1j\u00e1nak regener\u00e1l\u00e1s\u00e1hoz, a v\u00e1rand\u00f3ss\u00e1g alatt napi mennyis\u00e9ge m\u00e9gsem haladhatja meg a 2000 mg-ot.<\/p>\n<p>A C-vitamin fogyaszt\u00e1s\u00e1t illet\u0151en az Apollo Cradle and Childrens\u2019 Hospital <a href=\"https:\/\/www.apollocradle.com\/blog\/pregnancy\/importance-of-vitamin-c-during-pregnancy\">\u00e1ll\u00e1sfoglal\u00e1s<\/a>a p\u00e9ld\u00e1ul kimondja, hogy a C-vitamin:<\/p>\n<ul>\n<li>nagyobb d\u00f3zisban fogyasztva k\u00e9pes kedvez\u0151en befoly\u00e1solni az els\u0151 trimeszterben gyakori szorul\u00e1sos panaszokat;<\/li>\n<li>seg\u00edti a szabad gy\u00f6k\u00f6kkel szembeni v\u00e9dekez\u00e9sben;<\/li>\n<li>hozz\u00e1j\u00e1rul az oxidat\u00edv stressz cs\u00f6kkent\u00e9s\u00e9hez a v\u00e1rand\u00f3ss\u00e1g alatt;<\/li>\n<li>n\u00e9lk\u00fcl\u00f6zhetetlen a megfelel\u0151 mennyis\u00e9g\u0171 kollag\u00e9n termel\u00e9s\u00e9hez \u00e9s be\u00e9p\u00fcl\u00e9s\u00e9hez;<\/li>\n<li>csaknem 67 sz\u00e1zal\u00e9kkal jav\u00edtja a vas felsz\u00edv\u00f3d\u00e1s\u00e1t az anyai szervezeten bel\u00fcl;<\/li>\n<li>v\u00edzhajt\u00f3 hat\u00e1s\u00fa, fogyaszt\u00e1sa mellett a ves\u00e9k t\u00f6bb n\u00e1triumot \u00e9s vizet v\u00e1lasztanak ki, ez\u00e1ltal az erek ellazulnak \u00e9s cs\u00f6kken a v\u00e9rnyom\u00e1s.<\/li>\n<\/ul>\n<p>&nbsp;<\/p>\n<p>Egy 24 000 v\u00e1rand\u00f3s n\u0151 bevon\u00e1s\u00e1val v\u00e9gzett <a href=\"https:\/\/pubmed.ncbi.nlm.nih.gov\/26415762\/\">kutat\u00e1s<\/a> arra is r\u00e1mutat, hogy a C-vitamin szed\u00e9se seg\u00edthet cs\u00f6kkenteni a terhess\u00e9gi komplik\u00e1ci\u00f3k, p\u00e9ld\u00e1ul a preeclampsia, a m\u00e9hen bel\u00fcli n\u00f6veked\u00e9si zavarok \u00e9s az anyai v\u00e9rszeg\u00e9nys\u00e9g kock\u00e1zat\u00e1t.<\/p>\n<p>Hasonl\u00f3an l\u00e9nyeges a D-vitamin p\u00f3tl\u00e1sa is, hiszen tart\u00f3san alacsony szintje kedvez\u0151tlen\u00fcl hat a magzat fejl\u0151d\u00e9s\u00e9re. D-vitamin hi\u00e1ny\u00e1ban ugyanis a kalcium \u00e9s foszf\u00e1t egyens\u00faly\u00e1nak szab\u00e1lyoz\u00e1sa megsz\u0171nik. A WHO <a href=\"https:\/\/www.who.int\/tools\/elena\/interventions\/vitamind-supp-pregnancy\">aj\u00e1nl\u00e1s<\/a>\u00e1b\u00f3l az is kider\u00fcl, hogy egyes popul\u00e1ci\u00f3kban a terhes n\u0151k k\u00f6r\u00e9ben gyakori a terhess\u00e9gi cukorbetegs\u00e9g, a korasz\u00fcl\u00e9s \u00e9s egyes m\u00e1s sz\u00f6veti rendelleness\u00e9gek, melyek kialakul\u00e1s\u00e1nak h\u00e1tter\u00e9ben v\u00e9lhet\u0151en a D-vitamin-hi\u00e1ny \u00e1ll. Azaz a D-vitamin optim\u00e1lis szintj\u00e9nek fenntart\u00e1sa ak\u00e1r megel\u0151z\u00e9sk\u00e9nt is t\u00e1mogatja a v\u00e1rand\u00f3ss\u00e1g siker\u00e9t.<\/p>\n<p><strong>E-vitaminnal az eg\u00e9szs\u00e9ges magzat\u00e9rt<\/strong><\/p>\n<p>Az alfa-tokoferol egy antioxid\u00e1ns tulajdons\u00e1gokkal rendelkez\u0151, zs\u00edrban old\u00f3d\u00f3 vitamin, mely v\u00e9d az oxidat\u00edv stressz \u00e9s szabadgy\u00f6k\u00f6k k\u00e1ros\u00edt\u00f3hat\u00e1saival szemben. A legt\u00f6bben csak E-vitamink\u00e9nt ismerik \u00e9s els\u0151sorban a b\u0151r \u00e1pol\u00e1s\u00e1ra haszn\u00e1lj\u00e1k. Az igazs\u00e1g azonban az, hogy az E-vitamin legnagyobb \u00e9rdeme, hogy hozz\u00e1j\u00e1rul a sejtek oxidat\u00edv stresszel szembeni v\u00e9delm\u00e9hez.<\/p>\n<p>A WHO \u00e1ltal k\u00e9sz\u00edtett <a href=\"https:\/\/www.who.int\/tools\/elena\/review-summaries\/vitaminsec-pregnancy--vitamin-e-supplementation-in-pregnancy\">\u00e1ttekint\u0151 tanulm\u00e1ny<\/a> sor\u00e1n \u00f6sszesen t\u00f6bb, mint 22 000 n\u0151 eset\u00e9t vizsg\u00e1lt\u00e1k meg, akiket a kutat\u00f3k k\u00e9t csoportba osztottak: azokra, akiknek \u00e9trendje jellemz\u0151en E-vitamin-tartalom hi\u00e1nyos \u00e9s azokra, akiknek \u00e9trendje el\u00e9gs\u00e9ges mennyis\u00e9g\u0171 E-vitamint tartalmaz. Ezt k\u00f6vet\u0151en azt tal\u00e1lt\u00e1k, hogy b\u00e1r az E-vitamin alkalmaz\u00e1sa egy\u00fcttj\u00e1r\u00e1st mutat bizonyos tov\u00e1bbi t\u00e9nyez\u0151kkel, az E-vitamin-kieg\u00e9sz\u00edt\u00e9s cs\u00f6kkenti a placentalev\u00e1l\u00e1s kock\u00e1zat\u00e1t.<\/p>\n<p>&nbsp;<\/p>\n<p><strong>Cink a teljes biztons\u00e1g\u00e9rt<\/strong><\/p>\n<p>A Pregnal Vital Matrix kismama vitaminban tal\u00e1lhat\u00f3 cink-biszglicin\u00e1t a cink egy speci\u00e1lis, \u00fan. kel\u00e1t form\u00e1ja, ami azt jelenti, hogy ebben vegy\u00fcletben az aminosav glicinhez k\u00f6t\u0151dik. Ez jav\u00edtja a cink-biszglicin\u00e1t felsz\u00edv\u00f3d\u00e1s\u00e1t m\u00e1s cinkform\u00e1khoz &#8211; p\u00e9ld\u00e1ul a cink-oxidhoz vagy a cink-gl\u00fckon\u00e1thoz &#8211; k\u00e9pest, ami rendk\u00edv\u00fcl el\u0151ny\u00f6s a baba \u00e9s a mama szempontj\u00e1b\u00f3l is, hiszen a cink r\u00e9szt vesz a norm\u00e1l sav-b\u00e1zis egyens\u00faly, a norm\u00e1l sz\u00e9nhidr\u00e1t-anyagcsere \u00e9s a norm\u00e1l szellemi m\u0171k\u00f6d\u00e9s fenntart\u00e1s\u00e1ban. Hozz\u00e1j\u00e1rul tov\u00e1bb\u00e1 a norm\u00e1l DNS-szint\u00e9zishez, a makrot\u00e1panyagok norm\u00e1l anyagcser\u00e9j\u00e9hez, valamint a norm\u00e1l feh\u00e9rjeszint\u00e9zis fenntart\u00e1s\u00e1hoz, illetve a csontozat \u00e9s a v\u00e9r norm\u00e1l tesztoszteronszintj\u00e9nek, valamint az immunrendszer eg\u00e9szs\u00e9g\u00e9nek fenntart\u00e1s\u00e1hoz. Emellett szerepet j\u00e1tszik a sejtoszt\u00f3d\u00e1sban \u00e9s t\u00e1mogatja a sejteket oxidat\u00edv stresszel szemben.<\/p>\n<p>Egy \u00e1tfog\u00f3 <a href=\"https:\/\/pmc.ncbi.nlm.nih.gov\/articles\/PMC3787719\/\">tanulm\u00e1ny<\/a> 20 k\u00fcl\u00f6nf\u00e9le kutat\u00e1s anyagait elemezt\u00e9k, mely alapj\u00e1n azt tal\u00e1lt\u00e1k, hogy a v\u00e1rand\u00f3ss\u00e1g alatt alkalmazott cinkp\u00f3tl\u00e1s kis m\u00e9rt\u00e9kben ugyan, de egy\u00e9rtelm\u0171en cs\u00f6kkentette a korasz\u00fcl\u00e9s kock\u00e1zat\u00e1t, melynek h\u00e1tter\u00e9ben v\u00e9lhet\u0151en az anya immunrendszer\u00e9nek meger\u0151s\u0151d\u00e9se \u00e9s a fert\u0151z\u00e9sekkel szembeni fokozott ellen\u00e1ll\u00f3s\u00e1ga \u00e1ll.<\/p>\n<p>&nbsp;<\/p>\n<p><strong>A vasp\u00f3tl\u00e1s a v\u00e1rand\u00f3ss\u00e1g alatt sem maradhat el<\/strong><\/p>\n<p>A v\u00e1rand\u00f3ss\u00e1g alatt a v\u00f6r\u00f6sv\u00e9rtestek termel\u00e9se fokoz\u00f3dik, emiatt a norm\u00e1l vassz\u00fcks\u00e9glet \u00e1tlagosan <a href=\"https:\/\/ods.od.nih.gov\/factsheets\/Iron-HealthProfessional\/\">150%-kal n\u0151.<\/a> Az alapvet\u0151 sz\u00fcks\u00e9glet kiel\u00e9g\u00edt\u00e9s\u00e9hez sz\u00fcks\u00e9g lehet \u00e9trendi p\u00f3tl\u00e1sra, illetve tov\u00e1bbi \u00e9trend-kieg\u00e9sz\u00edt\u0151 alkalmaz\u00e1s\u00e1ra is, hiszen a vas hozz\u00e1j\u00e1rul a norm\u00e1l szellemi m\u0171k\u00f6d\u00e9s fenntart\u00e1s\u00e1hoz, a norm\u00e1l v\u00f6r\u00f6sv\u00e9rsejt- \u00e9s hemoglobin-k\u00e9pz\u0151d\u00e9shez, r\u00e9szt vesz a norm\u00e1l oxig\u00e9nsz\u00e1ll\u00edt\u00e1sban, a sejtoszt\u00f3d\u00e1sban, illetve a norm\u00e1l energiatermel\u0151 anyagcsere-folyamatokban.<\/p>\n<p>A Pregnal Vital Matrix kismama vitamin \u00e9pp ez\u00e9rt j\u00f3 v\u00e1laszt\u00e1s: a benne tal\u00e1lhat\u00f3 vas-biszglicin\u00e1t h\u0171 t\u00e1rs a v\u00e1rakoz\u00e1sban, hiszen a k\u00e9t glicin aminosavhoz k\u00f6t\u0151d\u0151 vas molekula \u00e1ltal l\u00e9trehozott vegy\u00fclet jellemz\u0151je, hogy kedvez\u0151 biohasznosul\u00e1ssal, jelent\u0151s mell\u00e9khat\u00e1sok n\u00e9lk\u00fcl sz\u00edv\u00f3dik fel.<\/p>\n<p>Egy \u00e1tfog\u00f3 <a href=\"https:\/\/www.nutritionaloutlook.com\/view\/in-pregnant-women-ferrous-bisglycinate-supplements-may-be-more-effective-and-have-lower-risk-of-side-effects-than-iron-salts-new-review-shows\">tanulm\u00e1ny<\/a> eredm\u00e9nyei arra is r\u00e1mutatnak, hogy a vas-biszglicin\u00e1t-kieg\u00e9sz\u00edt\u00e9s 4\u201320 h\u00e9tig tart\u00f3 alkalmaz\u00e1sa magasabb hemoglobin-koncentr\u00e1ci\u00f3t eredm\u00e9nyezett terhes n\u0151kn\u00e9l, akik j\u00f3val kevesebb gyomor-b\u00e9lrendszeri mell\u00e9khat\u00e1sr\u00f3l sz\u00e1moltak be, mint a t\u00f6bbiek.<\/p>\n","protected":false},"excerpt":{"rendered":"<div id=\"product_desc\" class=\"elementor-element elementor-element-dca84d2 elementor-widget elementor-widget-woocommerce-product-short-description\" data-id=\"dca84d2\" data-element_type=\"widget\" data-widget_type=\"woocommerce-product-short-description.default\">\n<div class=\"elementor-widget-container\">\n<div class=\"woocommerce-product-details__short-description\">\n<p>Amerikai-magyar fejleszt\u00e9s\u0171 pr\u00e9mium terhesvitamin, amely gyeng\u00e9den t\u00e1mogatja a kismam\u00e1kat \u00e9s bab\u00e1kat a v\u00e1rand\u00f3ss\u00e1g id\u0151szak\u00e1ban. A Quatrefolic\u00ae fol\u00e1t \u2013 a folsav biol\u00f3giailag akt\u00edv form\u00e1ja \u2013 n\u00e9lk\u00fcl\u00f6zhetetlen az anyai sz\u00f6vetek n\u00f6veked\u00e9s\u00e9hez \u00e9s a baba eg\u00e9szs\u00e9ges fejl\u0151d\u00e9s\u00e9hez. A folsav p\u00f3tl\u00e1sa t\u00e1mogatja az eg\u00e9szs\u00e9ges anyai fol\u00e1t szintet, amely \u00edgy seg\u00edt cs\u00f6kkenteni a fejl\u0151d\u0151 magzati vel\u0151cs\u0151-elz\u00e1r\u00f3d\u00e1si rendelleness\u00e9g kialakul\u00e1s\u00e1nak kock\u00e1zat\u00e1t. Ez a kedvez\u0151 hat\u00e1s akkor \u00e9rhet\u0151 el, ha a n\u0151k legal\u00e1bb 1 h\u00f3nappal a fogantat\u00e1s el\u0151tt, \u00e9s a fogantat\u00e1s ut\u00e1n 3 h\u00f3napig naponta legal\u00e1bb 400 \u03bcg folsavat fogyasztanak. A k\u00e9sz\u00edtm\u00e9ny a fontos t\u00e1panyagokon fel\u00fcl t\u00f6bbek k\u00f6z\u00f6tt gyomork\u00edm\u00e9l\u0151 vas-biszglicin\u00e1tot \u00e9s szerves k\u00f6t\u00e9s\u0171, magas felsz\u00edv\u00f3d\u00e1s\u00fa Lalmin\u00ae szel\u00e9nt is tartalmaz.<\/p>\n<p><strong>\u00c9trend-kieg\u00e9sz\u00edt\u0151 kapszula<\/strong><br \/>\n<strong>OGY\u00c9I Notifik\u00e1ci\u00f3s sz\u00e1m:\u00a0<\/strong>38186\/2025<br \/>\n<strong>Kiszerel\u00e9s<\/strong>: 60 db<br \/>\n<strong>Sz\u00e1rmaz\u00e1si orsz\u00e1g:\u00a0<\/strong>EU<\/p>\n<\/div>\n<\/div>\n<\/div>\n<div class=\"elementor-element elementor-element-9362874 elementor-icon-list--layout-traditional elementor-list-item-link-full_width elementor-widget elementor-widget-icon-list\" data-id=\"9362874\" data-element_type=\"widget\" data-widget_type=\"icon-list.default\">\n<div class=\"elementor-widget-container\">\n<ul class=\"elementor-icon-list-items\">\n<li class=\"elementor-icon-list-item\"><span class=\"elementor-icon-list-text\">Magyar-amerikai fejleszt\u00e9s<\/span><\/li>\n<li class=\"elementor-icon-list-item\"><span class=\"elementor-icon-list-text\">GMP \u00e9s HACCP szabv\u00e1ny <\/span><span class=\"elementor-icon-list-text\">szerint gy\u00e1rtva<\/span><\/li>\n<\/ul>\n<p><img decoding=\"async\" class=\"alignnone size-full wp-image-826\" src=\"https:\/\/herbalkincsei.hu\/wp-content\/uploads\/2024\/03\/hand-holding-heart-solid.svg\" alt=\"\" \/>\u00a0 Term\u00e9keink gondosan v\u00e1logatott alapanyagokb\u00f3l k\u00e9sz\u00fclnek.<\/p>\n<p><img decoding=\"async\" class=\"alignnone size-full wp-image-825\" src=\"https:\/\/herbalkincsei.hu\/wp-content\/uploads\/2024\/03\/star-solid.svg\" alt=\"\" \/>\u00a0 \u00a0A term\u00e9kekre hazai garanci\u00e1t \u00e9s term\u00e9k szolg\u00e1ltat\u00e1st biztos\u00edtunk.<\/p>\n<p><img decoding=\"async\" class=\"alignnone size-full wp-image-823\" src=\"https:\/\/herbalkincsei.hu\/wp-content\/uploads\/2024\/03\/user-lock-solid.svg\" alt=\"\" \/>\u00a0Biztons\u00e1gos v\u00e9dett fizet\u00e9s.<\/p>\n<p><img decoding=\"async\" class=\"alignnone size-full wp-image-824\" src=\"https:\/\/herbalkincsei.hu\/wp-content\/uploads\/2024\/03\/truck-fast-solid.svg\" alt=\"\" \/> Gyors kiszolg\u00e1l\u00e1s.<\/p>\n<\/div>\n<\/div>\n","protected":false},"featured_media":1600,"comment_status":"closed","ping_status":"closed","template":"","meta":[],"product_brand":[223],"product_cat":[172,184,19,185,247,171,173],"product_tag":[],"class_list":{"0":"post-1601","1":"product","2":"type-product","3":"status-publish","4":"has-post-thumbnail","6":"product_brand-usamedical","7":"product_cat-etrend-kiegeszitok","8":"product_cat-immunrendszer","9":"product_cat-minden-termek","10":"product_cat-multivitaminok","11":"product_cat-noi-egeszseg","12":"product_cat-usamedical","13":"product_cat-vitaminok-es-asvanyi-anyagok-etrend-kiegeszitok","14":"product_shipping_class-hu","16":"first","17":"instock","18":"purchasable","19":"product-type-simple","20":"add-to-wishlist-before_image","21":"customify-col","22":"product-has-gallery"},"yoast_head":"<!-- This site is optimized with the Yoast SEO plugin v27.4 - https:\/\/yoast.com\/product\/yoast-seo-wordpress\/ -->\n<title>Komplex terhesvitamin kapszula 60 db - Herb\u00e1lkincsei<\/title>\n<meta name=\"description\" content=\"Komplex terhesvitamin.\" \/>\n<meta name=\"robots\" content=\"index, follow, max-snippet:-1, max-image-preview:large, max-video-preview:-1\" \/>\n<link rel=\"canonical\" href=\"https:\/\/herbalkincsei.hu\/index.php\/termek\/komplex-terhesvitamin-kapszula-60-db\/\" \/>\n<meta property=\"og:locale\" content=\"hu_HU\" \/>\n<meta property=\"og:type\" content=\"article\" \/>\n<meta property=\"og:title\" content=\"Komplex terhesvitamin kapszula 60 db - Herb\u00e1lkincsei\" \/>\n<meta property=\"og:description\" content=\"Komplex terhesvitamin.\" \/>\n<meta property=\"og:url\" content=\"https:\/\/herbalkincsei.hu\/index.php\/termek\/komplex-terhesvitamin-kapszula-60-db\/\" \/>\n<meta property=\"og:site_name\" content=\"Herb\u00e1lkincsei\" \/>\n<meta property=\"article:modified_time\" content=\"2025-11-24T08:22:49+00:00\" \/>\n<meta property=\"og:image\" content=\"https:\/\/herbalkincsei.hu\/wp-content\/uploads\/2025\/09\/0209202568b6cd4729219.jpeg?wsr\" \/>\n\t<meta property=\"og:image:width\" content=\"800\" \/>\n\t<meta property=\"og:image:height\" content=\"960\" \/>\n\t<meta property=\"og:image:type\" content=\"image\/jpeg\" \/>\n<meta name=\"twitter:card\" content=\"summary_large_image\" \/>\n<meta name=\"twitter:label1\" content=\"Becs\u00fclt olvas\u00e1si id\u0151\" \/>\n\t<meta name=\"twitter:data1\" content=\"9 perc\" \/>\n<script type=\"application\/ld+json\" class=\"yoast-schema-graph\">{\"@context\":\"https:\\\/\\\/schema.org\",\"@graph\":[{\"@type\":\"WebPage\",\"@id\":\"https:\\\/\\\/herbalkincsei.hu\\\/index.php\\\/termek\\\/komplex-terhesvitamin-kapszula-60-db\\\/\",\"url\":\"https:\\\/\\\/herbalkincsei.hu\\\/index.php\\\/termek\\\/komplex-terhesvitamin-kapszula-60-db\\\/\",\"name\":\"Komplex terhesvitamin kapszula 60 db - Herb\u00e1lkincsei\",\"isPartOf\":{\"@id\":\"https:\\\/\\\/herbalkincsei.hu\\\/#website\"},\"primaryImageOfPage\":{\"@id\":\"https:\\\/\\\/herbalkincsei.hu\\\/index.php\\\/termek\\\/komplex-terhesvitamin-kapszula-60-db\\\/#primaryimage\"},\"image\":{\"@id\":\"https:\\\/\\\/herbalkincsei.hu\\\/index.php\\\/termek\\\/komplex-terhesvitamin-kapszula-60-db\\\/#primaryimage\"},\"thumbnailUrl\":\"https:\\\/\\\/herbalkincsei.hu\\\/wp-content\\\/uploads\\\/2025\\\/09\\\/0209202568b6cd4729219.jpeg?wsr\",\"datePublished\":\"2025-09-02T10:56:07+00:00\",\"dateModified\":\"2025-11-24T08:22:49+00:00\",\"description\":\"Komplex terhesvitamin.\",\"breadcrumb\":{\"@id\":\"https:\\\/\\\/herbalkincsei.hu\\\/index.php\\\/termek\\\/komplex-terhesvitamin-kapszula-60-db\\\/#breadcrumb\"},\"inLanguage\":\"hu\",\"potentialAction\":[{\"@type\":\"ReadAction\",\"target\":[\"https:\\\/\\\/herbalkincsei.hu\\\/index.php\\\/termek\\\/komplex-terhesvitamin-kapszula-60-db\\\/\"]}]},{\"@type\":\"ImageObject\",\"inLanguage\":\"hu\",\"@id\":\"https:\\\/\\\/herbalkincsei.hu\\\/index.php\\\/termek\\\/komplex-terhesvitamin-kapszula-60-db\\\/#primaryimage\",\"url\":\"https:\\\/\\\/herbalkincsei.hu\\\/wp-content\\\/uploads\\\/2025\\\/09\\\/0209202568b6cd4729219.jpeg?wsr\",\"contentUrl\":\"https:\\\/\\\/herbalkincsei.hu\\\/wp-content\\\/uploads\\\/2025\\\/09\\\/0209202568b6cd4729219.jpeg?wsr\",\"width\":800,\"height\":960},{\"@type\":\"BreadcrumbList\",\"@id\":\"https:\\\/\\\/herbalkincsei.hu\\\/index.php\\\/termek\\\/komplex-terhesvitamin-kapszula-60-db\\\/#breadcrumb\",\"itemListElement\":[{\"@type\":\"ListItem\",\"position\":1,\"name\":\"Kezd\u0151lap\",\"item\":\"https:\\\/\\\/herbalkincsei.hu\\\/\"},{\"@type\":\"ListItem\",\"position\":2,\"name\":\"\u00dczlet\",\"item\":\"https:\\\/\\\/herbalkincsei.hu\\\/index.php\\\/uzlet\\\/\"},{\"@type\":\"ListItem\",\"position\":3,\"name\":\"Komplex terhesvitamin kapszula 60 db\"}]},{\"@type\":\"WebSite\",\"@id\":\"https:\\\/\\\/herbalkincsei.hu\\\/#website\",\"url\":\"https:\\\/\\\/herbalkincsei.hu\\\/\",\"name\":\"herbalkincsei.hu\",\"description\":\"Ahol az eg\u00e9szs\u00e9g a c\u00e9l.\",\"publisher\":{\"@id\":\"https:\\\/\\\/herbalkincsei.hu\\\/#organization\"},\"potentialAction\":[{\"@type\":\"SearchAction\",\"target\":{\"@type\":\"EntryPoint\",\"urlTemplate\":\"https:\\\/\\\/herbalkincsei.hu\\\/?s={search_term_string}\"},\"query-input\":{\"@type\":\"PropertyValueSpecification\",\"valueRequired\":true,\"valueName\":\"search_term_string\"}}],\"inLanguage\":\"hu\"},{\"@type\":\"Organization\",\"@id\":\"https:\\\/\\\/herbalkincsei.hu\\\/#organization\",\"name\":\"Herb\u00e1lkincsei\",\"url\":\"https:\\\/\\\/herbalkincsei.hu\\\/\",\"logo\":{\"@type\":\"ImageObject\",\"inLanguage\":\"hu\",\"@id\":\"https:\\\/\\\/herbalkincsei.hu\\\/#\\\/schema\\\/logo\\\/image\\\/\",\"url\":\"https:\\\/\\\/herbalkincsei.hu\\\/wp-content\\\/uploads\\\/2024\\\/02\\\/cropped-Green-Leaf-Aromatherapy-Logo-400-\u00d7-135-keppont.png?wsr\",\"contentUrl\":\"https:\\\/\\\/herbalkincsei.hu\\\/wp-content\\\/uploads\\\/2024\\\/02\\\/cropped-Green-Leaf-Aromatherapy-Logo-400-\u00d7-135-keppont.png?wsr\",\"width\":400,\"height\":135,\"caption\":\"Herb\u00e1lkincsei\"},\"image\":{\"@id\":\"https:\\\/\\\/herbalkincsei.hu\\\/#\\\/schema\\\/logo\\\/image\\\/\"}}]}<\/script>\n<!-- \/ Yoast SEO plugin. -->","yoast_head_json":{"title":"Komplex terhesvitamin kapszula 60 db - Herb\u00e1lkincsei","description":"Komplex terhesvitamin.","robots":{"index":"index","follow":"follow","max-snippet":"max-snippet:-1","max-image-preview":"max-image-preview:large","max-video-preview":"max-video-preview:-1"},"canonical":"https:\/\/herbalkincsei.hu\/index.php\/termek\/komplex-terhesvitamin-kapszula-60-db\/","og_locale":"hu_HU","og_type":"article","og_title":"Komplex terhesvitamin kapszula 60 db - Herb\u00e1lkincsei","og_description":"Komplex terhesvitamin.","og_url":"https:\/\/herbalkincsei.hu\/index.php\/termek\/komplex-terhesvitamin-kapszula-60-db\/","og_site_name":"Herb\u00e1lkincsei","article_modified_time":"2025-11-24T08:22:49+00:00","og_image":[{"width":800,"height":960,"url":"https:\/\/herbalkincsei.hu\/wp-content\/uploads\/2025\/09\/0209202568b6cd4729219.jpeg?wsr","type":"image\/jpeg"}],"twitter_card":"summary_large_image","twitter_misc":{"Becs\u00fclt olvas\u00e1si id\u0151":"9 perc"},"schema":{"@context":"https:\/\/schema.org","@graph":[{"@type":"WebPage","@id":"https:\/\/herbalkincsei.hu\/index.php\/termek\/komplex-terhesvitamin-kapszula-60-db\/","url":"https:\/\/herbalkincsei.hu\/index.php\/termek\/komplex-terhesvitamin-kapszula-60-db\/","name":"Komplex terhesvitamin kapszula 60 db - Herb\u00e1lkincsei","isPartOf":{"@id":"https:\/\/herbalkincsei.hu\/#website"},"primaryImageOfPage":{"@id":"https:\/\/herbalkincsei.hu\/index.php\/termek\/komplex-terhesvitamin-kapszula-60-db\/#primaryimage"},"image":{"@id":"https:\/\/herbalkincsei.hu\/index.php\/termek\/komplex-terhesvitamin-kapszula-60-db\/#primaryimage"},"thumbnailUrl":"https:\/\/herbalkincsei.hu\/wp-content\/uploads\/2025\/09\/0209202568b6cd4729219.jpeg?wsr","datePublished":"2025-09-02T10:56:07+00:00","dateModified":"2025-11-24T08:22:49+00:00","description":"Komplex terhesvitamin.","breadcrumb":{"@id":"https:\/\/herbalkincsei.hu\/index.php\/termek\/komplex-terhesvitamin-kapszula-60-db\/#breadcrumb"},"inLanguage":"hu","potentialAction":[{"@type":"ReadAction","target":["https:\/\/herbalkincsei.hu\/index.php\/termek\/komplex-terhesvitamin-kapszula-60-db\/"]}]},{"@type":"ImageObject","inLanguage":"hu","@id":"https:\/\/herbalkincsei.hu\/index.php\/termek\/komplex-terhesvitamin-kapszula-60-db\/#primaryimage","url":"https:\/\/herbalkincsei.hu\/wp-content\/uploads\/2025\/09\/0209202568b6cd4729219.jpeg?wsr","contentUrl":"https:\/\/herbalkincsei.hu\/wp-content\/uploads\/2025\/09\/0209202568b6cd4729219.jpeg?wsr","width":800,"height":960},{"@type":"BreadcrumbList","@id":"https:\/\/herbalkincsei.hu\/index.php\/termek\/komplex-terhesvitamin-kapszula-60-db\/#breadcrumb","itemListElement":[{"@type":"ListItem","position":1,"name":"Kezd\u0151lap","item":"https:\/\/herbalkincsei.hu\/"},{"@type":"ListItem","position":2,"name":"\u00dczlet","item":"https:\/\/herbalkincsei.hu\/index.php\/uzlet\/"},{"@type":"ListItem","position":3,"name":"Komplex terhesvitamin kapszula 60 db"}]},{"@type":"WebSite","@id":"https:\/\/herbalkincsei.hu\/#website","url":"https:\/\/herbalkincsei.hu\/","name":"herbalkincsei.hu","description":"Ahol az eg\u00e9szs\u00e9g a c\u00e9l.","publisher":{"@id":"https:\/\/herbalkincsei.hu\/#organization"},"potentialAction":[{"@type":"SearchAction","target":{"@type":"EntryPoint","urlTemplate":"https:\/\/herbalkincsei.hu\/?s={search_term_string}"},"query-input":{"@type":"PropertyValueSpecification","valueRequired":true,"valueName":"search_term_string"}}],"inLanguage":"hu"},{"@type":"Organization","@id":"https:\/\/herbalkincsei.hu\/#organization","name":"Herb\u00e1lkincsei","url":"https:\/\/herbalkincsei.hu\/","logo":{"@type":"ImageObject","inLanguage":"hu","@id":"https:\/\/herbalkincsei.hu\/#\/schema\/logo\/image\/","url":"https:\/\/herbalkincsei.hu\/wp-content\/uploads\/2024\/02\/cropped-Green-Leaf-Aromatherapy-Logo-400-\u00d7-135-keppont.png?wsr","contentUrl":"https:\/\/herbalkincsei.hu\/wp-content\/uploads\/2024\/02\/cropped-Green-Leaf-Aromatherapy-Logo-400-\u00d7-135-keppont.png?wsr","width":400,"height":135,"caption":"Herb\u00e1lkincsei"},"image":{"@id":"https:\/\/herbalkincsei.hu\/#\/schema\/logo\/image\/"}}]}},"_links":{"self":[{"href":"https:\/\/herbalkincsei.hu\/index.php\/wp-json\/wp\/v2\/product\/1601","targetHints":{"allow":["GET"]}}],"collection":[{"href":"https:\/\/herbalkincsei.hu\/index.php\/wp-json\/wp\/v2\/product"}],"about":[{"href":"https:\/\/herbalkincsei.hu\/index.php\/wp-json\/wp\/v2\/types\/product"}],"replies":[{"embeddable":true,"href":"https:\/\/herbalkincsei.hu\/index.php\/wp-json\/wp\/v2\/comments?post=1601"}],"wp:featuredmedia":[{"embeddable":true,"href":"https:\/\/herbalkincsei.hu\/index.php\/wp-json\/wp\/v2\/media\/1600"}],"wp:attachment":[{"href":"https:\/\/herbalkincsei.hu\/index.php\/wp-json\/wp\/v2\/media?parent=1601"}],"wp:term":[{"taxonomy":"product_brand","embeddable":true,"href":"https:\/\/herbalkincsei.hu\/index.php\/wp-json\/wp\/v2\/product_brand?post=1601"},{"taxonomy":"product_cat","embeddable":true,"href":"https:\/\/herbalkincsei.hu\/index.php\/wp-json\/wp\/v2\/product_cat?post=1601"},{"taxonomy":"product_tag","embeddable":true,"href":"https:\/\/herbalkincsei.hu\/index.php\/wp-json\/wp\/v2\/product_tag?post=1601"}],"curies":[{"name":"wp","href":"https:\/\/api.w.org\/{rel}","templated":true}]}}