{"id":1597,"date":"2025-09-02T11:56:06","date_gmt":"2025-09-02T10:56:06","guid":{"rendered":"https:\/\/herbalkincsei.hu\/?post_type=product&#038;p=1597"},"modified":"2025-11-24T20:37:05","modified_gmt":"2025-11-24T19:37:05","slug":"szerves-kalcium-komplex-kapszula-60-db","status":"publish","type":"product","link":"https:\/\/herbalkincsei.hu\/index.php\/termek\/szerves-kalcium-komplex-kapszula-60-db\/","title":{"rendered":"Szerves Kalcium Komplex kapszula 60 db"},"content":{"rendered":"<h2><span class=\"bluetxt\">Term\u00e9szetes er\u0151 a csontoknak \u00e9s fogaknak \u2013 k\u00e9tf\u00e9le, kiv\u00e1l\u00f3an hasznosul\u00f3 szerves kalcium D-vitaminnal \u00e9s K2-vitaminnal<\/span><\/h2>\n<p>A kalcium az emberi test fontos alkot\u00f3eleme, melynek <a href=\"https:\/\/pubmed.ncbi.nlm.nih.gov\/22877428\/\">99 sz\u00e1zal\u00e9ka<\/a> a csontokban t\u00e1rol\u00f3dik, ezek ugyanis szervezet\u00fcnk kalciumrakt\u00e1rai. Vagyis minden esetben, amikor a testnek t\u00f6bb kalciumra van sz\u00fcks\u00e9ge, az azonban \u00e9trendileg nem \u00e1ll rendelkez\u00e9sre, a szervezet automatiz\u00e1lja mag\u00e1t: kivonja a sz\u00fcks\u00e9ges mennyis\u00e9get a csontokb\u00f3l, melynek k\u00f6vetkezt\u00e9ben hossz\u00fa t\u00e1von fokozott t\u00f6r\u00e9svesz\u00e9ly, csontritkul\u00e1s \u00e9s m\u00e1s k\u00f3rk\u00e9pek alakulhatnak ki.<\/p>\n<p>A kalcium jelent\u0151s\u00e9ge teh\u00e1t vitathatatlan. Kevesen tudj\u00e1k azonban, hogy a plazma kalcium-homeoszt\u00e1zis nev\u0171 folyamat \u2013 mely kalcium hi\u00e1ny\u00e1ban \u00e9rtelemszer\u0171en nem megy v\u00e9gbe \u2013 szint\u00e9n l\u00e9tfontoss\u00e1g\u00fa szerepet j\u00e1tszik az emberi \u00e9letfunkci\u00f3k fenntart\u00e1s\u00e1ban. (P\u00e9ld\u00e1ul a csontok eg\u00e9szs\u00e9g\u00e9nek fenntart\u00e1s\u00e1ban, a hormonszekr\u00e9ci\u00f3 szab\u00e1lyoz\u00e1s\u00e1ban, az idegimpulzusok tov\u00e1bb\u00edt\u00e1s\u00e1ban \u00e9s az \u00e9rrendszeri m\u0171k\u00f6d\u00e9s fenntart\u00e1s\u00e1ban.)<\/p>\n<p>Egyszer\u0171bben a kalcium:<\/p>\n<ul>\n<li>szerepet j\u00e1tszik a sejtoszt\u00f3d\u00e1si folyamatokban \u00e9s a sejtek specializ\u00e1ci\u00f3j\u00e1ban;<\/li>\n<li>hozz\u00e1j\u00e1rul a norm\u00e1l csontozat fenntart\u00e1s\u00e1hoz;<\/li>\n<li>sz\u00fcks\u00e9ges a norm\u00e1l fogazat fenntart\u00e1s\u00e1hoz.<\/li>\n<\/ul>\n<p>&nbsp;<\/p>\n<p>&nbsp;<\/p>\n<p>Ennek f\u00e9ny\u00e9ben \u2013 k\u00fcl\u00f6n\u00f6sen a menopauz\u00e1lis id\u0151szakban \u2013 fontos lehet a kalciump\u00f3tl\u00e1s, melynek m\u00f3dja \u00e9s m\u00e9rt\u00e9ke egyar\u00e1nt l\u00e9nyeges, hiszen az alacsony kalciumszint csontritkul\u00e1shoz vezethet, a t\u00falzott kalciumbevitel azonban szint\u00e9n eg\u00e9szs\u00e9g\u00fcgyi kock\u00e1zatokkal j\u00e1rhat. Az USA medical magyar-amerikai fejleszt\u00e9s\u0171 Szerves Kalcium Komplex \u00e9trend-kieg\u00e9sz\u00edt\u0151 kapszula az egyes \u00f6sszetev\u0151ket megfelel\u0151 ar\u00e1nyban, a feln\u0151tt szervezet sz\u00e1m\u00e1ra optim\u00e1lis mennyis\u00e9gben tartalmazza.<\/p>\n<p>&nbsp;<\/p>\n<h3><strong>Az \u00e9trendi kalcium seg\u00edthet, de vajon esz\u00fcnk-e eleget?<\/strong><\/h3>\n<p>A kalcium megtal\u00e1lhat\u00f3 a tejben \u00e9s m\u00e1s tejterm\u00e9kekben, a lazacban, a brokkoliban, a spen\u00f3tban, a tofuban, egyes gy\u00fcm\u00f6lcslevekben \u00e9s a zabpehelyben, illetve egyes csonth\u00e9jasokban is.<\/p>\n<p>Optim\u00e1lis fogyaszt\u00e1si mennyis\u00e9ge feln\u0151ttkorban eg\u00e9szs\u00e9g\u00fcgyi \u00e1llapott\u00f3l \u00e9s \u00e9letm\u00f3dt\u00f3l f\u00fcgg\u0151en napi 1000-1200 mg. A n\u0151knek \u2013 k\u00fcl\u00f6n\u00f6sen a menopauza id\u0151szaka alatt \u00e9s azt k\u00f6vet\u0151en \u2013 valamivel t\u00f6bbre van sz\u00fcks\u00e9g\u00fck bel\u0151le.<\/p>\n<p>Ez a mennyis\u00e9g k\u00f6nnyen bevihet\u0151 term\u00e9szetes m\u00f3don, v\u00e1ltozatos \u00e9trenddel, a k\u00fcl\u00f6nf\u00e9le \u00e9telallergi\u00e1k, \u00e9tkez\u00e9si preferenci\u00e1k \u00e9s m\u00e1s egy\u00e9ni elt\u00e9r\u00e9sek miatt azonban a p\u00f3tl\u00e1s fontos r\u00e9sze lehet az eg\u00e9szs\u00e9ges \u00e1llapotok fenntart\u00e1s\u00e1nak.<\/p>\n<p>Fontos tudnival\u00f3: a D- \u00e9s K-vitamin jelenl\u00e9te n\u00e9lk\u00fcl a kalcium felsz\u00edv\u00f3d\u00e1sa ellehetetlen\u00fcl, \u00edgy ezek optim\u00e1lis szintj\u00e9nek fenntart\u00e1sa szint\u00e9n kulcsfontoss\u00e1g\u00fa a Szerves Kalcium Komplex hasznosul\u00e1sa szempontj\u00e1b\u00f3l.<\/p>\n<p>&nbsp;<\/p>\n<h3><strong><span class=\"bluetxt\">Az igazi \u00fct\u0151k\u00e1rty\u00e1k: kalcium-biszglicin\u00e1t \u00e9s kalcium-citr\u00e1t-mal\u00e1t<\/span><\/strong><\/h3>\n<p>A <strong>kalcium-biszglicin\u00e1t<\/strong> a kalcium egy kel\u00e1tolt form\u00e1ja, vagyis ebben a vegy\u00fcletben a kalcium egy aminosavhoz, a glicinhez k\u00f6t\u0151dik. Ez a kalciumforma a v\u00edzben legjobban old\u00f3d\u00f3 kalciumforr\u00e1s, mely magas biol\u00f3giai hozz\u00e1f\u00e9rhet\u0151s\u00e9ggel rendelkezik, vagyis k\u00f6nnyen felsz\u00edv\u00f3dik \u00e9s j\u00f3l hasznosul az emberi szervezetben. M\u00e1s kalciumform\u00e1kt\u00f3l elt\u00e9r\u0151en a kalcium-biszglicin\u00e1t felsz\u00edv\u00f3d\u00e1s\u00e1hoz nincs sz\u00fcks\u00e9g gyomorsavra, ez\u00e9rt ide\u00e1lis alacsony gyomorsavval rendelkez\u0151 szem\u00e9lyek sz\u00e1m\u00e1ra is.<\/p>\n<p>A kalcium egy m\u00e1sik, v\u00edzold\u00e9kony form\u00e1ja a <strong>kalcium-citr\u00e1t-mal\u00e1t<\/strong>, mely a kalcium, a citr\u00e1t \u00e9s a mal\u00e1t kombin\u00e1ci\u00f3jak\u00e9nt j\u00f6n l\u00e9tre. Azon kalciums\u00f3k egyike, melynek <a href=\"https:\/\/www.efsa.europa.eu\/en\/efsajournal\/pub\/612\">\u00e9lelmiszeripari haszn\u00e1lat<\/a>\u00e1t d\u00fas\u00edt\u00f3k\u00e9nt a WHO is enged\u00e9lyezte.<\/p>\n<p><a href=\"https:\/\/www.sciencedirect.com\/science\/article\/abs\/pii\/S0022316622176029\">Tanulm\u00e1nyok<\/a> kimutatt\u00e1k, hogy a kalcium-citr\u00e1t-mal\u00e1t biol\u00f3giai hozz\u00e1f\u00e9rhet\u0151s\u00e9ge jobb, mint m\u00e1s kalcium-kieg\u00e9sz\u00edt\u0151knek, p\u00e9ld\u00e1ul a kalcium-karbon\u00e1tnak. Ennek oka, hogy m\u00edg a kalciumionok a b\u00e9l ny\u00e1lkah\u00e1rty\u00e1n kereszt\u00fcl sz\u00edv\u00f3dnak fel, addig a citr\u00e1t paracellul\u00e1ris felsz\u00edv\u00f3d\u00e1s \u00fatj\u00e1n jut a szervezetbe \u2013 azaz m\u00e1r a v\u00e9konyb\u00e9l els\u0151 traktus\u00e1ban. Ez az oka annak is, hogy a kalcium-citr\u00e1t-mal\u00e1t kev\u00e9sb\u00e9 okoz em\u00e9szt\u00e9si probl\u00e9m\u00e1kat, p\u00e9ld\u00e1ul sz\u00e9kreked\u00e9st, puffad\u00e1st vagy kellemetlen g\u00e1zk\u00e9pz\u0151d\u00e9st.<\/p>\n<p>A vegy\u00fcletnek sz\u00e1mos alkalmaz\u00e1si ter\u00fclete van: alkalmazhat\u00f3 csontritkul\u00e1s, csontl\u00e1gyul\u00e1s, mell\u00e9kpajzsmirigy-alulm\u0171k\u00f6d\u00e9s \u00e9s bizonyos izom rendelleness\u00e9gek fenn\u00e1ll\u00e1sa eset\u00e9n is, hiszen <a href=\"https:\/\/globalresearchonline.net\/journalcontents\/v69-1\/09.pdf\">seg\u00edt<\/a> fenntartani a csontt\u00f6meget \u00e9s jelent\u0151sen cs\u00f6kkenti a csontt\u00f6r\u00e9s kock\u00e1zat\u00e1t. Emellett olyan kalciumforr\u00e1sk\u00e9nt is elismert, amely nem n\u00f6veli a vesek\u0151 kialakul\u00e1s\u00e1nak kock\u00e1zat\u00e1t, s\u0151t, v\u00e9di a fogyaszt\u00f3t a vesek\u0151 kialakul\u00e1s\u00e1val szemben.<\/p>\n<ul>\n<li>A <a href=\"https:\/\/pubmed.ncbi.nlm.nih.gov\/2203964\/\">kutat\u00f3k<\/a> emellett \u00fagy tal\u00e1lt\u00e1k, hogy a kalcium-citr\u00e1t-mal\u00e1t-kieg\u00e9sz\u00edt\u00e9s jav\u00edthatja a csonts\u0171r\u0171s\u00e9get \u00e9s cs\u00f6kkentheti a csontt\u00f6r\u00e9sek kock\u00e1zat\u00e1t posztmenopauz\u00e1lis n\u0151kn\u00e9l.<\/li>\n<li>Egy m\u00e1sik <a href=\"https:\/\/www.researchgate.net\/publication\/10663359_Tooth_wear_Attrition_erosion_and_abrasion\">kutat\u00e1s<\/a>ban 189 eg\u00e9szs\u00e9ges, posztmenopauz\u00e1lis n\u0151 bevon\u00e1s\u00e1val vizsg\u00e1lt\u00e1k a fog- \u00e9s a csontveszt\u00e9s k\u00f6z\u00f6tti \u00f6sszef\u00fcgg\u00e9seket. Az alanyok h\u00e9t \u00e9ven bel\u00fcl h\u00e1rom vizsg\u00e1latban vettek r\u00e9szt, melyek alatt, illetve k\u00f6z\u00f6tt az alanyok nem szedtek \u00f6sztrog\u00e9nt. A kutat\u00f3k \u00fagy tal\u00e1lt\u00e1k, hogy a k\u00fcl\u00f6nb\u00f6z\u0151 testt\u00e1jakon m\u00e9rt magasabb csonts\u0171r\u0171s\u00e9g-cs\u00f6kken\u00e9s \u00f6sszef\u00fcgg\u00e9sbe hozhat\u00f3 a fogveszt\u00e9ssel eg\u00e9szs\u00e9ges posztmenopauz\u00e1lis n\u0151kn\u00e9l. Ezeket a meg\u00e1llap\u00edt\u00e1sokat <u>nem<\/u> befoly\u00e1solta a menopauza \u00f3ta eltelt \u00e9vek sz\u00e1ma, a BMI, a vizsg\u00e1lat kezdet\u00e9n m\u00e9rt fogsz\u00e1m, a doh\u00e1nyz\u00e1si szok\u00e1sok, vagy a kalcium- \u00e9s D-vitamin-beviteli szok\u00e1sok. A fogveszt\u00e9s kock\u00e1zata a vizsg\u00e1lat kezdet\u00e9n m\u00e9rt fogsz\u00e1mmal \u00e9s a menopauza \u00f3ta eltelt \u00e9vek sz\u00e1m\u00e1val n\u0151tt.<\/li>\n<li>Egy <a href=\"https:\/\/images02.cdn86.net\/kps01\/M00\/2D\/DA\/wKiAiVRtmHi9sJFOABEs9SO_RYs002.pdf\">tanulm\u00e1ny<\/a> igazolta, hogy a kalcium-citr\u00e1t-mal\u00e1t adagol\u00e1sa fiatal, n\u00f6vekv\u0151 \u00e1llatokban t\u00f6bb trabekul\u00e1ris csontot k\u00e9pez, mint a kalcium-karbon\u00e1t.<\/li>\n<li>Egy m\u00e1sik, serd\u00fcl\u0151kor\u00fa l\u00e1nyokon v\u00e9gzett randomiz\u00e1lt, kett\u0151s vak, placebo-kontrollos <a href=\"https:\/\/pubmed.ncbi.nlm.nih.gov\/8340983\/\">vizsg\u00e1lat<\/a>ban 18 h\u00f3napon \u00e1t tanulm\u00e1nyozt\u00e1k a kalcium-citr\u00e1t-mal\u00e1t kieg\u00e9sz\u00edt\u00e9s hat\u00e1s\u00e1t a csonts\u0171r\u0171s\u00e9gre \u00e9s a csontt\u00f6megre. Azt tal\u00e1lt\u00e1k, hogy a napi kalciumbevitelt CCM-mel 80%-r\u00f3l 110%-ra n\u00f6velve a serd\u00fcl\u0151 l\u00e1nyok teljes test- \u00e9s gerinc- csonts\u0171r\u0171s\u00e9ge \u00e9szrevehet\u0151en n\u0151tt. Egy m\u00e1sik <a href=\"https:\/\/www.decamin.dk\/images\/upload\/dokumentation\/Calcium-citrate-malate_Study.pdf\">tanulm\u00e1ny<\/a> hasonl\u00f3 eredm\u00e9nyekre jutott az id\u0151skor\u00fa n\u0151k csontveszt\u00e9s\u00e9t vizsg\u00e1lva, kider\u00fclt ugyanis, hogy a kalcium ezen form\u00e1val t\u00f6rt\u00e9n\u0151 p\u00f3tl\u00e1s\u00e1val megel\u0151zhet\u0151 a csontritkul\u00e1s.<\/li>\n<li>A kalcium-citr\u00e1t-mal\u00e1t k\u00fcl\u00f6nlegess\u00e9ge tov\u00e1bb\u00e1, hogy alacsony gyomorsavval rendelkez\u0151 egy\u00e9nekn\u00e9l is k\u00f6nnyebben felsz\u00edv\u00f3dik, mivel nem sz\u00fcks\u00e9ges hozz\u00e1 gyomorsav. \u00cdgy egyes speci\u00e1lis esetekben is hat\u00e9konyan alkalmazhat\u00f3.<\/li>\n<li>A szerves, kel\u00e1tolt form\u00e1k <a href=\"https:\/\/pubmed.ncbi.nlm.nih.gov\/1593849\/\">el\u0151nye<\/a> tov\u00e1bb\u00e1, hogy alkalmaz\u00e1sa mellett alacsonyabb a vesek\u0151 kialakul\u00e1s\u00e1nak val\u00f3sz\u00edn\u0171s\u00e9ge, mint m\u00e1s kalciumform\u00e1kat fogyasztva.<\/li>\n<\/ul>\n<p>&nbsp;<\/p>\n<h3><strong><span class=\"bluetxt\">Tudj meg mindent az MK-7-r\u0151l!<\/span><\/strong><\/h3>\n<p>A Menaquinon-7, vagy ismertebb nev\u00e9n K2-vitamin t\u00edz k\u00fcl\u00f6nf\u00e9le t\u00edpusb\u00f3l \u00e1ll, melyek k\u00f6z\u00fcl az MK-4, MK-7 \u00e9s MK-9 t\u00edpusok a legismertebbek.<\/p>\n<p>Kevesen tudj\u00e1k, de a K2-vitamin koenzimk\u00e9nt m\u0171k\u00f6dik a K-vitamin-f\u00fcgg\u0151 karboxil\u00e1z enzim sz\u00e1m\u00e1ra, amely a v\u00e9rz\u00e9scsillap\u00edt\u00e1sban (v\u00e9rr\u00f6gk\u00e9pz\u0151d\u00e9s) \u00e9s a csontanyagcser\u00e9ben, valamint egy\u00e9b k\u00fcl\u00f6nb\u00f6z\u0151 fiziol\u00f3giai funkci\u00f3kban r\u00e9szt vev\u0151 feh\u00e9rj\u00e9k szint\u00e9zis\u00e9hez <a href=\"https:\/\/www.health.com\/vitamin-k2-8640438#citation-1\">sz\u00fcks\u00e9ges<\/a>.<\/p>\n<p>A K-vitamin szintje k\u00fcl\u00f6n\u00f6sen <a href=\"https:\/\/ods.od.nih.gov\/factsheets\/VitaminK-HealthProfessional\/\">alacsony<\/a> lehet tov\u00e1bb\u00e1 azokn\u00e1l, akik felsz\u00edv\u00f3d\u00e1si zavarokkal \u00e9s m\u00e1s gyomor-b\u00e9lrendszeri rendelleness\u00e9gekkel, p\u00e9ld\u00e1ul ciszt\u00e1s fibr\u00f3zissal, liszt\u00e9rz\u00e9kenys\u00e9ggel, fek\u00e9lyes vastagb\u00e9lgyullad\u00e1ssal \u00e9s r\u00f6vidb\u00e9l-szindr\u00f3m\u00e1val \u00e9lnek, ilyen esetekben ugyanis alacsonyabb lehet a felsz\u00edv\u00f3d\u00e1s \u00e9s hasznosul\u00e1s szintje.<\/p>\n<p>&nbsp;<\/p>\n<h3><strong><span class=\"bluetxt\">A var\u00e1zslatos D-vitamin<\/span><\/strong><\/h3>\n<p>A <a href=\"https:\/\/eur-lex.europa.eu\/legal-content\/HU\/TXT\/HTML\/?uri=CELEX:32012R0432&amp;from=HU\">D-vitamin<\/a> egy zs\u00edrban old\u00f3d\u00f3 vitamin, amely a D1, D2 \u00e9s D3 vitaminokat tartalmaz\u00f3 vegy\u00fcletcsal\u00e1dba tartozik. Szervezet\u00fcnk sz\u00e1m\u00e1ra az egyik legfontosabb vitamin, hiszen hozz\u00e1j\u00e1rul a kalcium \u00e9s a foszfor norm\u00e1l felsz\u00edv\u00f3d\u00e1s\u00e1hoz \u00e9s hasznosul\u00e1s\u00e1hoz, a v\u00e9r norm\u00e1l kalciumszintj\u00e9nek fenntart\u00e1s\u00e1hoz, az eg\u00e9szs\u00e9ges csontozat, fogazat \u00e9s izomfunkci\u00f3 fenntart\u00e1s\u00e1hoz, valamint az immunrendszer norm\u00e1l m\u0171k\u00f6d\u00e9s\u00e9hez. Emellett szerepet j\u00e1tszik a sejtoszt\u00f3d\u00e1sban is.<\/p>\n<p>Norm\u00e1l esetben a szervezet\u00fcnk term\u00e9szetes \u00faton is megtermeli az eg\u00e9szs\u00e9ges m\u0171k\u00f6d\u00e9s\u00e9hez sz\u00fcks\u00e9ges D-vitamint, amikor k\u00f6zvetlen napf\u00e9ny \u00e9ri, illetve egyes \u00e9lelmiszerekben is tal\u00e1lhat\u00f3 a D-vitamin valamelyik t\u00edpus\u00e1b\u00f3l. Mindez azonban gyakran kev\u00e9snek bizonyul, mely esetben az \u00e9trend-kieg\u00e9sz\u00edt\u0151k jelenthetnek megold\u00e1st.<\/p>\n<p>A D-vitamin:<\/p>\n<ul>\n<li>cs\u00f6kkenti a sokak \u00e1ltal rettegett sclerosis multiplex (SM) kialakul\u00e1s\u00e1nak kock\u00e1zat\u00e1t. Egy 2017-es <a href=\"https:\/\/pubmed.ncbi.nlm.nih.gov\/29243029\/\">tanulm\u00e1ny<\/a> meg\u00e1llap\u00edtotta, hogy az alacsony D-vitamin-szint \u00f6sszef\u00fcgg\u00e9sbe hozhat\u00f3 az SM kock\u00e1zat\u00e1nak n\u00f6veked\u00e9s\u00e9vel.<\/li>\n<li>cs\u00f6kkenti a s\u00falyos betegs\u00e9gek kialakul\u00e1s\u00e1nak val\u00f3sz\u00edn\u0171s\u00e9g\u00e9t. Azok, akiknek D-vitamin szintje nem megfelel\u0151, <a href=\"https:\/\/pmc.ncbi.nlm.nih.gov\/articles\/PMC7281985\/\">fokozott kock\u00e1zat<\/a>nak lehetnek kit\u00e9ve a megf\u00e1z\u00e1sok, fert\u0151z\u00e9sek \u00e9s autoimmun betegs\u00e9gek, pl. rheumatoid arthritis \u00e9s gyullad\u00e1sos b\u00e9lbetegs\u00e9gek kialakul\u00e1s\u00e1ra.<\/li>\n<li>szerepet j\u00e1tszik a hangulatszab\u00e1lyoz\u00e1sban. Egy k\u00f6zel 8000 ember bevon\u00e1s\u00e1val k\u00e9sz\u00fclt <a href=\"https:\/\/pubmed.ncbi.nlm.nih.gov\/32365423\/\">tanulm\u00e1ny<\/a> meg\u00e1llap\u00edtotta, hogy azok a vizsg\u00e1lati alanyok, akik negat\u00edv \u00e9rzelmeket \u00e9ltek meg, a k\u00eds\u00e9rlet sor\u00e1n azonban nagy mennyis\u00e9g\u0171 D-vitamin-p\u00f3tl\u00e1st kaptak, kedvez\u0151 \u00e9rzelmi v\u00e1ltoz\u00e1sokr\u00f3l sz\u00e1moltak be.<\/li>\n<li>kedvez\u0151en befoly\u00e1solja a tests\u00falyt. Egyes <a href=\"https:\/\/pubmed.ncbi.nlm.nih.gov\/33792853\/\">tanulm\u00e1nyok<\/a> r\u00e1mutatnak, hogy a tests\u00faly \u00e9s az optim\u00e1lis D-vitamin-szint k\u00f6z\u00f6tt ford\u00edtott ar\u00e1nyoss\u00e1gi szab\u00e1lyszer\u0171s\u00e9g rajzol\u00f3dik ki. Azaz nagy a val\u00f3sz\u00edn\u0171s\u00e9ge annak, hogy a magasabb BMI D-vitamin-hi\u00e1nnyal j\u00e1r egy\u00fctt. Ezt l\u00e1tszik igazolni az a <a href=\"https:\/\/www.cambridge.org\/core\/journals\/british-journal-of-nutrition\/article\/calcium-plus-vitamin-d-supplementation-and-fat-mass-loss-in-female-very-lowcalcium-consumers-potential-link-with-a-calciumspecific-appetite-control\/623D71E0A965E910C48903089FA7B56C\">tanulm\u00e1ny<\/a> is, mely felt\u00e1rta: t\u00f6bb nem k\u00edv\u00e1nt t\u00fals\u00falyt\u00f3l szabadulnak meg a napi kalcium- \u00e9s D-vitamin-kieg\u00e9sz\u00edt\u0151t szed\u0151 emberek, mint a placebo-kieg\u00e9sz\u00edt\u0151t szed\u0151 alanyok.<\/li>\n<\/ul>\n<p>&nbsp;<\/p>\n<p>\u00c9s hogy honnan tudhatod, hogy D-vitamin-p\u00f3tl\u00e1sra van sz\u00fcks\u00e9ged? A feln\u0151ttekn\u00e9l a D-vitamin hi\u00e1ny\u00e1llapot\u00e1t jellemz\u0151en f\u00e1radts\u00e1g, s\u00falyos csont- \u00e9s izomf\u00e1jdalom, illetve -gyenges\u00e9g,\u00a0 stressz-t\u00f6r\u00e9sek jelzik. Ha ezek b\u00e1rmelyike fenn\u00e1ll, k\u00e9rd h\u00e1ziorvosod seg\u00edts\u00e9g\u00e9t \u00e9s gondoskodj a kalcium- \u00e9s D-vitamin-p\u00f3tl\u00e1sr\u00f3l az USA medical magyar-amerikai fejleszt\u00e9s\u0171 \u00e9trend-kieg\u00e9sz\u00edt\u0151j\u00e9vel Te is!<\/p>\n","protected":false},"excerpt":{"rendered":"<div id=\"product_desc\" class=\"elementor-element elementor-element-dca84d2 elementor-widget elementor-widget-woocommerce-product-short-description\" data-id=\"dca84d2\" data-element_type=\"widget\" data-widget_type=\"woocommerce-product-short-description.default\">\n<div class=\"elementor-widget-container\">\n<div class=\"woocommerce-product-details__short-description\">\n<p>A Kalcium Komplex k\u00e9tf\u00e9le, j\u00f3l felsz\u00edv\u00f3d\u00f3 kalciumform\u00e1t \u2013 kalcium-biszglicin\u00e1tot \u00e9s kalcium-citr\u00e1t-mal\u00e1tot \u2013 tartalmaz, hogy a szervezet a lehet\u0151 legnagyobb hat\u00e9konys\u00e1ggal tudja felvenni \u00e9s hasznos\u00edtani ezt az esszenci\u00e1lis \u00e1sv\u00e1nyi anyagot. A kalcium hozz\u00e1j\u00e1rul a norm\u00e1l csontozat \u00e9s fogazat fenntart\u00e1s\u00e1hoz, t\u00e1mogatja az izmok norm\u00e1l m\u0171k\u00f6d\u00e9s\u00e9t, a norm\u00e1l v\u00e9ralvad\u00e1st, valamint szerepet j\u00e1tszik a norm\u00e1l inger\u00fclet\u00e1tvitelben, az energiatermel\u0151 anyagcsere-folyamatokban \u00e9s a sejtoszt\u00f3d\u00e1sban is. A k\u00e9sz\u00edtm\u00e9nyben tal\u00e1lhat\u00f3 D-vitamin hozz\u00e1j\u00e1rul a kalcium norm\u00e1l felsz\u00edv\u00f3d\u00e1s\u00e1hoz \u00e9s hasznosul\u00e1s\u00e1hoz, valamint seg\u00edt a csontozat eg\u00e9szs\u00e9g\u00e9nek fenntart\u00e1s\u00e1ban is. A k\u00e9sz\u00edtm\u00e9ny K2-vitamin tartalma MK-7 form\u00e1ban biztos\u00edtott, amely a legjobban hasznosul\u00f3, term\u00e9szetes K2-vitamin forma. MAGYAR \u2013 AMERIKAI FEJLESZT\u00c9S<\/p>\n<p><strong>\u00c9trend-kieg\u00e9sz\u00edt\u0151 kapszula<\/strong><br \/>\n<strong>OGY\u00c9I Notifik\u00e1ci\u00f3s sz\u00e1m: 37557\/2025<br \/>\n<\/strong><strong>Kiszerel\u00e9s<\/strong>: 60 db<br \/>\n<strong>Sz\u00e1rmaz\u00e1si orsz\u00e1g:\u00a0<\/strong>EU<\/p>\n<\/div>\n<\/div>\n<\/div>\n<div class=\"elementor-element elementor-element-9362874 elementor-icon-list--layout-traditional elementor-list-item-link-full_width elementor-widget elementor-widget-icon-list\" data-id=\"9362874\" data-element_type=\"widget\" data-widget_type=\"icon-list.default\">\n<div class=\"elementor-widget-container\">\n<ul class=\"elementor-icon-list-items\">\n<li class=\"elementor-icon-list-item\"><span class=\"elementor-icon-list-text\">Magyar-amerikai fejleszt\u00e9s<\/span><\/li>\n<li class=\"elementor-icon-list-item\"><span class=\"elementor-icon-list-text\">GMP \u00e9s HACCP szabv\u00e1ny szerint gy\u00e1rtva<\/span><\/li>\n<li class=\"elementor-icon-list-item\"><span class=\"elementor-icon-list-text\">Val\u00f3s magyarorsz\u00e1gi rakt\u00e1rk\u00e9szletr\u0151l<\/span><\/li>\n<\/ul>\n<p><img decoding=\"async\" class=\"alignnone size-full wp-image-826\" src=\"https:\/\/herbalkincsei.hu\/wp-content\/uploads\/2024\/03\/hand-holding-heart-solid.svg\" alt=\"\" \/>\u00a0 Term\u00e9keink gondosan v\u00e1logatott alapanyagokb\u00f3l k\u00e9sz\u00fclnek.<\/p>\n<p><img decoding=\"async\" class=\"alignnone size-full wp-image-825\" src=\"https:\/\/herbalkincsei.hu\/wp-content\/uploads\/2024\/03\/star-solid.svg\" alt=\"\" \/>\u00a0 \u00a0A term\u00e9kekre hazai garanci\u00e1t \u00e9s term\u00e9k szolg\u00e1ltat\u00e1st biztos\u00edtunk.<\/p>\n<p><img decoding=\"async\" class=\"alignnone size-full wp-image-823\" src=\"https:\/\/herbalkincsei.hu\/wp-content\/uploads\/2024\/03\/user-lock-solid.svg\" alt=\"\" \/>\u00a0Biztons\u00e1gos v\u00e9dett fizet\u00e9s.<\/p>\n<p><img decoding=\"async\" class=\"alignnone size-full wp-image-824\" src=\"https:\/\/herbalkincsei.hu\/wp-content\/uploads\/2024\/03\/truck-fast-solid.svg\" alt=\"\" \/> Gyors kiszolg\u00e1l\u00e1s.<\/p>\n<\/div>\n<\/div>\n","protected":false},"featured_media":1596,"comment_status":"closed","ping_status":"closed","template":"","meta":[],"product_brand":[223],"product_cat":[181,172,183,19,171,173],"product_tag":[],"class_list":{"0":"post-1597","1":"product","2":"type-product","3":"status-publish","4":"has-post-thumbnail","6":"product_brand-usamedical","7":"product_cat-csont-es-porc","8":"product_cat-etrend-kiegeszitok","9":"product_cat-idegrendszer","10":"product_cat-minden-termek","11":"product_cat-usamedical","12":"product_cat-vitaminok-es-asvanyi-anyagok-etrend-kiegeszitok","13":"product_shipping_class-hu","15":"first","16":"instock","17":"purchasable","18":"product-type-simple","19":"add-to-wishlist-before_image","20":"customify-col","21":"product-has-gallery"},"yoast_head":"<!-- This site is optimized with the Yoast SEO plugin v27.4 - https:\/\/yoast.com\/product\/yoast-seo-wordpress\/ -->\n<title>Szerves Kalcium Komplex kapszula 60 db - Herb\u00e1lkincsei<\/title>\n<meta name=\"description\" content=\"A kalcium hozz\u00e1j\u00e1rul a norm\u00e1l csontozat \u00e9s fogazat fenntart\u00e1s\u00e1hoz, t\u00e1mogatja az izmok norm\u00e1l m\u0171k\u00f6d\u00e9s\u00e9t, a norm\u00e1l v\u00e9ralvad\u00e1st, valamint szerepet j\u00e1tszik a norm\u00e1l inger\u00fclet\u00e1tvitelben, az energiatermel\u0151 anyagcsere-folyamatokban \u00e9s a sejtoszt\u00f3d\u00e1sban is.\" \/>\n<meta name=\"robots\" content=\"index, follow, max-snippet:-1, max-image-preview:large, max-video-preview:-1\" \/>\n<link rel=\"canonical\" href=\"https:\/\/herbalkincsei.hu\/index.php\/termek\/szerves-kalcium-komplex-kapszula-60-db\/\" \/>\n<meta property=\"og:locale\" content=\"hu_HU\" \/>\n<meta property=\"og:type\" content=\"article\" \/>\n<meta property=\"og:title\" content=\"Szerves Kalcium Komplex kapszula 60 db - Herb\u00e1lkincsei\" \/>\n<meta property=\"og:description\" content=\"A kalcium hozz\u00e1j\u00e1rul a norm\u00e1l csontozat \u00e9s fogazat fenntart\u00e1s\u00e1hoz, t\u00e1mogatja az izmok norm\u00e1l m\u0171k\u00f6d\u00e9s\u00e9t, a norm\u00e1l v\u00e9ralvad\u00e1st, valamint szerepet j\u00e1tszik a norm\u00e1l inger\u00fclet\u00e1tvitelben, az energiatermel\u0151 anyagcsere-folyamatokban \u00e9s a sejtoszt\u00f3d\u00e1sban is.\" \/>\n<meta property=\"og:url\" content=\"https:\/\/herbalkincsei.hu\/index.php\/termek\/szerves-kalcium-komplex-kapszula-60-db\/\" \/>\n<meta property=\"og:site_name\" content=\"Herb\u00e1lkincsei\" \/>\n<meta property=\"article:modified_time\" content=\"2025-11-24T19:37:05+00:00\" \/>\n<meta property=\"og:image\" content=\"https:\/\/herbalkincsei.hu\/wp-content\/uploads\/2025\/09\/0209202568b6cd4634e13.jpeg?wsr\" \/>\n\t<meta property=\"og:image:width\" content=\"800\" \/>\n\t<meta property=\"og:image:height\" content=\"960\" \/>\n\t<meta property=\"og:image:type\" content=\"image\/jpeg\" \/>\n<meta name=\"twitter:card\" content=\"summary_large_image\" \/>\n<meta name=\"twitter:label1\" content=\"Becs\u00fclt olvas\u00e1si id\u0151\" \/>\n\t<meta name=\"twitter:data1\" content=\"7 perc\" \/>\n<script type=\"application\/ld+json\" class=\"yoast-schema-graph\">{\"@context\":\"https:\\\/\\\/schema.org\",\"@graph\":[{\"@type\":\"WebPage\",\"@id\":\"https:\\\/\\\/herbalkincsei.hu\\\/index.php\\\/termek\\\/szerves-kalcium-komplex-kapszula-60-db\\\/\",\"url\":\"https:\\\/\\\/herbalkincsei.hu\\\/index.php\\\/termek\\\/szerves-kalcium-komplex-kapszula-60-db\\\/\",\"name\":\"Szerves Kalcium Komplex kapszula 60 db - Herb\u00e1lkincsei\",\"isPartOf\":{\"@id\":\"https:\\\/\\\/herbalkincsei.hu\\\/#website\"},\"primaryImageOfPage\":{\"@id\":\"https:\\\/\\\/herbalkincsei.hu\\\/index.php\\\/termek\\\/szerves-kalcium-komplex-kapszula-60-db\\\/#primaryimage\"},\"image\":{\"@id\":\"https:\\\/\\\/herbalkincsei.hu\\\/index.php\\\/termek\\\/szerves-kalcium-komplex-kapszula-60-db\\\/#primaryimage\"},\"thumbnailUrl\":\"https:\\\/\\\/herbalkincsei.hu\\\/wp-content\\\/uploads\\\/2025\\\/09\\\/0209202568b6cd4634e13.jpeg?wsr\",\"datePublished\":\"2025-09-02T10:56:06+00:00\",\"dateModified\":\"2025-11-24T19:37:05+00:00\",\"description\":\"A kalcium hozz\u00e1j\u00e1rul a norm\u00e1l csontozat \u00e9s fogazat fenntart\u00e1s\u00e1hoz, t\u00e1mogatja az izmok norm\u00e1l m\u0171k\u00f6d\u00e9s\u00e9t, a norm\u00e1l v\u00e9ralvad\u00e1st, valamint szerepet j\u00e1tszik a norm\u00e1l inger\u00fclet\u00e1tvitelben, az energiatermel\u0151 anyagcsere-folyamatokban \u00e9s a sejtoszt\u00f3d\u00e1sban is.\",\"breadcrumb\":{\"@id\":\"https:\\\/\\\/herbalkincsei.hu\\\/index.php\\\/termek\\\/szerves-kalcium-komplex-kapszula-60-db\\\/#breadcrumb\"},\"inLanguage\":\"hu\",\"potentialAction\":[{\"@type\":\"ReadAction\",\"target\":[\"https:\\\/\\\/herbalkincsei.hu\\\/index.php\\\/termek\\\/szerves-kalcium-komplex-kapszula-60-db\\\/\"]}]},{\"@type\":\"ImageObject\",\"inLanguage\":\"hu\",\"@id\":\"https:\\\/\\\/herbalkincsei.hu\\\/index.php\\\/termek\\\/szerves-kalcium-komplex-kapszula-60-db\\\/#primaryimage\",\"url\":\"https:\\\/\\\/herbalkincsei.hu\\\/wp-content\\\/uploads\\\/2025\\\/09\\\/0209202568b6cd4634e13.jpeg?wsr\",\"contentUrl\":\"https:\\\/\\\/herbalkincsei.hu\\\/wp-content\\\/uploads\\\/2025\\\/09\\\/0209202568b6cd4634e13.jpeg?wsr\",\"width\":800,\"height\":960},{\"@type\":\"BreadcrumbList\",\"@id\":\"https:\\\/\\\/herbalkincsei.hu\\\/index.php\\\/termek\\\/szerves-kalcium-komplex-kapszula-60-db\\\/#breadcrumb\",\"itemListElement\":[{\"@type\":\"ListItem\",\"position\":1,\"name\":\"Kezd\u0151lap\",\"item\":\"https:\\\/\\\/herbalkincsei.hu\\\/\"},{\"@type\":\"ListItem\",\"position\":2,\"name\":\"\u00dczlet\",\"item\":\"https:\\\/\\\/herbalkincsei.hu\\\/index.php\\\/uzlet\\\/\"},{\"@type\":\"ListItem\",\"position\":3,\"name\":\"Szerves Kalcium Komplex kapszula 60 db\"}]},{\"@type\":\"WebSite\",\"@id\":\"https:\\\/\\\/herbalkincsei.hu\\\/#website\",\"url\":\"https:\\\/\\\/herbalkincsei.hu\\\/\",\"name\":\"herbalkincsei.hu\",\"description\":\"Ahol az eg\u00e9szs\u00e9g a c\u00e9l.\",\"publisher\":{\"@id\":\"https:\\\/\\\/herbalkincsei.hu\\\/#organization\"},\"potentialAction\":[{\"@type\":\"SearchAction\",\"target\":{\"@type\":\"EntryPoint\",\"urlTemplate\":\"https:\\\/\\\/herbalkincsei.hu\\\/?s={search_term_string}\"},\"query-input\":{\"@type\":\"PropertyValueSpecification\",\"valueRequired\":true,\"valueName\":\"search_term_string\"}}],\"inLanguage\":\"hu\"},{\"@type\":\"Organization\",\"@id\":\"https:\\\/\\\/herbalkincsei.hu\\\/#organization\",\"name\":\"Herb\u00e1lkincsei\",\"url\":\"https:\\\/\\\/herbalkincsei.hu\\\/\",\"logo\":{\"@type\":\"ImageObject\",\"inLanguage\":\"hu\",\"@id\":\"https:\\\/\\\/herbalkincsei.hu\\\/#\\\/schema\\\/logo\\\/image\\\/\",\"url\":\"https:\\\/\\\/herbalkincsei.hu\\\/wp-content\\\/uploads\\\/2024\\\/02\\\/cropped-Green-Leaf-Aromatherapy-Logo-400-\u00d7-135-keppont.png?wsr\",\"contentUrl\":\"https:\\\/\\\/herbalkincsei.hu\\\/wp-content\\\/uploads\\\/2024\\\/02\\\/cropped-Green-Leaf-Aromatherapy-Logo-400-\u00d7-135-keppont.png?wsr\",\"width\":400,\"height\":135,\"caption\":\"Herb\u00e1lkincsei\"},\"image\":{\"@id\":\"https:\\\/\\\/herbalkincsei.hu\\\/#\\\/schema\\\/logo\\\/image\\\/\"}}]}<\/script>\n<!-- \/ Yoast SEO plugin. -->","yoast_head_json":{"title":"Szerves Kalcium Komplex kapszula 60 db - Herb\u00e1lkincsei","description":"A kalcium hozz\u00e1j\u00e1rul a norm\u00e1l csontozat \u00e9s fogazat fenntart\u00e1s\u00e1hoz, t\u00e1mogatja az izmok norm\u00e1l m\u0171k\u00f6d\u00e9s\u00e9t, a norm\u00e1l v\u00e9ralvad\u00e1st, valamint szerepet j\u00e1tszik a norm\u00e1l inger\u00fclet\u00e1tvitelben, az energiatermel\u0151 anyagcsere-folyamatokban \u00e9s a sejtoszt\u00f3d\u00e1sban is.","robots":{"index":"index","follow":"follow","max-snippet":"max-snippet:-1","max-image-preview":"max-image-preview:large","max-video-preview":"max-video-preview:-1"},"canonical":"https:\/\/herbalkincsei.hu\/index.php\/termek\/szerves-kalcium-komplex-kapszula-60-db\/","og_locale":"hu_HU","og_type":"article","og_title":"Szerves Kalcium Komplex kapszula 60 db - Herb\u00e1lkincsei","og_description":"A kalcium hozz\u00e1j\u00e1rul a norm\u00e1l csontozat \u00e9s fogazat fenntart\u00e1s\u00e1hoz, t\u00e1mogatja az izmok norm\u00e1l m\u0171k\u00f6d\u00e9s\u00e9t, a norm\u00e1l v\u00e9ralvad\u00e1st, valamint szerepet j\u00e1tszik a norm\u00e1l inger\u00fclet\u00e1tvitelben, az energiatermel\u0151 anyagcsere-folyamatokban \u00e9s a sejtoszt\u00f3d\u00e1sban is.","og_url":"https:\/\/herbalkincsei.hu\/index.php\/termek\/szerves-kalcium-komplex-kapszula-60-db\/","og_site_name":"Herb\u00e1lkincsei","article_modified_time":"2025-11-24T19:37:05+00:00","og_image":[{"width":800,"height":960,"url":"https:\/\/herbalkincsei.hu\/wp-content\/uploads\/2025\/09\/0209202568b6cd4634e13.jpeg?wsr","type":"image\/jpeg"}],"twitter_card":"summary_large_image","twitter_misc":{"Becs\u00fclt olvas\u00e1si id\u0151":"7 perc"},"schema":{"@context":"https:\/\/schema.org","@graph":[{"@type":"WebPage","@id":"https:\/\/herbalkincsei.hu\/index.php\/termek\/szerves-kalcium-komplex-kapszula-60-db\/","url":"https:\/\/herbalkincsei.hu\/index.php\/termek\/szerves-kalcium-komplex-kapszula-60-db\/","name":"Szerves Kalcium Komplex kapszula 60 db - Herb\u00e1lkincsei","isPartOf":{"@id":"https:\/\/herbalkincsei.hu\/#website"},"primaryImageOfPage":{"@id":"https:\/\/herbalkincsei.hu\/index.php\/termek\/szerves-kalcium-komplex-kapszula-60-db\/#primaryimage"},"image":{"@id":"https:\/\/herbalkincsei.hu\/index.php\/termek\/szerves-kalcium-komplex-kapszula-60-db\/#primaryimage"},"thumbnailUrl":"https:\/\/herbalkincsei.hu\/wp-content\/uploads\/2025\/09\/0209202568b6cd4634e13.jpeg?wsr","datePublished":"2025-09-02T10:56:06+00:00","dateModified":"2025-11-24T19:37:05+00:00","description":"A kalcium hozz\u00e1j\u00e1rul a norm\u00e1l csontozat \u00e9s fogazat fenntart\u00e1s\u00e1hoz, t\u00e1mogatja az izmok norm\u00e1l m\u0171k\u00f6d\u00e9s\u00e9t, a norm\u00e1l v\u00e9ralvad\u00e1st, valamint szerepet j\u00e1tszik a norm\u00e1l inger\u00fclet\u00e1tvitelben, az energiatermel\u0151 anyagcsere-folyamatokban \u00e9s a sejtoszt\u00f3d\u00e1sban is.","breadcrumb":{"@id":"https:\/\/herbalkincsei.hu\/index.php\/termek\/szerves-kalcium-komplex-kapszula-60-db\/#breadcrumb"},"inLanguage":"hu","potentialAction":[{"@type":"ReadAction","target":["https:\/\/herbalkincsei.hu\/index.php\/termek\/szerves-kalcium-komplex-kapszula-60-db\/"]}]},{"@type":"ImageObject","inLanguage":"hu","@id":"https:\/\/herbalkincsei.hu\/index.php\/termek\/szerves-kalcium-komplex-kapszula-60-db\/#primaryimage","url":"https:\/\/herbalkincsei.hu\/wp-content\/uploads\/2025\/09\/0209202568b6cd4634e13.jpeg?wsr","contentUrl":"https:\/\/herbalkincsei.hu\/wp-content\/uploads\/2025\/09\/0209202568b6cd4634e13.jpeg?wsr","width":800,"height":960},{"@type":"BreadcrumbList","@id":"https:\/\/herbalkincsei.hu\/index.php\/termek\/szerves-kalcium-komplex-kapszula-60-db\/#breadcrumb","itemListElement":[{"@type":"ListItem","position":1,"name":"Kezd\u0151lap","item":"https:\/\/herbalkincsei.hu\/"},{"@type":"ListItem","position":2,"name":"\u00dczlet","item":"https:\/\/herbalkincsei.hu\/index.php\/uzlet\/"},{"@type":"ListItem","position":3,"name":"Szerves Kalcium Komplex kapszula 60 db"}]},{"@type":"WebSite","@id":"https:\/\/herbalkincsei.hu\/#website","url":"https:\/\/herbalkincsei.hu\/","name":"herbalkincsei.hu","description":"Ahol az eg\u00e9szs\u00e9g a c\u00e9l.","publisher":{"@id":"https:\/\/herbalkincsei.hu\/#organization"},"potentialAction":[{"@type":"SearchAction","target":{"@type":"EntryPoint","urlTemplate":"https:\/\/herbalkincsei.hu\/?s={search_term_string}"},"query-input":{"@type":"PropertyValueSpecification","valueRequired":true,"valueName":"search_term_string"}}],"inLanguage":"hu"},{"@type":"Organization","@id":"https:\/\/herbalkincsei.hu\/#organization","name":"Herb\u00e1lkincsei","url":"https:\/\/herbalkincsei.hu\/","logo":{"@type":"ImageObject","inLanguage":"hu","@id":"https:\/\/herbalkincsei.hu\/#\/schema\/logo\/image\/","url":"https:\/\/herbalkincsei.hu\/wp-content\/uploads\/2024\/02\/cropped-Green-Leaf-Aromatherapy-Logo-400-\u00d7-135-keppont.png?wsr","contentUrl":"https:\/\/herbalkincsei.hu\/wp-content\/uploads\/2024\/02\/cropped-Green-Leaf-Aromatherapy-Logo-400-\u00d7-135-keppont.png?wsr","width":400,"height":135,"caption":"Herb\u00e1lkincsei"},"image":{"@id":"https:\/\/herbalkincsei.hu\/#\/schema\/logo\/image\/"}}]}},"_links":{"self":[{"href":"https:\/\/herbalkincsei.hu\/index.php\/wp-json\/wp\/v2\/product\/1597","targetHints":{"allow":["GET"]}}],"collection":[{"href":"https:\/\/herbalkincsei.hu\/index.php\/wp-json\/wp\/v2\/product"}],"about":[{"href":"https:\/\/herbalkincsei.hu\/index.php\/wp-json\/wp\/v2\/types\/product"}],"replies":[{"embeddable":true,"href":"https:\/\/herbalkincsei.hu\/index.php\/wp-json\/wp\/v2\/comments?post=1597"}],"wp:featuredmedia":[{"embeddable":true,"href":"https:\/\/herbalkincsei.hu\/index.php\/wp-json\/wp\/v2\/media\/1596"}],"wp:attachment":[{"href":"https:\/\/herbalkincsei.hu\/index.php\/wp-json\/wp\/v2\/media?parent=1597"}],"wp:term":[{"taxonomy":"product_brand","embeddable":true,"href":"https:\/\/herbalkincsei.hu\/index.php\/wp-json\/wp\/v2\/product_brand?post=1597"},{"taxonomy":"product_cat","embeddable":true,"href":"https:\/\/herbalkincsei.hu\/index.php\/wp-json\/wp\/v2\/product_cat?post=1597"},{"taxonomy":"product_tag","embeddable":true,"href":"https:\/\/herbalkincsei.hu\/index.php\/wp-json\/wp\/v2\/product_tag?post=1597"}],"curies":[{"name":"wp","href":"https:\/\/api.w.org\/{rel}","templated":true}]}}