{"id":1591,"date":"2025-09-02T11:56:05","date_gmt":"2025-09-02T10:56:05","guid":{"rendered":"https:\/\/herbalkincsei.hu\/?post_type=product&#038;p=1591"},"modified":"2025-11-25T17:15:18","modified_gmt":"2025-11-25T16:15:18","slug":"karnitin-komplex-tabletta-60-db","status":"publish","type":"product","link":"https:\/\/herbalkincsei.hu\/index.php\/termek\/karnitin-komplex-tabletta-60-db\/","title":{"rendered":"Karnitin Komplex tabletta 60 db"},"content":{"rendered":"<h2><strong><span class=\"bluetxt\">CARNITIN COMPLEX tabletta rendszeres testmozg\u00e1s eset\u00e9n \u00e9s az eg\u00e9szs\u00e9ges t\u00e1pl\u00e1lkoz\u00e1s kieg\u00e9sz\u00edt\u00e9sek\u00e9nt!<\/span><\/strong><\/h2>\n<p>Az L-karnitin egy lizinb\u0151l, illetve metioninb\u00f3l \u00e1ll\u00f3 aminosav, melynek els\u0151sorban a szervezet energiatermel\u00e9s\u00e9ben \u00e9s a zs\u00edranyagcser\u00e9j\u00e9ben van szerepe. A teljes test karnitin mennyis\u00e9g\u00e9nek k\u00f6r\u00fclbel\u00fcl <a href=\"https:\/\/pubmed.ncbi.nlm.nih.gov\/31906370\/\">95%-a a sz\u00edvben<\/a> \u00e9s a v\u00e1zizmokban t\u00e1rol\u00f3dik, a fennmarad\u00f3 r\u00e9sz nagy r\u00e9sze pedig a m\u00e1jban \u00e9s a ves\u00e9kben tal\u00e1lhat\u00f3. (A kering\u0151 plazm\u00e1ban alig 0,5% koncentr\u00e1l\u00f3dik, a szervezet sz\u00e1m\u00e1ra felesleges plazmakarnitin pedig a vizelettel \u00fcr\u00fcl.)<\/p>\n<p>A karnitin keletkez\u00e9s\u00e9nek felt\u00e9tele a szervezetben optim\u00e1lis mennyis\u00e9gben jelenl\u00e9v\u0151 C-vitamin. Ha ez rendelkez\u00e9sre \u00e1ll, az L-karnitint test\u00fcnk term\u00e9szetes m\u00f3don is el\u0151\u00e1ll\u00edtja, hiszen az agyban, a m\u00e1jban \u00e9s a ves\u00e9kben is termel\u0151dik. Sportol\u00f3k, akt\u00edv \u00e9letet \u00e9l\u0151k, valamint sz\u00edv- \u00e9s \u00e9rrendszeri betegek, illetve veget\u00e1ri\u00e1nus \u00e9s veg\u00e1n \u00e9letm\u00f3dot folytat\u00f3k eset\u00e9ben azonban a p\u00f3tl\u00e1s ak\u00e1r kulcsfontoss\u00e1g\u00fa is lehet.<\/p>\n<p>&nbsp;<\/p>\n<h3><strong>Hogyan m\u0171k\u00f6dik az L-karnitin?<\/strong><\/h3>\n<p>A <a href=\"https:\/\/pubmed.ncbi.nlm.nih.gov\/16374652\/\">karnitin<\/a> kritikus szerepet j\u00e1tszik az energiatermel\u00e9sben, mivel egy esszenci\u00e1lis kofaktor, amely seg\u00edt a hossz\u00fa l\u00e1nc\u00fa zs\u00edrsavak mitokondriumba t\u00f6rt\u00e9n\u0151 sz\u00e1ll\u00edt\u00e1s\u00e1ban, hogy azok oxid\u00e1l\u00f3dhassanak \u00e9s adenozin-trifoszf\u00e1t (ATP) form\u00e1j\u00e1ban energi\u00e1t termelhessenek. Emellett a karnitin seg\u00edt n\u00e9h\u00e1ny m\u00e9rgez\u0151 vegy\u00fclet mitokondriumb\u00f3l t\u00f6rt\u00e9n\u0151 kiv\u00e1laszt\u00e1s\u00e1ban is.<\/p>\n<p>H\u00e1rom fajt\u00e1ja ismert:<\/p>\n<ul>\n<li><strong>acetil-L-karnitin<\/strong>, mely az agy eg\u00e9szs\u00e9g\u00e9nek \u00e9s m\u0171k\u00f6d\u00e9s\u00e9nek t\u00e1mogat\u00e1s\u00e1ra alkalmas legink\u00e1bb.<\/li>\n<li><strong>L-karnitin-L-tartar\u00e1t,<\/strong> mely forma a sportteljes\u00edtm\u00e9ny jav\u00edt\u00e1s\u00e1ban a leghat\u00e9konyabb.<\/li>\n<li><strong>propionil-L-karnitin<\/strong>, mely legink\u00e1bb seg\u00edt jav\u00edtani a v\u00e9r\u00e1raml\u00e1st magas v\u00e9rnyom\u00e1sban vagy kapcsol\u00f3d\u00f3 eg\u00e9szs\u00e9g\u00fcgyi probl\u00e9m\u00e1kban szenved\u0151kn\u00e9l.<\/li>\n<\/ul>\n<p>&nbsp;<\/p>\n<p>Mint l\u00e1that\u00f3, a karnitinhi\u00e1ny val\u00f3s eg\u00e9szs\u00e9g\u00fcgyi kock\u00e1zatokkal j\u00e1rhat. K\u00e9t t\u00edpusa ismert: az \u00fan. els\u0151dleges \u00e9s a m\u00e1sodlagos karnitinhi\u00e1ny. Az <a href=\"https:\/\/medlineplus.gov\/genetics\/condition\/primary-carnitine-deficiency\/\">els\u0151dleges hi\u00e1ny<\/a> a sejtek karnitin-transzporter rendszer\u00e9nek genetikai rendelleness\u00e9ge, amely a sejtekben karnitinhi\u00e1nyt okoz. A betegs\u00e9g megl\u00e9t\u00e9re \u00e1ltal\u00e1ban csecsem\u0151korban vagy kisgyermekkorban der\u00fclt f\u00e9ny, a hi\u00e1ny\u00e1llapot csecsem\u0151kn\u00e9l ugyanis epilepszi\u00e1t \u00e9s encephalopathi\u00e1t, serd\u00fcl\u0151kn\u00e9l \u00e9s fiatal feln\u0151ttekn\u00e9l g\u00f6rcs\u00f6ket, szab\u00e1lytalan sz\u00edvritmust \u00e9s l\u00e9gz\u00e9si probl\u00e9m\u00e1kat, id\u0151sekn\u00e9l pedig myopathi\u00e1t, rhabdomyolysis-t, cardiomyopathi\u00e1t vagy ak\u00e1r hirtelen hal\u00e1lt is okozhat. B\u00e1r egyes els\u0151dleges karnitinhi\u00e1nyban szenved\u0151 egy\u00e9nek nem mutatnak t\u00fcneteket, minden \u00e9rintett beteg eset\u00e9ben fokozott a sz\u00edvel\u00e9gtelens\u00e9g, a m\u00e1jbetegs\u00e9gek \u00e9s a k\u00f3ma kock\u00e1zata.<\/p>\n<p>A <a href=\"https:\/\/pubmed.ncbi.nlm.nih.gov\/15591002\/\">m\u00e1sodlagos hi\u00e1ny<\/a> ezzel szemben bizonyos rendelleness\u00e9gek (pl. kr\u00f3nikus veseel\u00e9gtelens\u00e9g) k\u00f6vetkezt\u00e9ben alakul ki, melynek hat\u00e1s\u00e1ra cs\u00f6kken az endog\u00e9n karnitinszint\u00e9zis vagy megn\u00f6vekszik annak kiv\u00e1laszt\u00e1sa. (Hasonl\u00f3 helyzet \u00e1llhat el\u0151 pival\u00e1t-tartalm\u00fa gy\u00f3gyszerek szed\u00e9sekor, mely esetben a karnitin-kontroll az ell\u00e1t\u00e1s r\u00e9sze.)<\/p>\n<p>&nbsp;<\/p>\n<h3><strong>Az L-karnitin seg\u00edt a fogy\u00e1sban<\/strong><\/h3>\n<p>Mivel az L-karnitin seg\u00edt t\u00f6bb zs\u00edrsavat juttatni a sejtekbe, melynek k\u00f6vetkezt\u00e9ben a zs\u00edrsejtek energi\u00e1v\u00e1 alakulnak, ez\u00e9rt gyakran javasolj\u00e1k az \u00e9trend-kieg\u00e9sz\u00edt\u0151t a tests\u00falykontroll t\u00e1mogat\u00e1s\u00e1ra. A kutat\u00e1si eredm\u00e9nyek biztat\u00f3ak, hiszen<\/p>\n<ul>\n<li>egy randomiz\u00e1lt <a href=\"https:\/\/pubmed.ncbi.nlm.nih.gov\/20683173\/\">klinikai vizsg\u00e1lat<\/a>ban, melyben 258, 47\u201359 \u00e9ves, nem kontroll\u00e1lt 2-es t\u00edpus\u00fa cukorbetegs\u00e9gben szenved\u0151 feln\u0151tt vett r\u00e9szt, azok a r\u00e9sztvev\u0151k, akik 1 \u00e9ven \u00e1t napi 2 g L-karnitint \u00e9s orlistat (360 mg\/nap) v\u00e9nyk\u00f6teles gy\u00f3gyszert szedtek, t\u00f6bb s\u00falyt (11,3 kg) vesztettek, mint azok, akik csak orlistatot szedtek (9,5 kg).<\/li>\n<li>egy 2016-os <a href=\"https:\/\/pubmed.ncbi.nlm.nih.gov\/12867219\/\">\u00e1ttekint\u0151 vizsg\u00e1lat<\/a> kilenc olyan feln\u0151ttekkel v\u00e9gzett randomiz\u00e1lt klinikai vizsg\u00e1lat eredm\u00e9nyeit hasonl\u00edtotta \u00f6ssze, melyeknek t\u00e1rgya a karnitin \u00e9s a tests\u00falycs\u00f6kkent\u00e9s k\u00f6z\u00f6tti \u00f6sszef\u00fcgg\u00e9sek elemz\u00e9se volt. A kutat\u00f3k \u00fagy tal\u00e1lt\u00e1k, hogy azok, akik a karnitin-kieg\u00e9sz\u00edt\u00e9st szed\u0151 vizsg\u00e1lati csoportba ker\u00fcltek, \u00e1tlagosan 1,33 kg-mal t\u00f6bbet fogytak, mint a placeb\u00f3t szed\u0151k, f\u00fcggetlen\u00fcl a vizsg\u00e1lat id\u0151tartam\u00e1t\u00f3l vagy az L-karnitin d\u00f3zis\u00e1t\u00f3l.<\/li>\n<li>egy m\u00e1sik, 2020-ban, harminch\u00e9t k\u00fcl\u00f6nf\u00e9le vizsg\u00e1lat \u00e1ttekint\u00e9s\u00e9vel j\u00e1r\u00f3 <a href=\"https:\/\/pubmed.ncbi.nlm.nih.gov\/32359762\/\">kutat\u00e1s<\/a> meg\u00e1llap\u00edtotta, hogy az L-karnitin-kieg\u00e9sz\u00edt\u00e9s jelent\u0151sen cs\u00f6kkentette a testt\u00f6meget, a testt\u00f6meg-indexet (BMI) \u00e9s a zs\u00edrsz\u00f6vetet.<\/li>\n<\/ul>\n<p>Fontos azonban kiemelni, hogy a legt\u00f6bb kutat\u00e1s hangs\u00falyozza: az L-karnitin alkalmaz\u00e1s\u00e1ra ide\u00e1lis esetben \u00e9trend- \u00e9s \u00e9letm\u00f3dv\u00e1lt\u00e1s mellett, megfontoltan ker\u00fcl sor annak \u00e9rdek\u00e9ben, hogy a fogy\u00e1s val\u00f3ban meginduljon, a tests\u00faly pedig fennmaradjon.<\/p>\n<p>&nbsp;<\/p>\n<h3><strong>Az L-karnitin szerepe az inzulinrezisztencia \u00e9s a diab\u00e9tesz kezel\u00e9s\u00e9ben<\/strong><\/h3>\n<p>Az inzulinrezisztencia \u00f6sszef\u00fcgg\u00e9sbe hozhat\u00f3 a mitokondri\u00e1lis diszfunkci\u00f3val \u00e9s az izomzs\u00edrsav-oxid\u00e1ci\u00f3 zavar\u00e1val. Az L-karnitin azonban megv\u00e1ltoztatja az inzulin receptorok \u00e9s a cukoranyagcser\u00e9t szab\u00e1lyoz\u00f3 specifikus g\u00e9nek expresszi\u00f3j\u00e1t, emellett seg\u00edthet jav\u00edtani a hasny\u00e1lmirigy inzulin termel\u00e9s\u00e9rt felel\u0151s b\u00e9ta-sejtjeinek m\u0171k\u00f6d\u00e9s\u00e9t is.<\/p>\n<ul>\n<li>Egy <a href=\"https:\/\/pubmed.ncbi.nlm.nih.gov\/36704801\/\">2017-es metaanal\u00edzis<\/a> \u00f6sszesen 631 inzulinrezisztens feln\u0151tt eredm\u00e9nyeit elemezte, akik 1-12 h\u00f3napon \u00e1t napi 2 vagy 3 g L-karnitint vagy placeb\u00f3t szedtek. Az eredm\u00e9nyek egy\u00e9rtelm\u0171s\u00edtik, hogy az L-karnitin jav\u00edtotta az inzulinrezisztencia mutat\u00f3it, \u00e9s a 12 h\u00f3napos kezel\u00e9s ut\u00e1n a kedvez\u0151 hat\u00e1sok meghaladt\u00e1k a 3 h\u00f3napos kezel\u00e9s ut\u00e1n tapasztaltakat.<\/li>\n<li>Egy <a href=\"https:\/\/pmc.ncbi.nlm.nih.gov\/articles\/PMC9871499\/\">2023-as \u00e1ttekint\u0151 vizsg\u00e1lat<\/a> arra a k\u00f6vetkeztet\u00e9sre jutott, hogy az L-karnitin-kieg\u00e9sz\u00edt\u00e9s cs\u00f6kkentheti az \u00e9hgyomri v\u00e9rcukorszintet \u00e9s a hemoglobin A1c (HbA1c) szintet, mik\u00f6zben jav\u00edtja az inzulin\u00e9rz\u00e9kenys\u00e9get cukorbetegek, t\u00fals\u00falyosak \u00e9s elh\u00edzottak eset\u00e9ben.<\/li>\n<\/ul>\n<p>&nbsp;<\/p>\n<h3><strong>Demencia \u00e9s Alzheimer: van-e es\u00e9ly a javul\u00e1sra?<\/strong><\/h3>\n<p>Mivel a karnitin <a href=\"https:\/\/pubmed.ncbi.nlm.nih.gov\/28508995\/\">felt\u00e9telesen esszenci\u00e1lis lehet<\/a> Alzheimer-k\u00f3rban szenved\u0151 beteg eset\u00e9ben &#8211; hiszen t\u00e1mogathatja az acetilkolin szint\u00e9zis\u00e9t \u00e9s seg\u00edthet elt\u00e1vol\u00edtani a toxikus vegy\u00fcleteket, enyh\u00edtve az agyi strukt\u00far\u00e1k kiterjedt degener\u00e1ci\u00f3j\u00e1val j\u00e1r\u00f3 mitokondri\u00e1lis diszfunkci\u00f3t -, a karnitin demenciakezel\u00e9sben bet\u00f6lt\u00f6tt potenci\u00e1lis szerepe r\u00e9g\u00f3ta foglalkoztatja a kutat\u00f3kat.<\/p>\n<ul>\n<li>Egy <a href=\"https:\/\/pmc.ncbi.nlm.nih.gov\/articles\/PMC6427993\/\">2018-as tanulm\u00e1ny<\/a> szerint 1500 milligramm (mg) ALCAR &#8211; azaz acetil-L-karnitin &#8211; napi szed\u00e9se 28 h\u00e9ten kereszt\u00fcl jelent\u0151sen jav\u00edtotta az demenci\u00e1ban szenved\u0151 emberek agym\u0171k\u00f6d\u00e9s\u00e9t.<\/li>\n<li>Egy m\u00e1sik, 2003-as, 21 klinikai vizsg\u00e1latot \u00f6sszefoglal\u00f3 <a href=\"https:\/\/pubmed.ncbi.nlm.nih.gov\/12598816\/\">metaanal\u00edzis<\/a>ben \u00f6sszesen 1204 enyhe kognit\u00edv zavarral \u00e9l\u0151, vagy enyhe Alzheimer-k\u00f3rban szenved\u0151 feln\u0151tt vett r\u00e9szt, akik 3\u201312 h\u00f3napig 1,5\u20133,0 g\/nap acetil-L-karnitint tartalmaz\u00f3 kieg\u00e9sz\u00edt\u0151ket vagy placeb\u00f3t szedtek. A vizsg\u00e1latokr\u00f3l \u00e1ltal\u00e1noss\u00e1gban elmondhat\u00f3, hogy a kutat\u00e1si peri\u00f3dus v\u00e9g\u00e9n az alanyok klinikai \u00e9s pszichometriai \u00e9rt\u00e9kel\u00e9s\u00e9nek eredm\u00e9nyei jobbak voltak, \u00e9s a klinikusok \u00e1ltal meg\u00e1llap\u00edtott javul\u00e1s nagyobb volt a kieg\u00e9sz\u00edt\u0151t szed\u0151 csoportban, mint a placebo csoportban.<\/li>\n<li><a href=\"https:\/\/pubmed.ncbi.nlm.nih.gov\/12804452\/\">M\u00e1s kutat\u00e1sok<\/a> arra is r\u00e1mutatnak, hogy az L-karnitin k\u00faraszer\u0171, 4-6 h\u00f3napon \u00e1t t\u00f6rt\u00e9n\u0151 szed\u00e9se hozz\u00e1j\u00e1rul a hat\u00e1smaximaliz\u00e1l\u00e1shoz \u00e9s kedvez\u0151en befoly\u00e1solja a kognit\u00edv k\u00e9pess\u00e9gek \u00e1llapot\u00e1t.<\/li>\n<\/ul>\n<p>&nbsp;<\/p>\n<h3><strong>Az L-karnitin szerepe a kardiovaszkul\u00e1ris eg\u00e9szs\u00e9g fenntart\u00e1s\u00e1ban<\/strong><\/h3>\n<p>Mivel a karnitin <a href=\"https:\/\/pubmed.ncbi.nlm.nih.gov\/23597877\/\">szerepet j\u00e1tszik<\/a> a hossz\u00fa l\u00e1nc\u00fa zs\u00edrsavak sz\u00e1ll\u00edt\u00e1s\u00e1ban a sz\u00edvizom mitokondrium\u00e1ban, ahol azok oxid\u00e1ci\u00f3 \u00fatj\u00e1n energi\u00e1v\u00e1 alakulnak, illetve az L-karnitin r\u00e9szt vesz az oxidat\u00edv stressz m\u00e9rs\u00e9kl\u00e9s\u00e9ben, illetve cs\u00f6kkentheti a gyullad\u00e1s markereit, ez az aminosav r\u00e9g\u00f3ta a kutat\u00f3k figyelm\u00e9nek k\u00f6z\u00e9ppontj\u00e1ban \u00e1ll. Az eredm\u00e9nyek kedvez\u0151ek, hiszen<\/p>\n<ul>\n<li>egy 13 klinikai vizsg\u00e1latb\u00f3l \u00e1ll\u00f3 metaanal\u00edzisben \u00f6sszesen 3629 akut miokardi\u00e1lis infarktusban szenved\u0151 feln\u0151tt vett r\u00e9szt, akik L-karnitint (2,7 g\/nap 5 napig vagy 6 g\/nap 12 h\u00f3napig) vagy placeb\u00f3t kaptak kezel\u00e9s\u00fck sor\u00e1n. A <a href=\"https:\/\/pubmed.ncbi.nlm.nih.gov\/30997120\/\">tanulm\u00e1ny <\/a>meg\u00e1llap\u00edtotta, hogy az L-karnitinnel t\u00e1mogatott betegek eset\u00e9ben jelent\u0151sen cs\u00f6kkent a hal\u00e1loz\u00e1s, a kamrai aritmi\u00e1k \u00e9s az \u00fajonnan kialakul\u00f3 angina gyakoris\u00e1ga. (Ugyanakkor a sz\u00edvel\u00e9gtelens\u00e9g vagy a miokardi\u00e1lis reinfarktus kock\u00e1zata nem m\u00e9rs\u00e9kl\u0151d\u00f6tt.)<\/li>\n<li>egy m\u00e1sik, 17 klinikai vizsg\u00e1latot \u00e9s \u00f6sszesen 1625 kr\u00f3nikus sz\u00edvel\u00e9gtelens\u00e9gben szenved\u0151 feln\u0151ttet vizsg\u00e1l\u00f3 <a href=\"https:\/\/pubmed.ncbi.nlm.nih.gov\/28497060\/\">metaanal\u00edzis<\/a> meg\u00e1llap\u00edtotta, hogy 1 g\/nap \u00e9s 6 g\/nap k\u00f6z\u00f6tti L-karnitin-kieg\u00e9sz\u00edt\u00e9s 7 napos \u00e9s 3 \u00e9ves kezel\u00e9s sor\u00e1n 4,14%-kal jav\u00edtja a bal kamrai ejekci\u00f3s frakci\u00f3t, 8,21 ml-rel jav\u00edtja a stroke volument \u00e9s 0,88 l\/min-rel jav\u00edtja a sz\u00edv teljes\u00edtm\u00e9ny\u00e9t a hagyom\u00e1nyos kezel\u00e9sekhez k\u00e9pest.<\/li>\n<li>egy 2017-es <a href=\"https:\/\/pmc.ncbi.nlm.nih.gov\/articles\/PMC5406747\/\">elemz\u00e9s<\/a> r\u00e1mutatott, hogy az L-karnitin jav\u00edthatja a sz\u00edv m\u0171k\u00f6d\u00e9s\u00e9t \u00e9s cs\u00f6kkentheti a pang\u00e1sos sz\u00edvel\u00e9gtelens\u00e9gben szenved\u0151 betegek t\u00fcneteinek erej\u00e9t.<\/li>\n<li>egy 2019-es <a href=\"https:\/\/pubmed.ncbi.nlm.nih.gov\/31481697\/\">vizsg\u00e1lat<\/a> meg\u00e1llap\u00edtotta, hogy az L-karnitin jelent\u0151sen cs\u00f6kkentette a diasztol\u00e9s v\u00e9rnyom\u00e1st, k\u00fcl\u00f6n\u00f6sen t\u00fals\u00falyos \u00e9s elh\u00edzott emberekn\u00e9l. Egy m\u00e1sik ez \u00e9vben k\u00e9sz\u00fclt <a href=\"https:\/\/pubmed.ncbi.nlm.nih.gov\/30850271\/\">kutat\u00e1s<\/a> pedig r\u00e1mutatott, hogy az L-karnitin cs\u00f6kkentheti a teljes \u00e9s az LDL (rossz) koleszterinszintet, mik\u00f6zben n\u00f6veli a HDL (j\u00f3) koleszterinszintet a sz\u00edvbetegs\u00e9gre hajlamos emberekn\u00e9l.<\/li>\n<\/ul>\n<p>&nbsp;<\/p>\n<p>Fontos tudnival\u00f3: Egyes k\u00f3rk\u00e9pek \u00e9s speci\u00e1lis kezel\u00e9s\u00fck eset\u00e9n az L-karnitin alkalmaz\u00e1sa a k\u00e9miai \u00f6sszhat\u00e1s miatt k\u00fcl\u00f6n\u00f6s figyelmet ig\u00e9nyel, \u00edgy sz\u00edv- \u00e9s \u00e9rrendszeri megbeteged\u00e9s, kering\u00e9si rendelleness\u00e9g eset\u00e9n a szakorvossal, gy\u00f3gyszer\u00e9sszel t\u00f6rt\u00e9n\u0151 egyeztet\u00e9s kulcsfontoss\u00e1g\u00fa a kezel\u00e9s \u00e9s az L-karnitin alkalmaz\u00e1sa, illetve a beteg eg\u00e9szs\u00e9ge \u00e9rdek\u00e9ben.<\/p>\n<p>&nbsp;<\/p>\n<h3><strong>Sportteljes\u00edtm\u00e9ny-fokoz\u00e1s L-karnitinnel<\/strong><\/h3>\n<p>A rendszeres sportol\u00e1ssal j\u00e1r\u00f3 extr\u00e9m fizikai megterhel\u00e9s hat\u00e1sainak ellent\u00e9telez\u00e9s\u00e9re fontos a k\u00f6r\u00fcltekint\u0151 \u00e9trend \u00e9s az \u00e1tgondolt t\u00e1panyag- \u00e9s aminosav p\u00f3tl\u00e1s. Mivel a karnitin seg\u00edt meg\u0151rizni az izom glikog\u00e9nj\u00e9t \u00e9s el\u0151seg\u00edti a zs\u00edr oxid\u00e1ci\u00f3j\u00e1t, ezenk\u00edv\u00fcl megk\u00edm\u00e9li az aminosavakat az edz\u00e9s sor\u00e1n energiaforr\u00e1sk\u00e9nt val\u00f3 felhaszn\u00e1l\u00e1st\u00f3l, ez\u00e1ltal azok potenci\u00e1lisan rendelkez\u00e9sre \u00e1llnak \u00faj feh\u00e9rjeszint\u00e9zishez, r\u00e1ad\u00e1sul az L-karnitin cs\u00f6kkenti a lakt\u00e1t felhalmoz\u00f3d\u00e1s\u00e1t is, az L-karnitin lehets\u00e9ges hat\u00e9konys\u00e1g\u00e1nak vizsg\u00e1lat\u00e1ra sz\u00e1mos kutat\u00e1s k\u00e9sz\u00fclt.<\/p>\n<p>Az eredm\u00e9nyek pedig biztat\u00f3ak:<\/p>\n<p>Egy <a href=\"https:\/\/pmc.ncbi.nlm.nih.gov\/articles\/PMC8704793\/\">2021-es \u00e1ttekint\u0151 tanulm\u00e1ny<\/a> szerint p\u00e9ld\u00e1ul az L-karnitin seg\u00edti:<\/p>\n<ul>\n<li>az izom regener\u00e1l\u00f3d\u00e1s\u00e1t a testmozg\u00e1st k\u00f6vet\u0151en;<\/li>\n<li>az izmok oxig\u00e9nell\u00e1t\u00e1s\u00e1nak fokoz\u00e1s\u00e1t a sporttev\u00e9kenys\u00e9g alatt, valamint<\/li>\n<li>a testmozg\u00e1s teljes\u00edtm\u00e9ny\u00e9t, az \u00e1ll\u00f3k\u00e9pess\u00e9get \u00e9s az er\u0151t.<\/li>\n<\/ul>\n<p>&nbsp;<\/p>\n<p>Egy m\u00e1sik, h\u00e1rom kutat\u00e1s \u00f6sszehasonl\u00edt\u00f3 elemz\u00e9s\u00e9vel v\u00e9gzett vizsg\u00e1latban a kutat\u00f3k egy\u00e9rtelm\u0171en r\u00e1mutattak, hogy az egyik <a href=\"https:\/\/pubmed.ncbi.nlm.nih.gov\/34513531\/\">vizsg\u00e1lat<\/a>ban a propionil-L-karnitin-kieg\u00e9sz\u00edt\u00e9st szed\u0151 r\u00e9sztvev\u0151kn\u00e9l javult a maxim\u00e1lis gyalogl\u00e1si id\u0151 (a f\u00e1jdalom elviselhetetlenn\u00e9 v\u00e1l\u00e1s\u00e1ig tart\u00f3 gyalogl\u00e1s), \u00f6nbevall\u00e1s alapj\u00e1n javult a gyalogl\u00e1si t\u00e1vols\u00e1g \u00e9s sebess\u00e9g, \u00e9s cs\u00f6kkent a f\u00e1jdalom. (A m\u00e1sik k\u00e9t vizsg\u00e1latban a propionil-L-karnitin nem mutatott el\u0151ny\u00f6s hat\u00e1st a maxim\u00e1lis gyalogl\u00e1si id\u0151re a placeb\u00f3val \u00f6sszehasonl\u00edtva.)<\/p>\n<p>Egy <a href=\"https:\/\/pubmed.ncbi.nlm.nih.gov\/29534031\/\">2018-as \u00e1ttekint\u00e9s<\/a> \u00f6sszefoglalta az L-karnitin-kieg\u00e9sz\u00edt\u00e9s hat\u00e1s\u00e1t a j\u00f3l edzett sportol\u00f3k (16\u201336 \u00e9vesek) \u00e9s a szabadid\u0151s sportot \u0171z\u0151 feln\u0151ttek (18\u201350 \u00e9vesek) edz\u00e9steljes\u00edtm\u00e9ny\u00e9re \u00e9s regener\u00e1ci\u00f3j\u00e1ra. A vizsg\u00e1latokba bevont, \u00f6sszesen 251 j\u00f3l edzett sportol\u00f3 naponta 1\u20134 gramm L-karnitint vagy placeb\u00f3t kapott napi 1-3 alkalommal, legfeljebb 6 h\u00f3napig. Az eredm\u00e9nyek egy\u00e9rtelm\u0171s\u00edtett\u00e9k, hogy az L-karnitin-kieg\u00e9sz\u00edt\u0151k cs\u00f6kkentett\u00e9k a lakt\u00e1t szintet \u00e9s a pulzussz\u00e1mot, n\u00f6velt\u00e9k a lipid anyagcser\u00e9t, a VO2max-ot, az oxig\u00e9nfogyaszt\u00e1st \u00e9s az L-karnitin plazmakoncentr\u00e1ci\u00f3t, valamint jav\u00edtott\u00e1k a teljes\u00edtm\u00e9nyt \u00e9s gyors\u00edtott\u00e1k a regener\u00e1l\u00f3d\u00e1st.<\/p>\n<p>&nbsp;<\/p>\n<h3><strong>Az L-karnitin C-vitamin jelenl\u00e9t\u00e9ben hasznosul igaz\u00e1n<\/strong><\/h3>\n<p>A C-vitamin sz\u00e1mos, az L-karnitin szint\u00e9zis\u00e9ben r\u00e9sztvev\u0151 enzim kofaktora. Azaz az L-karnitin \u00e9p\u00edt\u0151k\u00f6veinek sz\u00e1m\u00edt\u00f3 bizonyos aminosavak hidroxilez\u00e9se C-vitamin hi\u00e1ny\u00e1ban nem j\u00f6n l\u00e9tre. Ez egyben azt is jelenti, hogy L-karnitin alkalmaz\u00e1sa mell\u00e9 a C-vitamin-szint optimaliz\u00e1ci\u00f3ja is javasolt, melyhez mi az USA medical magyar-amerikai fejleszt\u00e9s\u0171 <a href=\"https:\/\/usamedical.hu\/termek\/liposzomas-c-vitamin-1000-mg-pure-wac-c-60-db\/\">Liposz\u00f3m\u00e1s C-vitamin<\/a>j\u00e1t javasoljuk.<\/p>\n","protected":false},"excerpt":{"rendered":"<div id=\"product_desc\" class=\"elementor-element elementor-element-dca84d2 elementor-widget elementor-widget-woocommerce-product-short-description\" data-id=\"dca84d2\" data-element_type=\"widget\" data-widget_type=\"woocommerce-product-short-description.default\">\n<div class=\"elementor-widget-container\">\n<div class=\"woocommerce-product-details__short-description\">\n<p>A Carnitine Complex tablett\u00e1k k\u00fcl\u00f6nlegess\u00e9ge, hogy a karnitint k\u00e9tf\u00e9le \u2013 L-karnitin-tartar\u00e1t \u00e9s acetil-L-karnitin \u2013 form\u00e1ban is tartalmazza. A karnitin egy olyan aminosav-sz\u00e1rmaz\u00e9k, amely a szervezetben term\u00e9szetes m\u00f3don is megtal\u00e1lhat\u00f3. A vegy\u00fcletnek fontos szerepe van a zs\u00edrok energi\u00e1v\u00e1 t\u00f6rt\u00e9n\u0151 \u00e1talak\u00edt\u00e1s\u00e1ban, az izmok optim\u00e1lis m\u0171k\u00f6d\u00e9s\u00e9ben, \u00e9s azok oxig\u00e9nnel val\u00f3 ell\u00e1t\u00e1s\u00e1ban. Az acetil-L-karnitin egy k\u00fcl\u00f6nleges forma, amely k\u00e9pes az agyba is eljutni, amely egy kimondottan energiaig\u00e9nyes szerv\u00fcnk. Legnagyobb mennyis\u00e9gben \u00e1llati eredet\u0171 t\u00e1pl\u00e1l\u00e9kokb\u00f3l, v\u00f6r\u00f6s h\u00fasokb\u00f3l vihet\u0151k be. Bizonyos \u00e1llapotokban, p\u00e9ld\u00e1ul megn\u00f6vekedett fizikai aktivit\u00e1s eset\u00e9n a sz\u00fcks\u00e9ges mennyis\u00e9ge megn\u00f6vekedhet. A karnitin optim\u00e1lis kieg\u00e9sz\u00edt\u0151je lehet a rendszeres testmozg\u00e1snak, illetve az eg\u00e9szs\u00e9ges, tudatosan fel\u00e9p\u00edtett t\u00e1pl\u00e1lkoz\u00e1snak. MAGYAR-AMERIKAI FEJLESZT\u00c9S<\/p>\n<p><strong>\u00c9trend-kieg\u00e9sz\u00edt\u0151 tabletta<\/strong><br \/>\n<strong>OGY\u00c9I Notifik\u00e1ci\u00f3s sz\u00e1m:\u00a0<\/strong>38245\/2025<br \/>\n<strong>Kiszerel\u00e9s<\/strong>: 60 db<br \/>\n<strong>Sz\u00e1rmaz\u00e1si orsz\u00e1g:\u00a0<\/strong>EU<\/p>\n<\/div>\n<\/div>\n<\/div>\n<div class=\"elementor-element elementor-element-9362874 elementor-icon-list--layout-traditional elementor-list-item-link-full_width elementor-widget elementor-widget-icon-list\" data-id=\"9362874\" data-element_type=\"widget\" data-widget_type=\"icon-list.default\">\n<div class=\"elementor-widget-container\">\n<ul class=\"elementor-icon-list-items\">\n<li class=\"elementor-icon-list-item\"><span class=\"elementor-icon-list-text\">Magyar-amerikai fejleszt\u00e9s<\/span><\/li>\n<li class=\"elementor-icon-list-item\"><span class=\"elementor-icon-list-text\">GMP \u00e9s HACCP szabv\u00e1ny szerint gy\u00e1rtva<\/span><\/li>\n<li class=\"elementor-icon-list-item\"><span class=\"elementor-icon-list-text\">Val\u00f3s magyarorsz\u00e1gi rakt\u00e1rk\u00e9szletr\u0151l<\/span><\/li>\n<\/ul>\n<p><img decoding=\"async\" class=\"alignnone size-full wp-image-826\" src=\"https:\/\/herbalkincsei.hu\/wp-content\/uploads\/2024\/03\/hand-holding-heart-solid.svg\" alt=\"\" \/>\u00a0 Term\u00e9keink gondosan v\u00e1logatott alapanyagokb\u00f3l k\u00e9sz\u00fclnek.<\/p>\n<p><img decoding=\"async\" class=\"alignnone size-full wp-image-825\" src=\"https:\/\/herbalkincsei.hu\/wp-content\/uploads\/2024\/03\/star-solid.svg\" alt=\"\" \/>\u00a0 \u00a0A term\u00e9kekre hazai garanci\u00e1t \u00e9s term\u00e9k szolg\u00e1ltat\u00e1st biztos\u00edtunk.<\/p>\n<p><img decoding=\"async\" class=\"alignnone size-full wp-image-823\" src=\"https:\/\/herbalkincsei.hu\/wp-content\/uploads\/2024\/03\/user-lock-solid.svg\" alt=\"\" \/>\u00a0Biztons\u00e1gos v\u00e9dett fizet\u00e9s.<\/p>\n<p><img decoding=\"async\" class=\"alignnone size-full wp-image-824\" src=\"https:\/\/herbalkincsei.hu\/wp-content\/uploads\/2024\/03\/truck-fast-solid.svg\" alt=\"\" \/>\u00a0Gyors kiszolg\u00e1l\u00e1s.<\/p>\n<\/div>\n<\/div>\n","protected":false},"featured_media":1590,"comment_status":"closed","ping_status":"closed","template":"","meta":[],"product_brand":[223],"product_cat":[172,188,19,187,171],"product_tag":[],"class_list":{"0":"post-1591","1":"product","2":"type-product","3":"status-publish","4":"has-post-thumbnail","6":"product_brand-usamedical","7":"product_cat-etrend-kiegeszitok","8":"product_cat-izom-es-eronlet","9":"product_cat-minden-termek","10":"product_cat-sziv-es-errendszer-etrend-kiegeszitok","11":"product_cat-usamedical","12":"product_shipping_class-hu","14":"first","15":"instock","16":"purchasable","17":"product-type-simple","18":"add-to-wishlist-before_image","19":"customify-col","20":"product-has-gallery"},"yoast_head":"<!-- This site is optimized with the Yoast SEO plugin v27.4 - https:\/\/yoast.com\/product\/yoast-seo-wordpress\/ -->\n<title>Karnitin Komplex tabletta 60 db - Herb\u00e1lkincsei<\/title>\n<meta name=\"description\" content=\"izom, energia\" \/>\n<meta name=\"robots\" content=\"index, follow, max-snippet:-1, max-image-preview:large, max-video-preview:-1\" \/>\n<link rel=\"canonical\" href=\"https:\/\/herbalkincsei.hu\/index.php\/termek\/karnitin-komplex-tabletta-60-db\/\" \/>\n<meta property=\"og:locale\" content=\"hu_HU\" \/>\n<meta property=\"og:type\" content=\"article\" \/>\n<meta property=\"og:title\" content=\"Karnitin Komplex tabletta 60 db - Herb\u00e1lkincsei\" \/>\n<meta property=\"og:description\" content=\"izom, energia\" \/>\n<meta property=\"og:url\" content=\"https:\/\/herbalkincsei.hu\/index.php\/termek\/karnitin-komplex-tabletta-60-db\/\" \/>\n<meta property=\"og:site_name\" content=\"Herb\u00e1lkincsei\" \/>\n<meta property=\"article:modified_time\" content=\"2025-11-25T16:15:18+00:00\" \/>\n<meta property=\"og:image\" content=\"https:\/\/herbalkincsei.hu\/wp-content\/uploads\/2025\/09\/0209202568b6cd44cc453.jpeg?wsr\" \/>\n\t<meta property=\"og:image:width\" content=\"800\" \/>\n\t<meta property=\"og:image:height\" content=\"960\" \/>\n\t<meta property=\"og:image:type\" content=\"image\/jpeg\" \/>\n<meta name=\"twitter:card\" content=\"summary_large_image\" \/>\n<meta name=\"twitter:label1\" content=\"Becs\u00fclt olvas\u00e1si id\u0151\" \/>\n\t<meta name=\"twitter:data1\" content=\"8 perc\" \/>\n<script type=\"application\/ld+json\" class=\"yoast-schema-graph\">{\"@context\":\"https:\\\/\\\/schema.org\",\"@graph\":[{\"@type\":\"WebPage\",\"@id\":\"https:\\\/\\\/herbalkincsei.hu\\\/index.php\\\/termek\\\/karnitin-komplex-tabletta-60-db\\\/\",\"url\":\"https:\\\/\\\/herbalkincsei.hu\\\/index.php\\\/termek\\\/karnitin-komplex-tabletta-60-db\\\/\",\"name\":\"Karnitin Komplex tabletta 60 db - Herb\u00e1lkincsei\",\"isPartOf\":{\"@id\":\"https:\\\/\\\/herbalkincsei.hu\\\/#website\"},\"primaryImageOfPage\":{\"@id\":\"https:\\\/\\\/herbalkincsei.hu\\\/index.php\\\/termek\\\/karnitin-komplex-tabletta-60-db\\\/#primaryimage\"},\"image\":{\"@id\":\"https:\\\/\\\/herbalkincsei.hu\\\/index.php\\\/termek\\\/karnitin-komplex-tabletta-60-db\\\/#primaryimage\"},\"thumbnailUrl\":\"https:\\\/\\\/herbalkincsei.hu\\\/wp-content\\\/uploads\\\/2025\\\/09\\\/0209202568b6cd44cc453.jpeg?wsr\",\"datePublished\":\"2025-09-02T10:56:05+00:00\",\"dateModified\":\"2025-11-25T16:15:18+00:00\",\"description\":\"izom, energia\",\"breadcrumb\":{\"@id\":\"https:\\\/\\\/herbalkincsei.hu\\\/index.php\\\/termek\\\/karnitin-komplex-tabletta-60-db\\\/#breadcrumb\"},\"inLanguage\":\"hu\",\"potentialAction\":[{\"@type\":\"ReadAction\",\"target\":[\"https:\\\/\\\/herbalkincsei.hu\\\/index.php\\\/termek\\\/karnitin-komplex-tabletta-60-db\\\/\"]}]},{\"@type\":\"ImageObject\",\"inLanguage\":\"hu\",\"@id\":\"https:\\\/\\\/herbalkincsei.hu\\\/index.php\\\/termek\\\/karnitin-komplex-tabletta-60-db\\\/#primaryimage\",\"url\":\"https:\\\/\\\/herbalkincsei.hu\\\/wp-content\\\/uploads\\\/2025\\\/09\\\/0209202568b6cd44cc453.jpeg?wsr\",\"contentUrl\":\"https:\\\/\\\/herbalkincsei.hu\\\/wp-content\\\/uploads\\\/2025\\\/09\\\/0209202568b6cd44cc453.jpeg?wsr\",\"width\":800,\"height\":960},{\"@type\":\"BreadcrumbList\",\"@id\":\"https:\\\/\\\/herbalkincsei.hu\\\/index.php\\\/termek\\\/karnitin-komplex-tabletta-60-db\\\/#breadcrumb\",\"itemListElement\":[{\"@type\":\"ListItem\",\"position\":1,\"name\":\"Kezd\u0151lap\",\"item\":\"https:\\\/\\\/herbalkincsei.hu\\\/\"},{\"@type\":\"ListItem\",\"position\":2,\"name\":\"\u00dczlet\",\"item\":\"https:\\\/\\\/herbalkincsei.hu\\\/index.php\\\/uzlet\\\/\"},{\"@type\":\"ListItem\",\"position\":3,\"name\":\"Karnitin Komplex tabletta 60 db\"}]},{\"@type\":\"WebSite\",\"@id\":\"https:\\\/\\\/herbalkincsei.hu\\\/#website\",\"url\":\"https:\\\/\\\/herbalkincsei.hu\\\/\",\"name\":\"herbalkincsei.hu\",\"description\":\"Ahol az eg\u00e9szs\u00e9g a c\u00e9l.\",\"publisher\":{\"@id\":\"https:\\\/\\\/herbalkincsei.hu\\\/#organization\"},\"potentialAction\":[{\"@type\":\"SearchAction\",\"target\":{\"@type\":\"EntryPoint\",\"urlTemplate\":\"https:\\\/\\\/herbalkincsei.hu\\\/?s={search_term_string}\"},\"query-input\":{\"@type\":\"PropertyValueSpecification\",\"valueRequired\":true,\"valueName\":\"search_term_string\"}}],\"inLanguage\":\"hu\"},{\"@type\":\"Organization\",\"@id\":\"https:\\\/\\\/herbalkincsei.hu\\\/#organization\",\"name\":\"Herb\u00e1lkincsei\",\"url\":\"https:\\\/\\\/herbalkincsei.hu\\\/\",\"logo\":{\"@type\":\"ImageObject\",\"inLanguage\":\"hu\",\"@id\":\"https:\\\/\\\/herbalkincsei.hu\\\/#\\\/schema\\\/logo\\\/image\\\/\",\"url\":\"https:\\\/\\\/herbalkincsei.hu\\\/wp-content\\\/uploads\\\/2024\\\/02\\\/cropped-Green-Leaf-Aromatherapy-Logo-400-\u00d7-135-keppont.png?wsr\",\"contentUrl\":\"https:\\\/\\\/herbalkincsei.hu\\\/wp-content\\\/uploads\\\/2024\\\/02\\\/cropped-Green-Leaf-Aromatherapy-Logo-400-\u00d7-135-keppont.png?wsr\",\"width\":400,\"height\":135,\"caption\":\"Herb\u00e1lkincsei\"},\"image\":{\"@id\":\"https:\\\/\\\/herbalkincsei.hu\\\/#\\\/schema\\\/logo\\\/image\\\/\"}}]}<\/script>\n<!-- \/ Yoast SEO plugin. -->","yoast_head_json":{"title":"Karnitin Komplex tabletta 60 db - Herb\u00e1lkincsei","description":"izom, energia","robots":{"index":"index","follow":"follow","max-snippet":"max-snippet:-1","max-image-preview":"max-image-preview:large","max-video-preview":"max-video-preview:-1"},"canonical":"https:\/\/herbalkincsei.hu\/index.php\/termek\/karnitin-komplex-tabletta-60-db\/","og_locale":"hu_HU","og_type":"article","og_title":"Karnitin Komplex tabletta 60 db - Herb\u00e1lkincsei","og_description":"izom, energia","og_url":"https:\/\/herbalkincsei.hu\/index.php\/termek\/karnitin-komplex-tabletta-60-db\/","og_site_name":"Herb\u00e1lkincsei","article_modified_time":"2025-11-25T16:15:18+00:00","og_image":[{"width":800,"height":960,"url":"https:\/\/herbalkincsei.hu\/wp-content\/uploads\/2025\/09\/0209202568b6cd44cc453.jpeg?wsr","type":"image\/jpeg"}],"twitter_card":"summary_large_image","twitter_misc":{"Becs\u00fclt olvas\u00e1si id\u0151":"8 perc"},"schema":{"@context":"https:\/\/schema.org","@graph":[{"@type":"WebPage","@id":"https:\/\/herbalkincsei.hu\/index.php\/termek\/karnitin-komplex-tabletta-60-db\/","url":"https:\/\/herbalkincsei.hu\/index.php\/termek\/karnitin-komplex-tabletta-60-db\/","name":"Karnitin Komplex tabletta 60 db - Herb\u00e1lkincsei","isPartOf":{"@id":"https:\/\/herbalkincsei.hu\/#website"},"primaryImageOfPage":{"@id":"https:\/\/herbalkincsei.hu\/index.php\/termek\/karnitin-komplex-tabletta-60-db\/#primaryimage"},"image":{"@id":"https:\/\/herbalkincsei.hu\/index.php\/termek\/karnitin-komplex-tabletta-60-db\/#primaryimage"},"thumbnailUrl":"https:\/\/herbalkincsei.hu\/wp-content\/uploads\/2025\/09\/0209202568b6cd44cc453.jpeg?wsr","datePublished":"2025-09-02T10:56:05+00:00","dateModified":"2025-11-25T16:15:18+00:00","description":"izom, energia","breadcrumb":{"@id":"https:\/\/herbalkincsei.hu\/index.php\/termek\/karnitin-komplex-tabletta-60-db\/#breadcrumb"},"inLanguage":"hu","potentialAction":[{"@type":"ReadAction","target":["https:\/\/herbalkincsei.hu\/index.php\/termek\/karnitin-komplex-tabletta-60-db\/"]}]},{"@type":"ImageObject","inLanguage":"hu","@id":"https:\/\/herbalkincsei.hu\/index.php\/termek\/karnitin-komplex-tabletta-60-db\/#primaryimage","url":"https:\/\/herbalkincsei.hu\/wp-content\/uploads\/2025\/09\/0209202568b6cd44cc453.jpeg?wsr","contentUrl":"https:\/\/herbalkincsei.hu\/wp-content\/uploads\/2025\/09\/0209202568b6cd44cc453.jpeg?wsr","width":800,"height":960},{"@type":"BreadcrumbList","@id":"https:\/\/herbalkincsei.hu\/index.php\/termek\/karnitin-komplex-tabletta-60-db\/#breadcrumb","itemListElement":[{"@type":"ListItem","position":1,"name":"Kezd\u0151lap","item":"https:\/\/herbalkincsei.hu\/"},{"@type":"ListItem","position":2,"name":"\u00dczlet","item":"https:\/\/herbalkincsei.hu\/index.php\/uzlet\/"},{"@type":"ListItem","position":3,"name":"Karnitin Komplex tabletta 60 db"}]},{"@type":"WebSite","@id":"https:\/\/herbalkincsei.hu\/#website","url":"https:\/\/herbalkincsei.hu\/","name":"herbalkincsei.hu","description":"Ahol az eg\u00e9szs\u00e9g a c\u00e9l.","publisher":{"@id":"https:\/\/herbalkincsei.hu\/#organization"},"potentialAction":[{"@type":"SearchAction","target":{"@type":"EntryPoint","urlTemplate":"https:\/\/herbalkincsei.hu\/?s={search_term_string}"},"query-input":{"@type":"PropertyValueSpecification","valueRequired":true,"valueName":"search_term_string"}}],"inLanguage":"hu"},{"@type":"Organization","@id":"https:\/\/herbalkincsei.hu\/#organization","name":"Herb\u00e1lkincsei","url":"https:\/\/herbalkincsei.hu\/","logo":{"@type":"ImageObject","inLanguage":"hu","@id":"https:\/\/herbalkincsei.hu\/#\/schema\/logo\/image\/","url":"https:\/\/herbalkincsei.hu\/wp-content\/uploads\/2024\/02\/cropped-Green-Leaf-Aromatherapy-Logo-400-\u00d7-135-keppont.png?wsr","contentUrl":"https:\/\/herbalkincsei.hu\/wp-content\/uploads\/2024\/02\/cropped-Green-Leaf-Aromatherapy-Logo-400-\u00d7-135-keppont.png?wsr","width":400,"height":135,"caption":"Herb\u00e1lkincsei"},"image":{"@id":"https:\/\/herbalkincsei.hu\/#\/schema\/logo\/image\/"}}]}},"_links":{"self":[{"href":"https:\/\/herbalkincsei.hu\/index.php\/wp-json\/wp\/v2\/product\/1591","targetHints":{"allow":["GET"]}}],"collection":[{"href":"https:\/\/herbalkincsei.hu\/index.php\/wp-json\/wp\/v2\/product"}],"about":[{"href":"https:\/\/herbalkincsei.hu\/index.php\/wp-json\/wp\/v2\/types\/product"}],"replies":[{"embeddable":true,"href":"https:\/\/herbalkincsei.hu\/index.php\/wp-json\/wp\/v2\/comments?post=1591"}],"wp:featuredmedia":[{"embeddable":true,"href":"https:\/\/herbalkincsei.hu\/index.php\/wp-json\/wp\/v2\/media\/1590"}],"wp:attachment":[{"href":"https:\/\/herbalkincsei.hu\/index.php\/wp-json\/wp\/v2\/media?parent=1591"}],"wp:term":[{"taxonomy":"product_brand","embeddable":true,"href":"https:\/\/herbalkincsei.hu\/index.php\/wp-json\/wp\/v2\/product_brand?post=1591"},{"taxonomy":"product_cat","embeddable":true,"href":"https:\/\/herbalkincsei.hu\/index.php\/wp-json\/wp\/v2\/product_cat?post=1591"},{"taxonomy":"product_tag","embeddable":true,"href":"https:\/\/herbalkincsei.hu\/index.php\/wp-json\/wp\/v2\/product_tag?post=1591"}],"curies":[{"name":"wp","href":"https:\/\/api.w.org\/{rel}","templated":true}]}}